{"id":8081,"date":"2021-03-04T10:15:33","date_gmt":"2021-03-04T09:15:33","guid":{"rendered":"http:\/\/new.scalarchives.com\/?page_id=8081"},"modified":"2026-04-22T15:01:13","modified_gmt":"2026-04-22T13:01:13","slug":"archeologia","status":"publish","type":"page","link":"https:\/\/scalarchives.com\/it\/archeologia\/","title":{"rendered":"Aree Archeologiche"},"content":{"rendered":"\n<p>L&#8217;archeologia \u00e8 definita come lo studio della storia umana e della preistoria attraverso lo scavo di siti e l&#8217;analisi di manufatti e altri resti fisici. Non c&#8217;\u00e8 da meravigliarsi, quindi, che le immagini relative all&#8217;archeologia siano cos\u00ec numerose! Incisioni, acquerelli e foto storiche di scavi e scoperte archeologiche ma anche foto di manufatti reali, il loro restauro e la loro conservazione.<\/p>\n\n\n<style>#jtg-7844 .modula-item .jtg-social a, .lightbox-socials.jtg-social a{ fill: #ffffff; color: #ffffff }#jtg-7844 .modula-item .jtg-social-expandable a, #jtg-7844 .modula-item .jtg-social-expandable-icons a{ fill: #ffffff; color: #ffffff }#jtg-7844 .modula-item .jtg-social svg, .lightbox-socials.jtg-social svg { height: 16px; width: 16px }#jtg-7844 .modula-item .jtg-social-expandable svg { height: 16px; width: 16px }#jtg-7844 .modula-item .jtg-social-expandable-icons svg { height: 16px; width: 16px }#jtg-7844 .modula-item .jtg-social a:not(:last-child), .lightbox-socials.jtg-social a:not(:last-child) { margin-right: 10px }#jtg-7844 .modula-item .jtg-social-expandable-icons { gap: 10px }#jtg-7844 .modula-item .figc {color:#ffffff;}#jtg-7844 .modula-item .modula-item-content { transform: scale(1); }#jtg-7844 { width:100%;}#jtg-7844 .modula-items .figc p.description { font-size:14px; }#jtg-7844 .modula-items .figc p.description { color:#ffffff;}#jtg-7844.modula-gallery .modula-item > a, #jtg-7844.modula-gallery .modula-item, #jtg-7844.modula-gallery .modula-item-content > a:not(.modula-no-follow) { cursor:zoom-in; } #jtg-7844.modula-gallery .modula-item-content .modula-no-follow { cursor: default; } #jtg-7844 .modula-item .modula-item-overlay, #jtg-7844 .modula-item.effect-layla, #jtg-7844  .modula-item.effect-ruby,#jtg-7844 .modula-item.effect-bubba,#jtg-7844 .modula-item.effect-sarah,#jtg-7844 .modula-item.effect-milo,#jtg-7844 .modula-item.effect-julia,#jtg-7844 .modula-item.effect-hera,#jtg-7844 .modula-item.effect-winston,#jtg-7844 .modula-item.effect-selena,#jtg-7844 .modula-item.effect-terry,#jtg-7844 .modula-item.effect-phoebe,#jtg-7844 .modula-item.effect-apollo{ background-color:#ffffff; }#jtg-7844  .modula-item.effect-oscar { background: -webkit-linear-gradient(45deg,#ffffff 0,#9b4a1b 40%,#ffffff 100%);background: linear-gradient(45deg,#ffffff 0,#9b4a1b 40%,#ffffff 100%);}#jtg-7844  .modula-item.effect-roxy {background: -webkit-linear-gradient(45deg,#ffffff 0,#05abe0 100%);background: linear-gradient(45deg,#ffffff 0,#05abe0 100%);}#jtg-7844 .modula-item.effect-dexter {background: -webkit-linear-gradient(top,#ffffff 0,rgba(104,60,19,1) 100%); background: linear-gradient(to bottom,#ffffff 0,rgba(104,60,19,1) 100%);}#jtg-7844  .modula-item.effect-jazz {background: -webkit-linear-gradient(-45deg,#ffffff 0,#f33f58 100%);background: linear-gradient(-45deg,#ffffff 0,#f33f58 100%);}#jtg-7844 .modula-item.effect-lexi {background: -webkit-linear-gradient(-45deg,#ffffff 0,#fff 100%);background: linear-gradient(-45deg,#ffffff 0,#fff 100%);}#jtg-7844 .modula-item.effect-duke {background: -webkit-linear-gradient(-45deg,#ffffff 0,#cc6055 100%);background: linear-gradient(-45deg,#ffffff 0,#cc6055 100%);}#jtg-7844 .modula-item.effect-ming .figc::before {border: 2px solid #ffffff; box-shadow: 0 0 0 100vmax rgba(255,255,255,0.5);}#jtg-7844 .jtg-title {font-weight:400; }#jtg-7844 p.description {font-weight:normal; }#jtg-7844:not(.modula-loaded-scale)  .modula-item .modula-item-content { transform: scale(1) translate(0px,0px) rotate(0deg); }#jtg-7844:not(.modula-loaded-scale)  .modula-item.effect-under .modula-item-image-continer { transform: scale(1) translate(0px,0px) rotate(0deg); }@keyframes modulaScaling { 0% {transform: scale(1) translate(0px,p0x) rotate(0deg);} 50%{transform: scale(1) translate(0px,0px) rotate(0deg);}100%{transform: scale(1) translate(0px,p0x) rotate(0deg);}}#jtg-7844.modula-gallery .modula-item.effect-terry .jtg-social a:not(:last-child){margin-bottom:10px;}.modula-fancybox-container.modula-lightbox-jtg-7844 .modula-fancybox-caption .modula-fancybox-caption__body, .modula-fancybox-container.modula-lightbox-jtg-7844 .modula-fancybox-caption .modula-fancybox-caption__body p {text-align:left}html body .modula.modula-columns .modula-items.grid-gallery .modula-item.effect-under .modula-item-content { height:auto;}@media all and (max-width: 768px) { .modula-gallery .modula-item.effect-under.modula-caption-effect-item.jg-entry { margin-top: 10px; } }#jtg-7844 .modula-item.effect-under .modula-item-image-continer { transform: scale(1) }.modula-fancybox-container.modula-lightbox-jtg-7844 .fancybox__caption {align-self:flex-start}#jtg-7844 .modula-video-icon {  position: absolute; width: 30px;top: 50%;left: 50%;transform: translate(-50%,-50%); }#jtg-7844 .modula-video-icon { width : 30px}@media screen and (max-width: 992px){ #jtg-7844 .modula-video-icon { width : 30px}}@media screen and (max-width: 768px) { #jtg-7844 .modula-video-icon { width : 30px}}.modula-fancybox-container.modula-lightbox-jtg-7844 .fancybox__caption {align-self:flex-start}@media screen and (max-width:480px){#jtg-7844 .modula-item .figc .jtg-title {  font-size: 12px; }#jtg-7844 .modula-items .figc p.description { color:#ffffff;font-size:10px; }}#jtg-7844 .modula-items .modula-item:hover img{opacity:1;}<\/style>\n<div  id=\"jtg-7844\" class=\"modula modula-gallery modula-columns\" data-config=\"{&quot;tabletHeight&quot;:800,&quot;mobileHeight&quot;:800,&quot;desktopHeight&quot;:800,&quot;enableTwitter&quot;:false,&quot;enableWhatsapp&quot;:false,&quot;enableFacebook&quot;:false,&quot;enablePinterest&quot;:false,&quot;enableLinkedin&quot;:false,&quot;enableEmail&quot;:false,&quot;randomFactor&quot;:0.5,&quot;type&quot;:&quot;grid&quot;,&quot;columns&quot;:12,&quot;gutter&quot;:10,&quot;mobileGutter&quot;:10,&quot;tabletGutter&quot;:10,&quot;desktopGutter&quot;:10,&quot;enableResponsive&quot;:&quot;0&quot;,&quot;tabletColumns&quot;:&quot;2&quot;,&quot;mobileColumns&quot;:&quot;1&quot;,&quot;lazyLoad&quot;:0,&quot;lightboxOpts&quot;:{&quot;animated&quot;:true,&quot;Thumbs&quot;:{&quot;type&quot;:&quot;modern&quot;,&quot;showOnStart&quot;:false},&quot;Toolbar&quot;:{&quot;display&quot;:{&quot;right&quot;:[&quot;close&quot;],&quot;left&quot;:[&quot;infobar&quot;]},&quot;enabled&quot;:true},&quot;Carousel&quot;:{&quot;Panzoom&quot;:{&quot;touch&quot;:false},&quot;infinite&quot;:false,&quot;transition&quot;:&quot;fade&quot;},&quot;keyboard&quot;:{&quot;Escape&quot;:&quot;close&quot;,&quot;Delete&quot;:&quot;close&quot;,&quot;Backspace&quot;:&quot;close&quot;,&quot;PageUp&quot;:false,&quot;PageDown&quot;:false,&quot;ArrowUp&quot;:false,&quot;ArrowDown&quot;:false,&quot;ArrowRight&quot;:false,&quot;ArrowLeft&quot;:false},&quot;touch&quot;:false,&quot;backdropClick&quot;:false,&quot;l10n&quot;:{&quot;CLOSE&quot;:&quot;Close&quot;,&quot;NEXT&quot;:&quot;Next&quot;,&quot;PREV&quot;:&quot;Previous&quot;,&quot;Error&quot;:&quot;The requested content cannot be loaded. Please try again later.&quot;,&quot;PLAY_START&quot;:&quot;Start slideshow&quot;,&quot;PLAY_STOP&quot;:&quot;Pause slideshow&quot;,&quot;FULL_SCREEN&quot;:&quot;Full screen&quot;,&quot;THUMBS&quot;:&quot;Thumbnails&quot;,&quot;DOWNLOAD&quot;:&quot;Download&quot;,&quot;SHARE&quot;:&quot;Share&quot;,&quot;ZOOM&quot;:&quot;Zoom&quot;,&quot;EMAIL&quot;:&quot;Here is the link to the image : %%image_link%% and this is the link to the gallery : %%gallery_link%%&quot;,&quot;MODAL&quot;:&quot;You can close this modal content with the ESC key&quot;,&quot;ERROR&quot;:&quot;Something Went Wrong, Please Try Again Later&quot;,&quot;IMAGE_ERROR&quot;:&quot;Image Not Found&quot;,&quot;ELEMENT_NOT_FOUND&quot;:&quot;HTML Element Not Found&quot;,&quot;AJAX_NOT_FOUND&quot;:&quot;Error Loading AJAX : Not Found&quot;,&quot;AJAX_FORBIDDEN&quot;:&quot;Error Loading AJAX : Forbidden&quot;,&quot;IFRAME_ERROR&quot;:&quot;Error Loading Page&quot;,&quot;TOGGLE_ZOOM&quot;:&quot;Toggle zoom level&quot;,&quot;TOGGLE_THUMBS&quot;:&quot;Toggle thumbnails&quot;,&quot;TOGGLE_SLIDESHOW&quot;:&quot;Toggle slideshow&quot;,&quot;TOGGLE_FULLSCREEN&quot;:&quot;Toggle full-screen mode&quot;},&quot;Images&quot;:{&quot;Panzoom&quot;:{&quot;maxScale&quot;:2}},&quot;toolbar&quot;:true,&quot;wheel&quot;:false,&quot;animationEffect&quot;:&quot;false&quot;,&quot;animationDuration&quot;:366,&quot;transitionEffect&quot;:&quot;false&quot;,&quot;Html&quot;:{&quot;videoAutoplay&quot;:0,&quot;videoTpl&quot;:&quot;&lt;video class=\\&quot;fancybox__html5video modula_html5_video\\&quot; controls playsinline controlsList controlsList=\\&quot;nodownload\\&quot; poster=\\&quot;{{poster}}\\&quot; src=\\&quot;{{src}}\\&quot; type=\\&quot;{{format}}\\&quot; &gt;  Sorry, your browser doesn&#039;t support embedded videos, &lt;a href=\\&quot;{{src}}\\&quot;&gt; download &lt;\\\/a&gt; and watch with your favorite video player! &lt;\\\/video&gt;&quot;,&quot;vimeo&quot;:{&quot;autopause&quot;:0}},&quot;mainClass&quot;:&quot;modula-fancybox-container modula-lightbox-jtg-7844&quot;},&quot;inView&quot;:false,&quot;email_subject&quot;:&quot;Check out this awesome image !!&quot;,&quot;email_message&quot;:&quot;Here is the link to the image : %%image_link%% and this is the link to the gallery : %%gallery_link%%&quot;,&quot;grid_type&quot;:&quot;automatic&quot;,&quot;rowHeight&quot;:150,&quot;lastRow&quot;:&quot;center&quot;,&quot;lightbox&quot;:&quot;fancybox&quot;,&quot;filterClick&quot;:&quot;0&quot;,&quot;dropdownFilters&quot;:&quot;0&quot;,&quot;defaultActiveFilter&quot;:&quot;all&quot;,&quot;initLightbox&quot;:&quot;modula_pro_init_lightbox&quot;,&quot;haveFilters&quot;:0,&quot;lightbox_devices&quot;:&quot;both&quot;}\">\n\n\t\n\t<div  class=\"modula-items grid-gallery\">\n\t\t<div class=\"modula-item jtg-filter-all jtg-filter-\" >\n\t<div class=\"modula-item-content\">\n\t\t\n\t\t\t\t\t<a role=\"button\" tabindex=\"0\" rel=\"jtg-7844\" data-caption=\"&lt;span class=&quot;modula-caption-description&quot;&gt;Portico of Tempio E o Tempio di Hera, 460-450 BC, Selinunte- MC21172&lt;\/span&gt;\" aria-label=\"Open image in lightbox\" data-thumb=\"https:\/\/scalarchives.com\/wp-content\/uploads\/2021\/07\/MC21172web-300x200.jpg\" class=\"tile-inner modula-item-link\"><\/a>\n\t\t\n\t\t<img loading=\"lazy\" decoding=\"async\" class=\"pic wp-image-17268\"  data-valign=\"middle\" data-halign=\"center\" alt=\"Portico of Tempio E o Tempio di Hera, 460-450 BC, Selinunte- sicilia\" data-full=\"https:\/\/scalarchives.com\/wp-content\/uploads\/2021\/07\/MC21172web.jpg\" title=\"MC21172web\" width=\"300\" height=\"200\" src=\"https:\/\/scalarchives.com\/wp-content\/uploads\/2021\/07\/MC21172web-300x200.jpg\" data-src=\"https:\/\/scalarchives.com\/wp-content\/uploads\/2021\/07\/MC21172web-300x200.jpg\" data-caption=\"Portico of Tempio E o Tempio di Hera, 460-450 BC, Selinunte- MC21172\" srcset=\"https:\/\/scalarchives.com\/wp-content\/uploads\/2021\/07\/MC21172web-300x200.jpg 300w, https:\/\/scalarchives.com\/wp-content\/uploads\/2021\/07\/MC21172web-1024x683.jpg 1024w, https:\/\/scalarchives.com\/wp-content\/uploads\/2021\/07\/MC21172web-768x512.jpg 768w, https:\/\/scalarchives.com\/wp-content\/uploads\/2021\/07\/MC21172web.jpg 1200w\" sizes=\"auto, (max-width: 300px) 100vw, 300px\" \/>\n\t<\/div>\n\n<\/div><div class=\"modula-item jtg-filter-all jtg-filter-\" >\n\t<div class=\"modula-item-content\">\n\t\t\n\t\t\t\t\t<a role=\"button\" tabindex=\"0\" rel=\"jtg-7844\" data-caption=\"&lt;span class=&quot;modula-caption-description&quot;&gt;Il Tesoro di Petra, Giordania - 0060234&lt;\/span&gt;\" aria-label=\"Open image in lightbox\" data-thumb=\"https:\/\/scalarchives.com\/wp-content\/uploads\/2021\/03\/0060234-Il-Tesoro-Petra-Giordania-297x300.jpg\" class=\"tile-inner modula-item-link\"><\/a>\n\t\t\n\t\t<img loading=\"lazy\" decoding=\"async\" class=\"pic wp-image-7865\"  data-valign=\"middle\" data-halign=\"center\" alt=\"Il Tesoro di Petra, Giordania\" data-full=\"https:\/\/scalarchives.com\/wp-content\/uploads\/2021\/03\/0060234-Il-Tesoro-Petra-Giordania.jpg\" title=\"0060234-Il-Tesoro-Petra-Giordania\" width=\"297\" height=\"300\" src=\"https:\/\/scalarchives.com\/wp-content\/uploads\/2021\/03\/0060234-Il-Tesoro-Petra-Giordania-297x300.jpg\" data-src=\"https:\/\/scalarchives.com\/wp-content\/uploads\/2021\/03\/0060234-Il-Tesoro-Petra-Giordania-297x300.jpg\" data-caption=\"Il Tesoro di Petra, Giordania - 0060234\" srcset=\"https:\/\/scalarchives.com\/wp-content\/uploads\/2021\/03\/0060234-Il-Tesoro-Petra-Giordania-297x300.jpg 297w, https:\/\/scalarchives.com\/wp-content\/uploads\/2021\/03\/0060234-Il-Tesoro-Petra-Giordania-768x777.jpg 768w, https:\/\/scalarchives.com\/wp-content\/uploads\/2021\/03\/0060234-Il-Tesoro-Petra-Giordania.jpg 989w\" sizes=\"auto, (max-width: 297px) 100vw, 297px\" \/>\n\t<\/div>\n\n<\/div><div class=\"modula-item jtg-filter-all jtg-filter-\" >\n\t<div class=\"modula-item-content\">\n\t\t\n\t\t\t\t\t<a role=\"button\" tabindex=\"0\" rel=\"jtg-7844\" data-caption=\"&lt;span class=&quot;modula-caption-description&quot;&gt;Palazzo di Re Sargon II Khorsabad Iraq - MC02952&lt;\/span&gt;\" aria-label=\"Open image in lightbox\" data-thumb=\"https:\/\/scalarchives.com\/wp-content\/uploads\/2021\/03\/MC02952-Palazzo-di-Re-Sargon-II-Khorsabad-Iraq-300x289.jpg\" class=\"tile-inner modula-item-link\"><\/a>\n\t\t\n\t\t<img loading=\"lazy\" decoding=\"async\" class=\"pic wp-image-7913\"  data-valign=\"middle\" data-halign=\"center\" alt=\"Facciata del Palazzo di Re Sargon II, Khorsabad, Iraq, Medio Oriente.\" data-full=\"https:\/\/scalarchives.com\/wp-content\/uploads\/2021\/03\/MC02952-Palazzo-di-Re-Sargon-II-Khorsabad-Iraq.jpg\" title=\"MC02952-Palazzo-di-Re-Sargon-II-Khorsabad-Iraq\" width=\"300\" height=\"289\" src=\"https:\/\/scalarchives.com\/wp-content\/uploads\/2021\/03\/MC02952-Palazzo-di-Re-Sargon-II-Khorsabad-Iraq-300x289.jpg\" data-src=\"https:\/\/scalarchives.com\/wp-content\/uploads\/2021\/03\/MC02952-Palazzo-di-Re-Sargon-II-Khorsabad-Iraq-300x289.jpg\" data-caption=\"Palazzo di Re Sargon II Khorsabad Iraq - MC02952\" srcset=\"https:\/\/scalarchives.com\/wp-content\/uploads\/2021\/03\/MC02952-Palazzo-di-Re-Sargon-II-Khorsabad-Iraq-300x289.jpg 300w, https:\/\/scalarchives.com\/wp-content\/uploads\/2021\/03\/MC02952-Palazzo-di-Re-Sargon-II-Khorsabad-Iraq-768x739.jpg 768w, https:\/\/scalarchives.com\/wp-content\/uploads\/2021\/03\/MC02952-Palazzo-di-Re-Sargon-II-Khorsabad-Iraq.jpg 1000w\" sizes=\"auto, (max-width: 300px) 100vw, 300px\" \/>\n\t<\/div>\n\n<\/div><div class=\"modula-item jtg-filter-all jtg-filter-\" >\n\t<div class=\"modula-item-content\">\n\t\t\n\t\t\t\t\t<a role=\"button\" tabindex=\"0\" rel=\"jtg-7844\" data-caption=\"&lt;span class=&quot;modula-caption-description&quot;&gt;&lt;\/span&gt;\" aria-label=\"Open image in lightbox\" data-thumb=\"https:\/\/scalarchives.com\/wp-content\/uploads\/2021\/05\/0022671-Acropolis-Parthenon-300x240.jpg\" class=\"tile-inner modula-item-link\"><\/a>\n\t\t\n\t\t<img loading=\"lazy\" decoding=\"async\" class=\"pic wp-image-11685\"  data-valign=\"middle\" data-halign=\"center\" alt=\"\" data-full=\"https:\/\/scalarchives.com\/wp-content\/uploads\/2021\/05\/0022671-Acropolis-Parthenon.jpg\" title=\"0022671-Acropolis,-Parthenon\" width=\"300\" height=\"240\" src=\"https:\/\/scalarchives.com\/wp-content\/uploads\/2021\/05\/0022671-Acropolis-Parthenon-300x240.jpg\" data-src=\"https:\/\/scalarchives.com\/wp-content\/uploads\/2021\/05\/0022671-Acropolis-Parthenon-300x240.jpg\" data-caption=\"\" srcset=\"https:\/\/scalarchives.com\/wp-content\/uploads\/2021\/05\/0022671-Acropolis-Parthenon-300x240.jpg 300w, https:\/\/scalarchives.com\/wp-content\/uploads\/2021\/05\/0022671-Acropolis-Parthenon-768x614.jpg 768w, https:\/\/scalarchives.com\/wp-content\/uploads\/2021\/05\/0022671-Acropolis-Parthenon.jpg 1000w\" sizes=\"auto, (max-width: 300px) 100vw, 300px\" \/>\n\t<\/div>\n\n<\/div><div class=\"modula-item jtg-filter-all jtg-filter-\" >\n\t<div class=\"modula-item-content\">\n\t\t\n\t\t\t\t\t<a role=\"button\" tabindex=\"0\" rel=\"jtg-7844\" data-caption=\"&lt;span class=&quot;modula-caption-description&quot;&gt;USS Monitor relitto - SP22244&lt;\/span&gt;\" aria-label=\"Open image in lightbox\" data-thumb=\"https:\/\/scalarchives.com\/wp-content\/uploads\/2021\/03\/SP22244-USS-Monitor-relitto-300x225.jpg\" class=\"tile-inner modula-item-link\"><\/a>\n\t\t\n\t\t<img loading=\"lazy\" decoding=\"async\" class=\"pic wp-image-7853\"  data-valign=\"middle\" data-halign=\"center\" alt=\"Sommozzatore al naufragio della USS Monitor.\" data-full=\"https:\/\/scalarchives.com\/wp-content\/uploads\/2021\/03\/SP22244-USS-Monitor-relitto.jpg\" title=\"SP22244-USS-Monitor-relitto\" width=\"300\" height=\"225\" src=\"https:\/\/scalarchives.com\/wp-content\/uploads\/2021\/03\/SP22244-USS-Monitor-relitto-300x225.jpg\" data-src=\"https:\/\/scalarchives.com\/wp-content\/uploads\/2021\/03\/SP22244-USS-Monitor-relitto-300x225.jpg\" data-caption=\"USS Monitor relitto - SP22244\" srcset=\"https:\/\/scalarchives.com\/wp-content\/uploads\/2021\/03\/SP22244-USS-Monitor-relitto-300x225.jpg 300w, https:\/\/scalarchives.com\/wp-content\/uploads\/2021\/03\/SP22244-USS-Monitor-relitto-768x576.jpg 768w, https:\/\/scalarchives.com\/wp-content\/uploads\/2021\/03\/SP22244-USS-Monitor-relitto.jpg 1000w\" sizes=\"auto, (max-width: 300px) 100vw, 300px\" \/>\n\t<\/div>\n\n<\/div><div class=\"modula-item jtg-filter-all jtg-filter-\" >\n\t<div class=\"modula-item-content\">\n\t\t\n\t\t\t\t\t<a role=\"button\" tabindex=\"0\" rel=\"jtg-7844\" data-caption=\"&lt;span class=&quot;modula-caption-description&quot;&gt;La piramide di Kukulkan detta Il Castello a Chichen Itza (Patrimonio dell&#039;Umanit\u00e0 UNESCO, 1988), Yucatan, Messico. Civilt\u00e0 maya, XI secolo - DA43673&lt;\/span&gt;\" aria-label=\"Open image in lightbox\" data-thumb=\"https:\/\/scalarchives.com\/wp-content\/uploads\/2021\/03\/DA43673-piramide-di-Kukulkan-o-Castello-Chichen-Itza-Yucatan-Messico-300x242.jpg\" class=\"tile-inner modula-item-link\"><\/a>\n\t\t\n\t\t<img loading=\"lazy\" decoding=\"async\" class=\"pic wp-image-7901\"  data-valign=\"middle\" data-halign=\"center\" alt=\"La piramide di Kukulkan conosciuta come il castello di Chichen Itza, Yucatan, Messico.\" data-full=\"https:\/\/scalarchives.com\/wp-content\/uploads\/2021\/03\/DA43673-piramide-di-Kukulkan-o-Castello-Chichen-Itza-Yucatan-Messico.jpg\" title=\"DA43673-piramide-di-Kukulkan-o-Castello-Chichen-Itza-Yucatan-Messico\" width=\"300\" height=\"242\" src=\"https:\/\/scalarchives.com\/wp-content\/uploads\/2021\/03\/DA43673-piramide-di-Kukulkan-o-Castello-Chichen-Itza-Yucatan-Messico-300x242.jpg\" data-src=\"https:\/\/scalarchives.com\/wp-content\/uploads\/2021\/03\/DA43673-piramide-di-Kukulkan-o-Castello-Chichen-Itza-Yucatan-Messico-300x242.jpg\" data-caption=\"La piramide di Kukulkan detta Il Castello a Chichen Itza (Patrimonio dell&#039;Umanit\u00e0 UNESCO, 1988), Yucatan, Messico. Civilt\u00e0 maya, XI secolo - DA43673\" srcset=\"https:\/\/scalarchives.com\/wp-content\/uploads\/2021\/03\/DA43673-piramide-di-Kukulkan-o-Castello-Chichen-Itza-Yucatan-Messico-300x242.jpg 300w, https:\/\/scalarchives.com\/wp-content\/uploads\/2021\/03\/DA43673-piramide-di-Kukulkan-o-Castello-Chichen-Itza-Yucatan-Messico-768x618.jpg 768w, https:\/\/scalarchives.com\/wp-content\/uploads\/2021\/03\/DA43673-piramide-di-Kukulkan-o-Castello-Chichen-Itza-Yucatan-Messico.jpg 1000w\" sizes=\"auto, (max-width: 300px) 100vw, 300px\" \/>\n\t<\/div>\n\n<\/div><div class=\"modula-item jtg-filter-all jtg-filter-\" >\n\t<div class=\"modula-item-content\">\n\t\t\n\t\t\t\t\t<a role=\"button\" tabindex=\"0\" rel=\"jtg-7844\" data-caption=\"&lt;span class=&quot;modula-caption-description&quot;&gt;Archeologo che pulisce sculture in bassorilievo in un tempio (Huaca Gloria) presso il sito archeologico di Chotuna-Chornancap - SP06945&lt;\/span&gt;\" aria-label=\"Open image in lightbox\" data-thumb=\"https:\/\/scalarchives.com\/wp-content\/uploads\/2021\/03\/SP06945-Archeologo-bassorilievo-tempio-Huaca-Gloria-Chotuna-Chornancap-300x199.jpg\" class=\"tile-inner modula-item-link\"><\/a>\n\t\t\n\t\t<img loading=\"lazy\" decoding=\"async\" class=\"pic wp-image-7933\"  data-valign=\"middle\" data-halign=\"center\" alt=\"Archeologo che pulisce sculture in bassorilievo in un tempio (Huaca Gloria) presso il sito archeologico di Chotuna-Chornancap\" data-full=\"https:\/\/scalarchives.com\/wp-content\/uploads\/2021\/03\/SP06945-Archeologo-bassorilievo-tempio-Huaca-Gloria-Chotuna-Chornancap.jpg\" title=\"SP06945-Archeologo-bassorilievo-tempio-Huaca Gloria-Chotuna-Chornancap\" width=\"300\" height=\"199\" src=\"https:\/\/scalarchives.com\/wp-content\/uploads\/2021\/03\/SP06945-Archeologo-bassorilievo-tempio-Huaca-Gloria-Chotuna-Chornancap-300x199.jpg\" data-src=\"https:\/\/scalarchives.com\/wp-content\/uploads\/2021\/03\/SP06945-Archeologo-bassorilievo-tempio-Huaca-Gloria-Chotuna-Chornancap-300x199.jpg\" data-caption=\"Archeologo che pulisce sculture in bassorilievo in un tempio (Huaca Gloria) presso il sito archeologico di Chotuna-Chornancap - SP06945\" srcset=\"https:\/\/scalarchives.com\/wp-content\/uploads\/2021\/03\/SP06945-Archeologo-bassorilievo-tempio-Huaca-Gloria-Chotuna-Chornancap-300x199.jpg 300w, https:\/\/scalarchives.com\/wp-content\/uploads\/2021\/03\/SP06945-Archeologo-bassorilievo-tempio-Huaca-Gloria-Chotuna-Chornancap-768x510.jpg 768w, https:\/\/scalarchives.com\/wp-content\/uploads\/2021\/03\/SP06945-Archeologo-bassorilievo-tempio-Huaca-Gloria-Chotuna-Chornancap.jpg 1000w\" sizes=\"auto, (max-width: 300px) 100vw, 300px\" \/>\n\t<\/div>\n\n<\/div><div class=\"modula-item jtg-filter-all jtg-filter-\" >\n\t<div class=\"modula-item-content\">\n\t\t\n\t\t\t\t\t<a role=\"button\" tabindex=\"0\" rel=\"jtg-7844\" data-caption=\"&lt;span class=&quot;modula-caption-description&quot;&gt;&lt;\/span&gt;\" aria-label=\"Open image in lightbox\" data-thumb=\"https:\/\/scalarchives.com\/wp-content\/uploads\/2021\/05\/0084212-Etruscan-art-Chimera-of-Arezzo-1-239x300.jpg\" class=\"tile-inner modula-item-link\"><\/a>\n\t\t\n\t\t<img loading=\"lazy\" decoding=\"async\" class=\"pic wp-image-11698\"  data-valign=\"middle\" data-halign=\"center\" alt=\"\" data-full=\"https:\/\/scalarchives.com\/wp-content\/uploads\/2021\/05\/0084212-Etruscan-art-Chimera-of-Arezzo-1.jpg\" title=\"0084212-Etruscan-art,-Chimera-of-Arezzo\" width=\"239\" height=\"300\" src=\"https:\/\/scalarchives.com\/wp-content\/uploads\/2021\/05\/0084212-Etruscan-art-Chimera-of-Arezzo-1-239x300.jpg\" data-src=\"https:\/\/scalarchives.com\/wp-content\/uploads\/2021\/05\/0084212-Etruscan-art-Chimera-of-Arezzo-1-239x300.jpg\" data-caption=\"\" srcset=\"https:\/\/scalarchives.com\/wp-content\/uploads\/2021\/05\/0084212-Etruscan-art-Chimera-of-Arezzo-1-239x300.jpg 239w, https:\/\/scalarchives.com\/wp-content\/uploads\/2021\/05\/0084212-Etruscan-art-Chimera-of-Arezzo-1-768x965.jpg 768w, https:\/\/scalarchives.com\/wp-content\/uploads\/2021\/05\/0084212-Etruscan-art-Chimera-of-Arezzo-1.jpg 796w\" sizes=\"auto, (max-width: 239px) 100vw, 239px\" \/>\n\t<\/div>\n\n<\/div><div class=\"modula-item jtg-filter-all jtg-filter-\" >\n\t<div class=\"modula-item-content\">\n\t\t\n\t\t\t\t\t<a role=\"button\" tabindex=\"0\" rel=\"jtg-7844\" data-caption=\"&lt;span class=&quot;modula-caption-description&quot;&gt;Alcuni ufficiali francesi su un terrazzo di un antico tempio, Angkor, Cambogia - BA57336&lt;\/span&gt;\" aria-label=\"Open image in lightbox\" data-thumb=\"https:\/\/scalarchives.com\/wp-content\/uploads\/2021\/03\/BA57336-Ufficiali-francesi-Tempio-Angkor-Cambogia-234x300.jpg\" class=\"tile-inner modula-item-link\"><\/a>\n\t\t\n\t\t<img loading=\"lazy\" decoding=\"async\" class=\"pic wp-image-7873\"  data-valign=\"middle\" data-halign=\"center\" alt=\"Ufficiali francesi su un terrazzo di un antico tempio, Angkor, Cambogia, fotografia di A Meynard\" data-full=\"https:\/\/scalarchives.com\/wp-content\/uploads\/2021\/03\/BA57336-Ufficiali-francesi-Tempio-Angkor-Cambogia.jpg\" title=\"BA57336-Ufficiali-francesi-Tempio-Angkor-Cambogia\" width=\"234\" height=\"300\" src=\"https:\/\/scalarchives.com\/wp-content\/uploads\/2021\/03\/BA57336-Ufficiali-francesi-Tempio-Angkor-Cambogia-234x300.jpg\" data-src=\"https:\/\/scalarchives.com\/wp-content\/uploads\/2021\/03\/BA57336-Ufficiali-francesi-Tempio-Angkor-Cambogia-234x300.jpg\" data-caption=\"Alcuni ufficiali francesi su un terrazzo di un antico tempio, Angkor, Cambogia - BA57336\" srcset=\"https:\/\/scalarchives.com\/wp-content\/uploads\/2021\/03\/BA57336-Ufficiali-francesi-Tempio-Angkor-Cambogia-234x300.jpg 234w, https:\/\/scalarchives.com\/wp-content\/uploads\/2021\/03\/BA57336-Ufficiali-francesi-Tempio-Angkor-Cambogia-768x985.jpg 768w, https:\/\/scalarchives.com\/wp-content\/uploads\/2021\/03\/BA57336-Ufficiali-francesi-Tempio-Angkor-Cambogia.jpg 780w\" sizes=\"auto, (max-width: 234px) 100vw, 234px\" \/>\n\t<\/div>\n\n<\/div><div class=\"modula-item jtg-filter-all jtg-filter-\" >\n\t<div class=\"modula-item-content\">\n\t\t\n\t\t\t\t\t<a role=\"button\" tabindex=\"0\" rel=\"jtg-7844\" data-caption=\"&lt;span class=&quot;modula-caption-description&quot;&gt;&lt;\/span&gt;\" aria-label=\"Open image in lightbox\" data-thumb=\"https:\/\/scalarchives.com\/wp-content\/uploads\/2021\/07\/SC0090web-300x235.jpg\" class=\"tile-inner modula-item-link\"><\/a>\n\t\t\n\t\t<img loading=\"lazy\" decoding=\"async\" class=\"pic wp-image-17264\"  data-valign=\"middle\" data-halign=\"center\" alt=\"\" data-full=\"https:\/\/scalarchives.com\/wp-content\/uploads\/2021\/07\/SC0090web.jpg\" title=\"SC0090web\" width=\"300\" height=\"235\" src=\"https:\/\/scalarchives.com\/wp-content\/uploads\/2021\/07\/SC0090web-300x235.jpg\" data-src=\"https:\/\/scalarchives.com\/wp-content\/uploads\/2021\/07\/SC0090web-300x235.jpg\" data-caption=\"\" srcset=\"https:\/\/scalarchives.com\/wp-content\/uploads\/2021\/07\/SC0090web-300x235.jpg 300w, https:\/\/scalarchives.com\/wp-content\/uploads\/2021\/07\/SC0090web-768x602.jpg 768w, https:\/\/scalarchives.com\/wp-content\/uploads\/2021\/07\/SC0090web.jpg 1000w\" sizes=\"auto, (max-width: 300px) 100vw, 300px\" \/>\n\t<\/div>\n\n<\/div><div class=\"modula-item jtg-filter-all jtg-filter-\" >\n\t<div class=\"modula-item-content\">\n\t\t\n\t\t\t\t\t<a role=\"button\" tabindex=\"0\" rel=\"jtg-7844\" data-caption=\"&lt;span class=&quot;modula-caption-description&quot;&gt;Tomba del Triclinio Museo Archeologico Nazionale Tarquinia - WH37709&lt;\/span&gt;\" aria-label=\"Open image in lightbox\" data-thumb=\"https:\/\/scalarchives.com\/wp-content\/uploads\/2021\/03\/WH37709-Tomba-del-Triclinio-Museo-Archeologico-Nazionale-Tarquinia-300x202.jpg\" class=\"tile-inner modula-item-link\"><\/a>\n\t\t\n\t\t<img loading=\"lazy\" decoding=\"async\" class=\"pic wp-image-7861\"  data-valign=\"middle\" data-halign=\"center\" alt=\"Tomba del Triclinio. V secolo a.C. Affreschi raffiguranti scene di banchetti\" data-full=\"https:\/\/scalarchives.com\/wp-content\/uploads\/2021\/03\/WH37709-Tomba-del-Triclinio-Museo-Archeologico-Nazionale-Tarquinia.jpg\" title=\"WH37709-Tomba-del-Triclinio-Museo-Archeologico-Nazionale-Tarquinia\" width=\"300\" height=\"202\" src=\"https:\/\/scalarchives.com\/wp-content\/uploads\/2021\/03\/WH37709-Tomba-del-Triclinio-Museo-Archeologico-Nazionale-Tarquinia-300x202.jpg\" data-src=\"https:\/\/scalarchives.com\/wp-content\/uploads\/2021\/03\/WH37709-Tomba-del-Triclinio-Museo-Archeologico-Nazionale-Tarquinia-300x202.jpg\" data-caption=\"Tomba del Triclinio Museo Archeologico Nazionale Tarquinia - WH37709\" srcset=\"https:\/\/scalarchives.com\/wp-content\/uploads\/2021\/03\/WH37709-Tomba-del-Triclinio-Museo-Archeologico-Nazionale-Tarquinia-300x202.jpg 300w, https:\/\/scalarchives.com\/wp-content\/uploads\/2021\/03\/WH37709-Tomba-del-Triclinio-Museo-Archeologico-Nazionale-Tarquinia-768x516.jpg 768w, https:\/\/scalarchives.com\/wp-content\/uploads\/2021\/03\/WH37709-Tomba-del-Triclinio-Museo-Archeologico-Nazionale-Tarquinia.jpg 1000w\" sizes=\"auto, (max-width: 300px) 100vw, 300px\" \/>\n\t<\/div>\n\n<\/div><div class=\"modula-item jtg-filter-all jtg-filter-\" >\n\t<div class=\"modula-item-content\">\n\t\t\n\t\t\t\t\t<a role=\"button\" tabindex=\"0\" rel=\"jtg-7844\" data-caption=\"&lt;span class=&quot;modula-caption-description&quot;&gt;Porta di Ishtar, Babilonia - Arte Assiro-babilonese - B031058&lt;\/span&gt;\" aria-label=\"Open image in lightbox\" data-thumb=\"https:\/\/scalarchives.com\/wp-content\/uploads\/2021\/05\/B031058-Assyro-Babylonian-art-The-Ishtar-Gate-from-Babylon-300x195.jpg\" class=\"tile-inner modula-item-link\"><\/a>\n\t\t\n\t\t<img loading=\"lazy\" decoding=\"async\" class=\"pic wp-image-11702\"  data-valign=\"middle\" data-halign=\"center\" alt=\"\" data-full=\"https:\/\/scalarchives.com\/wp-content\/uploads\/2021\/05\/B031058-Assyro-Babylonian-art-The-Ishtar-Gate-from-Babylon.jpg\" title=\"B031058-Assyro-Babylonian art ,The Ishtar Gate from Babylon\" width=\"300\" height=\"195\" src=\"https:\/\/scalarchives.com\/wp-content\/uploads\/2021\/05\/B031058-Assyro-Babylonian-art-The-Ishtar-Gate-from-Babylon-300x195.jpg\" data-src=\"https:\/\/scalarchives.com\/wp-content\/uploads\/2021\/05\/B031058-Assyro-Babylonian-art-The-Ishtar-Gate-from-Babylon-300x195.jpg\" data-caption=\"Porta di Ishtar, Babilonia - Arte Assiro-babilonese - B031058\" srcset=\"https:\/\/scalarchives.com\/wp-content\/uploads\/2021\/05\/B031058-Assyro-Babylonian-art-The-Ishtar-Gate-from-Babylon-300x195.jpg 300w, https:\/\/scalarchives.com\/wp-content\/uploads\/2021\/05\/B031058-Assyro-Babylonian-art-The-Ishtar-Gate-from-Babylon-768x499.jpg 768w, https:\/\/scalarchives.com\/wp-content\/uploads\/2021\/05\/B031058-Assyro-Babylonian-art-The-Ishtar-Gate-from-Babylon.jpg 1000w\" sizes=\"auto, (max-width: 300px) 100vw, 300px\" \/>\n\t<\/div>\n\n<\/div><div class=\"modula-item jtg-filter-all jtg-filter-\" >\n\t<div class=\"modula-item-content\">\n\t\t\n\t\t\t\t\t<a role=\"button\" class=\"tile-inner modula-item-link\" rel=\"jtg-7844\" data-full=\"https:\/\/www.youtube.com\/embed\/zYk0GH5iFYI\" tabindex=\"0\" data-caption=\"&lt;span class=&quot;modula-caption-description&quot;&gt;Elmetto dalla sepoltura della nave a Sutton Hoo - British Museum, Londra - BM03928&lt;\/span&gt;\" aria-label=\"Open image in lightbox\" data-thumb=\"https:\/\/scalarchives.com\/wp-content\/uploads\/2021\/05\/Helmet-from-the-ship-burial-at-Sutton-Hoo-1-243x300.jpg\" class=\"tile-inner modula-item-link\"><\/a>\n\t\t\n\t\t<img loading=\"lazy\" decoding=\"async\" class=\"pic wp-image-11743\"  data-valign=\"middle\" data-halign=\"center\" alt=\"Elmo dalla sepoltura della nave a Sutton Hoo\" data-full=\"https:\/\/www.youtube.com\/embed\/zYk0GH5iFYI\" title=\"Helmet-from-the-ship-burial-at-Sutton-Hoo (1)\" width=\"243\" height=\"300\" src=\"https:\/\/scalarchives.com\/wp-content\/uploads\/2021\/05\/Helmet-from-the-ship-burial-at-Sutton-Hoo-1-243x300.jpg\" data-src=\"https:\/\/scalarchives.com\/wp-content\/uploads\/2021\/05\/Helmet-from-the-ship-burial-at-Sutton-Hoo-1-243x300.jpg\" data-caption=\"Elmetto dalla sepoltura della nave a Sutton Hoo - British Museum, Londra - BM03928\" srcset=\"https:\/\/scalarchives.com\/wp-content\/uploads\/2021\/05\/Helmet-from-the-ship-burial-at-Sutton-Hoo-1-243x300.jpg 243w, https:\/\/scalarchives.com\/wp-content\/uploads\/2021\/05\/Helmet-from-the-ship-burial-at-Sutton-Hoo-1-768x949.jpg 768w, https:\/\/scalarchives.com\/wp-content\/uploads\/2021\/05\/Helmet-from-the-ship-burial-at-Sutton-Hoo-1.jpg 809w\" sizes=\"auto, (max-width: 243px) 100vw, 243px\" \/><div class=\"modula-video-icon\"><svg viewBox=\"0 0 24 24\" aria-hidden=\"true\" data-prefix=\"far\" data-icon=\"play-circle\" class=\"svg-inline--fa fa-play-circle fa-w-16\" role=\"img\" xmlns=\"http:\/\/www.w3.org\/2000\/svg\" ><path fill=\"#fff\" d=\"M 17.421875 11.15625 L 9.171875 6.140625 C 8.433594 5.726562 7.5 6.257812 7.5 7.125 L 7.5 16.875 C 7.5 17.738281 8.429688 18.273438 9.171875 17.859375 L 17.421875 13.125 C 18.191406 12.699219 18.191406 11.585938 17.421875 11.15625 Z M 23.625 12 C 23.625 5.578125 18.421875 0.375 12 0.375 C 5.578125 0.375 0.375 5.578125 0.375 12 C 0.375 18.421875 5.578125 23.625 12 23.625 C 18.421875 23.625 23.625 18.421875 23.625 12 Z M 2.625 12 C 2.625 6.820312 6.820312 2.625 12 2.625 C 17.179688 2.625 21.375 6.820312 21.375 12 C 21.375 17.179688 17.179688 21.375 12 21.375 C 6.820312 21.375 2.625 17.179688 2.625 12 Z M 2.625 12 \"><\/path><\/svg><\/div>\n\t<\/div>\n\n<\/div><div class=\"modula-item jtg-filter-all jtg-filter-\" >\n\t<div class=\"modula-item-content\">\n\t\t\n\t\t\t\t\t<a role=\"button\" tabindex=\"0\" rel=\"jtg-7844\" data-caption=\"&lt;span class=&quot;modula-caption-description&quot;&gt;Sollevamento della nave da guerra svedese Vasa XVII secolo - SP12763&lt;\/span&gt;\" aria-label=\"Open image in lightbox\" data-thumb=\"https:\/\/scalarchives.com\/wp-content\/uploads\/2021\/03\/SP12763-Sollevamento-della-nave-da-guerra-svedese-Vasa-XVII-secolo-300x216.jpg\" class=\"tile-inner modula-item-link\"><\/a>\n\t\t\n\t\t<img loading=\"lazy\" decoding=\"async\" class=\"pic wp-image-7845\"  data-valign=\"middle\" data-halign=\"center\" alt=\"Sollevamento della nave da guerra svedese Vasa del XVII secolo. Il Vasa, lungo 70 metri, fu varato nel 1628 dalla Royal Swedish Navy.Pesante al massimo, affond\u00f2 subito dopo aver lasciato il porto.\" data-full=\"https:\/\/scalarchives.com\/wp-content\/uploads\/2021\/03\/SP12763-Sollevamento-della-nave-da-guerra-svedese-Vasa-XVII-secolo.jpg\" title=\"SP12763-Sollevamento-della-nave-da-guerra-svedese-Vasa-XVII-secolo\" width=\"300\" height=\"216\" src=\"https:\/\/scalarchives.com\/wp-content\/uploads\/2021\/03\/SP12763-Sollevamento-della-nave-da-guerra-svedese-Vasa-XVII-secolo-300x216.jpg\" data-src=\"https:\/\/scalarchives.com\/wp-content\/uploads\/2021\/03\/SP12763-Sollevamento-della-nave-da-guerra-svedese-Vasa-XVII-secolo-300x216.jpg\" data-caption=\"Sollevamento della nave da guerra svedese Vasa XVII secolo - SP12763\" srcset=\"https:\/\/scalarchives.com\/wp-content\/uploads\/2021\/03\/SP12763-Sollevamento-della-nave-da-guerra-svedese-Vasa-XVII-secolo-300x216.jpg 300w, https:\/\/scalarchives.com\/wp-content\/uploads\/2021\/03\/SP12763-Sollevamento-della-nave-da-guerra-svedese-Vasa-XVII-secolo-768x553.jpg 768w, https:\/\/scalarchives.com\/wp-content\/uploads\/2021\/03\/SP12763-Sollevamento-della-nave-da-guerra-svedese-Vasa-XVII-secolo.jpg 1000w\" sizes=\"auto, (max-width: 300px) 100vw, 300px\" \/>\n\t<\/div>\n\n<\/div><div class=\"modula-item jtg-filter-all jtg-filter-\" >\n\t<div class=\"modula-item-content\">\n\t\t\n\t\t\t\t\t<a role=\"button\" tabindex=\"0\" rel=\"jtg-7844\" data-caption=\"&lt;span class=&quot;modula-caption-description&quot;&gt;Per\u00f9 - Valle dell&#039;Urubamba - Machu-Picchu (Patrimonio dell&#039;Umanit\u00e0 UNESCO, 1983). Civilt\u00e0 Inca  - DA37694&lt;\/span&gt;\" aria-label=\"Open image in lightbox\" data-thumb=\"https:\/\/scalarchives.com\/wp-content\/uploads\/2021\/02\/DA37694-300x201.jpg\" class=\"tile-inner modula-item-link\"><\/a>\n\t\t\n\t\t<img loading=\"lazy\" decoding=\"async\" class=\"pic wp-image-17485\"  data-valign=\"middle\" data-halign=\"center\" alt=\"Per\u00f9 - Valle dell&#039;Urubamba - Machu-Picchu (Patrimonio dell&#039;Umanit\u00e0 UNESCO, 1983). Civilt\u00e0 Inca\" data-full=\"https:\/\/scalarchives.com\/wp-content\/uploads\/2021\/02\/DA37694.jpg\" title=\"DA37694\" width=\"300\" height=\"201\" src=\"https:\/\/scalarchives.com\/wp-content\/uploads\/2021\/02\/DA37694-300x201.jpg\" data-src=\"https:\/\/scalarchives.com\/wp-content\/uploads\/2021\/02\/DA37694-300x201.jpg\" data-caption=\"Per\u00f9 - Valle dell&#039;Urubamba - Machu-Picchu (Patrimonio dell&#039;Umanit\u00e0 UNESCO, 1983). Civilt\u00e0 Inca  - DA37694\" srcset=\"https:\/\/scalarchives.com\/wp-content\/uploads\/2021\/02\/DA37694-300x201.jpg 300w, https:\/\/scalarchives.com\/wp-content\/uploads\/2021\/02\/DA37694-768x515.jpg 768w, https:\/\/scalarchives.com\/wp-content\/uploads\/2021\/02\/DA37694.jpg 1000w\" sizes=\"auto, (max-width: 300px) 100vw, 300px\" \/>\n\t<\/div>\n\n<\/div><div class=\"modula-item jtg-filter-all jtg-filter-\" >\n\t<div class=\"modula-item-content\">\n\t\t\n\t\t\t\t\t<a role=\"button\" tabindex=\"0\" rel=\"jtg-7844\" data-caption=\"&lt;span class=&quot;modula-caption-description&quot;&gt; Rhyton in oro con corpo leonino  - Persia -sesto sec. AC - 0016865 &lt;\/span&gt;\" aria-label=\"Open image in lightbox\" data-thumb=\"https:\/\/scalarchives.com\/wp-content\/uploads\/2021\/05\/0016865-Gold-rhyton-with-lions-body-237x300.jpg\" class=\"tile-inner modula-item-link\"><\/a>\n\t\t\n\t\t<img loading=\"lazy\" decoding=\"async\" class=\"pic wp-image-11689\"  data-valign=\"middle\" data-halign=\"center\" alt=\"Rhyton in oro con corpo leonino - Persia -sesto sec. AC\" data-full=\"https:\/\/scalarchives.com\/wp-content\/uploads\/2021\/05\/0016865-Gold-rhyton-with-lions-body.jpg\" title=\"0016865--Gold-rhyton-with-lion&#039;s-body\" width=\"237\" height=\"300\" src=\"https:\/\/scalarchives.com\/wp-content\/uploads\/2021\/05\/0016865-Gold-rhyton-with-lions-body-237x300.jpg\" data-src=\"https:\/\/scalarchives.com\/wp-content\/uploads\/2021\/05\/0016865-Gold-rhyton-with-lions-body-237x300.jpg\" data-caption=\" Rhyton in oro con corpo leonino  - Persia -sesto sec. AC - 0016865 \" srcset=\"https:\/\/scalarchives.com\/wp-content\/uploads\/2021\/05\/0016865-Gold-rhyton-with-lions-body-237x300.jpg 237w, https:\/\/scalarchives.com\/wp-content\/uploads\/2021\/05\/0016865-Gold-rhyton-with-lions-body-768x972.jpg 768w, https:\/\/scalarchives.com\/wp-content\/uploads\/2021\/05\/0016865-Gold-rhyton-with-lions-body.jpg 790w\" sizes=\"auto, (max-width: 237px) 100vw, 237px\" \/>\n\t<\/div>\n\n<\/div><div class=\"modula-item jtg-filter-all jtg-filter-\" >\n\t<div class=\"modula-item-content\">\n\t\t\n\t\t\t\t\t<a role=\"button\" tabindex=\"0\" rel=\"jtg-7844\" data-caption=\"&lt;span class=&quot;modula-caption-description&quot;&gt;********: Syria, Palmyra, Temple of Bel ancient ruins Palmyra Archeological Area *** Permission for usage must be provided in writing from Scala.&lt;\/span&gt;\" aria-label=\"Open image in lightbox\" data-thumb=\"https:\/\/scalarchives.com\/wp-content\/uploads\/2020\/06\/DA37854-300x109.jpg\" class=\"tile-inner modula-item-link\"><\/a>\n\t\t\n\t\t<img loading=\"lazy\" decoding=\"async\" class=\"pic wp-image-7595\"  data-valign=\"middle\" data-halign=\"center\" alt=\"\" data-full=\"https:\/\/scalarchives.com\/wp-content\/uploads\/2020\/06\/DA37854.jpg\" title=\"DA37854\" width=\"300\" height=\"109\" src=\"https:\/\/scalarchives.com\/wp-content\/uploads\/2020\/06\/DA37854-300x109.jpg\" data-src=\"https:\/\/scalarchives.com\/wp-content\/uploads\/2020\/06\/DA37854-300x109.jpg\" data-caption=\"********: Syria, Palmyra, Temple of Bel ancient ruins Palmyra Archeological Area *** Permission for usage must be provided in writing from Scala.\" srcset=\"https:\/\/scalarchives.com\/wp-content\/uploads\/2020\/06\/DA37854-300x109.jpg 300w, https:\/\/scalarchives.com\/wp-content\/uploads\/2020\/06\/DA37854-1024x373.jpg 1024w, https:\/\/scalarchives.com\/wp-content\/uploads\/2020\/06\/DA37854-768x280.jpg 768w, https:\/\/scalarchives.com\/wp-content\/uploads\/2020\/06\/DA37854-1536x560.jpg 1536w, https:\/\/scalarchives.com\/wp-content\/uploads\/2020\/06\/DA37854.jpg 1920w\" sizes=\"auto, (max-width: 300px) 100vw, 300px\" \/>\n\t<\/div>\n\n<\/div><div class=\"modula-item jtg-filter-all jtg-filter-\" >\n\t<div class=\"modula-item-content\">\n\t\t\n\t\t\t\t\t<a role=\"button\" tabindex=\"0\" rel=\"jtg-7844\" data-caption=\"&lt;span class=&quot;modula-caption-description&quot;&gt;&lt;\/span&gt;\" aria-label=\"Open image in lightbox\" data-thumb=\"https:\/\/scalarchives.com\/wp-content\/uploads\/2021\/03\/DA09281-Tomba-di-Tutankhamon-Valle-dei-Re-Luxor-Egitto-300x223.jpg\" class=\"tile-inner modula-item-link\"><\/a>\n\t\t\n\t\t<img loading=\"lazy\" decoding=\"async\" class=\"pic wp-image-7885\"  data-valign=\"middle\" data-halign=\"center\" alt=\"\" data-full=\"https:\/\/scalarchives.com\/wp-content\/uploads\/2021\/03\/DA09281-Tomba-di-Tutankhamon-Valle-dei-Re-Luxor-Egitto.jpg\" title=\"DA09281-Tomba-di-Tutankhamon-Valle-dei-Re-Luxor-Egitto\" width=\"300\" height=\"223\" src=\"https:\/\/scalarchives.com\/wp-content\/uploads\/2021\/03\/DA09281-Tomba-di-Tutankhamon-Valle-dei-Re-Luxor-Egitto-300x223.jpg\" data-src=\"https:\/\/scalarchives.com\/wp-content\/uploads\/2021\/03\/DA09281-Tomba-di-Tutankhamon-Valle-dei-Re-Luxor-Egitto-300x223.jpg\" data-caption=\"\" srcset=\"https:\/\/scalarchives.com\/wp-content\/uploads\/2021\/03\/DA09281-Tomba-di-Tutankhamon-Valle-dei-Re-Luxor-Egitto-300x223.jpg 300w, https:\/\/scalarchives.com\/wp-content\/uploads\/2021\/03\/DA09281-Tomba-di-Tutankhamon-Valle-dei-Re-Luxor-Egitto-768x571.jpg 768w, https:\/\/scalarchives.com\/wp-content\/uploads\/2021\/03\/DA09281-Tomba-di-Tutankhamon-Valle-dei-Re-Luxor-Egitto.jpg 1000w\" sizes=\"auto, (max-width: 300px) 100vw, 300px\" \/>\n\t<\/div>\n\n<\/div><div class=\"modula-item jtg-filter-all jtg-filter-\" >\n\t<div class=\"modula-item-content\">\n\t\t\n\t\t\t\t\t<a role=\"button\" tabindex=\"0\" rel=\"jtg-7844\" data-caption=\"&lt;span class=&quot;modula-caption-description&quot;&gt;Trono di Tutankhamon da Tebe. Dettaglio. - 0114192&lt;\/span&gt;\" aria-label=\"Open image in lightbox\" data-thumb=\"https:\/\/scalarchives.com\/wp-content\/uploads\/2021\/07\/0114192web-253x300.jpg\" class=\"tile-inner modula-item-link\"><\/a>\n\t\t\n\t\t<img loading=\"lazy\" decoding=\"async\" class=\"pic wp-image-17244\"  data-valign=\"middle\" data-halign=\"center\" alt=\"Trono di Tutankhamon da Tebe. Dettaglio.\" data-full=\"https:\/\/scalarchives.com\/wp-content\/uploads\/2021\/07\/0114192web.jpg\" title=\"0114192web\" width=\"253\" height=\"300\" src=\"https:\/\/scalarchives.com\/wp-content\/uploads\/2021\/07\/0114192web-253x300.jpg\" data-src=\"https:\/\/scalarchives.com\/wp-content\/uploads\/2021\/07\/0114192web-253x300.jpg\" data-caption=\"Trono di Tutankhamon da Tebe. Dettaglio. - 0114192\" srcset=\"https:\/\/scalarchives.com\/wp-content\/uploads\/2021\/07\/0114192web-253x300.jpg 253w, https:\/\/scalarchives.com\/wp-content\/uploads\/2021\/07\/0114192web-768x910.jpg 768w, https:\/\/scalarchives.com\/wp-content\/uploads\/2021\/07\/0114192web.jpg 844w\" sizes=\"auto, (max-width: 253px) 100vw, 253px\" \/>\n\t<\/div>\n\n<\/div><div class=\"modula-item jtg-filter-all jtg-filter-\" >\n\t<div class=\"modula-item-content\">\n\t\t\n\t\t\t\t\t<a role=\"button\" tabindex=\"0\" rel=\"jtg-7844\" data-caption=\"&lt;span class=&quot;modula-caption-description&quot;&gt;Braccialetto d&#039;oro, ritrovato nella Casa del Bracciale d&#039;Oro, Parco Archeologico di Pompei MC23177&lt;\/span&gt;\" aria-label=\"Open image in lightbox\" data-thumb=\"https:\/\/scalarchives.com\/wp-content\/uploads\/2021\/07\/MC23177web-300x200.jpg\" class=\"tile-inner modula-item-link\"><\/a>\n\t\t\n\t\t<img loading=\"lazy\" decoding=\"async\" class=\"pic wp-image-17256\"  data-valign=\"middle\" data-halign=\"center\" alt=\"Braccialetto d&#039;oro, ritrovato su vittima eruzione vesuvio nella Casa del Bracciale d&#039;Oro, Parco Archeologico di Pompei\" data-full=\"https:\/\/scalarchives.com\/wp-content\/uploads\/2021\/07\/MC23177web.jpg\" title=\"MC23177web\" width=\"300\" height=\"200\" src=\"https:\/\/scalarchives.com\/wp-content\/uploads\/2021\/07\/MC23177web-300x200.jpg\" data-src=\"https:\/\/scalarchives.com\/wp-content\/uploads\/2021\/07\/MC23177web-300x200.jpg\" data-caption=\"Braccialetto d&#039;oro, ritrovato nella Casa del Bracciale d&#039;Oro, Parco Archeologico di Pompei MC23177\" srcset=\"https:\/\/scalarchives.com\/wp-content\/uploads\/2021\/07\/MC23177web-300x200.jpg 300w, https:\/\/scalarchives.com\/wp-content\/uploads\/2021\/07\/MC23177web-768x511.jpg 768w, https:\/\/scalarchives.com\/wp-content\/uploads\/2021\/07\/MC23177web.jpg 1000w\" sizes=\"auto, (max-width: 300px) 100vw, 300px\" \/>\n\t<\/div>\n\n<\/div><div class=\"modula-item jtg-filter-all jtg-filter-\" >\n\t<div class=\"modula-item-content\">\n\t\t\n\t\t\t\t\t<a role=\"button\" tabindex=\"0\" rel=\"jtg-7844\" data-caption=\"&lt;span class=&quot;modula-caption-description&quot;&gt;Cartografia, Italia, III secolo d.C. Forma Urbis Severiana, pianta marmorea di Roma antica. Frammento raffigurante la Via Portuense e la riva sud del Tevere - DA11880&lt;\/span&gt;\" aria-label=\"Open image in lightbox\" data-thumb=\"https:\/\/scalarchives.com\/wp-content\/uploads\/2021\/03\/DA11880-Forma-Urbis-Severiana-pianta-marmorea-Roma-antica-300x221.jpg\" class=\"tile-inner modula-item-link\"><\/a>\n\t\t\n\t\t<img loading=\"lazy\" decoding=\"async\" class=\"pic wp-image-7893\"  data-valign=\"middle\" data-halign=\"center\" alt=\"Forma Urbis Severiana, pianta marmorea di Roma antica. Frammento raffigurante la Via Portuense e la riva sud del Tevere. III secolo d.C.\" data-full=\"https:\/\/scalarchives.com\/wp-content\/uploads\/2021\/03\/DA11880-Forma-Urbis-Severiana-pianta-marmorea-Roma-antica.jpg\" title=\"DA11880-Forma-Urbis-Severiana-pianta-marmorea-Roma-antica\" width=\"300\" height=\"221\" src=\"https:\/\/scalarchives.com\/wp-content\/uploads\/2021\/03\/DA11880-Forma-Urbis-Severiana-pianta-marmorea-Roma-antica-300x221.jpg\" data-src=\"https:\/\/scalarchives.com\/wp-content\/uploads\/2021\/03\/DA11880-Forma-Urbis-Severiana-pianta-marmorea-Roma-antica-300x221.jpg\" data-caption=\"Cartografia, Italia, III secolo d.C. Forma Urbis Severiana, pianta marmorea di Roma antica. Frammento raffigurante la Via Portuense e la riva sud del Tevere - DA11880\" srcset=\"https:\/\/scalarchives.com\/wp-content\/uploads\/2021\/03\/DA11880-Forma-Urbis-Severiana-pianta-marmorea-Roma-antica-300x221.jpg 300w, https:\/\/scalarchives.com\/wp-content\/uploads\/2021\/03\/DA11880-Forma-Urbis-Severiana-pianta-marmorea-Roma-antica-768x564.jpg 768w, https:\/\/scalarchives.com\/wp-content\/uploads\/2021\/03\/DA11880-Forma-Urbis-Severiana-pianta-marmorea-Roma-antica.jpg 1000w\" sizes=\"auto, (max-width: 300px) 100vw, 300px\" \/>\n\t<\/div>\n\n<\/div><div class=\"modula-item jtg-filter-all jtg-filter-\" >\n\t<div class=\"modula-item-content\">\n\t\t\n\t\t\t\t\t<a role=\"button\" tabindex=\"0\" rel=\"jtg-7844\" data-caption=\"&lt;span class=&quot;modula-caption-description&quot;&gt;Sarcofago Marito e moglie,-sesto secolo AC. Necropoli di Banditaccia - Arte Etrusca&lt;\/span&gt;\" aria-label=\"Open image in lightbox\" data-thumb=\"https:\/\/scalarchives.com\/wp-content\/uploads\/2021\/05\/0081021-Etruscan-art-Sarcophagus-of-the-Bride-and-Groom-d.-busts-6th-cent.-b.C.-from-Necropoli-of-Banditaccia-1-300x239.jpg\" class=\"tile-inner modula-item-link\"><\/a>\n\t\t\n\t\t<img loading=\"lazy\" decoding=\"async\" class=\"pic wp-image-11693\"  data-valign=\"middle\" data-halign=\"center\" alt=\"Sarcofago Marito e moglie,-sesto secolo AC. Necropoli di Banditaccia - Arte Etrusca\" data-full=\"https:\/\/scalarchives.com\/wp-content\/uploads\/2021\/05\/0081021-Etruscan-art-Sarcophagus-of-the-Bride-and-Groom-d.-busts-6th-cent.-b.C.-from-Necropoli-of-Banditaccia-1.jpg\" title=\"0081021-Etruscan-art,-Sarcophagus-of-the-Bride-and-Groom---d.-(busts),-6th-cent.-b.C.,-from-Necropoli-of-Banditaccia\" width=\"300\" height=\"239\" src=\"https:\/\/scalarchives.com\/wp-content\/uploads\/2021\/05\/0081021-Etruscan-art-Sarcophagus-of-the-Bride-and-Groom-d.-busts-6th-cent.-b.C.-from-Necropoli-of-Banditaccia-1-300x239.jpg\" data-src=\"https:\/\/scalarchives.com\/wp-content\/uploads\/2021\/05\/0081021-Etruscan-art-Sarcophagus-of-the-Bride-and-Groom-d.-busts-6th-cent.-b.C.-from-Necropoli-of-Banditaccia-1-300x239.jpg\" data-caption=\"Sarcofago Marito e moglie,-sesto secolo AC. Necropoli di Banditaccia - Arte Etrusca\" srcset=\"https:\/\/scalarchives.com\/wp-content\/uploads\/2021\/05\/0081021-Etruscan-art-Sarcophagus-of-the-Bride-and-Groom-d.-busts-6th-cent.-b.C.-from-Necropoli-of-Banditaccia-1-300x239.jpg 300w, https:\/\/scalarchives.com\/wp-content\/uploads\/2021\/05\/0081021-Etruscan-art-Sarcophagus-of-the-Bride-and-Groom-d.-busts-6th-cent.-b.C.-from-Necropoli-of-Banditaccia-1-768x611.jpg 768w, https:\/\/scalarchives.com\/wp-content\/uploads\/2021\/05\/0081021-Etruscan-art-Sarcophagus-of-the-Bride-and-Groom-d.-busts-6th-cent.-b.C.-from-Necropoli-of-Banditaccia-1.jpg 1000w\" sizes=\"auto, (max-width: 300px) 100vw, 300px\" \/>\n\t<\/div>\n\n<\/div><div class=\"modula-item jtg-filter-all jtg-filter-\" >\n\t<div class=\"modula-item-content\">\n\t\t\n\t\t\t\t\t<a role=\"button\" tabindex=\"0\" rel=\"jtg-7844\" data-caption=\"&lt;span class=&quot;modula-caption-description&quot;&gt;&lt;\/span&gt;\" aria-label=\"Open image in lightbox\" data-thumb=\"https:\/\/scalarchives.com\/wp-content\/uploads\/2021\/02\/H58E119-300x221.jpg\" class=\"tile-inner modula-item-link\"><\/a>\n\t\t\n\t\t<img loading=\"lazy\" decoding=\"async\" class=\"pic wp-image-17634\"  data-valign=\"middle\" data-halign=\"center\" alt=\"\" data-full=\"https:\/\/scalarchives.com\/wp-content\/uploads\/2021\/02\/H58E119.jpg\" title=\"H58E119\" width=\"300\" height=\"221\" src=\"https:\/\/scalarchives.com\/wp-content\/uploads\/2021\/02\/H58E119-300x221.jpg\" data-src=\"https:\/\/scalarchives.com\/wp-content\/uploads\/2021\/02\/H58E119-300x221.jpg\" data-caption=\"\" srcset=\"https:\/\/scalarchives.com\/wp-content\/uploads\/2021\/02\/H58E119-300x221.jpg 300w, https:\/\/scalarchives.com\/wp-content\/uploads\/2021\/02\/H58E119-768x565.jpg 768w, https:\/\/scalarchives.com\/wp-content\/uploads\/2021\/02\/H58E119.jpg 1000w\" sizes=\"auto, (max-width: 300px) 100vw, 300px\" \/>\n\t<\/div>\n\n<\/div><div class=\"modula-item jtg-filter-all jtg-filter-\" >\n\t<div class=\"modula-item-content\">\n\t\t\n\t\t\t\t\t<a role=\"button\" tabindex=\"0\" rel=\"jtg-7844\" data-caption=\"&lt;span class=&quot;modula-caption-description&quot;&gt;Wilhelm D\u00f6rpfeld e Heinrich Schliemann alla Porta dei Leoni di Micene - H751562&lt;\/span&gt;\" aria-label=\"Open image in lightbox\" data-thumb=\"https:\/\/scalarchives.com\/wp-content\/uploads\/2021\/03\/H751562-Porta-dei-Leoni-Micene-236x300.jpg\" class=\"tile-inner modula-item-link\"><\/a>\n\t\t\n\t\t<img loading=\"lazy\" decoding=\"async\" class=\"pic wp-image-7909\"  data-valign=\"middle\" data-halign=\"center\" alt=\"Wilhelm D\u00f6rpfeld e Heinrich Schliemann alla Porta dei Leoni di Micene.\" data-full=\"https:\/\/scalarchives.com\/wp-content\/uploads\/2021\/03\/H751562-Porta-dei-Leoni-Micene.jpg\" title=\"H751562-Porta-dei-Leoni-Micene\" width=\"236\" height=\"300\" src=\"https:\/\/scalarchives.com\/wp-content\/uploads\/2021\/03\/H751562-Porta-dei-Leoni-Micene-236x300.jpg\" data-src=\"https:\/\/scalarchives.com\/wp-content\/uploads\/2021\/03\/H751562-Porta-dei-Leoni-Micene-236x300.jpg\" data-caption=\"Wilhelm D\u00f6rpfeld e Heinrich Schliemann alla Porta dei Leoni di Micene - H751562\" srcset=\"https:\/\/scalarchives.com\/wp-content\/uploads\/2021\/03\/H751562-Porta-dei-Leoni-Micene-236x300.jpg 236w, https:\/\/scalarchives.com\/wp-content\/uploads\/2021\/03\/H751562-Porta-dei-Leoni-Micene-768x978.jpg 768w, https:\/\/scalarchives.com\/wp-content\/uploads\/2021\/03\/H751562-Porta-dei-Leoni-Micene.jpg 785w\" sizes=\"auto, (max-width: 236px) 100vw, 236px\" \/>\n\t<\/div>\n\n<\/div><div class=\"modula-item jtg-filter-all jtg-filter-\" >\n\t<div class=\"modula-item-content\">\n\t\t\n\t\t\t\t\t<a role=\"button\" tabindex=\"0\" rel=\"jtg-7844\" data-caption=\"&lt;span class=&quot;modula-caption-description&quot;&gt;Illustrazione scavi archeologici Parigi - SP24595&lt;\/span&gt;\" aria-label=\"Open image in lightbox\" data-thumb=\"https:\/\/scalarchives.com\/wp-content\/uploads\/2021\/03\/SP24595-Illustrazione-scavi-archeologici-Parigi-300x201.jpg\" class=\"tile-inner modula-item-link\"><\/a>\n\t\t\n\t\t<img loading=\"lazy\" decoding=\"async\" class=\"pic wp-image-7857\"  data-valign=\"middle\" data-halign=\"center\" alt=\"Scavi archeologici del XIX secolo, Parigi. Illustrazione\" data-full=\"https:\/\/scalarchives.com\/wp-content\/uploads\/2021\/03\/SP24595-Illustrazione-scavi-archeologici-Parigi.jpg\" title=\"SP24595-Illustrazione-scavi-archeologici-Parigi\" width=\"300\" height=\"201\" src=\"https:\/\/scalarchives.com\/wp-content\/uploads\/2021\/03\/SP24595-Illustrazione-scavi-archeologici-Parigi-300x201.jpg\" data-src=\"https:\/\/scalarchives.com\/wp-content\/uploads\/2021\/03\/SP24595-Illustrazione-scavi-archeologici-Parigi-300x201.jpg\" data-caption=\"Illustrazione scavi archeologici Parigi - SP24595\" srcset=\"https:\/\/scalarchives.com\/wp-content\/uploads\/2021\/03\/SP24595-Illustrazione-scavi-archeologici-Parigi-300x201.jpg 300w, https:\/\/scalarchives.com\/wp-content\/uploads\/2021\/03\/SP24595-Illustrazione-scavi-archeologici-Parigi-768x515.jpg 768w, https:\/\/scalarchives.com\/wp-content\/uploads\/2021\/03\/SP24595-Illustrazione-scavi-archeologici-Parigi.jpg 1000w\" sizes=\"auto, (max-width: 300px) 100vw, 300px\" \/>\n\t<\/div>\n\n<\/div><div class=\"modula-item jtg-filter-all jtg-filter-\" >\n\t<div class=\"modula-item-content\">\n\t\t\n\t\t\t\t\t<a role=\"button\" tabindex=\"0\" rel=\"jtg-7844\" data-caption=\"&lt;span class=&quot;modula-caption-description&quot;&gt;Statua di Chac-Mool proveniente dal Tempio del pianeta Venere di Chichen Itza, Messico. Civilt\u00e0 maya, XI secolo - DA45356&lt;\/span&gt;\" aria-label=\"Open image in lightbox\" data-thumb=\"https:\/\/scalarchives.com\/wp-content\/uploads\/2021\/03\/DA45356-Statua-di-Chac-Mool-Tempio-del-pianeta-Venere-Chichen-Itza-Messico-300x239.jpg\" class=\"tile-inner modula-item-link\"><\/a>\n\t\t\n\t\t<img loading=\"lazy\" decoding=\"async\" class=\"pic wp-image-7905\"  data-valign=\"middle\" data-halign=\"center\" alt=\"Statua di Chac-Mool proveniente dal Tempio del pianeta Venere di Chichen Itza, Messico.\" data-full=\"https:\/\/scalarchives.com\/wp-content\/uploads\/2021\/03\/DA45356-Statua-di-Chac-Mool-Tempio-del-pianeta-Venere-Chichen-Itza-Messico.jpg\" title=\"DA45356-Statua-di-Chac-Mool-Tempio-del-pianeta-Venere-Chichen-Itza-Messico\" width=\"300\" height=\"239\" src=\"https:\/\/scalarchives.com\/wp-content\/uploads\/2021\/03\/DA45356-Statua-di-Chac-Mool-Tempio-del-pianeta-Venere-Chichen-Itza-Messico-300x239.jpg\" data-src=\"https:\/\/scalarchives.com\/wp-content\/uploads\/2021\/03\/DA45356-Statua-di-Chac-Mool-Tempio-del-pianeta-Venere-Chichen-Itza-Messico-300x239.jpg\" data-caption=\"Statua di Chac-Mool proveniente dal Tempio del pianeta Venere di Chichen Itza, Messico. Civilt\u00e0 maya, XI secolo - DA45356\" srcset=\"https:\/\/scalarchives.com\/wp-content\/uploads\/2021\/03\/DA45356-Statua-di-Chac-Mool-Tempio-del-pianeta-Venere-Chichen-Itza-Messico-300x239.jpg 300w, https:\/\/scalarchives.com\/wp-content\/uploads\/2021\/03\/DA45356-Statua-di-Chac-Mool-Tempio-del-pianeta-Venere-Chichen-Itza-Messico-768x611.jpg 768w, https:\/\/scalarchives.com\/wp-content\/uploads\/2021\/03\/DA45356-Statua-di-Chac-Mool-Tempio-del-pianeta-Venere-Chichen-Itza-Messico.jpg 1000w\" sizes=\"auto, (max-width: 300px) 100vw, 300px\" \/>\n\t<\/div>\n\n<\/div><div class=\"modula-item jtg-filter-all jtg-filter-\" >\n\t<div class=\"modula-item-content\">\n\t\t\n\t\t\t\t\t<a role=\"button\" tabindex=\"0\" rel=\"jtg-7844\" data-caption=\"&lt;span class=&quot;modula-caption-description&quot;&gt;Manifesto francese che pubblicizza i templi di Angkor in Indocina. 1911 - PC42141&lt;\/span&gt;\" aria-label=\"Open image in lightbox\" data-thumb=\"https:\/\/scalarchives.com\/wp-content\/uploads\/2021\/03\/PC42141-French-poster-advertising-Temples-of-Angkor-Indochina-300x221.jpg\" class=\"tile-inner modula-item-link\"><\/a>\n\t\t\n\t\t<img loading=\"lazy\" decoding=\"async\" class=\"pic wp-image-7929\"  data-valign=\"middle\" data-halign=\"center\" alt=\"Manifesto francese che pubblicizza i templi di Angkor in Indocina. 1911. Litografia a colori.\" data-full=\"https:\/\/scalarchives.com\/wp-content\/uploads\/2021\/03\/PC42141-French-poster-advertising-Temples-of-Angkor-Indochina.jpg\" title=\"PC42141-French-poster-advertising-Temples-of-Angkor-Indochina\" width=\"300\" height=\"221\" src=\"https:\/\/scalarchives.com\/wp-content\/uploads\/2021\/03\/PC42141-French-poster-advertising-Temples-of-Angkor-Indochina-300x221.jpg\" data-src=\"https:\/\/scalarchives.com\/wp-content\/uploads\/2021\/03\/PC42141-French-poster-advertising-Temples-of-Angkor-Indochina-300x221.jpg\" data-caption=\"Manifesto francese che pubblicizza i templi di Angkor in Indocina. 1911 - PC42141\" srcset=\"https:\/\/scalarchives.com\/wp-content\/uploads\/2021\/03\/PC42141-French-poster-advertising-Temples-of-Angkor-Indochina-300x221.jpg 300w, https:\/\/scalarchives.com\/wp-content\/uploads\/2021\/03\/PC42141-French-poster-advertising-Temples-of-Angkor-Indochina-768x565.jpg 768w, https:\/\/scalarchives.com\/wp-content\/uploads\/2021\/03\/PC42141-French-poster-advertising-Temples-of-Angkor-Indochina.jpg 1000w\" sizes=\"auto, (max-width: 300px) 100vw, 300px\" \/>\n\t<\/div>\n\n<\/div><div class=\"modula-item jtg-filter-all jtg-filter-\" >\n\t<div class=\"modula-item-content\">\n\t\t\n\t\t\t\t\t<a role=\"button\" tabindex=\"0\" rel=\"jtg-7844\" data-caption=\"&lt;span class=&quot;modula-caption-description&quot;&gt;Leonard Wolley a Ur, Mesopotamia - BM09921&lt;\/span&gt;\" aria-label=\"Open image in lightbox\" data-thumb=\"https:\/\/scalarchives.com\/wp-content\/uploads\/2021\/03\/BM09921-Leonard-Wollet-Ur-Mespotamia-300x213.jpg\" class=\"tile-inner modula-item-link\"><\/a>\n\t\t\n\t\t<img loading=\"lazy\" decoding=\"async\" class=\"pic wp-image-7881\"  data-valign=\"middle\" data-halign=\"center\" alt=\"L&#039;archeologo Leonard Wolley durante gli scavi a Ur in Mesopotamia, fotografia\" data-full=\"https:\/\/scalarchives.com\/wp-content\/uploads\/2021\/03\/BM09921-Leonard-Wollet-Ur-Mespotamia.jpg\" title=\"BM09921-Leonard-Wollet-Ur-Mespotamia\" width=\"300\" height=\"213\" src=\"https:\/\/scalarchives.com\/wp-content\/uploads\/2021\/03\/BM09921-Leonard-Wollet-Ur-Mespotamia-300x213.jpg\" data-src=\"https:\/\/scalarchives.com\/wp-content\/uploads\/2021\/03\/BM09921-Leonard-Wollet-Ur-Mespotamia-300x213.jpg\" data-caption=\"Leonard Wolley a Ur, Mesopotamia - BM09921\" srcset=\"https:\/\/scalarchives.com\/wp-content\/uploads\/2021\/03\/BM09921-Leonard-Wollet-Ur-Mespotamia-300x213.jpg 300w, https:\/\/scalarchives.com\/wp-content\/uploads\/2021\/03\/BM09921-Leonard-Wollet-Ur-Mespotamia-768x546.jpg 768w, https:\/\/scalarchives.com\/wp-content\/uploads\/2021\/03\/BM09921-Leonard-Wollet-Ur-Mespotamia.jpg 1000w\" sizes=\"auto, (max-width: 300px) 100vw, 300px\" \/>\n\t<\/div>\n\n<\/div><div class=\"modula-item jtg-filter-all jtg-filter-\" >\n\t<div class=\"modula-item-content\">\n\t\t\n\t\t\t\t\t<a role=\"button\" tabindex=\"0\" rel=\"jtg-7844\" data-caption=\"&lt;span class=&quot;modula-caption-description&quot;&gt;Siria, XVIII secolo. L&#039;entrata nord del Grande Tempio di Palmira - DA09398&lt;\/span&gt;\" aria-label=\"Open image in lightbox\" data-thumb=\"https:\/\/scalarchives.com\/wp-content\/uploads\/2021\/03\/DA09398-Grande-Tempio-di-Palmira-Siria-300x203.jpg\" class=\"tile-inner modula-item-link\"><\/a>\n\t\t\n\t\t<img loading=\"lazy\" decoding=\"async\" class=\"pic wp-image-7889\"  data-valign=\"middle\" data-halign=\"center\" alt=\"L&#039;entrata nord del Grande Tempio di Palmira, Siria. Incisione\" data-full=\"https:\/\/scalarchives.com\/wp-content\/uploads\/2021\/03\/DA09398-Grande-Tempio-di-Palmira-Siria.jpg\" title=\"DA09398-Grande-Tempio-di-Palmira-Siria\" width=\"300\" height=\"203\" src=\"https:\/\/scalarchives.com\/wp-content\/uploads\/2021\/03\/DA09398-Grande-Tempio-di-Palmira-Siria-300x203.jpg\" data-src=\"https:\/\/scalarchives.com\/wp-content\/uploads\/2021\/03\/DA09398-Grande-Tempio-di-Palmira-Siria-300x203.jpg\" data-caption=\"Siria, XVIII secolo. L&#039;entrata nord del Grande Tempio di Palmira - DA09398\" srcset=\"https:\/\/scalarchives.com\/wp-content\/uploads\/2021\/03\/DA09398-Grande-Tempio-di-Palmira-Siria-300x203.jpg 300w, https:\/\/scalarchives.com\/wp-content\/uploads\/2021\/03\/DA09398-Grande-Tempio-di-Palmira-Siria-768x520.jpg 768w, https:\/\/scalarchives.com\/wp-content\/uploads\/2021\/03\/DA09398-Grande-Tempio-di-Palmira-Siria.jpg 1000w\" sizes=\"auto, (max-width: 300px) 100vw, 300px\" \/>\n\t<\/div>\n\n<\/div><div class=\"modula-item jtg-filter-all jtg-filter-\" >\n\t<div class=\"modula-item-content\">\n\t\t\n\t\t\t\t\t<a role=\"button\" tabindex=\"0\" rel=\"jtg-7844\" data-caption=\"&lt;span class=&quot;modula-caption-description&quot;&gt;&lt;\/span&gt;\" aria-label=\"Open image in lightbox\" data-thumb=\"https:\/\/scalarchives.com\/wp-content\/uploads\/2021\/07\/LR00143web-236x300.jpg\" class=\"tile-inner modula-item-link\"><\/a>\n\t\t\n\t\t<img loading=\"lazy\" decoding=\"async\" class=\"pic wp-image-17239\"  data-valign=\"middle\" data-halign=\"center\" alt=\"\" data-full=\"https:\/\/scalarchives.com\/wp-content\/uploads\/2021\/07\/LR00143web.jpg\" title=\"LR00143web\" width=\"236\" height=\"300\" src=\"https:\/\/scalarchives.com\/wp-content\/uploads\/2021\/07\/LR00143web-236x300.jpg\" data-src=\"https:\/\/scalarchives.com\/wp-content\/uploads\/2021\/07\/LR00143web-236x300.jpg\" data-caption=\"\" srcset=\"https:\/\/scalarchives.com\/wp-content\/uploads\/2021\/07\/LR00143web-236x300.jpg 236w, https:\/\/scalarchives.com\/wp-content\/uploads\/2021\/07\/LR00143web-768x975.jpg 768w, https:\/\/scalarchives.com\/wp-content\/uploads\/2021\/07\/LR00143web.jpg 788w\" sizes=\"auto, (max-width: 236px) 100vw, 236px\" \/>\n\t<\/div>\n\n<\/div><div class=\"modula-item jtg-filter-all jtg-filter-\" >\n\t<div class=\"modula-item-content\">\n\t\t\n\t\t\t\t\t<a role=\"button\" tabindex=\"0\" rel=\"jtg-7844\" data-caption=\"&lt;span class=&quot;modula-caption-description&quot;&gt;Restauro bara egizia  XVIII dinastia, antico Egitto - SP10271&lt;\/span&gt;\" aria-label=\"Open image in lightbox\" data-thumb=\"https:\/\/scalarchives.com\/wp-content\/uploads\/2021\/03\/SP10271-Restauro-bara-egizia-XVIII-dinastia-antico-Egitto-300x200.jpg\" class=\"tile-inner modula-item-link\"><\/a>\n\t\t\n\t\t<img loading=\"lazy\" decoding=\"async\" class=\"pic wp-image-7937\"  data-valign=\"middle\" data-halign=\"center\" alt=\"Restauro della bara egizia di legno della XVIII dinastia (1550-1295 a.C.) dell&#039;antico Egitto.\" data-full=\"https:\/\/scalarchives.com\/wp-content\/uploads\/2021\/03\/SP10271-Restauro-bara-egizia-XVIII-dinastia-antico-Egitto.jpg\" title=\"SP10271-Restauro-bara-egizia-XVIII dinastia-antico-Egitto\" width=\"300\" height=\"200\" src=\"https:\/\/scalarchives.com\/wp-content\/uploads\/2021\/03\/SP10271-Restauro-bara-egizia-XVIII-dinastia-antico-Egitto-300x200.jpg\" data-src=\"https:\/\/scalarchives.com\/wp-content\/uploads\/2021\/03\/SP10271-Restauro-bara-egizia-XVIII-dinastia-antico-Egitto-300x200.jpg\" data-caption=\"Restauro bara egizia  XVIII dinastia, antico Egitto - SP10271\" srcset=\"https:\/\/scalarchives.com\/wp-content\/uploads\/2021\/03\/SP10271-Restauro-bara-egizia-XVIII-dinastia-antico-Egitto-300x200.jpg 300w, https:\/\/scalarchives.com\/wp-content\/uploads\/2021\/03\/SP10271-Restauro-bara-egizia-XVIII-dinastia-antico-Egitto-1024x681.jpg 1024w, https:\/\/scalarchives.com\/wp-content\/uploads\/2021\/03\/SP10271-Restauro-bara-egizia-XVIII-dinastia-antico-Egitto-768x511.jpg 768w, https:\/\/scalarchives.com\/wp-content\/uploads\/2021\/03\/SP10271-Restauro-bara-egizia-XVIII-dinastia-antico-Egitto.jpg 1100w\" sizes=\"auto, (max-width: 300px) 100vw, 300px\" \/>\n\t<\/div>\n\n<\/div><div class=\"modula-item jtg-filter-all jtg-filter-\" >\n\t<div class=\"modula-item-content\">\n\t\t\n\t\t\t\t\t<a role=\"button\" tabindex=\"0\" rel=\"jtg-7844\" data-caption=\"&lt;span class=&quot;modula-caption-description&quot;&gt;Biblioteca di Celso, 110-135 d.C. Turchia - MC09326&lt;\/span&gt;\" aria-label=\"Open image in lightbox\" data-thumb=\"https:\/\/scalarchives.com\/wp-content\/uploads\/2021\/03\/MC09326-Biblioteca-di-Efeso-Izmir-Turchia-300x198.jpg\" class=\"tile-inner modula-item-link\"><\/a>\n\t\t\n\t\t<img loading=\"lazy\" decoding=\"async\" class=\"pic wp-image-7917\"  data-valign=\"middle\" data-halign=\"center\" alt=\"Biblioteca di Celso, costruita nel 110-135 d.C. sotto il console Giulio Celso Polemaeno, governatore della provincia dell&#039;Asia, Efeso, Izmir, Turchia.\" data-full=\"https:\/\/scalarchives.com\/wp-content\/uploads\/2021\/03\/MC09326-Biblioteca-di-Efeso-Izmir-Turchia.jpg\" title=\"MC09326-Biblioteca-di-Efeso-Izmir-Turchia\" width=\"300\" height=\"198\" src=\"https:\/\/scalarchives.com\/wp-content\/uploads\/2021\/03\/MC09326-Biblioteca-di-Efeso-Izmir-Turchia-300x198.jpg\" data-src=\"https:\/\/scalarchives.com\/wp-content\/uploads\/2021\/03\/MC09326-Biblioteca-di-Efeso-Izmir-Turchia-300x198.jpg\" data-caption=\"Biblioteca di Celso, 110-135 d.C. Turchia - MC09326\" srcset=\"https:\/\/scalarchives.com\/wp-content\/uploads\/2021\/03\/MC09326-Biblioteca-di-Efeso-Izmir-Turchia-300x198.jpg 300w, https:\/\/scalarchives.com\/wp-content\/uploads\/2021\/03\/MC09326-Biblioteca-di-Efeso-Izmir-Turchia-768x507.jpg 768w, https:\/\/scalarchives.com\/wp-content\/uploads\/2021\/03\/MC09326-Biblioteca-di-Efeso-Izmir-Turchia.jpg 1000w\" sizes=\"auto, (max-width: 300px) 100vw, 300px\" \/>\n\t<\/div>\n\n<\/div><div class=\"modula-item jtg-filter-all jtg-filter-\" >\n\t<div class=\"modula-item-content\">\n\t\t\n\t\t\t\t\t<a role=\"button\" tabindex=\"0\" rel=\"jtg-7844\" data-caption=\"&lt;span class=&quot;modula-caption-description&quot;&gt;Igor Mitoraj, Foro di Pompei - MC23221&lt;\/span&gt;\" aria-label=\"Open image in lightbox\" data-thumb=\"https:\/\/scalarchives.com\/wp-content\/uploads\/2021\/03\/MC23221-Igor-Mitoraj-Foro-di-Pompei-300x197.jpg\" class=\"tile-inner modula-item-link\"><\/a>\n\t\t\n\t\t<img loading=\"lazy\" decoding=\"async\" class=\"pic wp-image-7921\"  data-valign=\"middle\" data-halign=\"center\" alt=\"Statua del centauro, 1994, di Igor Mitoraj, sul Foro di Pompei.\" data-full=\"https:\/\/scalarchives.com\/wp-content\/uploads\/2021\/03\/MC23221-Igor-Mitoraj-Foro-di-Pompei.jpg\" title=\"MC23221-Igor-Mitoraj-Foro-di-Pompei\" width=\"300\" height=\"197\" src=\"https:\/\/scalarchives.com\/wp-content\/uploads\/2021\/03\/MC23221-Igor-Mitoraj-Foro-di-Pompei-300x197.jpg\" data-src=\"https:\/\/scalarchives.com\/wp-content\/uploads\/2021\/03\/MC23221-Igor-Mitoraj-Foro-di-Pompei-300x197.jpg\" data-caption=\"Igor Mitoraj, Foro di Pompei - MC23221\" srcset=\"https:\/\/scalarchives.com\/wp-content\/uploads\/2021\/03\/MC23221-Igor-Mitoraj-Foro-di-Pompei-300x197.jpg 300w, https:\/\/scalarchives.com\/wp-content\/uploads\/2021\/03\/MC23221-Igor-Mitoraj-Foro-di-Pompei-768x503.jpg 768w, https:\/\/scalarchives.com\/wp-content\/uploads\/2021\/03\/MC23221-Igor-Mitoraj-Foro-di-Pompei.jpg 1000w\" sizes=\"auto, (max-width: 300px) 100vw, 300px\" \/>\n\t<\/div>\n\n<\/div><div class=\"modula-item jtg-filter-all jtg-filter-\" >\n\t<div class=\"modula-item-content\">\n\t\t\n\t\t\t\t\t<a role=\"button\" tabindex=\"0\" rel=\"jtg-7844\" data-caption=\"&lt;span class=&quot;modula-caption-description&quot;&gt;Arte micenea, Maschera d&#039;oro detta di Agamennone, prov. Tomba V di Micene, arte micenea -0032277&lt;\/span&gt;\" aria-label=\"Open image in lightbox\" data-thumb=\"https:\/\/scalarchives.com\/wp-content\/uploads\/2021\/03\/0032277-283x300.jpg\" class=\"tile-inner modula-item-link\"><\/a>\n\t\t\n\t\t<img loading=\"lazy\" decoding=\"async\" class=\"pic wp-image-9414\"  data-valign=\"middle\" data-halign=\"center\" alt=\"Arte micenea, Maschera d&#039;oro detta di Agamennone, prov. Tomba V di Micene, Museo Archeologico Nazionale, Atene Grecia\" data-full=\"https:\/\/scalarchives.com\/wp-content\/uploads\/2021\/03\/0032277.jpg\" title=\"0032277\" width=\"283\" height=\"300\" src=\"https:\/\/scalarchives.com\/wp-content\/uploads\/2021\/03\/0032277-283x300.jpg\" data-src=\"https:\/\/scalarchives.com\/wp-content\/uploads\/2021\/03\/0032277-283x300.jpg\" data-caption=\"Arte micenea, Maschera d&#039;oro detta di Agamennone, prov. Tomba V di Micene, arte micenea -0032277\" srcset=\"https:\/\/scalarchives.com\/wp-content\/uploads\/2021\/03\/0032277-283x300.jpg 283w, https:\/\/scalarchives.com\/wp-content\/uploads\/2021\/03\/0032277-768x815.jpg 768w, https:\/\/scalarchives.com\/wp-content\/uploads\/2021\/03\/0032277.jpg 942w\" sizes=\"auto, (max-width: 283px) 100vw, 283px\" \/>\n\t<\/div>\n\n<\/div><div class=\"modula-item jtg-filter-all jtg-filter-\" >\n\t<div class=\"modula-item-content\">\n\t\t\n\t\t\t\t\t<a role=\"button\" tabindex=\"0\" rel=\"jtg-7844\" data-caption=\"&lt;span class=&quot;modula-caption-description&quot;&gt;&lt;\/span&gt;\" aria-label=\"Open image in lightbox\" data-thumb=\"https:\/\/scalarchives.com\/wp-content\/uploads\/2021\/07\/H600078web-234x300.jpg\" class=\"tile-inner modula-item-link\"><\/a>\n\t\t\n\t\t<img loading=\"lazy\" decoding=\"async\" class=\"pic wp-image-17248\"  data-valign=\"middle\" data-halign=\"center\" alt=\"\" data-full=\"https:\/\/scalarchives.com\/wp-content\/uploads\/2021\/07\/H600078web.jpg\" title=\"H600078web\" width=\"234\" height=\"300\" src=\"https:\/\/scalarchives.com\/wp-content\/uploads\/2021\/07\/H600078web-234x300.jpg\" data-src=\"https:\/\/scalarchives.com\/wp-content\/uploads\/2021\/07\/H600078web-234x300.jpg\" data-caption=\"\" srcset=\"https:\/\/scalarchives.com\/wp-content\/uploads\/2021\/07\/H600078web-234x300.jpg 234w, https:\/\/scalarchives.com\/wp-content\/uploads\/2021\/07\/H600078web-768x985.jpg 768w, https:\/\/scalarchives.com\/wp-content\/uploads\/2021\/07\/H600078web.jpg 780w\" sizes=\"auto, (max-width: 234px) 100vw, 234px\" \/>\n\t<\/div>\n\n<\/div>\t\t\n\t<\/div>\n\n\t\n\t\n\t<script type=\"application\/ld+json\">\n\t{\n\t\t\"@context\": \"http:\/\/schema.org\",\n\t\t\"@type\"   : \"ImageGallery\",\n\t\t\"id\"      : \"https:\/\/scalarchives.com\/it\/archeologia\/\",\n\t\t\"url\"     : \"https:\/\/scalarchives.com\/it\/archeologia\/\"\n\t}\n\n\t<\/script>\n\n\t\n<\/div>\n\n\n\n<p>Se non trovi quello che cerchi, chiedi una <a href=\"https:\/\/scalarchives.com\/it\/richiesta-ricerca-contenuti\/\" data-type=\"page\" data-id=\"33575\">ricerca personalizzata<\/a>.<\/p>\n\n\n\n<p><\/p>\n","protected":false},"excerpt":{"rendered":"<p>L&#8217;archeologia \u00e8 definita come lo studio della storia umana e della preistoria attraverso lo scavo di siti e l&#8217;analisi di manufatti e altri resti fisici. Non c&#8217;\u00e8 da meravigliarsi, quindi, che le immagini relative all&#8217;archeologia siano cos\u00ec numerose! Incisioni, acquerelli e foto storiche di scavi e scoperte archeologiche ma anche foto di manufatti reali, il [&hellip;]<\/p>\n","protected":false},"author":3,"featured_media":0,"parent":0,"menu_order":0,"comment_status":"closed","ping_status":"closed","template":"page-with-slier.php","meta":{"_acf_changed":false,"footnotes":""},"class_list":["post-8081","page","type-page","status-publish","hentry"],"acf":[],"_links":{"self":[{"href":"https:\/\/scalarchives.com\/it\/wp-json\/wp\/v2\/pages\/8081","targetHints":{"allow":["GET"]}}],"collection":[{"href":"https:\/\/scalarchives.com\/it\/wp-json\/wp\/v2\/pages"}],"about":[{"href":"https:\/\/scalarchives.com\/it\/wp-json\/wp\/v2\/types\/page"}],"author":[{"embeddable":true,"href":"https:\/\/scalarchives.com\/it\/wp-json\/wp\/v2\/users\/3"}],"replies":[{"embeddable":true,"href":"https:\/\/scalarchives.com\/it\/wp-json\/wp\/v2\/comments?post=8081"}],"version-history":[{"count":13,"href":"https:\/\/scalarchives.com\/it\/wp-json\/wp\/v2\/pages\/8081\/revisions"}],"predecessor-version":[{"id":34840,"href":"https:\/\/scalarchives.com\/it\/wp-json\/wp\/v2\/pages\/8081\/revisions\/34840"}],"wp:attachment":[{"href":"https:\/\/scalarchives.com\/it\/wp-json\/wp\/v2\/media?parent=8081"}],"curies":[{"name":"wp","href":"https:\/\/api.w.org\/{rel}","templated":true}]}}