{"id":7160,"date":"2021-02-24T13:25:59","date_gmt":"2021-02-24T12:25:59","guid":{"rendered":"http:\/\/new.scalarchives.com\/?page_id=7160"},"modified":"2026-04-22T15:35:59","modified_gmt":"2026-04-22T13:35:59","slug":"scienza-tecnologia","status":"publish","type":"page","link":"https:\/\/scalarchives.com\/it\/scienza-tecnologia\/","title":{"rendered":"Scienza &#038; Tecnologia"},"content":{"rendered":"\n<p>Oggi giorno la tecnologia comprende tutto ci\u00f2 che riguarda i mezzi o l&#8217;attivit\u00e0 con cui l&#8217;uomo cerca di cambiare o manipolare il suo ambiente. La linea sottile tra ricerca scientifica e attivit\u00e0 tecnologica sembra essere sempre pi\u00f9 sfocata. <\/p>\n\n\n\n<p>Clicca su un&#8217;immagine per ingrandirla, scoprire maggiori dettagli e scorrere l&#8217;intera galleria.<\/p>\n\n\n<style>#jtg-7158 .modula-item .jtg-social a, .lightbox-socials.jtg-social a{ fill: #ffffff; color: #ffffff }#jtg-7158 .modula-item .jtg-social-expandable a, #jtg-7158 .modula-item .jtg-social-expandable-icons a{ fill: #ffffff; color: #ffffff }#jtg-7158 .modula-item .jtg-social svg, .lightbox-socials.jtg-social svg { height: 16px; width: 16px }#jtg-7158 .modula-item .jtg-social-expandable svg { height: 16px; width: 16px }#jtg-7158 .modula-item .jtg-social-expandable-icons svg { height: 16px; width: 16px }#jtg-7158 .modula-item .jtg-social a:not(:last-child), .lightbox-socials.jtg-social a:not(:last-child) { margin-right: 10px }#jtg-7158 .modula-item .jtg-social-expandable-icons { gap: 10px }#jtg-7158 .modula-item .figc {color:#ffffff;}#jtg-7158 .modula-item .modula-item-content { transform: scale(1); }#jtg-7158 { width:100%;}#jtg-7158 .modula-items .figc p.description { font-size:14px; }#jtg-7158 .modula-items .figc p.description { color:#ffffff;}#jtg-7158.modula-gallery .modula-item > a, #jtg-7158.modula-gallery .modula-item, #jtg-7158.modula-gallery .modula-item-content > a:not(.modula-no-follow) { cursor:zoom-in; } #jtg-7158.modula-gallery .modula-item-content .modula-no-follow { cursor: default; } #jtg-7158 .modula-item .modula-item-overlay, #jtg-7158 .modula-item.effect-layla, #jtg-7158  .modula-item.effect-ruby,#jtg-7158 .modula-item.effect-bubba,#jtg-7158 .modula-item.effect-sarah,#jtg-7158 .modula-item.effect-milo,#jtg-7158 .modula-item.effect-julia,#jtg-7158 .modula-item.effect-hera,#jtg-7158 .modula-item.effect-winston,#jtg-7158 .modula-item.effect-selena,#jtg-7158 .modula-item.effect-terry,#jtg-7158 .modula-item.effect-phoebe,#jtg-7158 .modula-item.effect-apollo{ background-color:#ffffff; }#jtg-7158  .modula-item.effect-oscar { background: -webkit-linear-gradient(45deg,#ffffff 0,#9b4a1b 40%,#ffffff 100%);background: linear-gradient(45deg,#ffffff 0,#9b4a1b 40%,#ffffff 100%);}#jtg-7158  .modula-item.effect-roxy {background: -webkit-linear-gradient(45deg,#ffffff 0,#05abe0 100%);background: linear-gradient(45deg,#ffffff 0,#05abe0 100%);}#jtg-7158 .modula-item.effect-dexter {background: -webkit-linear-gradient(top,#ffffff 0,rgba(104,60,19,1) 100%); background: linear-gradient(to bottom,#ffffff 0,rgba(104,60,19,1) 100%);}#jtg-7158  .modula-item.effect-jazz {background: -webkit-linear-gradient(-45deg,#ffffff 0,#f33f58 100%);background: linear-gradient(-45deg,#ffffff 0,#f33f58 100%);}#jtg-7158 .modula-item.effect-lexi {background: -webkit-linear-gradient(-45deg,#ffffff 0,#fff 100%);background: linear-gradient(-45deg,#ffffff 0,#fff 100%);}#jtg-7158 .modula-item.effect-duke {background: -webkit-linear-gradient(-45deg,#ffffff 0,#cc6055 100%);background: linear-gradient(-45deg,#ffffff 0,#cc6055 100%);}#jtg-7158 .modula-item.effect-ming .figc::before {border: 2px solid #ffffff; box-shadow: 0 0 0 100vmax rgba(255,255,255,0.5);}#jtg-7158 .jtg-title {font-weight:400; }#jtg-7158 p.description {font-weight:normal; }#jtg-7158:not(.modula-loaded-scale)  .modula-item .modula-item-content { transform: scale(1) translate(0px,0px) rotate(0deg); }#jtg-7158:not(.modula-loaded-scale)  .modula-item.effect-under .modula-item-image-continer { transform: scale(1) translate(0px,0px) rotate(0deg); }@keyframes modulaScaling { 0% {transform: scale(1) translate(0px,p0x) rotate(0deg);} 50%{transform: scale(1) translate(0px,0px) rotate(0deg);}100%{transform: scale(1) translate(0px,p0x) rotate(0deg);}}#jtg-7158.modula-gallery .modula-item.effect-terry .jtg-social a:not(:last-child){margin-bottom:10px;}.modula-fancybox-container.modula-lightbox-jtg-7158 .modula-fancybox-caption .modula-fancybox-caption__body, .modula-fancybox-container.modula-lightbox-jtg-7158 .modula-fancybox-caption .modula-fancybox-caption__body p {text-align:left}html body .modula.modula-columns .modula-items.grid-gallery .modula-item.effect-under .modula-item-content { height:auto;}@media all and (max-width: 768px) { .modula-gallery .modula-item.effect-under.modula-caption-effect-item.jg-entry { margin-top: 10px; } }#jtg-7158 .modula-item.effect-under .modula-item-image-continer { transform: scale(1) }.modula-fancybox-container.modula-lightbox-jtg-7158 .fancybox__caption {align-self:flex-start}#jtg-7158 .modula-video-icon {  position: absolute; width: 30px;top: 50%;left: 50%;transform: translate(-50%,-50%); }#jtg-7158 .modula-video-icon { width : 30px}@media screen and (max-width: 992px){ #jtg-7158 .modula-video-icon { width : 30px}}@media screen and (max-width: 768px) { #jtg-7158 .modula-video-icon { width : 30px}}.modula-fancybox-container.modula-lightbox-jtg-7158 .fancybox__caption {align-self:flex-start}@media screen and (max-width:480px){#jtg-7158 .modula-item .figc .jtg-title {  font-size: 12px; }#jtg-7158 .modula-items .figc p.description { color:#ffffff;font-size:10px; }}#jtg-7158 .modula-items .modula-item:hover img{opacity:1;}<\/style>\n<div  id=\"jtg-7158\" class=\"modula modula-gallery modula-columns\" data-config=\"{&quot;tabletHeight&quot;:800,&quot;mobileHeight&quot;:800,&quot;desktopHeight&quot;:800,&quot;enableTwitter&quot;:false,&quot;enableWhatsapp&quot;:false,&quot;enableFacebook&quot;:false,&quot;enablePinterest&quot;:false,&quot;enableLinkedin&quot;:false,&quot;enableEmail&quot;:false,&quot;randomFactor&quot;:0.5,&quot;type&quot;:&quot;grid&quot;,&quot;columns&quot;:12,&quot;gutter&quot;:10,&quot;mobileGutter&quot;:10,&quot;tabletGutter&quot;:10,&quot;desktopGutter&quot;:10,&quot;enableResponsive&quot;:&quot;0&quot;,&quot;tabletColumns&quot;:&quot;2&quot;,&quot;mobileColumns&quot;:&quot;1&quot;,&quot;lazyLoad&quot;:0,&quot;lightboxOpts&quot;:{&quot;animated&quot;:true,&quot;Thumbs&quot;:{&quot;type&quot;:&quot;modern&quot;,&quot;showOnStart&quot;:false},&quot;Toolbar&quot;:{&quot;display&quot;:{&quot;right&quot;:[&quot;close&quot;],&quot;left&quot;:[&quot;infobar&quot;]},&quot;enabled&quot;:true},&quot;Carousel&quot;:{&quot;Panzoom&quot;:{&quot;touch&quot;:false},&quot;infinite&quot;:false,&quot;transition&quot;:&quot;fade&quot;},&quot;keyboard&quot;:{&quot;Escape&quot;:&quot;close&quot;,&quot;Delete&quot;:&quot;close&quot;,&quot;Backspace&quot;:&quot;close&quot;,&quot;PageUp&quot;:false,&quot;PageDown&quot;:false,&quot;ArrowUp&quot;:false,&quot;ArrowDown&quot;:false,&quot;ArrowRight&quot;:false,&quot;ArrowLeft&quot;:false},&quot;touch&quot;:false,&quot;backdropClick&quot;:false,&quot;l10n&quot;:{&quot;CLOSE&quot;:&quot;Close&quot;,&quot;NEXT&quot;:&quot;Next&quot;,&quot;PREV&quot;:&quot;Previous&quot;,&quot;Error&quot;:&quot;The requested content cannot be loaded. Please try again later.&quot;,&quot;PLAY_START&quot;:&quot;Start slideshow&quot;,&quot;PLAY_STOP&quot;:&quot;Pause slideshow&quot;,&quot;FULL_SCREEN&quot;:&quot;Full screen&quot;,&quot;THUMBS&quot;:&quot;Thumbnails&quot;,&quot;DOWNLOAD&quot;:&quot;Download&quot;,&quot;SHARE&quot;:&quot;Share&quot;,&quot;ZOOM&quot;:&quot;Zoom&quot;,&quot;EMAIL&quot;:&quot;Here is the link to the image : %%image_link%% and this is the link to the gallery : %%gallery_link%%&quot;,&quot;MODAL&quot;:&quot;You can close this modal content with the ESC key&quot;,&quot;ERROR&quot;:&quot;Something Went Wrong, Please Try Again Later&quot;,&quot;IMAGE_ERROR&quot;:&quot;Image Not Found&quot;,&quot;ELEMENT_NOT_FOUND&quot;:&quot;HTML Element Not Found&quot;,&quot;AJAX_NOT_FOUND&quot;:&quot;Error Loading AJAX : Not Found&quot;,&quot;AJAX_FORBIDDEN&quot;:&quot;Error Loading AJAX : Forbidden&quot;,&quot;IFRAME_ERROR&quot;:&quot;Error Loading Page&quot;,&quot;TOGGLE_ZOOM&quot;:&quot;Toggle zoom level&quot;,&quot;TOGGLE_THUMBS&quot;:&quot;Toggle thumbnails&quot;,&quot;TOGGLE_SLIDESHOW&quot;:&quot;Toggle slideshow&quot;,&quot;TOGGLE_FULLSCREEN&quot;:&quot;Toggle full-screen mode&quot;},&quot;Images&quot;:{&quot;Panzoom&quot;:{&quot;maxScale&quot;:2}},&quot;toolbar&quot;:true,&quot;wheel&quot;:false,&quot;animationEffect&quot;:&quot;false&quot;,&quot;animationDuration&quot;:366,&quot;transitionEffect&quot;:&quot;false&quot;,&quot;Html&quot;:{&quot;videoAutoplay&quot;:0,&quot;videoTpl&quot;:&quot;&lt;video class=\\&quot;fancybox__html5video modula_html5_video\\&quot; controls playsinline controlsList controlsList=\\&quot;nodownload\\&quot; poster=\\&quot;{{poster}}\\&quot; src=\\&quot;{{src}}\\&quot; type=\\&quot;{{format}}\\&quot; &gt;  Sorry, your browser doesn&#039;t support embedded videos, &lt;a href=\\&quot;{{src}}\\&quot;&gt; download &lt;\\\/a&gt; and watch with your favorite video player! &lt;\\\/video&gt;&quot;,&quot;vimeo&quot;:{&quot;autopause&quot;:0}},&quot;mainClass&quot;:&quot;modula-fancybox-container modula-lightbox-jtg-7158&quot;},&quot;inView&quot;:false,&quot;email_subject&quot;:&quot;Check out this awesome image !!&quot;,&quot;email_message&quot;:&quot;Here is the link to the image : %%image_link%% and this is the link to the gallery : %%gallery_link%%&quot;,&quot;grid_type&quot;:&quot;automatic&quot;,&quot;rowHeight&quot;:150,&quot;lastRow&quot;:&quot;nojustify&quot;,&quot;lightbox&quot;:&quot;fancybox&quot;,&quot;filterClick&quot;:&quot;0&quot;,&quot;dropdownFilters&quot;:&quot;0&quot;,&quot;defaultActiveFilter&quot;:&quot;all&quot;,&quot;initLightbox&quot;:&quot;modula_pro_init_lightbox&quot;,&quot;haveFilters&quot;:0,&quot;lightbox_devices&quot;:&quot;both&quot;}\">\n\n\t\n\t<div  class=\"modula-items grid-gallery\">\n\t\t<div class=\"modula-item jtg-filter-all jtg-filter-\" >\n\t<div class=\"modula-item-content\">\n\t\t\n\t\t\t\t\t<a role=\"button\" tabindex=\"0\" rel=\"jtg-7158\" data-caption=\"&lt;span class=&quot;modula-caption-description&quot;&gt;Early video phone system, 1930 - SP45959&lt;\/span&gt;\" aria-label=\"Open image in lightbox\" data-thumb=\"https:\/\/scalarchives.com\/wp-content\/uploads\/2021\/02\/SP45959_Primo-sistema-di-videotelefono-1930.-300x235.jpg\" class=\"tile-inner modula-item-link\"><\/a>\n\t\t\n\t\t<img loading=\"lazy\" decoding=\"async\" class=\"pic wp-image-7038\"  data-valign=\"middle\" data-halign=\"center\" alt=\"Early video phone system, 1930\" data-full=\"https:\/\/scalarchives.com\/wp-content\/uploads\/2021\/02\/SP45959_Primo-sistema-di-videotelefono-1930..jpg\" title=\"SP45959_Primo-sistema-di-videotelefono,-1930.\" width=\"300\" height=\"235\" src=\"https:\/\/scalarchives.com\/wp-content\/uploads\/2021\/02\/SP45959_Primo-sistema-di-videotelefono-1930.-300x235.jpg\" data-src=\"https:\/\/scalarchives.com\/wp-content\/uploads\/2021\/02\/SP45959_Primo-sistema-di-videotelefono-1930.-300x235.jpg\" data-caption=\"Early video phone system, 1930 - SP45959\" srcset=\"https:\/\/scalarchives.com\/wp-content\/uploads\/2021\/02\/SP45959_Primo-sistema-di-videotelefono-1930.-300x235.jpg 300w, https:\/\/scalarchives.com\/wp-content\/uploads\/2021\/02\/SP45959_Primo-sistema-di-videotelefono-1930.-768x601.jpg 768w, https:\/\/scalarchives.com\/wp-content\/uploads\/2021\/02\/SP45959_Primo-sistema-di-videotelefono-1930..jpg 1000w\" sizes=\"auto, (max-width: 300px) 100vw, 300px\" \/>\n\t<\/div>\n\n<\/div><div class=\"modula-item jtg-filter-all jtg-filter-\" >\n\t<div class=\"modula-item-content\">\n\t\t\n\t\t\t\t\t<a role=\"button\" tabindex=\"0\" rel=\"jtg-7158\" data-caption=\"&lt;span class=&quot;modula-caption-description&quot;&gt;Caesium atomic clock. Physicists Jack Parry (left) and Louis Essen (right) - SP46155&lt;\/span&gt;\" aria-label=\"Open image in lightbox\" data-thumb=\"https:\/\/scalarchives.com\/wp-content\/uploads\/2021\/02\/SP46155_Orologio-atomico-al-cesio.-I-fisici-Jack-Parry-a-sinistra-e-Louis-Essen-a-destra-300x228.jpg\" class=\"tile-inner modula-item-link\"><\/a>\n\t\t\n\t\t<img loading=\"lazy\" decoding=\"async\" class=\"pic wp-image-7042\"  data-valign=\"middle\" data-halign=\"center\" alt=\"Caesium atomic clock. Physicists Jack Parry (left) and Louis Essen (right) National Physical Laboratory, Teddington Great Britain\" data-full=\"https:\/\/scalarchives.com\/wp-content\/uploads\/2021\/02\/SP46155_Orologio-atomico-al-cesio.-I-fisici-Jack-Parry-a-sinistra-e-Louis-Essen-a-destra.jpg\" title=\"SP46155_Orologio-atomico-al-cesio.-I-fisici-Jack-Parry-(a-sinistra)-e-Louis-Essen-(a-destra)\" width=\"300\" height=\"228\" src=\"https:\/\/scalarchives.com\/wp-content\/uploads\/2021\/02\/SP46155_Orologio-atomico-al-cesio.-I-fisici-Jack-Parry-a-sinistra-e-Louis-Essen-a-destra-300x228.jpg\" data-src=\"https:\/\/scalarchives.com\/wp-content\/uploads\/2021\/02\/SP46155_Orologio-atomico-al-cesio.-I-fisici-Jack-Parry-a-sinistra-e-Louis-Essen-a-destra-300x228.jpg\" data-caption=\"Caesium atomic clock. Physicists Jack Parry (left) and Louis Essen (right) - SP46155\" srcset=\"https:\/\/scalarchives.com\/wp-content\/uploads\/2021\/02\/SP46155_Orologio-atomico-al-cesio.-I-fisici-Jack-Parry-a-sinistra-e-Louis-Essen-a-destra-300x228.jpg 300w, https:\/\/scalarchives.com\/wp-content\/uploads\/2021\/02\/SP46155_Orologio-atomico-al-cesio.-I-fisici-Jack-Parry-a-sinistra-e-Louis-Essen-a-destra-768x584.jpg 768w, https:\/\/scalarchives.com\/wp-content\/uploads\/2021\/02\/SP46155_Orologio-atomico-al-cesio.-I-fisici-Jack-Parry-a-sinistra-e-Louis-Essen-a-destra.jpg 1000w\" sizes=\"auto, (max-width: 300px) 100vw, 300px\" \/>\n\t<\/div>\n\n<\/div><div class=\"modula-item jtg-filter-all jtg-filter-\" >\n\t<div class=\"modula-item-content\">\n\t\t\n\t\t\t\t\t<a role=\"button\" tabindex=\"0\" rel=\"jtg-7158\" data-caption=\"&lt;span class=&quot;modula-caption-description&quot;&gt;Old camera. The lens is at left, directing light onto the plate at the back of the concertina-like extension - SP46772&lt;\/span&gt;\" aria-label=\"Open image in lightbox\" data-thumb=\"https:\/\/scalarchives.com\/wp-content\/uploads\/2021\/02\/SP46772_Vecchia-macchina-fotografica.-La-lente-e-a-sinistra-e-dirige-la-luce-sulla-piastra-sul-retro-dellestensione-a-fisarmonica.-300x213.jpg\" class=\"tile-inner modula-item-link\"><\/a>\n\t\t\n\t\t<img loading=\"lazy\" decoding=\"async\" class=\"pic wp-image-7046\"  data-valign=\"middle\" data-halign=\"center\" alt=\"Old camera. The lens is at left, directing light onto the plate at the back of the concertina-like extension\" data-full=\"https:\/\/scalarchives.com\/wp-content\/uploads\/2021\/02\/SP46772_Vecchia-macchina-fotografica.-La-lente-e-a-sinistra-e-dirige-la-luce-sulla-piastra-sul-retro-dellestensione-a-fisarmonica..jpg\" title=\"SP46772_Vecchia-macchina-fotografica.-La-lente-\u00e8-a-sinistra-e-dirige-la-luce-sulla-piastra-sul-retro-dell&#039;estensione-a-fisarmonica.\" width=\"300\" height=\"213\" src=\"https:\/\/scalarchives.com\/wp-content\/uploads\/2021\/02\/SP46772_Vecchia-macchina-fotografica.-La-lente-e-a-sinistra-e-dirige-la-luce-sulla-piastra-sul-retro-dellestensione-a-fisarmonica.-300x213.jpg\" data-src=\"https:\/\/scalarchives.com\/wp-content\/uploads\/2021\/02\/SP46772_Vecchia-macchina-fotografica.-La-lente-e-a-sinistra-e-dirige-la-luce-sulla-piastra-sul-retro-dellestensione-a-fisarmonica.-300x213.jpg\" data-caption=\"Old camera. The lens is at left, directing light onto the plate at the back of the concertina-like extension - SP46772\" srcset=\"https:\/\/scalarchives.com\/wp-content\/uploads\/2021\/02\/SP46772_Vecchia-macchina-fotografica.-La-lente-e-a-sinistra-e-dirige-la-luce-sulla-piastra-sul-retro-dellestensione-a-fisarmonica.-300x213.jpg 300w, https:\/\/scalarchives.com\/wp-content\/uploads\/2021\/02\/SP46772_Vecchia-macchina-fotografica.-La-lente-e-a-sinistra-e-dirige-la-luce-sulla-piastra-sul-retro-dellestensione-a-fisarmonica.-768x545.jpg 768w, https:\/\/scalarchives.com\/wp-content\/uploads\/2021\/02\/SP46772_Vecchia-macchina-fotografica.-La-lente-e-a-sinistra-e-dirige-la-luce-sulla-piastra-sul-retro-dellestensione-a-fisarmonica..jpg 1000w\" sizes=\"auto, (max-width: 300px) 100vw, 300px\" \/>\n\t<\/div>\n\n<\/div><div class=\"modula-item jtg-filter-all jtg-filter-\" >\n\t<div class=\"modula-item-content\">\n\t\t\n\t\t\t\t\t<a role=\"button\" tabindex=\"0\" rel=\"jtg-7158\" data-caption=\"&lt;span class=&quot;modula-caption-description&quot;&gt;Culpeper microscope from the eighteenth century. Edmund Culpeper - SP46817&lt;\/span&gt;\" aria-label=\"Open image in lightbox\" data-thumb=\"https:\/\/scalarchives.com\/wp-content\/uploads\/2021\/02\/SP46817_Microscopio-Culpeper-del-XVIII-secolo.-Edmund-Culpeper-230x300.jpg\" class=\"tile-inner modula-item-link\"><\/a>\n\t\t\n\t\t<img loading=\"lazy\" decoding=\"async\" class=\"pic wp-image-7050\"  data-valign=\"middle\" data-halign=\"center\" alt=\"Culpeper microscope from the eighteenth century. Edmund Culpeper\" data-full=\"https:\/\/scalarchives.com\/wp-content\/uploads\/2021\/02\/SP46817_Microscopio-Culpeper-del-XVIII-secolo.-Edmund-Culpeper.jpg\" title=\"SP46817_Microscopio-Culpeper-del-XVIII-secolo.-Edmund-Culpeper\" width=\"230\" height=\"300\" src=\"https:\/\/scalarchives.com\/wp-content\/uploads\/2021\/02\/SP46817_Microscopio-Culpeper-del-XVIII-secolo.-Edmund-Culpeper-230x300.jpg\" data-src=\"https:\/\/scalarchives.com\/wp-content\/uploads\/2021\/02\/SP46817_Microscopio-Culpeper-del-XVIII-secolo.-Edmund-Culpeper-230x300.jpg\" data-caption=\"Culpeper microscope from the eighteenth century. Edmund Culpeper - SP46817\" srcset=\"https:\/\/scalarchives.com\/wp-content\/uploads\/2021\/02\/SP46817_Microscopio-Culpeper-del-XVIII-secolo.-Edmund-Culpeper-230x300.jpg 230w, https:\/\/scalarchives.com\/wp-content\/uploads\/2021\/02\/SP46817_Microscopio-Culpeper-del-XVIII-secolo.-Edmund-Culpeper.jpg 765w\" sizes=\"auto, (max-width: 230px) 100vw, 230px\" \/>\n\t<\/div>\n\n<\/div><div class=\"modula-item jtg-filter-all jtg-filter-\" >\n\t<div class=\"modula-item-content\">\n\t\t\n\t\t\t\t\t<a role=\"button\" tabindex=\"0\" rel=\"jtg-7158\" data-caption=\"&lt;span class=&quot;modula-caption-description&quot;&gt;Portrait of the physicist Marie Curie (Maria Curie Sklodowska or Sklodovska) (1867-1934) in her laboratory in 1925 - WH09806&lt;\/span&gt;\" aria-label=\"Open image in lightbox\" data-thumb=\"https:\/\/scalarchives.com\/wp-content\/uploads\/2021\/02\/WH09806_Ritratto-della-fisica-Marie-Curie-Maria-Curie-Sklodowska-o-Sklodovska-1867-1934-nel-suo-laboratorio-nel-1925.-233x300.jpg\" class=\"tile-inner modula-item-link\"><\/a>\n\t\t\n\t\t<img loading=\"lazy\" decoding=\"async\" class=\"pic wp-image-7054\"  data-valign=\"middle\" data-halign=\"center\" alt=\"Portrait of the physicist Marie Curie (Maria Curie Sklodowska or Sklodovska) (1867-1934) in her laboratory in 1925.\" data-full=\"https:\/\/scalarchives.com\/wp-content\/uploads\/2021\/02\/WH09806_Ritratto-della-fisica-Marie-Curie-Maria-Curie-Sklodowska-o-Sklodovska-1867-1934-nel-suo-laboratorio-nel-1925..jpg\" title=\"WH09806_Ritratto-della-fisica-Marie-Curie-(Maria-Curie-Sklodowska-o-Sklodovska)-(1867-1934)-nel-suo-laboratorio-nel-1925.\" width=\"233\" height=\"300\" src=\"https:\/\/scalarchives.com\/wp-content\/uploads\/2021\/02\/WH09806_Ritratto-della-fisica-Marie-Curie-Maria-Curie-Sklodowska-o-Sklodovska-1867-1934-nel-suo-laboratorio-nel-1925.-233x300.jpg\" data-src=\"https:\/\/scalarchives.com\/wp-content\/uploads\/2021\/02\/WH09806_Ritratto-della-fisica-Marie-Curie-Maria-Curie-Sklodowska-o-Sklodovska-1867-1934-nel-suo-laboratorio-nel-1925.-233x300.jpg\" data-caption=\"Portrait of the physicist Marie Curie (Maria Curie Sklodowska or Sklodovska) (1867-1934) in her laboratory in 1925 - WH09806\" srcset=\"https:\/\/scalarchives.com\/wp-content\/uploads\/2021\/02\/WH09806_Ritratto-della-fisica-Marie-Curie-Maria-Curie-Sklodowska-o-Sklodovska-1867-1934-nel-suo-laboratorio-nel-1925.-233x300.jpg 233w, https:\/\/scalarchives.com\/wp-content\/uploads\/2021\/02\/WH09806_Ritratto-della-fisica-Marie-Curie-Maria-Curie-Sklodowska-o-Sklodovska-1867-1934-nel-suo-laboratorio-nel-1925.-768x990.jpg 768w, https:\/\/scalarchives.com\/wp-content\/uploads\/2021\/02\/WH09806_Ritratto-della-fisica-Marie-Curie-Maria-Curie-Sklodowska-o-Sklodovska-1867-1934-nel-suo-laboratorio-nel-1925..jpg 776w\" sizes=\"auto, (max-width: 233px) 100vw, 233px\" \/>\n\t<\/div>\n\n<\/div><div class=\"modula-item jtg-filter-all jtg-filter-\" >\n\t<div class=\"modula-item-content\">\n\t\t\n\t\t\t\t\t<a role=\"button\" tabindex=\"0\" rel=\"jtg-7158\" data-caption=\"&lt;span class=&quot;modula-caption-description&quot;&gt;Rembrandt van Rijn  Anatomy Lesson of Dr. Nicolaes Tulp - 0018954&lt;\/span&gt;\" aria-label=\"Open image in lightbox\" data-thumb=\"https:\/\/scalarchives.com\/wp-content\/uploads\/2021\/02\/0018954_Rembrandt-van-Rijn-Lezione-di-anatomia-300x225.jpg\" class=\"tile-inner modula-item-link\"><\/a>\n\t\t\n\t\t<img loading=\"lazy\" decoding=\"async\" class=\"pic wp-image-7058\"  data-valign=\"middle\" data-halign=\"center\" alt=\"Rembrandt van Rijn Anatomy Lesson of Dr. Nicolaes Tulp Mauritshuis - The Hague Netherlands\" data-full=\"https:\/\/scalarchives.com\/wp-content\/uploads\/2021\/02\/0018954_Rembrandt-van-Rijn-Lezione-di-anatomia.jpg\" title=\"0018954_Rembrandt-van-Rijn-Lezione-di-anatomia\" width=\"300\" height=\"225\" src=\"https:\/\/scalarchives.com\/wp-content\/uploads\/2021\/02\/0018954_Rembrandt-van-Rijn-Lezione-di-anatomia-300x225.jpg\" data-src=\"https:\/\/scalarchives.com\/wp-content\/uploads\/2021\/02\/0018954_Rembrandt-van-Rijn-Lezione-di-anatomia-300x225.jpg\" data-caption=\"Rembrandt van Rijn  Anatomy Lesson of Dr. Nicolaes Tulp - 0018954\" srcset=\"https:\/\/scalarchives.com\/wp-content\/uploads\/2021\/02\/0018954_Rembrandt-van-Rijn-Lezione-di-anatomia-300x225.jpg 300w, https:\/\/scalarchives.com\/wp-content\/uploads\/2021\/02\/0018954_Rembrandt-van-Rijn-Lezione-di-anatomia-768x577.jpg 768w, https:\/\/scalarchives.com\/wp-content\/uploads\/2021\/02\/0018954_Rembrandt-van-Rijn-Lezione-di-anatomia.jpg 1000w\" sizes=\"auto, (max-width: 300px) 100vw, 300px\" \/>\n\t<\/div>\n\n<\/div><div class=\"modula-item jtg-filter-all jtg-filter-\" >\n\t<div class=\"modula-item-content\">\n\t\t\n\t\t\t\t\t<a role=\"button\" tabindex=\"0\" rel=\"jtg-7158\" data-caption=\"&lt;span class=&quot;modula-caption-description&quot;&gt;Galileo Galilei&#039;s telescope - 0020467&lt;\/span&gt;\" aria-label=\"Open image in lightbox\" data-thumb=\"https:\/\/scalarchives.com\/wp-content\/uploads\/2021\/02\/0020467_-Canocchiale-e-lente-di-Galileo-Galilei-209x300.jpg\" class=\"tile-inner modula-item-link\"><\/a>\n\t\t\n\t\t<img loading=\"lazy\" decoding=\"async\" class=\"pic wp-image-7062\"  data-valign=\"middle\" data-halign=\"center\" alt=\"Galileo Galilei&#039;s telescope Museo Galileo (Science Museum) - Florence, Italy\" data-full=\"https:\/\/scalarchives.com\/wp-content\/uploads\/2021\/02\/0020467_-Canocchiale-e-lente-di-Galileo-Galilei.jpg\" title=\"0020467_-Canocchiale-e-lente-di-Galileo-Galilei\" width=\"209\" height=\"300\" src=\"https:\/\/scalarchives.com\/wp-content\/uploads\/2021\/02\/0020467_-Canocchiale-e-lente-di-Galileo-Galilei-209x300.jpg\" data-src=\"https:\/\/scalarchives.com\/wp-content\/uploads\/2021\/02\/0020467_-Canocchiale-e-lente-di-Galileo-Galilei-209x300.jpg\" data-caption=\"Galileo Galilei&#039;s telescope - 0020467\" srcset=\"https:\/\/scalarchives.com\/wp-content\/uploads\/2021\/02\/0020467_-Canocchiale-e-lente-di-Galileo-Galilei-209x300.jpg 209w, https:\/\/scalarchives.com\/wp-content\/uploads\/2021\/02\/0020467_-Canocchiale-e-lente-di-Galileo-Galilei.jpg 698w\" sizes=\"auto, (max-width: 209px) 100vw, 209px\" \/>\n\t<\/div>\n\n<\/div><div class=\"modula-item jtg-filter-all jtg-filter-\" >\n\t<div class=\"modula-item-content\">\n\t\t\n\t\t\t\t\t<a role=\"button\" tabindex=\"0\" rel=\"jtg-7158\" data-caption=\"&lt;span class=&quot;modula-caption-description&quot;&gt;Leonardo da Vinci Ms. B 2037 f. 80r.: Studies of flying machine - 0043901&lt;\/span&gt;\" aria-label=\"Open image in lightbox\" data-thumb=\"https:\/\/scalarchives.com\/wp-content\/uploads\/2021\/02\/0043901_Leonardo-da-Vinci-Ms.-B-2037-f.-80r.-Grande-modello-della-macchina-volante-con-luomo-eretto-215x300.jpg\" class=\"tile-inner modula-item-link\"><\/a>\n\t\t\n\t\t<img loading=\"lazy\" decoding=\"async\" class=\"pic wp-image-7066\"  data-valign=\"middle\" data-halign=\"center\" alt=\"Leonardo da Vinci Ms. B 2037 f. 80r.: Studies of flying machine nstitut de France (Bibliotheque) - Paris France\" data-full=\"https:\/\/scalarchives.com\/wp-content\/uploads\/2021\/02\/0043901_Leonardo-da-Vinci-Ms.-B-2037-f.-80r.-Grande-modello-della-macchina-volante-con-luomo-eretto.jpg\" title=\"0043901_Leonardo-da-Vinci-Ms.-B-2037-f.-80r.-Grande-modello-della-macchina-volante-con-l&#039;uomo-eretto\" width=\"215\" height=\"300\" src=\"https:\/\/scalarchives.com\/wp-content\/uploads\/2021\/02\/0043901_Leonardo-da-Vinci-Ms.-B-2037-f.-80r.-Grande-modello-della-macchina-volante-con-luomo-eretto-215x300.jpg\" data-src=\"https:\/\/scalarchives.com\/wp-content\/uploads\/2021\/02\/0043901_Leonardo-da-Vinci-Ms.-B-2037-f.-80r.-Grande-modello-della-macchina-volante-con-luomo-eretto-215x300.jpg\" data-caption=\"Leonardo da Vinci Ms. B 2037 f. 80r.: Studies of flying machine - 0043901\" srcset=\"https:\/\/scalarchives.com\/wp-content\/uploads\/2021\/02\/0043901_Leonardo-da-Vinci-Ms.-B-2037-f.-80r.-Grande-modello-della-macchina-volante-con-luomo-eretto-215x300.jpg 215w, https:\/\/scalarchives.com\/wp-content\/uploads\/2021\/02\/0043901_Leonardo-da-Vinci-Ms.-B-2037-f.-80r.-Grande-modello-della-macchina-volante-con-luomo-eretto.jpg 715w\" sizes=\"auto, (max-width: 215px) 100vw, 215px\" \/>\n\t<\/div>\n\n<\/div><div class=\"modula-item jtg-filter-all jtg-filter-\" >\n\t<div class=\"modula-item-content\">\n\t\t\n\t\t\t\t\t<a role=\"button\" tabindex=\"0\" rel=\"jtg-7158\" data-caption=\"&lt;span class=&quot;modula-caption-description&quot;&gt;Galileo Galilei, Galileo 48 c. 28 r - 0049499&lt;\/span&gt;\" aria-label=\"Open image in lightbox\" data-thumb=\"https:\/\/scalarchives.com\/wp-content\/uploads\/2021\/02\/0049499_Galilei-Galileo-Galileo-48-c.-28-r-210x300.jpg\" class=\"tile-inner modula-item-link\"><\/a>\n\t\t\n\t\t<img loading=\"lazy\" decoding=\"async\" class=\"pic wp-image-7070\"  data-valign=\"middle\" data-halign=\"center\" alt=\"Galileo Galilei, Galileo 48 c. 28 r Biblioteca Nazionale Centrale (National Library) - Florence Italy\" data-full=\"https:\/\/scalarchives.com\/wp-content\/uploads\/2021\/02\/0049499_Galilei-Galileo-Galileo-48-c.-28-r.jpg\" title=\"0049499_Galilei,-Galileo-Galileo-48-c.-28-r\" width=\"210\" height=\"300\" src=\"https:\/\/scalarchives.com\/wp-content\/uploads\/2021\/02\/0049499_Galilei-Galileo-Galileo-48-c.-28-r-210x300.jpg\" data-src=\"https:\/\/scalarchives.com\/wp-content\/uploads\/2021\/02\/0049499_Galilei-Galileo-Galileo-48-c.-28-r-210x300.jpg\" data-caption=\"Galileo Galilei, Galileo 48 c. 28 r - 0049499\" srcset=\"https:\/\/scalarchives.com\/wp-content\/uploads\/2021\/02\/0049499_Galilei-Galileo-Galileo-48-c.-28-r-210x300.jpg 210w, https:\/\/scalarchives.com\/wp-content\/uploads\/2021\/02\/0049499_Galilei-Galileo-Galileo-48-c.-28-r.jpg 699w\" sizes=\"auto, (max-width: 210px) 100vw, 210px\" \/>\n\t<\/div>\n\n<\/div><div class=\"modula-item jtg-filter-all jtg-filter-\" >\n\t<div class=\"modula-item-content\">\n\t\t\n\t\t\t\t\t<a role=\"button\" tabindex=\"0\" rel=\"jtg-7158\" data-caption=\"&lt;span class=&quot;modula-caption-description&quot;&gt;Williams typewriter - 0055595&lt;\/span&gt;\" aria-label=\"Open image in lightbox\" data-thumb=\"https:\/\/scalarchives.com\/wp-content\/uploads\/2021\/02\/0055595_-Macchina-da-scrivere-Williams-300x216.jpg\" class=\"tile-inner modula-item-link\"><\/a>\n\t\t\n\t\t<img loading=\"lazy\" decoding=\"async\" class=\"pic wp-image-7074\"  data-valign=\"middle\" data-halign=\"center\" alt=\"Williams typewriter Museo Nazionale della Scienza e della Tecnica - Milan Italia\" data-full=\"https:\/\/scalarchives.com\/wp-content\/uploads\/2021\/02\/0055595_-Macchina-da-scrivere-Williams.jpg\" title=\"0055595_-Macchina-da-scrivere-&#039;Williams&#039;\" width=\"300\" height=\"216\" src=\"https:\/\/scalarchives.com\/wp-content\/uploads\/2021\/02\/0055595_-Macchina-da-scrivere-Williams-300x216.jpg\" data-src=\"https:\/\/scalarchives.com\/wp-content\/uploads\/2021\/02\/0055595_-Macchina-da-scrivere-Williams-300x216.jpg\" data-caption=\"Williams typewriter - 0055595\" srcset=\"https:\/\/scalarchives.com\/wp-content\/uploads\/2021\/02\/0055595_-Macchina-da-scrivere-Williams-300x216.jpg 300w, https:\/\/scalarchives.com\/wp-content\/uploads\/2021\/02\/0055595_-Macchina-da-scrivere-Williams-768x553.jpg 768w, https:\/\/scalarchives.com\/wp-content\/uploads\/2021\/02\/0055595_-Macchina-da-scrivere-Williams.jpg 1000w\" sizes=\"auto, (max-width: 300px) 100vw, 300px\" \/>\n\t<\/div>\n\n<\/div><div class=\"modula-item jtg-filter-all jtg-filter-\" >\n\t<div class=\"modula-item-content\">\n\t\t\n\t\t\t\t\t<a role=\"button\" tabindex=\"0\" rel=\"jtg-7158\" data-caption=\"&lt;span class=&quot;modula-caption-description&quot;&gt;Toy sewing machine - 0058797&lt;\/span&gt;\" aria-label=\"Open image in lightbox\" data-thumb=\"https:\/\/scalarchives.com\/wp-content\/uploads\/2021\/02\/0058797_Macchina-da-cucire-giocattolo-204x300.jpg\" class=\"tile-inner modula-item-link\"><\/a>\n\t\t\n\t\t<img loading=\"lazy\" decoding=\"async\" class=\"pic wp-image-7078\"  data-valign=\"middle\" data-halign=\"center\" alt=\"Toy sewing machine Museo Nazionale della Scienza e della Tecnica - Milan Italy\" data-full=\"https:\/\/scalarchives.com\/wp-content\/uploads\/2021\/02\/0058797_Macchina-da-cucire-giocattolo.jpg\" title=\"0058797_Macchina-da-cucire-giocattolo\" width=\"204\" height=\"300\" src=\"https:\/\/scalarchives.com\/wp-content\/uploads\/2021\/02\/0058797_Macchina-da-cucire-giocattolo-204x300.jpg\" data-src=\"https:\/\/scalarchives.com\/wp-content\/uploads\/2021\/02\/0058797_Macchina-da-cucire-giocattolo-204x300.jpg\" data-caption=\"Toy sewing machine - 0058797\" srcset=\"https:\/\/scalarchives.com\/wp-content\/uploads\/2021\/02\/0058797_Macchina-da-cucire-giocattolo-204x300.jpg 204w, https:\/\/scalarchives.com\/wp-content\/uploads\/2021\/02\/0058797_Macchina-da-cucire-giocattolo.jpg 681w\" sizes=\"auto, (max-width: 204px) 100vw, 204px\" \/>\n\t<\/div>\n\n<\/div><div class=\"modula-item jtg-filter-all jtg-filter-\" >\n\t<div class=\"modula-item-content\">\n\t\t\n\t\t\t\t\t<a role=\"button\" tabindex=\"0\" rel=\"jtg-7158\" data-caption=\"&lt;span class=&quot;modula-caption-description&quot;&gt;Alessandro Volta&#039;s Experiment with the Pile - 0099249&lt;\/span&gt;\" aria-label=\"Open image in lightbox\" data-thumb=\"https:\/\/scalarchives.com\/wp-content\/uploads\/2021\/02\/0099249_Esperimento-della-pila-di-Alessandro-Volta-300x207.jpg\" class=\"tile-inner modula-item-link\"><\/a>\n\t\t\n\t\t<img loading=\"lazy\" decoding=\"async\" class=\"pic wp-image-7082\"  data-valign=\"middle\" data-halign=\"center\" alt=\"Alessandro Volta&#039;s Experiment with the Pile Tribuna di Galileo \u2013 Florence Italy\" data-full=\"https:\/\/scalarchives.com\/wp-content\/uploads\/2021\/02\/0099249_Esperimento-della-pila-di-Alessandro-Volta.jpg\" title=\"0099249_Esperimento-della-pila-di-Alessandro-Volta\" width=\"300\" height=\"207\" src=\"https:\/\/scalarchives.com\/wp-content\/uploads\/2021\/02\/0099249_Esperimento-della-pila-di-Alessandro-Volta-300x207.jpg\" data-src=\"https:\/\/scalarchives.com\/wp-content\/uploads\/2021\/02\/0099249_Esperimento-della-pila-di-Alessandro-Volta-300x207.jpg\" data-caption=\"Alessandro Volta&#039;s Experiment with the Pile - 0099249\" srcset=\"https:\/\/scalarchives.com\/wp-content\/uploads\/2021\/02\/0099249_Esperimento-della-pila-di-Alessandro-Volta-300x207.jpg 300w, https:\/\/scalarchives.com\/wp-content\/uploads\/2021\/02\/0099249_Esperimento-della-pila-di-Alessandro-Volta-768x529.jpg 768w, https:\/\/scalarchives.com\/wp-content\/uploads\/2021\/02\/0099249_Esperimento-della-pila-di-Alessandro-Volta.jpg 1000w\" sizes=\"auto, (max-width: 300px) 100vw, 300px\" \/>\n\t<\/div>\n\n<\/div><div class=\"modula-item jtg-filter-all jtg-filter-\" >\n\t<div class=\"modula-item-content\">\n\t\t\n\t\t\t\t\t<a role=\"button\" tabindex=\"0\" rel=\"jtg-7158\" data-caption=\"&lt;span class=&quot;modula-caption-description&quot;&gt;Jacopo de&#039; Barbari,  Portrait of the Mathematician Lucas Pacioli and Unknown Young Man (maybe Guidobaldo da Montefeltro), 1495 - 0124454&lt;\/span&gt;\" aria-label=\"Open image in lightbox\" data-thumb=\"https:\/\/scalarchives.com\/wp-content\/uploads\/2021\/02\/0124454_Barbari-Jacopo-de-Ritratto-del-matematico-fraLuca-Pacioli-e-giovane-ignoto-300x251.jpg\" class=\"tile-inner modula-item-link\"><\/a>\n\t\t\n\t\t<img loading=\"lazy\" decoding=\"async\" class=\"pic wp-image-7086\"  data-valign=\"middle\" data-halign=\"center\" alt=\"Jacopo de&#039; Barbari, Portrait of the Mathematician Lucas Pacioli and Unknown Young Man (maybe Guidobaldo da Montefeltro), 1495. Museo di Capodimonte \u2013 Naples Italy\" data-full=\"https:\/\/scalarchives.com\/wp-content\/uploads\/2021\/02\/0124454_Barbari-Jacopo-de-Ritratto-del-matematico-fraLuca-Pacioli-e-giovane-ignoto.jpg\" title=\"0124454_Barbari,-Jacopo-de&#039;-Ritratto-del-matematico-fra&#039;Luca-Pacioli-e-giovane-ignoto\" width=\"300\" height=\"251\" src=\"https:\/\/scalarchives.com\/wp-content\/uploads\/2021\/02\/0124454_Barbari-Jacopo-de-Ritratto-del-matematico-fraLuca-Pacioli-e-giovane-ignoto-300x251.jpg\" data-src=\"https:\/\/scalarchives.com\/wp-content\/uploads\/2021\/02\/0124454_Barbari-Jacopo-de-Ritratto-del-matematico-fraLuca-Pacioli-e-giovane-ignoto-300x251.jpg\" data-caption=\"Jacopo de&#039; Barbari,  Portrait of the Mathematician Lucas Pacioli and Unknown Young Man (maybe Guidobaldo da Montefeltro), 1495 - 0124454\" srcset=\"https:\/\/scalarchives.com\/wp-content\/uploads\/2021\/02\/0124454_Barbari-Jacopo-de-Ritratto-del-matematico-fraLuca-Pacioli-e-giovane-ignoto-300x251.jpg 300w, https:\/\/scalarchives.com\/wp-content\/uploads\/2021\/02\/0124454_Barbari-Jacopo-de-Ritratto-del-matematico-fraLuca-Pacioli-e-giovane-ignoto-768x644.jpg 768w, https:\/\/scalarchives.com\/wp-content\/uploads\/2021\/02\/0124454_Barbari-Jacopo-de-Ritratto-del-matematico-fraLuca-Pacioli-e-giovane-ignoto.jpg 1000w\" sizes=\"auto, (max-width: 300px) 100vw, 300px\" \/>\n\t<\/div>\n\n<\/div><div class=\"modula-item jtg-filter-all jtg-filter-\" >\n\t<div class=\"modula-item-content\">\n\t\t\n\t\t\t\t\t<a role=\"button\" tabindex=\"0\" rel=\"jtg-7158\" data-caption=\"&lt;span class=&quot;modula-caption-description&quot;&gt;Ive Jonathan, iPod, 2001 - 0151040&lt;\/span&gt;\" aria-label=\"Open image in lightbox\" data-thumb=\"https:\/\/scalarchives.com\/wp-content\/uploads\/2021\/02\/0151040_Ive-Jonathan-iPod-2001-235x300.jpg\" class=\"tile-inner modula-item-link\"><\/a>\n\t\t\n\t\t<img loading=\"lazy\" decoding=\"async\" class=\"pic wp-image-7090\"  data-valign=\"middle\" data-halign=\"center\" alt=\"Ive Jonathan, iPod, 2001 Museum of Modern Art (MoMA) - New York USA\" data-full=\"https:\/\/scalarchives.com\/wp-content\/uploads\/2021\/02\/0151040_Ive-Jonathan-iPod-2001.jpg\" title=\"0151040_Ive,-Jonathan-iPod,-2001\" width=\"235\" height=\"300\" src=\"https:\/\/scalarchives.com\/wp-content\/uploads\/2021\/02\/0151040_Ive-Jonathan-iPod-2001-235x300.jpg\" data-src=\"https:\/\/scalarchives.com\/wp-content\/uploads\/2021\/02\/0151040_Ive-Jonathan-iPod-2001-235x300.jpg\" data-caption=\"Ive Jonathan, iPod, 2001 - 0151040\" srcset=\"https:\/\/scalarchives.com\/wp-content\/uploads\/2021\/02\/0151040_Ive-Jonathan-iPod-2001-235x300.jpg 235w, https:\/\/scalarchives.com\/wp-content\/uploads\/2021\/02\/0151040_Ive-Jonathan-iPod-2001-768x981.jpg 768w, https:\/\/scalarchives.com\/wp-content\/uploads\/2021\/02\/0151040_Ive-Jonathan-iPod-2001.jpg 783w\" sizes=\"auto, (max-width: 235px) 100vw, 235px\" \/>\n\t<\/div>\n\n<\/div><div class=\"modula-item jtg-filter-all jtg-filter-\" >\n\t<div class=\"modula-item-content\">\n\t\t\n\t\t\t\t\t<a role=\"button\" tabindex=\"0\" rel=\"jtg-7158\" data-caption=\"&lt;span class=&quot;modula-caption-description&quot;&gt;GROW (Prototype), 2005, a hybrid-energy delivery device by Samuel Cabot Cochran, Benjamin Wheeler Howes, SMIT Sustainably Minded Interactive Technology, LLC - detail - 0158746&lt;\/span&gt;\" aria-label=\"Open image in lightbox\" data-thumb=\"https:\/\/scalarchives.com\/wp-content\/uploads\/2021\/02\/0158746_GROW-Prototype-2005-a-hybrid-energy-delivery-device-300x235.jpg\" class=\"tile-inner modula-item-link\"><\/a>\n\t\t\n\t\t<img loading=\"lazy\" decoding=\"async\" class=\"pic wp-image-7094\"  data-valign=\"middle\" data-halign=\"center\" alt=\"GROW (Prototype), 2005, a hybrid-energy delivery device by Samuel Cabot Cochran, Benjamin Wheeler Howes, SMIT Sustainably Minded Interactive Technology, LLC - detail Museum of Modern Art (MoMA) - New York USA\" data-full=\"https:\/\/scalarchives.com\/wp-content\/uploads\/2021\/02\/0158746_GROW-Prototype-2005-a-hybrid-energy-delivery-device.jpg\" title=\"0158746_GROW-(Prototype),-2005,-a-hybrid-energy-delivery-device\" width=\"300\" height=\"235\" src=\"https:\/\/scalarchives.com\/wp-content\/uploads\/2021\/02\/0158746_GROW-Prototype-2005-a-hybrid-energy-delivery-device-300x235.jpg\" data-src=\"https:\/\/scalarchives.com\/wp-content\/uploads\/2021\/02\/0158746_GROW-Prototype-2005-a-hybrid-energy-delivery-device-300x235.jpg\" data-caption=\"GROW (Prototype), 2005, a hybrid-energy delivery device by Samuel Cabot Cochran, Benjamin Wheeler Howes, SMIT Sustainably Minded Interactive Technology, LLC - detail - 0158746\" srcset=\"https:\/\/scalarchives.com\/wp-content\/uploads\/2021\/02\/0158746_GROW-Prototype-2005-a-hybrid-energy-delivery-device-300x235.jpg 300w, https:\/\/scalarchives.com\/wp-content\/uploads\/2021\/02\/0158746_GROW-Prototype-2005-a-hybrid-energy-delivery-device-768x602.jpg 768w, https:\/\/scalarchives.com\/wp-content\/uploads\/2021\/02\/0158746_GROW-Prototype-2005-a-hybrid-energy-delivery-device.jpg 1000w\" sizes=\"auto, (max-width: 300px) 100vw, 300px\" \/>\n\t<\/div>\n\n<\/div><div class=\"modula-item jtg-filter-all jtg-filter-\" >\n\t<div class=\"modula-item-content\">\n\t\t\n\t\t\t\t\t<a role=\"button\" tabindex=\"0\" rel=\"jtg-7158\" data-caption=\"&lt;span class=&quot;modula-caption-description&quot;&gt;Monorail subway wagon, Zipernowsky system, Budapest - BS02678&lt;\/span&gt;\" aria-label=\"Open image in lightbox\" data-thumb=\"https:\/\/scalarchives.com\/wp-content\/uploads\/2021\/02\/BS02678_Vagone-per-metropolitana-monorotaia-sistema-Zipernowsky-Budapest-300x174.jpg\" class=\"tile-inner modula-item-link\"><\/a>\n\t\t\n\t\t<img loading=\"lazy\" decoding=\"async\" class=\"pic wp-image-7098\"  data-valign=\"middle\" data-halign=\"center\" alt=\"Monorail subway wagon, Zipernowsky system, Budapest, Museo Nazionale della Scienza e della Tecnica - Milan Italy\" data-full=\"https:\/\/scalarchives.com\/wp-content\/uploads\/2021\/02\/BS02678_Vagone-per-metropolitana-monorotaia-sistema-Zipernowsky-Budapest.jpg\" title=\"BS02678_Vagone-per-metropolitana-monorotaia,-sistema-Zipernowsky,-Budapest,\" width=\"300\" height=\"174\" src=\"https:\/\/scalarchives.com\/wp-content\/uploads\/2021\/02\/BS02678_Vagone-per-metropolitana-monorotaia-sistema-Zipernowsky-Budapest-300x174.jpg\" data-src=\"https:\/\/scalarchives.com\/wp-content\/uploads\/2021\/02\/BS02678_Vagone-per-metropolitana-monorotaia-sistema-Zipernowsky-Budapest-300x174.jpg\" data-caption=\"Monorail subway wagon, Zipernowsky system, Budapest - BS02678\" srcset=\"https:\/\/scalarchives.com\/wp-content\/uploads\/2021\/02\/BS02678_Vagone-per-metropolitana-monorotaia-sistema-Zipernowsky-Budapest-300x174.jpg 300w, https:\/\/scalarchives.com\/wp-content\/uploads\/2021\/02\/BS02678_Vagone-per-metropolitana-monorotaia-sistema-Zipernowsky-Budapest-768x446.jpg 768w, https:\/\/scalarchives.com\/wp-content\/uploads\/2021\/02\/BS02678_Vagone-per-metropolitana-monorotaia-sistema-Zipernowsky-Budapest.jpg 1000w\" sizes=\"auto, (max-width: 300px) 100vw, 300px\" \/>\n\t<\/div>\n\n<\/div><div class=\"modula-item jtg-filter-all jtg-filter-\" >\n\t<div class=\"modula-item-content\">\n\t\t\n\t\t\t\t\t<a role=\"button\" tabindex=\"0\" rel=\"jtg-7158\" data-caption=\"&lt;span class=&quot;modula-caption-description&quot;&gt;Desk telephone, Strowger system - BS02883&lt;\/span&gt;\" aria-label=\"Open image in lightbox\" data-thumb=\"https:\/\/scalarchives.com\/wp-content\/uploads\/2021\/02\/BS02883_-Telefono-da-tavolo-sistema-Strowger-300x300.jpg\" class=\"tile-inner modula-item-link\"><\/a>\n\t\t\n\t\t<img loading=\"lazy\" decoding=\"async\" class=\"pic wp-image-7102\"  data-valign=\"middle\" data-halign=\"center\" alt=\"Desk telephone, Strowger system, Museo Nazionale della Scienza e della Tecnica - Milan Italy\" data-full=\"https:\/\/scalarchives.com\/wp-content\/uploads\/2021\/02\/BS02883_-Telefono-da-tavolo-sistema-Strowger.jpg\" title=\"BS02883_-Telefono-da-tavolo,-sistema-Strowger,\" width=\"300\" height=\"300\" src=\"https:\/\/scalarchives.com\/wp-content\/uploads\/2021\/02\/BS02883_-Telefono-da-tavolo-sistema-Strowger-300x300.jpg\" data-src=\"https:\/\/scalarchives.com\/wp-content\/uploads\/2021\/02\/BS02883_-Telefono-da-tavolo-sistema-Strowger-300x300.jpg\" data-caption=\"Desk telephone, Strowger system - BS02883\" srcset=\"https:\/\/scalarchives.com\/wp-content\/uploads\/2021\/02\/BS02883_-Telefono-da-tavolo-sistema-Strowger-300x300.jpg 300w, https:\/\/scalarchives.com\/wp-content\/uploads\/2021\/02\/BS02883_-Telefono-da-tavolo-sistema-Strowger-150x150.jpg 150w, https:\/\/scalarchives.com\/wp-content\/uploads\/2021\/02\/BS02883_-Telefono-da-tavolo-sistema-Strowger-768x765.jpg 768w, https:\/\/scalarchives.com\/wp-content\/uploads\/2021\/02\/BS02883_-Telefono-da-tavolo-sistema-Strowger.jpg 1000w\" sizes=\"auto, (max-width: 300px) 100vw, 300px\" \/>\n\t<\/div>\n\n<\/div><div class=\"modula-item jtg-filter-all jtg-filter-\" >\n\t<div class=\"modula-item-content\">\n\t\t\n\t\t\t\t\t<a role=\"button\" tabindex=\"0\" rel=\"jtg-7158\" data-caption=\"&lt;span class=&quot;modula-caption-description&quot;&gt;Platen press, Diamant model, produced by Hogenforst, Leipzig - BS02934&lt;\/span&gt;\" aria-label=\"Open image in lightbox\" data-thumb=\"https:\/\/scalarchives.com\/wp-content\/uploads\/2021\/02\/BS02934_Macchina-tipografica-a-platina-modello-Diamant-prodotta-da-Hogenforst-300x273.jpg\" class=\"tile-inner modula-item-link\"><\/a>\n\t\t\n\t\t<img loading=\"lazy\" decoding=\"async\" class=\"pic wp-image-7106\"  data-valign=\"middle\" data-halign=\"center\" alt=\"Platen press, Diamant model, produced by Hogenforst, Leipzig, Germany\" data-full=\"https:\/\/scalarchives.com\/wp-content\/uploads\/2021\/02\/BS02934_Macchina-tipografica-a-platina-modello-Diamant-prodotta-da-Hogenforst.jpg\" title=\"BS02934_Macchina-tipografica-a-platina,-modello-Diamant,-prodotta-da-Hogenforst\" width=\"300\" height=\"273\" src=\"https:\/\/scalarchives.com\/wp-content\/uploads\/2021\/02\/BS02934_Macchina-tipografica-a-platina-modello-Diamant-prodotta-da-Hogenforst-300x273.jpg\" data-src=\"https:\/\/scalarchives.com\/wp-content\/uploads\/2021\/02\/BS02934_Macchina-tipografica-a-platina-modello-Diamant-prodotta-da-Hogenforst-300x273.jpg\" data-caption=\"Platen press, Diamant model, produced by Hogenforst, Leipzig - BS02934\" srcset=\"https:\/\/scalarchives.com\/wp-content\/uploads\/2021\/02\/BS02934_Macchina-tipografica-a-platina-modello-Diamant-prodotta-da-Hogenforst-300x273.jpg 300w, https:\/\/scalarchives.com\/wp-content\/uploads\/2021\/02\/BS02934_Macchina-tipografica-a-platina-modello-Diamant-prodotta-da-Hogenforst-768x700.jpg 768w, https:\/\/scalarchives.com\/wp-content\/uploads\/2021\/02\/BS02934_Macchina-tipografica-a-platina-modello-Diamant-prodotta-da-Hogenforst.jpg 1000w\" sizes=\"auto, (max-width: 300px) 100vw, 300px\" \/>\n\t<\/div>\n\n<\/div><div class=\"modula-item jtg-filter-all jtg-filter-\" >\n\t<div class=\"modula-item-content\">\n\t\t\n\t\t\t\t\t<a role=\"button\" tabindex=\"0\" rel=\"jtg-7158\" data-caption=\"&lt;span class=&quot;modula-caption-description&quot;&gt;Achille Beltrame, Guglielmo Marconi testing the wireless telegraphy across the English Channel.  La Domenica del Corriere,  22 aprile 1899 - DA35815&lt;\/span&gt;\" aria-label=\"Open image in lightbox\" data-thumb=\"https:\/\/scalarchives.com\/wp-content\/uploads\/2021\/02\/DA35815_-Achille-Beltrame-Domenica-Corriere-22-aprile-1899-Marconi-gli-esperimenti-del-telegrafo-senza-fili-attraverso-la-manica-239x300.jpg\" class=\"tile-inner modula-item-link\"><\/a>\n\t\t\n\t\t<img loading=\"lazy\" decoding=\"async\" class=\"pic wp-image-7110\"  data-valign=\"middle\" data-halign=\"center\" alt=\"Achille Beltrame, Guglielmo Marconi testing the wireless telegraphy across the English Channel.\" data-full=\"https:\/\/scalarchives.com\/wp-content\/uploads\/2021\/02\/DA35815_-Achille-Beltrame-Domenica-Corriere-22-aprile-1899-Marconi-gli-esperimenti-del-telegrafo-senza-fili-attraverso-la-manica.jpg\" title=\"DA35815_-Achille-Beltrame,-Domenica-Corriere,-22-aprile-1899---Marconi,-gli-esperimenti-del-telegrafo-senza-fili-attraverso-la-manica\" width=\"239\" height=\"300\" src=\"https:\/\/scalarchives.com\/wp-content\/uploads\/2021\/02\/DA35815_-Achille-Beltrame-Domenica-Corriere-22-aprile-1899-Marconi-gli-esperimenti-del-telegrafo-senza-fili-attraverso-la-manica-239x300.jpg\" data-src=\"https:\/\/scalarchives.com\/wp-content\/uploads\/2021\/02\/DA35815_-Achille-Beltrame-Domenica-Corriere-22-aprile-1899-Marconi-gli-esperimenti-del-telegrafo-senza-fili-attraverso-la-manica-239x300.jpg\" data-caption=\"Achille Beltrame, Guglielmo Marconi testing the wireless telegraphy across the English Channel.  La Domenica del Corriere,  22 aprile 1899 - DA35815\" srcset=\"https:\/\/scalarchives.com\/wp-content\/uploads\/2021\/02\/DA35815_-Achille-Beltrame-Domenica-Corriere-22-aprile-1899-Marconi-gli-esperimenti-del-telegrafo-senza-fili-attraverso-la-manica-239x300.jpg 239w, https:\/\/scalarchives.com\/wp-content\/uploads\/2021\/02\/DA35815_-Achille-Beltrame-Domenica-Corriere-22-aprile-1899-Marconi-gli-esperimenti-del-telegrafo-senza-fili-attraverso-la-manica-768x966.jpg 768w, https:\/\/scalarchives.com\/wp-content\/uploads\/2021\/02\/DA35815_-Achille-Beltrame-Domenica-Corriere-22-aprile-1899-Marconi-gli-esperimenti-del-telegrafo-senza-fili-attraverso-la-manica.jpg 795w\" sizes=\"auto, (max-width: 239px) 100vw, 239px\" \/>\n\t<\/div>\n\n<\/div><div class=\"modula-item jtg-filter-all jtg-filter-\" >\n\t<div class=\"modula-item-content\">\n\t\t\n\t\t\t\t\t<a role=\"button\" tabindex=\"0\" rel=\"jtg-7158\" data-caption=\"&lt;span class=&quot;modula-caption-description&quot;&gt;The American inventor Thomas Ava Edison (1847-1931) in his new laboratory at Lewellein Park. Illustration by Achille Beltrame (1871-1945), La Domenica del Corriere, 1902 - DA49192&lt;\/span&gt;\" aria-label=\"Open image in lightbox\" data-thumb=\"https:\/\/scalarchives.com\/wp-content\/uploads\/2021\/02\/DA49192_Linventore-statunitense-Thomas-Ava-Edison-1847-1931-nel-suo-nuovo-laboratorio-a-Lewellein-Park.-233x300.jpg\" class=\"tile-inner modula-item-link\"><\/a>\n\t\t\n\t\t<img loading=\"lazy\" decoding=\"async\" class=\"pic wp-image-7114\"  data-valign=\"middle\" data-halign=\"center\" alt=\"The American inventor Thomas Ava Edison (1847-1931) in his new laboratory at Lewellein Park. Illustration by Achille Beltrame (1871-1945), La Domenica del Corriere, 1902.\" data-full=\"https:\/\/scalarchives.com\/wp-content\/uploads\/2021\/02\/DA49192_Linventore-statunitense-Thomas-Ava-Edison-1847-1931-nel-suo-nuovo-laboratorio-a-Lewellein-Park..jpg\" title=\"DA49192_L&#039;inventore-statunitense-Thomas-Ava-Edison-(1847-1931)-nel-suo-nuovo-laboratorio-a-Lewellein-Park.\" width=\"233\" height=\"300\" src=\"https:\/\/scalarchives.com\/wp-content\/uploads\/2021\/02\/DA49192_Linventore-statunitense-Thomas-Ava-Edison-1847-1931-nel-suo-nuovo-laboratorio-a-Lewellein-Park.-233x300.jpg\" data-src=\"https:\/\/scalarchives.com\/wp-content\/uploads\/2021\/02\/DA49192_Linventore-statunitense-Thomas-Ava-Edison-1847-1931-nel-suo-nuovo-laboratorio-a-Lewellein-Park.-233x300.jpg\" data-caption=\"The American inventor Thomas Ava Edison (1847-1931) in his new laboratory at Lewellein Park. Illustration by Achille Beltrame (1871-1945), La Domenica del Corriere, 1902 - DA49192\" srcset=\"https:\/\/scalarchives.com\/wp-content\/uploads\/2021\/02\/DA49192_Linventore-statunitense-Thomas-Ava-Edison-1847-1931-nel-suo-nuovo-laboratorio-a-Lewellein-Park.-233x300.jpg 233w, https:\/\/scalarchives.com\/wp-content\/uploads\/2021\/02\/DA49192_Linventore-statunitense-Thomas-Ava-Edison-1847-1931-nel-suo-nuovo-laboratorio-a-Lewellein-Park.-768x988.jpg 768w, https:\/\/scalarchives.com\/wp-content\/uploads\/2021\/02\/DA49192_Linventore-statunitense-Thomas-Ava-Edison-1847-1931-nel-suo-nuovo-laboratorio-a-Lewellein-Park..jpg 777w\" sizes=\"auto, (max-width: 233px) 100vw, 233px\" \/>\n\t<\/div>\n\n<\/div><div class=\"modula-item jtg-filter-all jtg-filter-\" >\n\t<div class=\"modula-item-content\">\n\t\t\n\t\t\t\t\t<a role=\"button\" tabindex=\"0\" rel=\"jtg-7158\" data-caption=\"&lt;span class=&quot;modula-caption-description&quot;&gt;Advertisement for the Bosch spark plug, as used in motor engines. . Advertisement. 20th century - E197772&lt;\/span&gt;\" aria-label=\"Open image in lightbox\" data-thumb=\"https:\/\/scalarchives.com\/wp-content\/uploads\/2021\/02\/E197772_Pubblicita-per-la-candela-Bosch-utilizzata-nei-motori-a-motore.-.-Annuncio-pubblicitario.-20-\u00b0-secolo-300x246.jpg\" class=\"tile-inner modula-item-link\"><\/a>\n\t\t\n\t\t<img loading=\"lazy\" decoding=\"async\" class=\"pic wp-image-7118\"  data-valign=\"middle\" data-halign=\"center\" alt=\"Advertisement for the Bosch spark plug, as used in motor engines. . Advertisement. 20th century\" data-full=\"https:\/\/scalarchives.com\/wp-content\/uploads\/2021\/02\/E197772_Pubblicita-per-la-candela-Bosch-utilizzata-nei-motori-a-motore.-.-Annuncio-pubblicitario.-20-\u00b0-secolo.jpg\" title=\"E197772_Pubblicit\u00e0-per-la-candela-Bosch,-utilizzata-nei-motori-a-motore.-.-Annuncio-pubblicitario.-20-\u00b0-secolo\" width=\"300\" height=\"246\" src=\"https:\/\/scalarchives.com\/wp-content\/uploads\/2021\/02\/E197772_Pubblicita-per-la-candela-Bosch-utilizzata-nei-motori-a-motore.-.-Annuncio-pubblicitario.-20-\u00b0-secolo-300x246.jpg\" data-src=\"https:\/\/scalarchives.com\/wp-content\/uploads\/2021\/02\/E197772_Pubblicita-per-la-candela-Bosch-utilizzata-nei-motori-a-motore.-.-Annuncio-pubblicitario.-20-\u00b0-secolo-300x246.jpg\" data-caption=\"Advertisement for the Bosch spark plug, as used in motor engines. . Advertisement. 20th century - E197772\" srcset=\"https:\/\/scalarchives.com\/wp-content\/uploads\/2021\/02\/E197772_Pubblicita-per-la-candela-Bosch-utilizzata-nei-motori-a-motore.-.-Annuncio-pubblicitario.-20-\u00b0-secolo-300x246.jpg 300w, https:\/\/scalarchives.com\/wp-content\/uploads\/2021\/02\/E197772_Pubblicita-per-la-candela-Bosch-utilizzata-nei-motori-a-motore.-.-Annuncio-pubblicitario.-20-\u00b0-secolo-768x629.jpg 768w, https:\/\/scalarchives.com\/wp-content\/uploads\/2021\/02\/E197772_Pubblicita-per-la-candela-Bosch-utilizzata-nei-motori-a-motore.-.-Annuncio-pubblicitario.-20-\u00b0-secolo.jpg 1000w\" sizes=\"auto, (max-width: 300px) 100vw, 300px\" \/>\n\t<\/div>\n\n<\/div><div class=\"modula-item jtg-filter-all jtg-filter-\" >\n\t<div class=\"modula-item-content\">\n\t\t\n\t\t\t\t\t<a role=\"button\" tabindex=\"0\" rel=\"jtg-7158\" data-caption=\"&lt;span class=&quot;modula-caption-description&quot;&gt;Armstrong and Aldrin unfurl the US flag on the moon, 1969 - H460036&lt;\/span&gt;\" aria-label=\"Open image in lightbox\" data-thumb=\"https:\/\/scalarchives.com\/wp-content\/uploads\/2021\/02\/H460036_Armstrong-e-Aldrin-spiegano-la-bandiera-degli-Stati-Uniti-sulla-luna-1969.-300x228.jpg\" class=\"tile-inner modula-item-link\"><\/a>\n\t\t\n\t\t<img loading=\"lazy\" decoding=\"async\" class=\"pic wp-image-7122\"  data-valign=\"middle\" data-halign=\"center\" alt=\"Armstrong and Aldrin unfurl the US flag on the moon, 1969. Science Archive - Oxford Great Britain\" data-full=\"https:\/\/scalarchives.com\/wp-content\/uploads\/2021\/02\/H460036_Armstrong-e-Aldrin-spiegano-la-bandiera-degli-Stati-Uniti-sulla-luna-1969..jpg\" title=\"H460036_Armstrong-e-Aldrin-spiegano-la-bandiera-degli-Stati-Uniti-sulla-luna,-1969.\" width=\"300\" height=\"228\" src=\"https:\/\/scalarchives.com\/wp-content\/uploads\/2021\/02\/H460036_Armstrong-e-Aldrin-spiegano-la-bandiera-degli-Stati-Uniti-sulla-luna-1969.-300x228.jpg\" data-src=\"https:\/\/scalarchives.com\/wp-content\/uploads\/2021\/02\/H460036_Armstrong-e-Aldrin-spiegano-la-bandiera-degli-Stati-Uniti-sulla-luna-1969.-300x228.jpg\" data-caption=\"Armstrong and Aldrin unfurl the US flag on the moon, 1969 - H460036\" srcset=\"https:\/\/scalarchives.com\/wp-content\/uploads\/2021\/02\/H460036_Armstrong-e-Aldrin-spiegano-la-bandiera-degli-Stati-Uniti-sulla-luna-1969.-300x228.jpg 300w, https:\/\/scalarchives.com\/wp-content\/uploads\/2021\/02\/H460036_Armstrong-e-Aldrin-spiegano-la-bandiera-degli-Stati-Uniti-sulla-luna-1969.-768x584.jpg 768w, https:\/\/scalarchives.com\/wp-content\/uploads\/2021\/02\/H460036_Armstrong-e-Aldrin-spiegano-la-bandiera-degli-Stati-Uniti-sulla-luna-1969..jpg 1000w\" sizes=\"auto, (max-width: 300px) 100vw, 300px\" \/>\n\t<\/div>\n\n<\/div><div class=\"modula-item jtg-filter-all jtg-filter-\" >\n\t<div class=\"modula-item-content\">\n\t\t\n\t\t\t\t\t<a role=\"button\" tabindex=\"0\" rel=\"jtg-7158\" data-caption=\"&lt;span class=&quot;modula-caption-description&quot;&gt;Particle accelerator, Cern, Geneva, 20th century - H503993&lt;\/span&gt;\" aria-label=\"Open image in lightbox\" data-thumb=\"https:\/\/scalarchives.com\/wp-content\/uploads\/2021\/02\/H503993_Acceleratore-di-particelle-al-Cern-di-Ginevra-20-\u00b0-secolo.-233x300.jpg\" class=\"tile-inner modula-item-link\"><\/a>\n\t\t\n\t\t<img loading=\"lazy\" decoding=\"async\" class=\"pic wp-image-7126\"  data-valign=\"middle\" data-halign=\"center\" alt=\"Particle accelerator, Cern, Geneva, 20th century. Science Archive - Oxford Great Britain\" data-full=\"https:\/\/scalarchives.com\/wp-content\/uploads\/2021\/02\/H503993_Acceleratore-di-particelle-al-Cern-di-Ginevra-20-\u00b0-secolo..jpg\" title=\"H503993_Acceleratore-di-particelle,-al-Cern-di-Ginevra,-20-\u00b0-secolo.\" width=\"233\" height=\"300\" src=\"https:\/\/scalarchives.com\/wp-content\/uploads\/2021\/02\/H503993_Acceleratore-di-particelle-al-Cern-di-Ginevra-20-\u00b0-secolo.-233x300.jpg\" data-src=\"https:\/\/scalarchives.com\/wp-content\/uploads\/2021\/02\/H503993_Acceleratore-di-particelle-al-Cern-di-Ginevra-20-\u00b0-secolo.-233x300.jpg\" data-caption=\"Particle accelerator, Cern, Geneva, 20th century - H503993\" srcset=\"https:\/\/scalarchives.com\/wp-content\/uploads\/2021\/02\/H503993_Acceleratore-di-particelle-al-Cern-di-Ginevra-20-\u00b0-secolo.-233x300.jpg 233w, https:\/\/scalarchives.com\/wp-content\/uploads\/2021\/02\/H503993_Acceleratore-di-particelle-al-Cern-di-Ginevra-20-\u00b0-secolo.-768x988.jpg 768w, https:\/\/scalarchives.com\/wp-content\/uploads\/2021\/02\/H503993_Acceleratore-di-particelle-al-Cern-di-Ginevra-20-\u00b0-secolo..jpg 777w\" sizes=\"auto, (max-width: 233px) 100vw, 233px\" \/>\n\t<\/div>\n\n<\/div><div class=\"modula-item jtg-filter-all jtg-filter-\" >\n\t<div class=\"modula-item-content\">\n\t\t\n\t\t\t\t\t<a role=\"button\" tabindex=\"0\" rel=\"jtg-7158\" data-caption=\"&lt;span class=&quot;modula-caption-description&quot;&gt;Colt &#039;Frontier&#039; revolver, invented by Samuel Colt (1814-62), c1850 - H504054&lt;\/span&gt;\" aria-label=\"Open image in lightbox\" data-thumb=\"https:\/\/scalarchives.com\/wp-content\/uploads\/2021\/02\/H504054_Revolver-Colt-Frontier-inventato-da-Samuel-Colt-1814-62-c1850.-300x200.jpg\" class=\"tile-inner modula-item-link\"><\/a>\n\t\t\n\t\t<img loading=\"lazy\" decoding=\"async\" class=\"pic wp-image-7130\"  data-valign=\"middle\" data-halign=\"center\" alt=\"Colt &#039;Frontier&#039; revolver, invented by Samuel Colt (1814-62), c1850. Science Archive - Oxford Great Britain\" data-full=\"https:\/\/scalarchives.com\/wp-content\/uploads\/2021\/02\/H504054_Revolver-Colt-Frontier-inventato-da-Samuel-Colt-1814-62-c1850..jpg\" title=\"H504054_Revolver-Colt-&#039;Frontier&#039;,-inventato-da-Samuel-Colt-(1814-62),-c1850.\" width=\"300\" height=\"200\" src=\"https:\/\/scalarchives.com\/wp-content\/uploads\/2021\/02\/H504054_Revolver-Colt-Frontier-inventato-da-Samuel-Colt-1814-62-c1850.-300x200.jpg\" data-src=\"https:\/\/scalarchives.com\/wp-content\/uploads\/2021\/02\/H504054_Revolver-Colt-Frontier-inventato-da-Samuel-Colt-1814-62-c1850.-300x200.jpg\" data-caption=\"Colt &#039;Frontier&#039; revolver, invented by Samuel Colt (1814-62), c1850 - H504054\" srcset=\"https:\/\/scalarchives.com\/wp-content\/uploads\/2021\/02\/H504054_Revolver-Colt-Frontier-inventato-da-Samuel-Colt-1814-62-c1850.-300x200.jpg 300w, https:\/\/scalarchives.com\/wp-content\/uploads\/2021\/02\/H504054_Revolver-Colt-Frontier-inventato-da-Samuel-Colt-1814-62-c1850.-768x513.jpg 768w, https:\/\/scalarchives.com\/wp-content\/uploads\/2021\/02\/H504054_Revolver-Colt-Frontier-inventato-da-Samuel-Colt-1814-62-c1850..jpg 1000w\" sizes=\"auto, (max-width: 300px) 100vw, 300px\" \/>\n\t<\/div>\n\n<\/div><div class=\"modula-item jtg-filter-all jtg-filter-\" >\n\t<div class=\"modula-item-content\">\n\t\t\n\t\t\t\t\t<a role=\"button\" tabindex=\"0\" rel=\"jtg-7158\" data-caption=\"&lt;span class=&quot;modula-caption-description&quot;&gt;Advertisement for Kodak cameras, 1893 - H504243&lt;\/span&gt;\" aria-label=\"Open image in lightbox\" data-thumb=\"https:\/\/scalarchives.com\/wp-content\/uploads\/2021\/02\/H504243_Pubblicita-per-fotocamere-Kodak-1893.-175x300.jpg\" class=\"tile-inner modula-item-link\"><\/a>\n\t\t\n\t\t<img loading=\"lazy\" decoding=\"async\" class=\"pic wp-image-7134\"  data-valign=\"middle\" data-halign=\"center\" alt=\"Advertisement for Kodak cameras, 1893. Science Archive - Oxford Great Britain\" data-full=\"https:\/\/scalarchives.com\/wp-content\/uploads\/2021\/02\/H504243_Pubblicita-per-fotocamere-Kodak-1893..jpg\" title=\"H504243_Pubblicit\u00e0-per-fotocamere-Kodak,-1893.\" width=\"175\" height=\"300\" src=\"https:\/\/scalarchives.com\/wp-content\/uploads\/2021\/02\/H504243_Pubblicita-per-fotocamere-Kodak-1893.-175x300.jpg\" data-src=\"https:\/\/scalarchives.com\/wp-content\/uploads\/2021\/02\/H504243_Pubblicita-per-fotocamere-Kodak-1893.-175x300.jpg\" data-caption=\"Advertisement for Kodak cameras, 1893 - H504243\" srcset=\"https:\/\/scalarchives.com\/wp-content\/uploads\/2021\/02\/H504243_Pubblicita-per-fotocamere-Kodak-1893.-175x300.jpg 175w, https:\/\/scalarchives.com\/wp-content\/uploads\/2021\/02\/H504243_Pubblicita-per-fotocamere-Kodak-1893..jpg 583w\" sizes=\"auto, (max-width: 175px) 100vw, 175px\" \/>\n\t<\/div>\n\n<\/div><div class=\"modula-item jtg-filter-all jtg-filter-\" >\n\t<div class=\"modula-item-content\">\n\t\t\n\t\t\t\t\t<a role=\"button\" tabindex=\"0\" rel=\"jtg-7158\" data-caption=\"&lt;span class=&quot;modula-caption-description&quot;&gt;Yuri Gagarin, Soviet Russian cosmonaut, 1961 - H504962&lt;\/span&gt;\" aria-label=\"Open image in lightbox\" data-thumb=\"https:\/\/scalarchives.com\/wp-content\/uploads\/2021\/02\/H504962_Yuri-Gagarin-cosmonauta-russo-sovietico-1961.-186x300.jpg\" class=\"tile-inner modula-item-link\"><\/a>\n\t\t\n\t\t<img loading=\"lazy\" decoding=\"async\" class=\"pic wp-image-7138\"  data-valign=\"middle\" data-halign=\"center\" alt=\"Yuri Gagarin, Soviet Russian cosmonaut, 1961. Science Archive - Oxford Great Britain\" data-full=\"https:\/\/scalarchives.com\/wp-content\/uploads\/2021\/02\/H504962_Yuri-Gagarin-cosmonauta-russo-sovietico-1961..jpg\" title=\"H504962_Yuri-Gagarin,-cosmonauta-russo-sovietico,-1961.\" width=\"186\" height=\"300\" src=\"https:\/\/scalarchives.com\/wp-content\/uploads\/2021\/02\/H504962_Yuri-Gagarin-cosmonauta-russo-sovietico-1961.-186x300.jpg\" data-src=\"https:\/\/scalarchives.com\/wp-content\/uploads\/2021\/02\/H504962_Yuri-Gagarin-cosmonauta-russo-sovietico-1961.-186x300.jpg\" data-caption=\"Yuri Gagarin, Soviet Russian cosmonaut, 1961 - H504962\" srcset=\"https:\/\/scalarchives.com\/wp-content\/uploads\/2021\/02\/H504962_Yuri-Gagarin-cosmonauta-russo-sovietico-1961.-186x300.jpg 186w, https:\/\/scalarchives.com\/wp-content\/uploads\/2021\/02\/H504962_Yuri-Gagarin-cosmonauta-russo-sovietico-1961..jpg 619w\" sizes=\"auto, (max-width: 186px) 100vw, 186px\" \/>\n\t<\/div>\n\n<\/div><div class=\"modula-item jtg-filter-all jtg-filter-\" >\n\t<div class=\"modula-item-content\">\n\t\t\n\t\t\t\t\t<a role=\"button\" tabindex=\"0\" rel=\"jtg-7158\" data-caption=\"&lt;span class=&quot;modula-caption-description&quot;&gt;Ford (1863-1947) with his first car and his 10 millionth, a Model T. - H601525&lt;\/span&gt;\" aria-label=\"Open image in lightbox\" data-thumb=\"https:\/\/scalarchives.com\/wp-content\/uploads\/2021\/02\/H601525_Ford-1863-1947-con-la-sua-prima-macchina-e-la-sua-10-milionesima-una-Model-T.-300x257.jpg\" class=\"tile-inner modula-item-link\"><\/a>\n\t\t\n\t\t<img loading=\"lazy\" decoding=\"async\" class=\"pic wp-image-7142\"  data-valign=\"middle\" data-halign=\"center\" alt=\"Ford (1863-1947) with his first car and his 10 millionth, a Model T. Stapleton Historical Collection \u2013 Londra Great Britain\" data-full=\"https:\/\/scalarchives.com\/wp-content\/uploads\/2021\/02\/H601525_Ford-1863-1947-con-la-sua-prima-macchina-e-la-sua-10-milionesima-una-Model-T..jpg\" title=\"H601525_Ford-(1863-1947)-con-la-sua-prima-macchina-e-la-sua-10-milionesima,-una-Model-T.\" width=\"300\" height=\"257\" src=\"https:\/\/scalarchives.com\/wp-content\/uploads\/2021\/02\/H601525_Ford-1863-1947-con-la-sua-prima-macchina-e-la-sua-10-milionesima-una-Model-T.-300x257.jpg\" data-src=\"https:\/\/scalarchives.com\/wp-content\/uploads\/2021\/02\/H601525_Ford-1863-1947-con-la-sua-prima-macchina-e-la-sua-10-milionesima-una-Model-T.-300x257.jpg\" data-caption=\"Ford (1863-1947) with his first car and his 10 millionth, a Model T. - H601525\" srcset=\"https:\/\/scalarchives.com\/wp-content\/uploads\/2021\/02\/H601525_Ford-1863-1947-con-la-sua-prima-macchina-e-la-sua-10-milionesima-una-Model-T.-300x257.jpg 300w, https:\/\/scalarchives.com\/wp-content\/uploads\/2021\/02\/H601525_Ford-1863-1947-con-la-sua-prima-macchina-e-la-sua-10-milionesima-una-Model-T.-768x657.jpg 768w, https:\/\/scalarchives.com\/wp-content\/uploads\/2021\/02\/H601525_Ford-1863-1947-con-la-sua-prima-macchina-e-la-sua-10-milionesima-una-Model-T..jpg 1000w\" sizes=\"auto, (max-width: 300px) 100vw, 300px\" \/>\n\t<\/div>\n\n<\/div><div class=\"modula-item jtg-filter-all jtg-filter-\" >\n\t<div class=\"modula-item-content\">\n\t\t\n\t\t\t\t\t<a role=\"button\" tabindex=\"0\" rel=\"jtg-7158\" data-caption=\"&lt;span class=&quot;modula-caption-description&quot;&gt;In a photograph taken for the Central Office of Information, a secretary checks the printout from the computer - H710607&lt;\/span&gt;\" aria-label=\"Open image in lightbox\" data-thumb=\"https:\/\/scalarchives.com\/wp-content\/uploads\/2021\/02\/H710607_-In-una-fotografia-scattata-per-lUfficio-centrale-delle-informazioni-una-segretaria-controlla-la-stampa-dal-computer.-293x300.jpg\" class=\"tile-inner modula-item-link\"><\/a>\n\t\t\n\t\t<img loading=\"lazy\" decoding=\"async\" class=\"pic wp-image-7146\"  data-valign=\"middle\" data-halign=\"center\" alt=\"In a photograph taken for the Central Office of Information, a secretary checks the printout from the computer. Walter&#039;s Industrial Archive Great Britain\" data-full=\"https:\/\/scalarchives.com\/wp-content\/uploads\/2021\/02\/H710607_-In-una-fotografia-scattata-per-lUfficio-centrale-delle-informazioni-una-segretaria-controlla-la-stampa-dal-computer..jpg\" title=\"H710607_-In-una-fotografia-scattata-per-l&#039;Ufficio-centrale-delle-informazioni,-una-segretaria-controlla-la-stampa-dal-computer.\" width=\"293\" height=\"300\" src=\"https:\/\/scalarchives.com\/wp-content\/uploads\/2021\/02\/H710607_-In-una-fotografia-scattata-per-lUfficio-centrale-delle-informazioni-una-segretaria-controlla-la-stampa-dal-computer.-293x300.jpg\" data-src=\"https:\/\/scalarchives.com\/wp-content\/uploads\/2021\/02\/H710607_-In-una-fotografia-scattata-per-lUfficio-centrale-delle-informazioni-una-segretaria-controlla-la-stampa-dal-computer.-293x300.jpg\" data-caption=\"In a photograph taken for the Central Office of Information, a secretary checks the printout from the computer - H710607\" srcset=\"https:\/\/scalarchives.com\/wp-content\/uploads\/2021\/02\/H710607_-In-una-fotografia-scattata-per-lUfficio-centrale-delle-informazioni-una-segretaria-controlla-la-stampa-dal-computer.-293x300.jpg 293w, https:\/\/scalarchives.com\/wp-content\/uploads\/2021\/02\/H710607_-In-una-fotografia-scattata-per-lUfficio-centrale-delle-informazioni-una-segretaria-controlla-la-stampa-dal-computer.-768x786.jpg 768w, https:\/\/scalarchives.com\/wp-content\/uploads\/2021\/02\/H710607_-In-una-fotografia-scattata-per-lUfficio-centrale-delle-informazioni-una-segretaria-controlla-la-stampa-dal-computer..jpg 977w\" sizes=\"auto, (max-width: 293px) 100vw, 293px\" \/>\n\t<\/div>\n\n<\/div><div class=\"modula-item jtg-filter-all jtg-filter-\" >\n\t<div class=\"modula-item-content\">\n\t\t\n\t\t\t\t\t<a role=\"button\" tabindex=\"0\" rel=\"jtg-7158\" data-caption=\"&lt;span class=&quot;modula-caption-description&quot;&gt;Poster for the exhibition of new explorations of the Russian Aero Club, 1909 Museum of History - Moscow  Russia - H760552&lt;\/span&gt;\" aria-label=\"Open image in lightbox\" data-thumb=\"https:\/\/scalarchives.com\/wp-content\/uploads\/2021\/02\/H760552_Manifesto-per-la-mostra-delle-nuove-esplorazioni-dellAero-Club-russo-1909-204x300.jpg\" class=\"tile-inner modula-item-link\"><\/a>\n\t\t\n\t\t<img loading=\"lazy\" decoding=\"async\" class=\"pic wp-image-7150\"  data-valign=\"middle\" data-halign=\"center\" alt=\"Poster for the exhibition of new explorations of the Russian Aero Club, 1909 Museum of History - Moscow Russia\" data-full=\"https:\/\/scalarchives.com\/wp-content\/uploads\/2021\/02\/H760552_Manifesto-per-la-mostra-delle-nuove-esplorazioni-dellAero-Club-russo-1909.jpg\" title=\"H760552_Manifesto-per-la-mostra-delle-nuove-esplorazioni-dell&#039;Aero-Club-russo,-1909\" width=\"204\" height=\"300\" src=\"https:\/\/scalarchives.com\/wp-content\/uploads\/2021\/02\/H760552_Manifesto-per-la-mostra-delle-nuove-esplorazioni-dellAero-Club-russo-1909-204x300.jpg\" data-src=\"https:\/\/scalarchives.com\/wp-content\/uploads\/2021\/02\/H760552_Manifesto-per-la-mostra-delle-nuove-esplorazioni-dellAero-Club-russo-1909-204x300.jpg\" data-caption=\"Poster for the exhibition of new explorations of the Russian Aero Club, 1909 Museum of History - Moscow  Russia - H760552\" srcset=\"https:\/\/scalarchives.com\/wp-content\/uploads\/2021\/02\/H760552_Manifesto-per-la-mostra-delle-nuove-esplorazioni-dellAero-Club-russo-1909-204x300.jpg 204w, https:\/\/scalarchives.com\/wp-content\/uploads\/2021\/02\/H760552_Manifesto-per-la-mostra-delle-nuove-esplorazioni-dellAero-Club-russo-1909.jpg 680w\" sizes=\"auto, (max-width: 204px) 100vw, 204px\" \/>\n\t<\/div>\n\n<\/div><div class=\"modula-item jtg-filter-all jtg-filter-\" >\n\t<div class=\"modula-item-content\">\n\t\t\n\t\t\t\t\t<a role=\"button\" tabindex=\"0\" rel=\"jtg-7158\" data-caption=\"&lt;span class=&quot;modula-caption-description&quot;&gt;Lucien Georges Bull (1876-1972), French scientist and chronophotography pioneer -  SP19982&lt;\/span&gt;\" aria-label=\"Open image in lightbox\" data-thumb=\"https:\/\/scalarchives.com\/wp-content\/uploads\/2021\/02\/SP19982_Lucien-Georges-Bull-1876-1972-scienziato-francese-e-pioniere-della-cronofotografia.-300x245.jpg\" class=\"tile-inner modula-item-link\"><\/a>\n\t\t\n\t\t<img loading=\"lazy\" decoding=\"async\" class=\"pic wp-image-7154\"  data-valign=\"middle\" data-halign=\"center\" alt=\"Lucien Georges Bull (1876-1972), French scientist and chronophotography pioneer.\" data-full=\"https:\/\/scalarchives.com\/wp-content\/uploads\/2021\/02\/SP19982_Lucien-Georges-Bull-1876-1972-scienziato-francese-e-pioniere-della-cronofotografia..jpg\" title=\"SP19982_Lucien-Georges-Bull-(1876-1972),-scienziato-francese-e-pioniere-della-cronofotografia.\" width=\"300\" height=\"245\" src=\"https:\/\/scalarchives.com\/wp-content\/uploads\/2021\/02\/SP19982_Lucien-Georges-Bull-1876-1972-scienziato-francese-e-pioniere-della-cronofotografia.-300x245.jpg\" data-src=\"https:\/\/scalarchives.com\/wp-content\/uploads\/2021\/02\/SP19982_Lucien-Georges-Bull-1876-1972-scienziato-francese-e-pioniere-della-cronofotografia.-300x245.jpg\" data-caption=\"Lucien Georges Bull (1876-1972), French scientist and chronophotography pioneer -  SP19982\" srcset=\"https:\/\/scalarchives.com\/wp-content\/uploads\/2021\/02\/SP19982_Lucien-Georges-Bull-1876-1972-scienziato-francese-e-pioniere-della-cronofotografia.-300x245.jpg 300w, https:\/\/scalarchives.com\/wp-content\/uploads\/2021\/02\/SP19982_Lucien-Georges-Bull-1876-1972-scienziato-francese-e-pioniere-della-cronofotografia.-768x626.jpg 768w, https:\/\/scalarchives.com\/wp-content\/uploads\/2021\/02\/SP19982_Lucien-Georges-Bull-1876-1972-scienziato-francese-e-pioniere-della-cronofotografia..jpg 1000w\" sizes=\"auto, (max-width: 300px) 100vw, 300px\" \/>\n\t<\/div>\n\n<\/div>\t\t\n\t<\/div>\n\n\t\n\t\n\t<script type=\"application\/ld+json\">\n\t{\n\t\t\"@context\": \"http:\/\/schema.org\",\n\t\t\"@type\"   : \"ImageGallery\",\n\t\t\"id\"      : \"https:\/\/scalarchives.com\/it\/scienza-tecnologia\/\",\n\t\t\"url\"     : \"https:\/\/scalarchives.com\/it\/scienza-tecnologia\/\"\n\t}\n\n\t<\/script>\n\n\t\n<\/div>\n\n\n\n<p>Se non trovi quello che cerchi, chiedi una <a href=\"https:\/\/scalarchives.com\/it\/richiesta-ricerca-contenuti\/\" data-type=\"page\" data-id=\"33575\">ricerca personalizzata<\/a>.<\/p>\n","protected":false},"excerpt":{"rendered":"<p>Oggi giorno la tecnologia comprende tutto ci\u00f2 che riguarda i mezzi o l&#8217;attivit\u00e0 con cui l&#8217;uomo cerca di cambiare o manipolare il suo ambiente. La linea sottile tra ricerca scientifica e attivit\u00e0 tecnologica sembra essere sempre pi\u00f9 sfocata. Clicca su un&#8217;immagine per ingrandirla, scoprire maggiori dettagli e scorrere l&#8217;intera galleria. Se non trovi quello che [&hellip;]<\/p>\n","protected":false},"author":3,"featured_media":0,"parent":0,"menu_order":0,"comment_status":"closed","ping_status":"closed","template":"page-with-slier.php","meta":{"_acf_changed":false,"footnotes":""},"class_list":["post-7160","page","type-page","status-publish","hentry"],"acf":[],"_links":{"self":[{"href":"https:\/\/scalarchives.com\/it\/wp-json\/wp\/v2\/pages\/7160","targetHints":{"allow":["GET"]}}],"collection":[{"href":"https:\/\/scalarchives.com\/it\/wp-json\/wp\/v2\/pages"}],"about":[{"href":"https:\/\/scalarchives.com\/it\/wp-json\/wp\/v2\/types\/page"}],"author":[{"embeddable":true,"href":"https:\/\/scalarchives.com\/it\/wp-json\/wp\/v2\/users\/3"}],"replies":[{"embeddable":true,"href":"https:\/\/scalarchives.com\/it\/wp-json\/wp\/v2\/comments?post=7160"}],"version-history":[{"count":13,"href":"https:\/\/scalarchives.com\/it\/wp-json\/wp\/v2\/pages\/7160\/revisions"}],"predecessor-version":[{"id":34879,"href":"https:\/\/scalarchives.com\/it\/wp-json\/wp\/v2\/pages\/7160\/revisions\/34879"}],"wp:attachment":[{"href":"https:\/\/scalarchives.com\/it\/wp-json\/wp\/v2\/media?parent=7160"}],"curies":[{"name":"wp","href":"https:\/\/api.w.org\/{rel}","templated":true}]}}