{"id":5602,"date":"2021-02-16T10:56:26","date_gmt":"2021-02-16T09:56:26","guid":{"rendered":"http:\/\/new.scalarchives.com\/?page_id=5602"},"modified":"2026-04-22T15:07:38","modified_gmt":"2026-04-22T13:07:38","slug":"costumi-e-bozzetti","status":"publish","type":"page","link":"https:\/\/scalarchives.com\/it\/costumi-e-bozzetti\/","title":{"rendered":"Costumi e bozzetti"},"content":{"rendered":"\n<p>Disegnare un abito ed essere in grado di trasmettere la sensazione e l&#8217;energia che il capo avr\u00e0 quando indossato richiede una grande abilit\u00e0. Un&#8217;abilit\u00e0 che \u00e8 importante non solo per uno stilista di abiti ma anche per il disegnatore dei costumi per balletti e spettacoli teatrali. L&#8217;importanza di un design e di un&#8217;esecuzione di un costume per un ballerino o un attore sul palco \u00e8 fondamentale per il successo complessivo della performance!<\/p>\n\n\n\n<p>Di seguito sono riportati alcuni esempi di immagini di costumi e bozzetti. Clicca su di essi per vederli nella loro interezza e scoprire maggiori dettagli. <\/p>\n\n\n<style>#jtg-5400 .modula-item .jtg-social a, .lightbox-socials.jtg-social a{ fill: #ffffff; color: #ffffff }#jtg-5400 .modula-item .jtg-social-expandable a, #jtg-5400 .modula-item .jtg-social-expandable-icons a{ fill: #ffffff; color: #ffffff }#jtg-5400 .modula-item .jtg-social svg, .lightbox-socials.jtg-social svg { height: 16px; width: 16px }#jtg-5400 .modula-item .jtg-social-expandable svg { height: 16px; width: 16px }#jtg-5400 .modula-item .jtg-social-expandable-icons svg { height: 16px; width: 16px }#jtg-5400 .modula-item .jtg-social a:not(:last-child), .lightbox-socials.jtg-social a:not(:last-child) { margin-right: 10px }#jtg-5400 .modula-item .jtg-social-expandable-icons { gap: 10px }#jtg-5400 .modula-item .figc {color:#ffffff;}#jtg-5400 .modula-item .modula-item-content { transform: scale(1); }#jtg-5400 { width:100%;}#jtg-5400 .modula-items{height:800px;}@media screen and (max-width: 992px) {#jtg-5400 .modula-items{height:800px;}}@media screen and (max-width: 768px) {#jtg-5400 .modula-items{height:800px;}}#jtg-5400 .modula-items .figc p.description { font-size:14px; }#jtg-5400 .modula-items .figc p.description { color:#ffffff;}#jtg-5400.modula-gallery .modula-item > a, #jtg-5400.modula-gallery .modula-item, #jtg-5400.modula-gallery .modula-item-content > a:not(.modula-no-follow) { cursor:zoom-in; } #jtg-5400.modula-gallery .modula-item-content .modula-no-follow { cursor: default; } #jtg-5400 .modula-item .modula-item-overlay, #jtg-5400 .modula-item.effect-layla, #jtg-5400  .modula-item.effect-ruby,#jtg-5400 .modula-item.effect-bubba,#jtg-5400 .modula-item.effect-sarah,#jtg-5400 .modula-item.effect-milo,#jtg-5400 .modula-item.effect-julia,#jtg-5400 .modula-item.effect-hera,#jtg-5400 .modula-item.effect-winston,#jtg-5400 .modula-item.effect-selena,#jtg-5400 .modula-item.effect-terry,#jtg-5400 .modula-item.effect-phoebe,#jtg-5400 .modula-item.effect-apollo{ background-color:#ffffff; }#jtg-5400  .modula-item.effect-oscar { background: -webkit-linear-gradient(45deg,#ffffff 0,#9b4a1b 40%,#ffffff 100%);background: linear-gradient(45deg,#ffffff 0,#9b4a1b 40%,#ffffff 100%);}#jtg-5400  .modula-item.effect-roxy {background: -webkit-linear-gradient(45deg,#ffffff 0,#05abe0 100%);background: linear-gradient(45deg,#ffffff 0,#05abe0 100%);}#jtg-5400 .modula-item.effect-dexter {background: -webkit-linear-gradient(top,#ffffff 0,rgba(104,60,19,1) 100%); background: linear-gradient(to bottom,#ffffff 0,rgba(104,60,19,1) 100%);}#jtg-5400  .modula-item.effect-jazz {background: -webkit-linear-gradient(-45deg,#ffffff 0,#f33f58 100%);background: linear-gradient(-45deg,#ffffff 0,#f33f58 100%);}#jtg-5400 .modula-item.effect-lexi {background: -webkit-linear-gradient(-45deg,#ffffff 0,#fff 100%);background: linear-gradient(-45deg,#ffffff 0,#fff 100%);}#jtg-5400 .modula-item.effect-duke {background: -webkit-linear-gradient(-45deg,#ffffff 0,#cc6055 100%);background: linear-gradient(-45deg,#ffffff 0,#cc6055 100%);}#jtg-5400 .modula-item.effect-ming .figc::before {border: 2px solid #ffffff; box-shadow: 0 0 0 100vmax rgba(255,255,255,0.5);}#jtg-5400 .jtg-title {font-weight:400; }#jtg-5400 p.description {font-weight:normal; }#jtg-5400:not(.modula-loaded-scale)  .modula-item .modula-item-content { transform: scale(1) translate(0px,0px) rotate(0deg); }#jtg-5400:not(.modula-loaded-scale)  .modula-item.effect-under .modula-item-image-continer { transform: scale(1) translate(0px,0px) rotate(0deg); }@keyframes modulaScaling { 0% {transform: scale(1) translate(0px,p0x) rotate(0deg);} 50%{transform: scale(1) translate(0px,0px) rotate(0deg);}100%{transform: scale(1) translate(0px,p0x) rotate(0deg);}}#jtg-5400.modula-gallery .modula-item.effect-terry .jtg-social a:not(:last-child){margin-bottom:10px;}.modula-fancybox-container.modula-lightbox-jtg-5400 .modula-fancybox-caption .modula-fancybox-caption__body, .modula-fancybox-container.modula-lightbox-jtg-5400 .modula-fancybox-caption .modula-fancybox-caption__body p {text-align:left}html body .modula.modula-columns .modula-items.grid-gallery .modula-item.effect-under .modula-item-content { height:auto;}@media all and (max-width: 768px) { .modula-gallery .modula-item.effect-under.modula-caption-effect-item.jg-entry { margin-top: 10px; } }#jtg-5400 .modula-item.effect-under .modula-item-image-continer { transform: scale(1) }.modula-fancybox-container.modula-lightbox-jtg-5400 .fancybox__caption {align-self:flex-start}#jtg-5400 .modula-video-icon {  position: absolute; width: 30px;top: 50%;left: 50%;transform: translate(-50%,-50%); }#jtg-5400 .modula-video-icon { width : 30px}@media screen and (max-width: 992px){ #jtg-5400 .modula-video-icon { width : 30px}}@media screen and (max-width: 768px) { #jtg-5400 .modula-video-icon { width : 30px}}.modula-fancybox-container.modula-lightbox-jtg-5400 .fancybox__caption {align-self:flex-start}@media screen and (max-width:480px){#jtg-5400 .modula-item .figc .jtg-title {  font-size: 12px; }#jtg-5400 .modula-items .figc p.description { color:#ffffff;font-size:10px; }}#jtg-5400 .modula-items .modula-item:hover img{opacity:1;}<\/style>\n<div  id=\"jtg-5400\" class=\"modula modula-gallery modula-creative-gallery\" data-config=\"{&quot;height&quot;:800,&quot;tabletHeight&quot;:800,&quot;mobileHeight&quot;:800,&quot;desktopHeight&quot;:800,&quot;enableTwitter&quot;:false,&quot;enableWhatsapp&quot;:false,&quot;enableFacebook&quot;:false,&quot;enablePinterest&quot;:false,&quot;enableLinkedin&quot;:false,&quot;enableEmail&quot;:false,&quot;randomFactor&quot;:0.5,&quot;type&quot;:&quot;creative-gallery&quot;,&quot;columns&quot;:12,&quot;gutter&quot;:10,&quot;mobileGutter&quot;:10,&quot;tabletGutter&quot;:10,&quot;desktopGutter&quot;:10,&quot;enableResponsive&quot;:&quot;0&quot;,&quot;tabletColumns&quot;:&quot;2&quot;,&quot;mobileColumns&quot;:&quot;1&quot;,&quot;lazyLoad&quot;:0,&quot;lightboxOpts&quot;:{&quot;animated&quot;:true,&quot;Thumbs&quot;:{&quot;type&quot;:&quot;modern&quot;,&quot;showOnStart&quot;:false},&quot;Toolbar&quot;:{&quot;display&quot;:{&quot;right&quot;:[&quot;close&quot;],&quot;left&quot;:[&quot;infobar&quot;]},&quot;enabled&quot;:true},&quot;Carousel&quot;:{&quot;Panzoom&quot;:{&quot;touch&quot;:false},&quot;infinite&quot;:false,&quot;transition&quot;:&quot;fade&quot;},&quot;keyboard&quot;:{&quot;Escape&quot;:&quot;close&quot;,&quot;Delete&quot;:&quot;close&quot;,&quot;Backspace&quot;:&quot;close&quot;,&quot;PageUp&quot;:false,&quot;PageDown&quot;:false,&quot;ArrowUp&quot;:false,&quot;ArrowDown&quot;:false,&quot;ArrowRight&quot;:false,&quot;ArrowLeft&quot;:false},&quot;touch&quot;:false,&quot;backdropClick&quot;:false,&quot;l10n&quot;:{&quot;CLOSE&quot;:&quot;Close&quot;,&quot;NEXT&quot;:&quot;Next&quot;,&quot;PREV&quot;:&quot;Previous&quot;,&quot;Error&quot;:&quot;The requested content cannot be loaded. Please try again later.&quot;,&quot;PLAY_START&quot;:&quot;Start slideshow&quot;,&quot;PLAY_STOP&quot;:&quot;Pause slideshow&quot;,&quot;FULL_SCREEN&quot;:&quot;Full screen&quot;,&quot;THUMBS&quot;:&quot;Thumbnails&quot;,&quot;DOWNLOAD&quot;:&quot;Download&quot;,&quot;SHARE&quot;:&quot;Share&quot;,&quot;ZOOM&quot;:&quot;Zoom&quot;,&quot;EMAIL&quot;:&quot;Here is the link to the image : %%image_link%% and this is the link to the gallery : %%gallery_link%%&quot;,&quot;MODAL&quot;:&quot;You can close this modal content with the ESC key&quot;,&quot;ERROR&quot;:&quot;Something Went Wrong, Please Try Again Later&quot;,&quot;IMAGE_ERROR&quot;:&quot;Image Not Found&quot;,&quot;ELEMENT_NOT_FOUND&quot;:&quot;HTML Element Not Found&quot;,&quot;AJAX_NOT_FOUND&quot;:&quot;Error Loading AJAX : Not Found&quot;,&quot;AJAX_FORBIDDEN&quot;:&quot;Error Loading AJAX : Forbidden&quot;,&quot;IFRAME_ERROR&quot;:&quot;Error Loading Page&quot;,&quot;TOGGLE_ZOOM&quot;:&quot;Toggle zoom level&quot;,&quot;TOGGLE_THUMBS&quot;:&quot;Toggle thumbnails&quot;,&quot;TOGGLE_SLIDESHOW&quot;:&quot;Toggle slideshow&quot;,&quot;TOGGLE_FULLSCREEN&quot;:&quot;Toggle full-screen mode&quot;},&quot;Images&quot;:{&quot;Panzoom&quot;:{&quot;maxScale&quot;:2}},&quot;toolbar&quot;:true,&quot;wheel&quot;:false,&quot;animationEffect&quot;:&quot;false&quot;,&quot;animationDuration&quot;:366,&quot;transitionEffect&quot;:&quot;false&quot;,&quot;Html&quot;:{&quot;videoAutoplay&quot;:0,&quot;videoTpl&quot;:&quot;&lt;video class=\\&quot;fancybox__html5video modula_html5_video\\&quot; controls playsinline controlsList controlsList=\\&quot;nodownload\\&quot; poster=\\&quot;{{poster}}\\&quot; src=\\&quot;{{src}}\\&quot; type=\\&quot;{{format}}\\&quot; &gt;  Sorry, your browser doesn&#039;t support embedded videos, &lt;a href=\\&quot;{{src}}\\&quot;&gt; download &lt;\\\/a&gt; and watch with your favorite video player! &lt;\\\/video&gt;&quot;,&quot;vimeo&quot;:{&quot;autopause&quot;:0}},&quot;mainClass&quot;:&quot;modula-fancybox-container modula-lightbox-jtg-5400&quot;},&quot;inView&quot;:false,&quot;email_subject&quot;:&quot;Check out this awesome image !!&quot;,&quot;email_message&quot;:&quot;Here is the link to the image : %%image_link%% and this is the link to the gallery : %%gallery_link%%&quot;,&quot;lightbox&quot;:&quot;fancybox&quot;,&quot;filterClick&quot;:&quot;0&quot;,&quot;dropdownFilters&quot;:&quot;0&quot;,&quot;defaultActiveFilter&quot;:&quot;all&quot;,&quot;initLightbox&quot;:&quot;modula_pro_init_lightbox&quot;,&quot;haveFilters&quot;:0,&quot;lightbox_devices&quot;:&quot;both&quot;}\">\n\n\t\n\t<div  class=\"modula-items\">\n\t\t<div class=\"modula-item jtg-filter-all jtg-filter-\" >\n\t<div class=\"modula-item-content\">\n\t\t\n\t\t\t\t\t<a role=\"button\" tabindex=\"0\" rel=\"jtg-5400\" data-caption=\"&lt;span class=&quot;modula-caption-description&quot;&gt;Salvador Dali, Disegno per il costume per &quot;La donna del futuro&quot;, 1953 - PC34005 &lt;\/span&gt;\" aria-label=\"Open image in lightbox\" data-thumb=\"https:\/\/scalarchives.com\/wp-content\/uploads\/2021\/02\/PC34005-Salvador-Dali-300x241.jpg\" class=\"tile-inner modula-item-link\"><\/a>\n\t\t\n\t\t<img loading=\"lazy\" decoding=\"async\" class=\"pic wp-image-5401\"  data-valign=\"middle\" data-halign=\"center\" alt=\"Salvador Dali, Disegno per il costume per &quot;La donna del futuro&quot;.\" data-full=\"https:\/\/scalarchives.com\/wp-content\/uploads\/2021\/02\/PC34005-Salvador-Dali.jpg\" title=\"PC34005 Salvador Dali\" width=\"300\" height=\"241\" src=\"https:\/\/scalarchives.com\/wp-content\/uploads\/2021\/02\/PC34005-Salvador-Dali-300x241.jpg\" data-src=\"https:\/\/scalarchives.com\/wp-content\/uploads\/2021\/02\/PC34005-Salvador-Dali-300x241.jpg\" data-caption=\"Salvador Dali, Disegno per il costume per &quot;La donna del futuro&quot;, 1953 - PC34005 \" srcset=\"https:\/\/scalarchives.com\/wp-content\/uploads\/2021\/02\/PC34005-Salvador-Dali-300x241.jpg 300w, https:\/\/scalarchives.com\/wp-content\/uploads\/2021\/02\/PC34005-Salvador-Dali-768x617.jpg 768w, https:\/\/scalarchives.com\/wp-content\/uploads\/2021\/02\/PC34005-Salvador-Dali.jpg 1000w\" sizes=\"auto, (max-width: 300px) 100vw, 300px\" \/>\n\t<\/div>\n\n<\/div><div class=\"modula-item jtg-filter-all jtg-filter-\" >\n\t<div class=\"modula-item-content\">\n\t\t\n\t\t\t\t\t<a role=\"button\" tabindex=\"0\" rel=\"jtg-5400\" data-caption=\"&lt;span class=&quot;modula-caption-description&quot;&gt;Alberto Savinio, Figurino Per Finale I Racconti Di Hoffmann - TZ00594&lt;\/span&gt;\" aria-label=\"Open image in lightbox\" data-thumb=\"https:\/\/scalarchives.com\/wp-content\/uploads\/2021\/02\/TZ00594-Alberto-Savinio-203x300.jpg\" class=\"tile-inner modula-item-link\"><\/a>\n\t\t\n\t\t<img loading=\"lazy\" decoding=\"async\" class=\"pic wp-image-5405\"  data-valign=\"middle\" data-halign=\"center\" alt=\"Alberto Savinio, Figurino Per Finale I Racconti Di Hoffmann. Museo Teatrale alla Scala, Milano, Italia\" data-full=\"https:\/\/scalarchives.com\/wp-content\/uploads\/2021\/02\/TZ00594-Alberto-Savinio.jpg\" title=\"TZ00594 Alberto Savinio\" width=\"203\" height=\"300\" src=\"https:\/\/scalarchives.com\/wp-content\/uploads\/2021\/02\/TZ00594-Alberto-Savinio-203x300.jpg\" data-src=\"https:\/\/scalarchives.com\/wp-content\/uploads\/2021\/02\/TZ00594-Alberto-Savinio-203x300.jpg\" data-caption=\"Alberto Savinio, Figurino Per Finale I Racconti Di Hoffmann - TZ00594\" srcset=\"https:\/\/scalarchives.com\/wp-content\/uploads\/2021\/02\/TZ00594-Alberto-Savinio-203x300.jpg 203w, https:\/\/scalarchives.com\/wp-content\/uploads\/2021\/02\/TZ00594-Alberto-Savinio.jpg 675w\" sizes=\"auto, (max-width: 203px) 100vw, 203px\" \/>\n\t<\/div>\n\n<\/div><div class=\"modula-item jtg-filter-all jtg-filter-\" >\n\t<div class=\"modula-item-content\">\n\t\t\n\t\t\t\t\t<a role=\"button\" tabindex=\"0\" rel=\"jtg-5400\" data-caption=\"&lt;span class=&quot;modula-caption-description&quot;&gt;Alberto Savinio, Figurino Per I RaTales cconti Di Hoffmann - TZ00609&lt;\/span&gt;\" aria-label=\"Open image in lightbox\" data-thumb=\"https:\/\/scalarchives.com\/wp-content\/uploads\/2021\/02\/TZ00609-Alberto-Savinio-213x300.jpg\" class=\"tile-inner modula-item-link\"><\/a>\n\t\t\n\t\t<img loading=\"lazy\" decoding=\"async\" class=\"pic wp-image-5409\"  data-valign=\"middle\" data-halign=\"center\" alt=\"Alberto Savinio, Figurino Per I Racconti Di Hoffmann. Museo Teatrale alla Scala, Milano, Italia\" data-full=\"https:\/\/scalarchives.com\/wp-content\/uploads\/2021\/02\/TZ00609-Alberto-Savinio.jpg\" title=\"TZ00609 Alberto Savinio\" width=\"213\" height=\"300\" src=\"https:\/\/scalarchives.com\/wp-content\/uploads\/2021\/02\/TZ00609-Alberto-Savinio-213x300.jpg\" data-src=\"https:\/\/scalarchives.com\/wp-content\/uploads\/2021\/02\/TZ00609-Alberto-Savinio-213x300.jpg\" data-caption=\"Alberto Savinio, Figurino Per I RaTales cconti Di Hoffmann - TZ00609\" srcset=\"https:\/\/scalarchives.com\/wp-content\/uploads\/2021\/02\/TZ00609-Alberto-Savinio-213x300.jpg 213w, https:\/\/scalarchives.com\/wp-content\/uploads\/2021\/02\/TZ00609-Alberto-Savinio.jpg 711w\" sizes=\"auto, (max-width: 213px) 100vw, 213px\" \/>\n\t<\/div>\n\n<\/div><div class=\"modula-item jtg-filter-all jtg-filter-\" >\n\t<div class=\"modula-item-content\">\n\t\t\n\t\t\t\t\t<a role=\"button\" tabindex=\"0\" rel=\"jtg-5400\" data-caption=\"&lt;span class=&quot;modula-caption-description&quot;&gt;Andre Delfau, Costumi dei ballerini in &#039;Serenade&#039; di Piotr Ilyich Tchaikovsky - WH32129&lt;\/span&gt;\" aria-label=\"Open image in lightbox\" data-thumb=\"https:\/\/scalarchives.com\/wp-content\/uploads\/2021\/02\/WH32129-Andre-Delfau-241x300.jpg\" class=\"tile-inner modula-item-link\"><\/a>\n\t\t\n\t\t<img loading=\"lazy\" decoding=\"async\" class=\"pic wp-image-5417\"  data-valign=\"middle\" data-halign=\"center\" alt=\"Andre Delfau, Costumi dei ballerini in &#039;Serenade&#039; di Piotr Ilyich Tchaikovsky\" data-full=\"https:\/\/scalarchives.com\/wp-content\/uploads\/2021\/02\/WH32129-Andre-Delfau.jpg\" title=\"WH32129 Andre Delfau\" width=\"241\" height=\"300\" src=\"https:\/\/scalarchives.com\/wp-content\/uploads\/2021\/02\/WH32129-Andre-Delfau-241x300.jpg\" data-src=\"https:\/\/scalarchives.com\/wp-content\/uploads\/2021\/02\/WH32129-Andre-Delfau-241x300.jpg\" data-caption=\"Andre Delfau, Costumi dei ballerini in &#039;Serenade&#039; di Piotr Ilyich Tchaikovsky - WH32129\" srcset=\"https:\/\/scalarchives.com\/wp-content\/uploads\/2021\/02\/WH32129-Andre-Delfau-241x300.jpg 241w, https:\/\/scalarchives.com\/wp-content\/uploads\/2021\/02\/WH32129-Andre-Delfau-768x958.jpg 768w, https:\/\/scalarchives.com\/wp-content\/uploads\/2021\/02\/WH32129-Andre-Delfau.jpg 802w\" sizes=\"auto, (max-width: 241px) 100vw, 241px\" \/>\n\t<\/div>\n\n<\/div><div class=\"modula-item jtg-filter-all jtg-filter-\" >\n\t<div class=\"modula-item-content\">\n\t\t\n\t\t\t\t\t<a role=\"button\" tabindex=\"0\" rel=\"jtg-5400\" data-caption=\"&lt;span class=&quot;modula-caption-description&quot;&gt;Jean Hugo, Opera Romeo e Giulietta. Illustrazione di Madame Capuleti - 2T09648&lt;\/span&gt;\" aria-label=\"Open image in lightbox\" data-thumb=\"https:\/\/scalarchives.com\/wp-content\/uploads\/2021\/02\/2T09648-Jean-Hugo-203x300.jpg\" class=\"tile-inner modula-item-link\"><\/a>\n\t\t\n\t\t<img loading=\"lazy\" decoding=\"async\" class=\"pic wp-image-5421\"  data-valign=\"middle\" data-halign=\"center\" alt=\"Jean Hugo, Opera Romeo e Giulietta. Illustrazione di Madame Capuleti.\" data-full=\"https:\/\/scalarchives.com\/wp-content\/uploads\/2021\/02\/2T09648-Jean-Hugo.jpg\" title=\"2T09648 Jean Hugo\" width=\"203\" height=\"300\" src=\"https:\/\/scalarchives.com\/wp-content\/uploads\/2021\/02\/2T09648-Jean-Hugo-203x300.jpg\" data-src=\"https:\/\/scalarchives.com\/wp-content\/uploads\/2021\/02\/2T09648-Jean-Hugo-203x300.jpg\" data-caption=\"Jean Hugo, Opera Romeo e Giulietta. Illustrazione di Madame Capuleti - 2T09648\" srcset=\"https:\/\/scalarchives.com\/wp-content\/uploads\/2021\/02\/2T09648-Jean-Hugo-203x300.jpg 203w, https:\/\/scalarchives.com\/wp-content\/uploads\/2021\/02\/2T09648-Jean-Hugo.jpg 678w\" sizes=\"auto, (max-width: 203px) 100vw, 203px\" \/>\n\t<\/div>\n\n<\/div><div class=\"modula-item jtg-filter-all jtg-filter-\" >\n\t<div class=\"modula-item-content\">\n\t\t\n\t\t\t\t\t<a role=\"button\" tabindex=\"0\" rel=\"jtg-5400\" data-caption=\"&lt;span class=&quot;modula-caption-description&quot;&gt;Aleksandr Rodcenko, Bozzetto di costume femminile per &#039;La cimice&#039; di Majakovskij, anni &#039;20 - 0101568&lt;\/span&gt;\" aria-label=\"Open image in lightbox\" data-thumb=\"https:\/\/scalarchives.com\/wp-content\/uploads\/2021\/02\/0101568-Aleksandr-Rodcenko-226x300.jpg\" class=\"tile-inner modula-item-link\"><\/a>\n\t\t\n\t\t<img loading=\"lazy\" decoding=\"async\" class=\"pic wp-image-5425\"  data-valign=\"middle\" data-halign=\"center\" alt=\"Aleksandr Rodcenko, Bozzetto di costume femminile per &#039;La cimice&#039; di Majakovskij, anni &#039;20. Archivio Rodcenko, Mosca, Russia\" data-full=\"https:\/\/scalarchives.com\/wp-content\/uploads\/2021\/02\/0101568-Aleksandr-Rodcenko.jpg\" title=\"0101568 Aleksandr Rodcenko\" width=\"226\" height=\"300\" src=\"https:\/\/scalarchives.com\/wp-content\/uploads\/2021\/02\/0101568-Aleksandr-Rodcenko-226x300.jpg\" data-src=\"https:\/\/scalarchives.com\/wp-content\/uploads\/2021\/02\/0101568-Aleksandr-Rodcenko-226x300.jpg\" data-caption=\"Aleksandr Rodcenko, Bozzetto di costume femminile per &#039;La cimice&#039; di Majakovskij, anni &#039;20 - 0101568\" srcset=\"https:\/\/scalarchives.com\/wp-content\/uploads\/2021\/02\/0101568-Aleksandr-Rodcenko-226x300.jpg 226w, https:\/\/scalarchives.com\/wp-content\/uploads\/2021\/02\/0101568-Aleksandr-Rodcenko.jpg 754w\" sizes=\"auto, (max-width: 226px) 100vw, 226px\" \/>\n\t<\/div>\n\n<\/div><div class=\"modula-item jtg-filter-all jtg-filter-\" >\n\t<div class=\"modula-item-content\">\n\t\t\n\t\t\t\t\t<a role=\"button\" tabindex=\"0\" rel=\"jtg-5400\" data-caption=\"&lt;span class=&quot;modula-caption-description&quot;&gt;William H. Constable, Progetto per un balletto aborigeno - 0153979&lt;\/span&gt;\" aria-label=\"Open image in lightbox\" data-thumb=\"https:\/\/scalarchives.com\/wp-content\/uploads\/2021\/02\/0153979-William-H.-Constable-300x227.jpg\" class=\"tile-inner modula-item-link\"><\/a>\n\t\t\n\t\t<img loading=\"lazy\" decoding=\"async\" class=\"pic wp-image-5429\"  data-valign=\"middle\" data-halign=\"center\" alt=\"William H. Constable, Progetto per un balletto aborigeno. Museum of Modern Art (MoMA), New York, USA\" data-full=\"https:\/\/scalarchives.com\/wp-content\/uploads\/2021\/02\/0153979-William-H.-Constable.jpg\" title=\"0153979 William H. Constable\" width=\"300\" height=\"227\" src=\"https:\/\/scalarchives.com\/wp-content\/uploads\/2021\/02\/0153979-William-H.-Constable-300x227.jpg\" data-src=\"https:\/\/scalarchives.com\/wp-content\/uploads\/2021\/02\/0153979-William-H.-Constable-300x227.jpg\" data-caption=\"William H. Constable, Progetto per un balletto aborigeno - 0153979\" srcset=\"https:\/\/scalarchives.com\/wp-content\/uploads\/2021\/02\/0153979-William-H.-Constable-300x227.jpg 300w, https:\/\/scalarchives.com\/wp-content\/uploads\/2021\/02\/0153979-William-H.-Constable-768x581.jpg 768w, https:\/\/scalarchives.com\/wp-content\/uploads\/2021\/02\/0153979-William-H.-Constable.jpg 1000w\" sizes=\"auto, (max-width: 300px) 100vw, 300px\" \/>\n\t<\/div>\n\n<\/div><div class=\"modula-item jtg-filter-all jtg-filter-\" >\n\t<div class=\"modula-item-content\">\n\t\t\n\t\t\t\t\t<a role=\"button\" tabindex=\"0\" rel=\"jtg-5400\" data-caption=\"&lt;span class=&quot;modula-caption-description&quot;&gt;Florine Stettheimer, Disegno per i costumi (Euridice e il serpente) per il balletto artistico &#039;Orphee of the Quat-z-arts&#039;, 1912 ca. - 0163504&lt;\/span&gt;\" aria-label=\"Open image in lightbox\" data-thumb=\"https:\/\/scalarchives.com\/wp-content\/uploads\/2021\/02\/0163504-246x300.jpg\" class=\"tile-inner modula-item-link\"><\/a>\n\t\t\n\t\t<img loading=\"lazy\" decoding=\"async\" class=\"pic wp-image-5433\"  data-valign=\"middle\" data-halign=\"center\" alt=\"Florine Stettheimer, Disegno per i costumi (Euridice e il serpente) per il balletto artistico &#039;Orphee of the Quat-z-arts&#039;, 1912 ca. Museum of Modern Art (MoMA), New York, USA\" data-full=\"https:\/\/scalarchives.com\/wp-content\/uploads\/2021\/02\/0163504.jpg\" title=\"0163504\" width=\"246\" height=\"300\" src=\"https:\/\/scalarchives.com\/wp-content\/uploads\/2021\/02\/0163504-246x300.jpg\" data-src=\"https:\/\/scalarchives.com\/wp-content\/uploads\/2021\/02\/0163504-246x300.jpg\" data-caption=\"Florine Stettheimer, Disegno per i costumi (Euridice e il serpente) per il balletto artistico &#039;Orphee of the Quat-z-arts&#039;, 1912 ca. - 0163504\" srcset=\"https:\/\/scalarchives.com\/wp-content\/uploads\/2021\/02\/0163504-246x300.jpg 246w, https:\/\/scalarchives.com\/wp-content\/uploads\/2021\/02\/0163504-768x938.jpg 768w, https:\/\/scalarchives.com\/wp-content\/uploads\/2021\/02\/0163504.jpg 819w\" sizes=\"auto, (max-width: 246px) 100vw, 246px\" \/>\n\t<\/div>\n\n<\/div><div class=\"modula-item jtg-filter-all jtg-filter-\" >\n\t<div class=\"modula-item-content\">\n\t\t\n\t\t\t\t\t<a role=\"button\" class=\"tile-inner modula-item-link\" rel=\"jtg-5400\" data-full=\"https:\/\/www.youtube.com\/embed\/FiNZaelEcTQ\" tabindex=\"0\" data-caption=\"&lt;span class=&quot;modula-caption-description&quot;&gt;Abito da sera Hardy Amies per la regina Elisabetta II. Abito da sera azzurro ghiaccio con corpetto decorato di paillettes e perle disegnato da Hardy Amies per la regina Elisabetta II. - E223318&lt;\/span&gt;\" aria-label=\"Open image in lightbox\" data-thumb=\"https:\/\/scalarchives.com\/wp-content\/uploads\/2021\/09\/E223318-211x300.jpg\" class=\"tile-inner modula-item-link\"><\/a>\n\t\t\n\t\t<img loading=\"lazy\" decoding=\"async\" class=\"pic wp-image-18652\"  data-valign=\"middle\" data-halign=\"center\" alt=\"Abito da sera Hardy Amies per la regina Elisabetta II. Abito da sera azzurro ghiaccio con corpetto decorato di paillettes e perle disegnato da Hardy Amies per la regina Elisabetta II.\" data-full=\"https:\/\/www.youtube.com\/embed\/FiNZaelEcTQ\" title=\"Abito da sera Hardy Amies per la regina Elisabetta II. Abito da sera azzurro ghiaccio con corpetto decorato di paillettes e perle disegnato da Hardy Amies per la regina Elisabetta II. E223318\" width=\"211\" height=\"300\" src=\"https:\/\/scalarchives.com\/wp-content\/uploads\/2021\/09\/E223318-211x300.jpg\" data-src=\"https:\/\/scalarchives.com\/wp-content\/uploads\/2021\/09\/E223318-211x300.jpg\" data-caption=\"Abito da sera Hardy Amies per la regina Elisabetta II. Abito da sera azzurro ghiaccio con corpetto decorato di paillettes e perle disegnato da Hardy Amies per la regina Elisabetta II. - E223318\" srcset=\"https:\/\/scalarchives.com\/wp-content\/uploads\/2021\/09\/E223318-211x300.jpg 211w, https:\/\/scalarchives.com\/wp-content\/uploads\/2021\/09\/E223318.jpg 539w\" sizes=\"auto, (max-width: 211px) 100vw, 211px\" \/><div class=\"modula-video-icon\"><svg viewBox=\"0 0 24 24\" aria-hidden=\"true\" data-prefix=\"far\" data-icon=\"play-circle\" class=\"svg-inline--fa fa-play-circle fa-w-16\" role=\"img\" xmlns=\"http:\/\/www.w3.org\/2000\/svg\" ><path fill=\"#fff\" d=\"M 17.421875 11.15625 L 9.171875 6.140625 C 8.433594 5.726562 7.5 6.257812 7.5 7.125 L 7.5 16.875 C 7.5 17.738281 8.429688 18.273438 9.171875 17.859375 L 17.421875 13.125 C 18.191406 12.699219 18.191406 11.585938 17.421875 11.15625 Z M 23.625 12 C 23.625 5.578125 18.421875 0.375 12 0.375 C 5.578125 0.375 0.375 5.578125 0.375 12 C 0.375 18.421875 5.578125 23.625 12 23.625 C 18.421875 23.625 23.625 18.421875 23.625 12 Z M 2.625 12 C 2.625 6.820312 6.820312 2.625 12 2.625 C 17.179688 2.625 21.375 6.820312 21.375 12 C 21.375 17.179688 17.179688 21.375 12 21.375 C 6.820312 21.375 2.625 17.179688 2.625 12 Z M 2.625 12 \"><\/path><\/svg><\/div>\n\t<\/div>\n\n<\/div><div class=\"modula-item jtg-filter-all jtg-filter-\" >\n\t<div class=\"modula-item-content\">\n\t\t\n\t\t\t\t\t<a role=\"button\" tabindex=\"0\" rel=\"jtg-5400\" data-caption=\"&lt;span class=&quot;modula-caption-description&quot;&gt;Costume fantasy &quot;Onda eterica&quot; di Erni Kniepert. Fotografia di Kitty Hoffmann. Intorno al 1935 - AA02304&lt;\/span&gt;\" aria-label=\"Open image in lightbox\" data-thumb=\"https:\/\/scalarchives.com\/wp-content\/uploads\/2021\/02\/AA02304-220x300.jpg\" class=\"tile-inner modula-item-link\"><\/a>\n\t\t\n\t\t<img loading=\"lazy\" decoding=\"async\" class=\"pic wp-image-5437\"  data-valign=\"middle\" data-halign=\"center\" alt=\"Costume fantasy &quot;Onda eterica&quot; di Erni Kniepert\" data-full=\"https:\/\/scalarchives.com\/wp-content\/uploads\/2021\/02\/AA02304.jpg\" title=\"AA02304\" width=\"220\" height=\"300\" src=\"https:\/\/scalarchives.com\/wp-content\/uploads\/2021\/02\/AA02304-220x300.jpg\" data-src=\"https:\/\/scalarchives.com\/wp-content\/uploads\/2021\/02\/AA02304-220x300.jpg\" data-caption=\"Costume fantasy &quot;Onda eterica&quot; di Erni Kniepert. Fotografia di Kitty Hoffmann. Intorno al 1935 - AA02304\" srcset=\"https:\/\/scalarchives.com\/wp-content\/uploads\/2021\/02\/AA02304-220x300.jpg 220w, https:\/\/scalarchives.com\/wp-content\/uploads\/2021\/02\/AA02304.jpg 733w\" sizes=\"auto, (max-width: 220px) 100vw, 220px\" \/>\n\t<\/div>\n\n<\/div><div class=\"modula-item jtg-filter-all jtg-filter-\" >\n\t<div class=\"modula-item-content\">\n\t\t\n\t\t\t\t\t<a role=\"button\" tabindex=\"0\" rel=\"jtg-5400\" data-caption=\"&lt;span class=&quot;modula-caption-description&quot;&gt;La ballerina Paulette Duval (1900-1933) con un costume di scena disegnato dallo stilista Georges Doeuillet. Dalla rivista Le Bon Ton, 1920 - DA42700&lt;\/span&gt;\" aria-label=\"Open image in lightbox\" data-thumb=\"https:\/\/scalarchives.com\/wp-content\/uploads\/2021\/02\/DA42700-Georges-Doeuillet-238x300.jpg\" class=\"tile-inner modula-item-link\"><\/a>\n\t\t\n\t\t<img loading=\"lazy\" decoding=\"async\" class=\"pic wp-image-5449\"  data-valign=\"middle\" data-halign=\"center\" alt=\"La ballerina Paulette Duval (1900-1933) con un costume di scena disegnato dallo stilista Georges Doeuillet. Bibliotheque des Arts Decoratifs, Parigi, Francia\" data-full=\"https:\/\/scalarchives.com\/wp-content\/uploads\/2021\/02\/DA42700-Georges-Doeuillet.jpg\" title=\"DA42700 Georges Doeuillet\" width=\"238\" height=\"300\" src=\"https:\/\/scalarchives.com\/wp-content\/uploads\/2021\/02\/DA42700-Georges-Doeuillet-238x300.jpg\" data-src=\"https:\/\/scalarchives.com\/wp-content\/uploads\/2021\/02\/DA42700-Georges-Doeuillet-238x300.jpg\" data-caption=\"La ballerina Paulette Duval (1900-1933) con un costume di scena disegnato dallo stilista Georges Doeuillet. Dalla rivista Le Bon Ton, 1920 - DA42700\" srcset=\"https:\/\/scalarchives.com\/wp-content\/uploads\/2021\/02\/DA42700-Georges-Doeuillet-238x300.jpg 238w, https:\/\/scalarchives.com\/wp-content\/uploads\/2021\/02\/DA42700-Georges-Doeuillet-768x967.jpg 768w, https:\/\/scalarchives.com\/wp-content\/uploads\/2021\/02\/DA42700-Georges-Doeuillet.jpg 794w\" sizes=\"auto, (max-width: 238px) 100vw, 238px\" \/>\n\t<\/div>\n\n<\/div><div class=\"modula-item jtg-filter-all jtg-filter-\" >\n\t<div class=\"modula-item-content\">\n\t\t\n\t\t\t\t\t<a role=\"button\" tabindex=\"0\" rel=\"jtg-5400\" data-caption=\"&lt;span class=&quot;modula-caption-description&quot;&gt;Costume per Djamileh, 1872, opera di Georges Bizet (1838-1875). Disegno di Marcel Multzer - DA42859&lt;\/span&gt;\" aria-label=\"Open image in lightbox\" data-thumb=\"https:\/\/scalarchives.com\/wp-content\/uploads\/2021\/02\/DA42859-Marcel-Multzer-223x300.jpg\" class=\"tile-inner modula-item-link\"><\/a>\n\t\t\n\t\t<img loading=\"lazy\" decoding=\"async\" class=\"pic wp-image-5453\"  data-valign=\"middle\" data-halign=\"center\" alt=\"Costume per Djamileh, 1872, opera di Georges Bizet (1838-1875). Bibliotheque Nationale, Parigi, Francia\" data-full=\"https:\/\/scalarchives.com\/wp-content\/uploads\/2021\/02\/DA42859-Marcel-Multzer.jpg\" title=\"DA42859 Marcel Multzer\" width=\"223\" height=\"300\" src=\"https:\/\/scalarchives.com\/wp-content\/uploads\/2021\/02\/DA42859-Marcel-Multzer-223x300.jpg\" data-src=\"https:\/\/scalarchives.com\/wp-content\/uploads\/2021\/02\/DA42859-Marcel-Multzer-223x300.jpg\" data-caption=\"Costume per Djamileh, 1872, opera di Georges Bizet (1838-1875). Disegno di Marcel Multzer - DA42859\" srcset=\"https:\/\/scalarchives.com\/wp-content\/uploads\/2021\/02\/DA42859-Marcel-Multzer-223x300.jpg 223w, https:\/\/scalarchives.com\/wp-content\/uploads\/2021\/02\/DA42859-Marcel-Multzer.jpg 744w\" sizes=\"auto, (max-width: 223px) 100vw, 223px\" \/>\n\t<\/div>\n\n<\/div><div class=\"modula-item jtg-filter-all jtg-filter-\" >\n\t<div class=\"modula-item-content\">\n\t\t\n\t\t\t\t\t<a role=\"button\" tabindex=\"0\" rel=\"jtg-5400\" data-caption=\"&lt;span class=&quot;modula-caption-description&quot;&gt;Moda, Francia XX secolo. Figurini femminili con abiti da sera di Jeanne-Marie Lanvin eseguiti da Mercie Mac Hardy, Londra 1920. Estratto dalla rivista Le Bon Ton - DA54834&lt;\/span&gt;\" aria-label=\"Open image in lightbox\" data-thumb=\"https:\/\/scalarchives.com\/wp-content\/uploads\/2021\/02\/DA54834-224x300.jpg\" class=\"tile-inner modula-item-link\"><\/a>\n\t\t\n\t\t<img loading=\"lazy\" decoding=\"async\" class=\"pic wp-image-5457\"  data-valign=\"middle\" data-halign=\"center\" alt=\"Figurini femminili con abiti da sera di Jeanne-Marie Lanvin eseguiti da Mercie Mac Hardy, Londra 1920. Bibliotheque des Arts Decoratifs, Parigi, Francia\" data-full=\"https:\/\/scalarchives.com\/wp-content\/uploads\/2021\/02\/DA54834.jpg\" title=\"DA54834\" width=\"224\" height=\"300\" src=\"https:\/\/scalarchives.com\/wp-content\/uploads\/2021\/02\/DA54834-224x300.jpg\" data-src=\"https:\/\/scalarchives.com\/wp-content\/uploads\/2021\/02\/DA54834-224x300.jpg\" data-caption=\"Moda, Francia XX secolo. Figurini femminili con abiti da sera di Jeanne-Marie Lanvin eseguiti da Mercie Mac Hardy, Londra 1920. Estratto dalla rivista Le Bon Ton - DA54834\" srcset=\"https:\/\/scalarchives.com\/wp-content\/uploads\/2021\/02\/DA54834-224x300.jpg 224w, https:\/\/scalarchives.com\/wp-content\/uploads\/2021\/02\/DA54834.jpg 745w\" sizes=\"auto, (max-width: 224px) 100vw, 224px\" \/>\n\t<\/div>\n\n<\/div><div class=\"modula-item jtg-filter-all jtg-filter-\" >\n\t<div class=\"modula-item-content\">\n\t\t\n\t\t\t\t\t<a role=\"button\" tabindex=\"0\" rel=\"jtg-5400\" data-caption=\"&lt;span class=&quot;modula-caption-description&quot;&gt;Moda, Francia XX secolo. Abiti da pomeriggio di Jeanne Lanvin, 1920. Estratto dalla rivista Le Bon Ton - DA54836&lt;\/span&gt;\" aria-label=\"Open image in lightbox\" data-thumb=\"https:\/\/scalarchives.com\/wp-content\/uploads\/2021\/02\/DA54836-235x300.jpg\" class=\"tile-inner modula-item-link\"><\/a>\n\t\t\n\t\t<img loading=\"lazy\" decoding=\"async\" class=\"pic wp-image-5461\"  data-valign=\"middle\" data-halign=\"center\" alt=\"Moda, Francia XX secolo. Abiti da pomeriggio di Jeanne Lanvin, 1920. Bibliotheque des Arts Decoratifs, Parigi, Francia\" data-full=\"https:\/\/scalarchives.com\/wp-content\/uploads\/2021\/02\/DA54836.jpg\" title=\"DA54836\" width=\"235\" height=\"300\" src=\"https:\/\/scalarchives.com\/wp-content\/uploads\/2021\/02\/DA54836-235x300.jpg\" data-src=\"https:\/\/scalarchives.com\/wp-content\/uploads\/2021\/02\/DA54836-235x300.jpg\" data-caption=\"Moda, Francia XX secolo. Abiti da pomeriggio di Jeanne Lanvin, 1920. Estratto dalla rivista Le Bon Ton - DA54836\" srcset=\"https:\/\/scalarchives.com\/wp-content\/uploads\/2021\/02\/DA54836-235x300.jpg 235w, https:\/\/scalarchives.com\/wp-content\/uploads\/2021\/02\/DA54836-768x981.jpg 768w, https:\/\/scalarchives.com\/wp-content\/uploads\/2021\/02\/DA54836.jpg 783w\" sizes=\"auto, (max-width: 235px) 100vw, 235px\" \/>\n\t<\/div>\n\n<\/div><div class=\"modula-item jtg-filter-all jtg-filter-\" >\n\t<div class=\"modula-item-content\">\n\t\t\n\t\t\t\t\t<a role=\"button\" tabindex=\"0\" rel=\"jtg-5400\" data-caption=\"&lt;span class=&quot;modula-caption-description&quot;&gt;Due cappelli disegnati dall&#039;eccentrica e inventiva Elsa Schiaparelli - E062747&lt;\/span&gt;\" aria-label=\"Open image in lightbox\" data-thumb=\"https:\/\/scalarchives.com\/wp-content\/uploads\/2021\/02\/E062747-Elsa-Schiaparelli-232x300.jpg\" class=\"tile-inner modula-item-link\"><\/a>\n\t\t\n\t\t<img loading=\"lazy\" decoding=\"async\" class=\"pic wp-image-5465\"  data-valign=\"middle\" data-halign=\"center\" alt=\"Due cappelli disegnati dall&#039;eccentrica e inventiva Elsa Schiaparelli. Mary Evans Picture Library, Londra, Gran Bretagna\" data-full=\"https:\/\/scalarchives.com\/wp-content\/uploads\/2021\/02\/E062747-Elsa-Schiaparelli.jpg\" title=\"E062747 Elsa Schiaparelli\" width=\"232\" height=\"300\" src=\"https:\/\/scalarchives.com\/wp-content\/uploads\/2021\/02\/E062747-Elsa-Schiaparelli-232x300.jpg\" data-src=\"https:\/\/scalarchives.com\/wp-content\/uploads\/2021\/02\/E062747-Elsa-Schiaparelli-232x300.jpg\" data-caption=\"Due cappelli disegnati dall&#039;eccentrica e inventiva Elsa Schiaparelli - E062747\" srcset=\"https:\/\/scalarchives.com\/wp-content\/uploads\/2021\/02\/E062747-Elsa-Schiaparelli-232x300.jpg 232w, https:\/\/scalarchives.com\/wp-content\/uploads\/2021\/02\/E062747-Elsa-Schiaparelli-768x994.jpg 768w, https:\/\/scalarchives.com\/wp-content\/uploads\/2021\/02\/E062747-Elsa-Schiaparelli.jpg 773w\" sizes=\"auto, (max-width: 232px) 100vw, 232px\" \/>\n\t<\/div>\n\n<\/div><div class=\"modula-item jtg-filter-all jtg-filter-\" >\n\t<div class=\"modula-item-content\">\n\t\t\n\t\t\t\t\t<a role=\"button\" tabindex=\"0\" rel=\"jtg-5400\" data-caption=\"&lt;span class=&quot;modula-caption-description&quot;&gt;Due giovani donne alla moda con gli abiti pi\u00f9 recenti. A sinistra, un abito da visitatore in mussola malva con nastro azzurro e bordo di pelliccia all&#039;orlo, di Jeanne Lanvin - E087229&lt;\/span&gt;\" aria-label=\"Open image in lightbox\" data-thumb=\"https:\/\/scalarchives.com\/wp-content\/uploads\/2021\/02\/E087229-Jeanne-Lanvin-189x300.jpg\" class=\"tile-inner modula-item-link\"><\/a>\n\t\t\n\t\t<img loading=\"lazy\" decoding=\"async\" class=\"pic wp-image-5469\"  data-valign=\"middle\" data-halign=\"center\" alt=\"Due giovani donne alla moda con gli abiti pi\u00f9 recenti. A sinistra, un abito da visitatore in mussola malva con nastro azzurro e bordo di pelliccia all&#039;orlo, di Jeanne Lanvin. Mary Evans Picture Library, Londra, Gran Bretagna\" data-full=\"https:\/\/scalarchives.com\/wp-content\/uploads\/2021\/02\/E087229-Jeanne-Lanvin.jpg\" title=\"E087229 Jeanne Lanvin\" width=\"189\" height=\"300\" src=\"https:\/\/scalarchives.com\/wp-content\/uploads\/2021\/02\/E087229-Jeanne-Lanvin-189x300.jpg\" data-src=\"https:\/\/scalarchives.com\/wp-content\/uploads\/2021\/02\/E087229-Jeanne-Lanvin-189x300.jpg\" data-caption=\"Due giovani donne alla moda con gli abiti pi\u00f9 recenti. A sinistra, un abito da visitatore in mussola malva con nastro azzurro e bordo di pelliccia all&#039;orlo, di Jeanne Lanvin - E087229\" srcset=\"https:\/\/scalarchives.com\/wp-content\/uploads\/2021\/02\/E087229-Jeanne-Lanvin-189x300.jpg 189w, https:\/\/scalarchives.com\/wp-content\/uploads\/2021\/02\/E087229-Jeanne-Lanvin.jpg 629w\" sizes=\"auto, (max-width: 189px) 100vw, 189px\" \/>\n\t<\/div>\n\n<\/div><div class=\"modula-item jtg-filter-all jtg-filter-\" >\n\t<div class=\"modula-item-content\">\n\t\t\n\t\t\t\t\t<a role=\"button\" tabindex=\"0\" rel=\"jtg-5400\" data-caption=\"&lt;span class=&quot;modula-caption-description&quot;&gt;Costumi di Dolly Tree per L&#039;Autruche Noire al Blanc da Folies Sur Folies alle Folies Bergere, Parigi, 1922 - E202516&lt;\/span&gt;\" aria-label=\"Open image in lightbox\" data-thumb=\"https:\/\/scalarchives.com\/wp-content\/uploads\/2021\/02\/E202516-273x300.jpg\" class=\"tile-inner modula-item-link\"><\/a>\n\t\t\n\t\t<img loading=\"lazy\" decoding=\"async\" class=\"pic wp-image-5473\"  data-valign=\"middle\" data-halign=\"center\" alt=\"Costumi di Dolly Tree per L&#039;Autruche Noire al Blanc da Folies Sur Folies alle Folies Bergere, Parigi, 1922. Mary Evans Picture Library, Londra, Gran Bretagna\" data-full=\"https:\/\/scalarchives.com\/wp-content\/uploads\/2021\/02\/E202516.jpg\" title=\"E202516\" width=\"273\" height=\"300\" src=\"https:\/\/scalarchives.com\/wp-content\/uploads\/2021\/02\/E202516-273x300.jpg\" data-src=\"https:\/\/scalarchives.com\/wp-content\/uploads\/2021\/02\/E202516-273x300.jpg\" data-caption=\"Costumi di Dolly Tree per L&#039;Autruche Noire al Blanc da Folies Sur Folies alle Folies Bergere, Parigi, 1922 - E202516\" srcset=\"https:\/\/scalarchives.com\/wp-content\/uploads\/2021\/02\/E202516-273x300.jpg 273w, https:\/\/scalarchives.com\/wp-content\/uploads\/2021\/02\/E202516-768x845.jpg 768w, https:\/\/scalarchives.com\/wp-content\/uploads\/2021\/02\/E202516.jpg 909w\" sizes=\"auto, (max-width: 273px) 100vw, 273px\" \/>\n\t<\/div>\n\n<\/div><div class=\"modula-item jtg-filter-all jtg-filter-\" >\n\t<div class=\"modula-item-content\">\n\t\t\n\t\t\t\t\t<a role=\"button\" tabindex=\"0\" rel=\"jtg-5400\" data-caption=\"&lt;span class=&quot;modula-caption-description&quot;&gt;Costumi di Louis Curti per Serpentine Ballet, anni &#039;20 o &#039;30 - E202551&lt;\/span&gt;\" aria-label=\"Open image in lightbox\" data-thumb=\"https:\/\/scalarchives.com\/wp-content\/uploads\/2021\/02\/E202551-Louis-Curti-300x238.jpg\" class=\"tile-inner modula-item-link\"><\/a>\n\t\t\n\t\t<img loading=\"lazy\" decoding=\"async\" class=\"pic wp-image-5477\"  data-valign=\"middle\" data-halign=\"center\" alt=\"Costumi di Louis Curti per Serpentine Ballet, anni &#039;20 o &#039;30. Mary Evans Picture Library, Londra, Gran Bretagna\" data-full=\"https:\/\/scalarchives.com\/wp-content\/uploads\/2021\/02\/E202551-Louis-Curti.jpg\" title=\"E202551 Louis Curti\" width=\"300\" height=\"238\" src=\"https:\/\/scalarchives.com\/wp-content\/uploads\/2021\/02\/E202551-Louis-Curti-300x238.jpg\" data-src=\"https:\/\/scalarchives.com\/wp-content\/uploads\/2021\/02\/E202551-Louis-Curti-300x238.jpg\" data-caption=\"Costumi di Louis Curti per Serpentine Ballet, anni &#039;20 o &#039;30 - E202551\" srcset=\"https:\/\/scalarchives.com\/wp-content\/uploads\/2021\/02\/E202551-Louis-Curti-300x238.jpg 300w, https:\/\/scalarchives.com\/wp-content\/uploads\/2021\/02\/E202551-Louis-Curti-768x609.jpg 768w, https:\/\/scalarchives.com\/wp-content\/uploads\/2021\/02\/E202551-Louis-Curti.jpg 1000w\" sizes=\"auto, (max-width: 300px) 100vw, 300px\" \/>\n\t<\/div>\n\n<\/div><div class=\"modula-item jtg-filter-all jtg-filter-\" >\n\t<div class=\"modula-item-content\">\n\t\t\n\t\t\t\t\t<a role=\"button\" tabindex=\"0\" rel=\"jtg-5400\" data-caption=\"&lt;span class=&quot;modula-caption-description&quot;&gt;Costumi di Jose de Zamora per una showgirl in rosso e oro, anni &#039;20 per uno sconosciuto music hall di Parigi - E202558&lt;\/span&gt;\" aria-label=\"Open image in lightbox\" data-thumb=\"https:\/\/scalarchives.com\/wp-content\/uploads\/2021\/02\/E202558-221x300.jpg\" class=\"tile-inner modula-item-link\"><\/a>\n\t\t\n\t\t<img loading=\"lazy\" decoding=\"async\" class=\"pic wp-image-5481\"  data-valign=\"middle\" data-halign=\"center\" alt=\"Costumi di Jose de Zamora per una showgirl in rosso e oro, anni &#039;20 per uno sconosciuto music hall di Parigi. Mary Evans Picture Library, Londra, Gran Bretagna\" data-full=\"https:\/\/scalarchives.com\/wp-content\/uploads\/2021\/02\/E202558.jpg\" title=\"E202558\" width=\"221\" height=\"300\" src=\"https:\/\/scalarchives.com\/wp-content\/uploads\/2021\/02\/E202558-221x300.jpg\" data-src=\"https:\/\/scalarchives.com\/wp-content\/uploads\/2021\/02\/E202558-221x300.jpg\" data-caption=\"Costumi di Jose de Zamora per una showgirl in rosso e oro, anni &#039;20 per uno sconosciuto music hall di Parigi - E202558\" srcset=\"https:\/\/scalarchives.com\/wp-content\/uploads\/2021\/02\/E202558-221x300.jpg 221w, https:\/\/scalarchives.com\/wp-content\/uploads\/2021\/02\/E202558.jpg 736w\" sizes=\"auto, (max-width: 221px) 100vw, 221px\" \/>\n\t<\/div>\n\n<\/div><div class=\"modula-item jtg-filter-all jtg-filter-\" >\n\t<div class=\"modula-item-content\">\n\t\t\n\t\t\t\t\t<a role=\"button\" tabindex=\"0\" rel=\"jtg-5400\" data-caption=\"&lt;span class=&quot;modula-caption-description&quot;&gt;Abiti da ballo anni &#039;20. 1929 - E495378&lt;\/span&gt;\" aria-label=\"Open image in lightbox\" data-thumb=\"https:\/\/scalarchives.com\/wp-content\/uploads\/2021\/02\/E495378-208x300.jpg\" class=\"tile-inner modula-item-link\"><\/a>\n\t\t\n\t\t<img loading=\"lazy\" decoding=\"async\" class=\"pic wp-image-5485\"  data-valign=\"middle\" data-halign=\"center\" alt=\"Abiti da ballo anni &#039;20. 1929. Mary Evans Picture Library, Londra, Gran Bretagna\" data-full=\"https:\/\/scalarchives.com\/wp-content\/uploads\/2021\/02\/E495378.jpg\" title=\"E495378\" width=\"208\" height=\"300\" src=\"https:\/\/scalarchives.com\/wp-content\/uploads\/2021\/02\/E495378-208x300.jpg\" data-src=\"https:\/\/scalarchives.com\/wp-content\/uploads\/2021\/02\/E495378-208x300.jpg\" data-caption=\"Abiti da ballo anni &#039;20. 1929 - E495378\" srcset=\"https:\/\/scalarchives.com\/wp-content\/uploads\/2021\/02\/E495378-208x300.jpg 208w, https:\/\/scalarchives.com\/wp-content\/uploads\/2021\/02\/E495378.jpg 692w\" sizes=\"auto, (max-width: 208px) 100vw, 208px\" \/>\n\t<\/div>\n\n<\/div><div class=\"modula-item jtg-filter-all jtg-filter-\" >\n\t<div class=\"modula-item-content\">\n\t\t\n\t\t\t\t\t<a role=\"button\" class=\"tile-inner modula-item-link\" rel=\"jtg-5400\" data-full=\"https:\/\/www.youtube.com\/embed\/lzaj1_Cl0TA\" tabindex=\"0\" data-caption=\"&lt;span class=&quot;modula-caption-description&quot;&gt;Un design di Victor Stiebel (1907-1976) per un abito indossato nel 1933 nel musical di Jerome Kern &quot;Music in the Air&quot; all&#039;Her Majesty&#039;s Theatre di Londra, con Mary Ellis. - E127371&lt;\/span&gt;\" aria-label=\"Open image in lightbox\" data-thumb=\"https:\/\/scalarchives.com\/wp-content\/uploads\/2021\/09\/E127371-195x300.jpg\" class=\"tile-inner modula-item-link\"><\/a>\n\t\t\n\t\t<img loading=\"lazy\" decoding=\"async\" class=\"pic wp-image-18648\"  data-valign=\"middle\" data-halign=\"center\" alt=\"Un design di Victor Stiebel (1907-1976) per un abito indossato nel 1933 nel musical di Jerome Kern &quot;Music in the Air&quot; all&#039;Her Majesty&#039;s Theatre di Londra, con Mary Ellis.\" data-full=\"https:\/\/www.youtube.com\/embed\/lzaj1_Cl0TA\" title=\"Un design di Victor Stiebel (1907-1976) per un abito indossato nel 1933 nel musical di Jerome Kern &quot;Music in the Air&quot; all&#039;Her Majesty&#039;s Theatre di Londra, con Mary Ellis.- E127371\" width=\"195\" height=\"300\" src=\"https:\/\/scalarchives.com\/wp-content\/uploads\/2021\/09\/E127371-195x300.jpg\" data-src=\"https:\/\/scalarchives.com\/wp-content\/uploads\/2021\/09\/E127371-195x300.jpg\" data-caption=\"Un design di Victor Stiebel (1907-1976) per un abito indossato nel 1933 nel musical di Jerome Kern &quot;Music in the Air&quot; all&#039;Her Majesty&#039;s Theatre di Londra, con Mary Ellis. - E127371\" srcset=\"https:\/\/scalarchives.com\/wp-content\/uploads\/2021\/09\/E127371-195x300.jpg 195w, https:\/\/scalarchives.com\/wp-content\/uploads\/2021\/09\/E127371.jpg 498w\" sizes=\"auto, (max-width: 195px) 100vw, 195px\" \/><div class=\"modula-video-icon\"><svg viewBox=\"0 0 24 24\" aria-hidden=\"true\" data-prefix=\"far\" data-icon=\"play-circle\" class=\"svg-inline--fa fa-play-circle fa-w-16\" role=\"img\" xmlns=\"http:\/\/www.w3.org\/2000\/svg\" ><path fill=\"#fff\" d=\"M 17.421875 11.15625 L 9.171875 6.140625 C 8.433594 5.726562 7.5 6.257812 7.5 7.125 L 7.5 16.875 C 7.5 17.738281 8.429688 18.273438 9.171875 17.859375 L 17.421875 13.125 C 18.191406 12.699219 18.191406 11.585938 17.421875 11.15625 Z M 23.625 12 C 23.625 5.578125 18.421875 0.375 12 0.375 C 5.578125 0.375 0.375 5.578125 0.375 12 C 0.375 18.421875 5.578125 23.625 12 23.625 C 18.421875 23.625 23.625 18.421875 23.625 12 Z M 2.625 12 C 2.625 6.820312 6.820312 2.625 12 2.625 C 17.179688 2.625 21.375 6.820312 21.375 12 C 21.375 17.179688 17.179688 21.375 12 21.375 C 6.820312 21.375 2.625 17.179688 2.625 12 Z M 2.625 12 \"><\/path><\/svg><\/div>\n\t<\/div>\n\n<\/div><div class=\"modula-item jtg-filter-all jtg-filter-\" >\n\t<div class=\"modula-item-content\">\n\t\t\n\t\t\t\t\t<a role=\"button\" tabindex=\"0\" rel=\"jtg-5400\" data-caption=\"&lt;span class=&quot;modula-caption-description&quot;&gt;&lt;\/span&gt;\" aria-label=\"Open image in lightbox\" data-thumb=\"https:\/\/scalarchives.com\/wp-content\/uploads\/2021\/02\/E127256-195x300.jpg\" class=\"tile-inner modula-item-link\"><\/a>\n\t\t\n\t\t<img loading=\"lazy\" decoding=\"async\" class=\"pic wp-image-17955\"  data-valign=\"middle\" data-halign=\"center\" alt=\"\" data-full=\"https:\/\/scalarchives.com\/wp-content\/uploads\/2021\/02\/E127256.jpg\" title=\"E127256\" width=\"195\" height=\"300\" src=\"https:\/\/scalarchives.com\/wp-content\/uploads\/2021\/02\/E127256-195x300.jpg\" data-src=\"https:\/\/scalarchives.com\/wp-content\/uploads\/2021\/02\/E127256-195x300.jpg\" data-caption=\"\" srcset=\"https:\/\/scalarchives.com\/wp-content\/uploads\/2021\/02\/E127256-195x300.jpg 195w, https:\/\/scalarchives.com\/wp-content\/uploads\/2021\/02\/E127256.jpg 650w\" sizes=\"auto, (max-width: 195px) 100vw, 195px\" \/>\n\t<\/div>\n\n<\/div><div class=\"modula-item jtg-filter-all jtg-filter-\" >\n\t<div class=\"modula-item-content\">\n\t\t\n\t\t\t\t\t<a role=\"button\" tabindex=\"0\" rel=\"jtg-5400\" data-caption=\"&lt;span class=&quot;modula-caption-description&quot;&gt;&lt;\/span&gt;\" aria-label=\"Open image in lightbox\" data-thumb=\"https:\/\/scalarchives.com\/wp-content\/uploads\/2021\/02\/E127796-300x189.jpg\" class=\"tile-inner modula-item-link\"><\/a>\n\t\t\n\t\t<img loading=\"lazy\" decoding=\"async\" class=\"pic wp-image-17943\"  data-valign=\"middle\" data-halign=\"center\" alt=\"\" data-full=\"https:\/\/scalarchives.com\/wp-content\/uploads\/2021\/02\/E127796.jpg\" title=\"E127796\" width=\"300\" height=\"189\" src=\"https:\/\/scalarchives.com\/wp-content\/uploads\/2021\/02\/E127796-300x189.jpg\" data-src=\"https:\/\/scalarchives.com\/wp-content\/uploads\/2021\/02\/E127796-300x189.jpg\" data-caption=\"\" srcset=\"https:\/\/scalarchives.com\/wp-content\/uploads\/2021\/02\/E127796-300x189.jpg 300w, https:\/\/scalarchives.com\/wp-content\/uploads\/2021\/02\/E127796-768x484.jpg 768w, https:\/\/scalarchives.com\/wp-content\/uploads\/2021\/02\/E127796.jpg 1000w\" sizes=\"auto, (max-width: 300px) 100vw, 300px\" \/>\n\t<\/div>\n\n<\/div><div class=\"modula-item jtg-filter-all jtg-filter-\" >\n\t<div class=\"modula-item-content\">\n\t\t\n\t\t\t\t\t<a role=\"button\" tabindex=\"0\" rel=\"jtg-5400\" data-caption=\"&lt;span class=&quot;modula-caption-description&quot;&gt;&lt;\/span&gt;\" aria-label=\"Open image in lightbox\" data-thumb=\"https:\/\/scalarchives.com\/wp-content\/uploads\/2021\/02\/E223655-183x300.jpg\" class=\"tile-inner modula-item-link\"><\/a>\n\t\t\n\t\t<img loading=\"lazy\" decoding=\"async\" class=\"pic wp-image-17931\"  data-valign=\"middle\" data-halign=\"center\" alt=\"\" data-full=\"https:\/\/scalarchives.com\/wp-content\/uploads\/2021\/02\/E223655.jpg\" title=\"E223655\" width=\"183\" height=\"300\" src=\"https:\/\/scalarchives.com\/wp-content\/uploads\/2021\/02\/E223655-183x300.jpg\" data-src=\"https:\/\/scalarchives.com\/wp-content\/uploads\/2021\/02\/E223655-183x300.jpg\" data-caption=\"\" srcset=\"https:\/\/scalarchives.com\/wp-content\/uploads\/2021\/02\/E223655-183x300.jpg 183w, https:\/\/scalarchives.com\/wp-content\/uploads\/2021\/02\/E223655.jpg 611w\" sizes=\"auto, (max-width: 183px) 100vw, 183px\" \/>\n\t<\/div>\n\n<\/div><div class=\"modula-item jtg-filter-all jtg-filter-\" >\n\t<div class=\"modula-item-content\">\n\t\t\n\t\t\t\t\t<a role=\"button\" tabindex=\"0\" rel=\"jtg-5400\" data-caption=\"&lt;span class=&quot;modula-caption-description&quot;&gt;&lt;\/span&gt;\" aria-label=\"Open image in lightbox\" data-thumb=\"https:\/\/scalarchives.com\/wp-content\/uploads\/2021\/02\/E126835-243x300.jpg\" class=\"tile-inner modula-item-link\"><\/a>\n\t\t\n\t\t<img loading=\"lazy\" decoding=\"async\" class=\"pic wp-image-17951\"  data-valign=\"middle\" data-halign=\"center\" alt=\"\" data-full=\"https:\/\/scalarchives.com\/wp-content\/uploads\/2021\/02\/E126835.jpg\" title=\"E126835\" width=\"243\" height=\"300\" src=\"https:\/\/scalarchives.com\/wp-content\/uploads\/2021\/02\/E126835-243x300.jpg\" data-src=\"https:\/\/scalarchives.com\/wp-content\/uploads\/2021\/02\/E126835-243x300.jpg\" data-caption=\"\" srcset=\"https:\/\/scalarchives.com\/wp-content\/uploads\/2021\/02\/E126835-243x300.jpg 243w, https:\/\/scalarchives.com\/wp-content\/uploads\/2021\/02\/E126835-768x947.jpg 768w, https:\/\/scalarchives.com\/wp-content\/uploads\/2021\/02\/E126835.jpg 811w\" sizes=\"auto, (max-width: 243px) 100vw, 243px\" \/>\n\t<\/div>\n\n<\/div><div class=\"modula-item jtg-filter-all jtg-filter-\" >\n\t<div class=\"modula-item-content\">\n\t\t\n\t\t\t\t\t<a role=\"button\" tabindex=\"0\" rel=\"jtg-5400\" data-caption=\"&lt;span class=&quot;modula-caption-description&quot;&gt;&lt;\/span&gt;\" aria-label=\"Open image in lightbox\" data-thumb=\"https:\/\/scalarchives.com\/wp-content\/uploads\/2021\/02\/E247653-201x300.jpg\" class=\"tile-inner modula-item-link\"><\/a>\n\t\t\n\t\t<img loading=\"lazy\" decoding=\"async\" class=\"pic wp-image-17922\"  data-valign=\"middle\" data-halign=\"center\" alt=\"\" data-full=\"https:\/\/scalarchives.com\/wp-content\/uploads\/2021\/02\/E247653.jpg\" title=\"E247653\" width=\"201\" height=\"300\" src=\"https:\/\/scalarchives.com\/wp-content\/uploads\/2021\/02\/E247653-201x300.jpg\" data-src=\"https:\/\/scalarchives.com\/wp-content\/uploads\/2021\/02\/E247653-201x300.jpg\" data-caption=\"\" srcset=\"https:\/\/scalarchives.com\/wp-content\/uploads\/2021\/02\/E247653-201x300.jpg 201w, https:\/\/scalarchives.com\/wp-content\/uploads\/2021\/02\/E247653.jpg 671w\" sizes=\"auto, (max-width: 201px) 100vw, 201px\" \/>\n\t<\/div>\n\n<\/div><div class=\"modula-item jtg-filter-all jtg-filter-\" >\n\t<div class=\"modula-item-content\">\n\t\t\n\t\t\t\t\t<a role=\"button\" tabindex=\"0\" rel=\"jtg-5400\" data-caption=\"&lt;span class=&quot;modula-caption-description&quot;&gt;&lt;\/span&gt;\" aria-label=\"Open image in lightbox\" data-thumb=\"https:\/\/scalarchives.com\/wp-content\/uploads\/2021\/02\/E140273-214x300.jpg\" class=\"tile-inner modula-item-link\"><\/a>\n\t\t\n\t\t<img loading=\"lazy\" decoding=\"async\" class=\"pic wp-image-17939\"  data-valign=\"middle\" data-halign=\"center\" alt=\"\" data-full=\"https:\/\/scalarchives.com\/wp-content\/uploads\/2021\/02\/E140273.jpg\" title=\"E140273\" width=\"214\" height=\"300\" src=\"https:\/\/scalarchives.com\/wp-content\/uploads\/2021\/02\/E140273-214x300.jpg\" data-src=\"https:\/\/scalarchives.com\/wp-content\/uploads\/2021\/02\/E140273-214x300.jpg\" data-caption=\"\" srcset=\"https:\/\/scalarchives.com\/wp-content\/uploads\/2021\/02\/E140273-214x300.jpg 214w, https:\/\/scalarchives.com\/wp-content\/uploads\/2021\/02\/E140273.jpg 713w\" sizes=\"auto, (max-width: 214px) 100vw, 214px\" \/>\n\t<\/div>\n\n<\/div><div class=\"modula-item jtg-filter-all jtg-filter-\" >\n\t<div class=\"modula-item-content\">\n\t\t\n\t\t\t\t\t<a role=\"button\" tabindex=\"0\" rel=\"jtg-5400\" data-caption=\"&lt;span class=&quot;modula-caption-description&quot;&gt;&lt;\/span&gt;\" aria-label=\"Open image in lightbox\" data-thumb=\"https:\/\/scalarchives.com\/wp-content\/uploads\/2021\/02\/E053971-233x300.jpg\" class=\"tile-inner modula-item-link\"><\/a>\n\t\t\n\t\t<img loading=\"lazy\" decoding=\"async\" class=\"pic wp-image-17959\"  data-valign=\"middle\" data-halign=\"center\" alt=\"\" data-full=\"https:\/\/scalarchives.com\/wp-content\/uploads\/2021\/02\/E053971.jpg\" title=\"E053971\" width=\"233\" height=\"300\" src=\"https:\/\/scalarchives.com\/wp-content\/uploads\/2021\/02\/E053971-233x300.jpg\" data-src=\"https:\/\/scalarchives.com\/wp-content\/uploads\/2021\/02\/E053971-233x300.jpg\" data-caption=\"\" srcset=\"https:\/\/scalarchives.com\/wp-content\/uploads\/2021\/02\/E053971-233x300.jpg 233w, https:\/\/scalarchives.com\/wp-content\/uploads\/2021\/02\/E053971-768x991.jpg 768w, https:\/\/scalarchives.com\/wp-content\/uploads\/2021\/02\/E053971.jpg 775w\" sizes=\"auto, (max-width: 233px) 100vw, 233px\" \/>\n\t<\/div>\n\n<\/div><div class=\"modula-item jtg-filter-all jtg-filter-\" >\n\t<div class=\"modula-item-content\">\n\t\t\n\t\t\t\t\t<a role=\"button\" tabindex=\"0\" rel=\"jtg-5400\" data-caption=\"&lt;span class=&quot;modula-caption-description&quot;&gt;Coco Chanel disegnata da Cecil Beaton -N070061&lt;\/span&gt;\" aria-label=\"Open image in lightbox\" data-thumb=\"https:\/\/scalarchives.com\/wp-content\/uploads\/2021\/02\/N070061-218x300.jpg\" class=\"tile-inner modula-item-link\"><\/a>\n\t\t\n\t\t<img loading=\"lazy\" decoding=\"async\" class=\"pic wp-image-5501\"  data-valign=\"middle\" data-halign=\"center\" alt=\"Coco Chanel disegnata da Cecil Beaton. National Portrait Gallery, Londra, Gran Bretagna\" data-full=\"https:\/\/scalarchives.com\/wp-content\/uploads\/2021\/02\/N070061.jpg\" title=\"N070061\" width=\"218\" height=\"300\" src=\"https:\/\/scalarchives.com\/wp-content\/uploads\/2021\/02\/N070061-218x300.jpg\" data-src=\"https:\/\/scalarchives.com\/wp-content\/uploads\/2021\/02\/N070061-218x300.jpg\" data-caption=\"Coco Chanel disegnata da Cecil Beaton -N070061\" srcset=\"https:\/\/scalarchives.com\/wp-content\/uploads\/2021\/02\/N070061-218x300.jpg 218w, https:\/\/scalarchives.com\/wp-content\/uploads\/2021\/02\/N070061.jpg 725w\" sizes=\"auto, (max-width: 218px) 100vw, 218px\" \/>\n\t<\/div>\n\n<\/div><div class=\"modula-item jtg-filter-all jtg-filter-\" >\n\t<div class=\"modula-item-content\">\n\t\t\n\t\t\t\t\t<a role=\"button\" tabindex=\"0\" rel=\"jtg-5400\" data-caption=\"&lt;span class=&quot;modula-caption-description&quot;&gt;Georges Lepape, Il ballerino Vaslav Nijinsky in &#039;Le Spectre de la Rose&#039;. 1911 - PC21560 &lt;\/span&gt;\" aria-label=\"Open image in lightbox\" data-thumb=\"https:\/\/scalarchives.com\/wp-content\/uploads\/2021\/02\/PC21560-Georges-Lepape-235x300.jpg\" class=\"tile-inner modula-item-link\"><\/a>\n\t\t\n\t\t<img loading=\"lazy\" decoding=\"async\" class=\"pic wp-image-5509\"  data-valign=\"middle\" data-halign=\"center\" alt=\"Georges Lepape, Il ballerino Vaslav Nijinsky in &#039;Le Spectre de la Rose&#039;. 1911\" data-full=\"https:\/\/scalarchives.com\/wp-content\/uploads\/2021\/02\/PC21560-Georges-Lepape.jpg\" title=\"PC21560 Georges Lepape\" width=\"235\" height=\"300\" src=\"https:\/\/scalarchives.com\/wp-content\/uploads\/2021\/02\/PC21560-Georges-Lepape-235x300.jpg\" data-src=\"https:\/\/scalarchives.com\/wp-content\/uploads\/2021\/02\/PC21560-Georges-Lepape-235x300.jpg\" data-caption=\"Georges Lepape, Il ballerino Vaslav Nijinsky in &#039;Le Spectre de la Rose&#039;. 1911 - PC21560 \" srcset=\"https:\/\/scalarchives.com\/wp-content\/uploads\/2021\/02\/PC21560-Georges-Lepape-235x300.jpg 235w, https:\/\/scalarchives.com\/wp-content\/uploads\/2021\/02\/PC21560-Georges-Lepape-768x982.jpg 768w, https:\/\/scalarchives.com\/wp-content\/uploads\/2021\/02\/PC21560-Georges-Lepape.jpg 782w\" sizes=\"auto, (max-width: 235px) 100vw, 235px\" \/>\n\t<\/div>\n\n<\/div><div class=\"modula-item jtg-filter-all jtg-filter-\" >\n\t<div class=\"modula-item-content\">\n\t\t\n\t\t\t\t\t<a role=\"button\" tabindex=\"0\" rel=\"jtg-5400\" data-caption=\"&lt;span class=&quot;modula-caption-description&quot;&gt;Costume dei quattro elementi per i balletti di Re Luigi XIV. Disegno di Jean Berain, XVIII secolo. - DA42452&lt;\/span&gt;\" aria-label=\"Open image in lightbox\" data-thumb=\"https:\/\/scalarchives.com\/wp-content\/uploads\/2021\/06\/DA42452-257x300.jpg\" class=\"tile-inner modula-item-link\"><\/a>\n\t\t\n\t\t<img loading=\"lazy\" decoding=\"async\" class=\"pic wp-image-14069\"  data-valign=\"middle\" data-halign=\"center\" alt=\"Costume dei quattro elementi per i balletti di Re Luigi XIV. Disegno di Jean Berain, XVIII secolo.\" data-full=\"https:\/\/scalarchives.com\/wp-content\/uploads\/2021\/06\/DA42452.jpg\" title=\"DA42452\" width=\"257\" height=\"300\" src=\"https:\/\/scalarchives.com\/wp-content\/uploads\/2021\/06\/DA42452-257x300.jpg\" data-src=\"https:\/\/scalarchives.com\/wp-content\/uploads\/2021\/06\/DA42452-257x300.jpg\" data-caption=\"Costume dei quattro elementi per i balletti di Re Luigi XIV. Disegno di Jean Berain, XVIII secolo. - DA42452\" srcset=\"https:\/\/scalarchives.com\/wp-content\/uploads\/2021\/06\/DA42452-257x300.jpg 257w, https:\/\/scalarchives.com\/wp-content\/uploads\/2021\/06\/DA42452-768x898.jpg 768w, https:\/\/scalarchives.com\/wp-content\/uploads\/2021\/06\/DA42452.jpg 855w\" sizes=\"auto, (max-width: 257px) 100vw, 257px\" \/>\n\t<\/div>\n\n<\/div><div class=\"modula-item jtg-filter-all jtg-filter-\" >\n\t<div class=\"modula-item-content\">\n\t\t\n\t\t\t\t\t<a role=\"button\" tabindex=\"0\" rel=\"jtg-5400\" data-caption=\"&lt;span class=&quot;modula-caption-description&quot;&gt;Leon Bakst, Disegno di costumi per Cleopatra - una ballerina - PC31560 &lt;\/span&gt;\" aria-label=\"Open image in lightbox\" data-thumb=\"https:\/\/scalarchives.com\/wp-content\/uploads\/2021\/02\/PC31560-Leon-Bakst-215x300.jpg\" class=\"tile-inner modula-item-link\"><\/a>\n\t\t\n\t\t<img loading=\"lazy\" decoding=\"async\" class=\"pic wp-image-5521\"  data-valign=\"middle\" data-halign=\"center\" alt=\"Leon Bakst, Disegno di costumi per Cleopatra - una ballerina.\" data-full=\"https:\/\/scalarchives.com\/wp-content\/uploads\/2021\/02\/PC31560-Leon-Bakst.jpg\" title=\"PC31560 Leon Bakst\" width=\"215\" height=\"300\" src=\"https:\/\/scalarchives.com\/wp-content\/uploads\/2021\/02\/PC31560-Leon-Bakst-215x300.jpg\" data-src=\"https:\/\/scalarchives.com\/wp-content\/uploads\/2021\/02\/PC31560-Leon-Bakst-215x300.jpg\" data-caption=\"Leon Bakst, Disegno di costumi per Cleopatra - una ballerina - PC31560 \" srcset=\"https:\/\/scalarchives.com\/wp-content\/uploads\/2021\/02\/PC31560-Leon-Bakst-215x300.jpg 215w, https:\/\/scalarchives.com\/wp-content\/uploads\/2021\/02\/PC31560-Leon-Bakst.jpg 715w\" sizes=\"auto, (max-width: 215px) 100vw, 215px\" \/>\n\t<\/div>\n\n<\/div><div class=\"modula-item jtg-filter-all jtg-filter-\" >\n\t<div class=\"modula-item-content\">\n\t\t\n\t\t\t\t\t<a role=\"button\" tabindex=\"0\" rel=\"jtg-5400\" data-caption=\"&lt;span class=&quot;modula-caption-description&quot;&gt;Marc Chagall, Gallo, costume per &#039;Aleko&#039; (Scena IV), 1942 - 0133158&lt;\/span&gt;\" aria-label=\"Open image in lightbox\" data-thumb=\"https:\/\/scalarchives.com\/wp-content\/uploads\/2021\/06\/0133158-203x300.jpg\" class=\"tile-inner modula-item-link\"><\/a>\n\t\t\n\t\t<img loading=\"lazy\" decoding=\"async\" class=\"pic wp-image-14053\"  data-valign=\"middle\" data-halign=\"center\" alt=\"Marc Chagall, Gallo, costume per &#039;Aleko&#039;\" data-full=\"https:\/\/scalarchives.com\/wp-content\/uploads\/2021\/06\/0133158.jpg\" title=\"0133158\" width=\"203\" height=\"300\" src=\"https:\/\/scalarchives.com\/wp-content\/uploads\/2021\/06\/0133158-203x300.jpg\" data-src=\"https:\/\/scalarchives.com\/wp-content\/uploads\/2021\/06\/0133158-203x300.jpg\" data-caption=\"Marc Chagall, Gallo, costume per &#039;Aleko&#039; (Scena IV), 1942 - 0133158\" srcset=\"https:\/\/scalarchives.com\/wp-content\/uploads\/2021\/06\/0133158-203x300.jpg 203w, https:\/\/scalarchives.com\/wp-content\/uploads\/2021\/06\/0133158.jpg 678w\" sizes=\"auto, (max-width: 203px) 100vw, 203px\" \/>\n\t<\/div>\n\n<\/div><div class=\"modula-item jtg-filter-all jtg-filter-\" >\n\t<div class=\"modula-item-content\">\n\t\t\n\t\t\t\t\t<a role=\"button\" tabindex=\"0\" rel=\"jtg-5400\" data-caption=\"&lt;span class=&quot;modula-caption-description&quot;&gt;Vladimir  Tatlin, Cfigurino per l&#039;opera &#039;Una vita per lo Tsar&#039; di Glinka - 0107989&lt;\/span&gt;\" aria-label=\"Open image in lightbox\" data-thumb=\"https:\/\/scalarchives.com\/wp-content\/uploads\/2021\/06\/0107989-204x300.jpg\" class=\"tile-inner modula-item-link\"><\/a>\n\t\t\n\t\t<img loading=\"lazy\" decoding=\"async\" class=\"pic wp-image-14045\"  data-valign=\"middle\" data-halign=\"center\" alt=\"Vladimir Tatlin, Cfigurino per l&#039;opera &#039;Una vita per lo Tsar&#039; di Glinka\" data-full=\"https:\/\/scalarchives.com\/wp-content\/uploads\/2021\/06\/0107989.jpg\" title=\"0107989\" width=\"204\" height=\"300\" src=\"https:\/\/scalarchives.com\/wp-content\/uploads\/2021\/06\/0107989-204x300.jpg\" data-src=\"https:\/\/scalarchives.com\/wp-content\/uploads\/2021\/06\/0107989-204x300.jpg\" data-caption=\"Vladimir  Tatlin, Cfigurino per l&#039;opera &#039;Una vita per lo Tsar&#039; di Glinka - 0107989\" srcset=\"https:\/\/scalarchives.com\/wp-content\/uploads\/2021\/06\/0107989-204x300.jpg 204w, https:\/\/scalarchives.com\/wp-content\/uploads\/2021\/06\/0107989.jpg 680w\" sizes=\"auto, (max-width: 204px) 100vw, 204px\" \/>\n\t<\/div>\n\n<\/div><div class=\"modula-item jtg-filter-all jtg-filter-\" >\n\t<div class=\"modula-item-content\">\n\t\t\n\t\t\t\t\t<a role=\"button\" tabindex=\"0\" rel=\"jtg-5400\" data-caption=\"&lt;span class=&quot;modula-caption-description&quot;&gt;Appunti e schizzi per &#039;Balletto triadico&#039; (Triadische Ballett), c. 1938, Oskar Schlemmer - 0150618&lt;\/span&gt;\" aria-label=\"Open image in lightbox\" data-thumb=\"https:\/\/scalarchives.com\/wp-content\/uploads\/2021\/02\/0150618-219x300.jpg\" class=\"tile-inner modula-item-link\"><\/a>\n\t\t\n\t\t<img loading=\"lazy\" decoding=\"async\" class=\"pic wp-image-17393\"  data-valign=\"middle\" data-halign=\"center\" alt=\"Appunti e schizzi per &#039;Balletto triadico&#039; (Triadische Ballett), c. 1938, Oskar Schlemmer - 0150618\" data-full=\"https:\/\/scalarchives.com\/wp-content\/uploads\/2021\/02\/0150618.jpg\" title=\"0150618\" width=\"219\" height=\"300\" src=\"https:\/\/scalarchives.com\/wp-content\/uploads\/2021\/02\/0150618-219x300.jpg\" data-src=\"https:\/\/scalarchives.com\/wp-content\/uploads\/2021\/02\/0150618-219x300.jpg\" data-caption=\"Appunti e schizzi per &#039;Balletto triadico&#039; (Triadische Ballett), c. 1938, Oskar Schlemmer - 0150618\" srcset=\"https:\/\/scalarchives.com\/wp-content\/uploads\/2021\/02\/0150618-219x300.jpg 219w, https:\/\/scalarchives.com\/wp-content\/uploads\/2021\/02\/0150618.jpg 729w\" sizes=\"auto, (max-width: 219px) 100vw, 219px\" \/>\n\t<\/div>\n\n<\/div><div class=\"modula-item jtg-filter-all jtg-filter-\" >\n\t<div class=\"modula-item-content\">\n\t\t\n\t\t\t\t\t<a role=\"button\" tabindex=\"0\" rel=\"jtg-5400\" data-caption=\"&lt;span class=&quot;modula-caption-description&quot;&gt;Pubblicit\u00e0 di lingerie Kestos, 1935 - H58L168&lt;\/span&gt;\" aria-label=\"Open image in lightbox\" data-thumb=\"https:\/\/scalarchives.com\/wp-content\/uploads\/2021\/02\/H58L168-211x300.jpg\" class=\"tile-inner modula-item-link\"><\/a>\n\t\t\n\t\t<img loading=\"lazy\" decoding=\"async\" class=\"pic wp-image-5493\"  data-valign=\"middle\" data-halign=\"center\" alt=\"Pubblicit\u00e0 di lingerie Kestos, 1935. The Print Collector, Londra, Gran Bretagna\" data-full=\"https:\/\/scalarchives.com\/wp-content\/uploads\/2021\/02\/H58L168.jpg\" title=\"H58L168\" width=\"211\" height=\"300\" src=\"https:\/\/scalarchives.com\/wp-content\/uploads\/2021\/02\/H58L168-211x300.jpg\" data-src=\"https:\/\/scalarchives.com\/wp-content\/uploads\/2021\/02\/H58L168-211x300.jpg\" data-caption=\"Pubblicit\u00e0 di lingerie Kestos, 1935 - H58L168\" srcset=\"https:\/\/scalarchives.com\/wp-content\/uploads\/2021\/02\/H58L168-211x300.jpg 211w, https:\/\/scalarchives.com\/wp-content\/uploads\/2021\/02\/H58L168.jpg 702w\" sizes=\"auto, (max-width: 211px) 100vw, 211px\" \/>\n\t<\/div>\n\n<\/div>\t\t\n\t<\/div>\n\n\t\n\t\n\t<script type=\"application\/ld+json\">\n\t{\n\t\t\"@context\": \"http:\/\/schema.org\",\n\t\t\"@type\"   : \"ImageGallery\",\n\t\t\"id\"      : \"https:\/\/scalarchives.com\/it\/costumi-e-bozzetti\/\",\n\t\t\"url\"     : \"https:\/\/scalarchives.com\/it\/costumi-e-bozzetti\/\"\n\t}\n\n\t<\/script>\n\n\t\n<\/div>\n\n\n\n<p>Se non trovi quello che cerchi, chiedi una <a href=\"https:\/\/scalarchives.com\/it\/richiesta-ricerca-contenuti\/\" data-type=\"page\" data-id=\"33575\">ricerca personalizzata<\/a>.<\/p>\n","protected":false},"excerpt":{"rendered":"<p>Disegnare un abito ed essere in grado di trasmettere la sensazione e l&#8217;energia che il capo avr\u00e0 quando indossato richiede una grande abilit\u00e0. Un&#8217;abilit\u00e0 che \u00e8 importante non solo per uno stilista di abiti ma anche per il disegnatore dei costumi per balletti e spettacoli teatrali. L&#8217;importanza di un design e di un&#8217;esecuzione di un [&hellip;]<\/p>\n","protected":false},"author":3,"featured_media":17055,"parent":0,"menu_order":0,"comment_status":"closed","ping_status":"closed","template":"","meta":{"_acf_changed":false,"footnotes":""},"class_list":["post-5602","page","type-page","status-publish","has-post-thumbnail","hentry"],"acf":[],"_links":{"self":[{"href":"https:\/\/scalarchives.com\/it\/wp-json\/wp\/v2\/pages\/5602","targetHints":{"allow":["GET"]}}],"collection":[{"href":"https:\/\/scalarchives.com\/it\/wp-json\/wp\/v2\/pages"}],"about":[{"href":"https:\/\/scalarchives.com\/it\/wp-json\/wp\/v2\/types\/page"}],"author":[{"embeddable":true,"href":"https:\/\/scalarchives.com\/it\/wp-json\/wp\/v2\/users\/3"}],"replies":[{"embeddable":true,"href":"https:\/\/scalarchives.com\/it\/wp-json\/wp\/v2\/comments?post=5602"}],"version-history":[{"count":5,"href":"https:\/\/scalarchives.com\/it\/wp-json\/wp\/v2\/pages\/5602\/revisions"}],"predecessor-version":[{"id":34848,"href":"https:\/\/scalarchives.com\/it\/wp-json\/wp\/v2\/pages\/5602\/revisions\/34848"}],"wp:featuredmedia":[{"embeddable":true,"href":"https:\/\/scalarchives.com\/it\/wp-json\/wp\/v2\/media\/17055"}],"wp:attachment":[{"href":"https:\/\/scalarchives.com\/it\/wp-json\/wp\/v2\/media?parent=5602"}],"curies":[{"name":"wp","href":"https:\/\/api.w.org\/{rel}","templated":true}]}}