{"id":10232,"date":"2021-04-02T14:30:11","date_gmt":"2021-04-02T12:30:11","guid":{"rendered":"http:\/\/new.scalarchives.com\/?page_id=10232"},"modified":"2026-04-22T15:33:07","modified_gmt":"2026-04-22T13:33:07","slug":"poster-pubblicita-vintage","status":"publish","type":"page","link":"https:\/\/scalarchives.com\/it\/poster-pubblicita-vintage\/","title":{"rendered":"Pubblicit\u00e0 e Vintage Poster"},"content":{"rendered":"\n<p>Intorno al 1880 il processo litografico a 3 pietre di Cheret diede agli artisti l&#8217;opportunit\u00e0 di utilizzare colori e disegni pi\u00f9 articolati per poster e affissioni pubblicitarie. Gli artisti pi\u00f9 abili furono in grado di padroneggiare questo processo e utilizzare tutte le varianti di colore, mescolando design e testo, ottenendo cos\u00ec immagini straordinarie e potenti. Possiamo considerarlo l&#8217;inizio della pubblicit\u00e0 moderna. Scopri i diversi stili, siano essi di artisti meno noti o del famoso Toulouse-Lautrec, Alphonse Mucha, Lucian Bernhard, Ludwig Hohlwein, Leonetto Cappiello o Marcello Dudovich per citarne solo alcuni.<\/p>\n\n\n\n<p>Clicca su un&#8217;immagine qui sotto per ingrandirla e scorrere tutta la gallery.<\/p>\n\n\n<style>#jtg-9777 .modula-item .jtg-social a, .lightbox-socials.jtg-social a{ fill: #ffffff; color: #ffffff }#jtg-9777 .modula-item .jtg-social-expandable a, #jtg-9777 .modula-item .jtg-social-expandable-icons a{ fill: #ffffff; color: #ffffff }#jtg-9777 .modula-item .jtg-social svg, .lightbox-socials.jtg-social svg { height: 16px; width: 16px }#jtg-9777 .modula-item .jtg-social-expandable svg { height: 16px; width: 16px }#jtg-9777 .modula-item .jtg-social-expandable-icons svg { height: 16px; width: 16px }#jtg-9777 .modula-item .jtg-social a:not(:last-child), .lightbox-socials.jtg-social a:not(:last-child) { margin-right: 10px }#jtg-9777 .modula-item .jtg-social-expandable-icons { gap: 10px }#jtg-9777 .modula-item .figc {color:#ffffff;}#jtg-9777 .modula-item .modula-item-content { transform: scale(1); }#jtg-9777 { width:100%;}#jtg-9777 .modula-items .figc p.description { font-size:14px; }#jtg-9777 .modula-items .figc p.description { color:#ffffff;}#jtg-9777.modula-gallery .modula-item > a, #jtg-9777.modula-gallery .modula-item, #jtg-9777.modula-gallery .modula-item-content > a:not(.modula-no-follow) { cursor:zoom-in; } #jtg-9777.modula-gallery .modula-item-content .modula-no-follow { cursor: default; } #jtg-9777 .modula-item .modula-item-overlay, #jtg-9777 .modula-item.effect-layla, #jtg-9777  .modula-item.effect-ruby,#jtg-9777 .modula-item.effect-bubba,#jtg-9777 .modula-item.effect-sarah,#jtg-9777 .modula-item.effect-milo,#jtg-9777 .modula-item.effect-julia,#jtg-9777 .modula-item.effect-hera,#jtg-9777 .modula-item.effect-winston,#jtg-9777 .modula-item.effect-selena,#jtg-9777 .modula-item.effect-terry,#jtg-9777 .modula-item.effect-phoebe,#jtg-9777 .modula-item.effect-apollo{ background-color:#ffffff; }#jtg-9777  .modula-item.effect-oscar { background: -webkit-linear-gradient(45deg,#ffffff 0,#9b4a1b 40%,#ffffff 100%);background: linear-gradient(45deg,#ffffff 0,#9b4a1b 40%,#ffffff 100%);}#jtg-9777  .modula-item.effect-roxy {background: -webkit-linear-gradient(45deg,#ffffff 0,#05abe0 100%);background: linear-gradient(45deg,#ffffff 0,#05abe0 100%);}#jtg-9777 .modula-item.effect-dexter {background: -webkit-linear-gradient(top,#ffffff 0,rgba(104,60,19,1) 100%); background: linear-gradient(to bottom,#ffffff 0,rgba(104,60,19,1) 100%);}#jtg-9777  .modula-item.effect-jazz {background: -webkit-linear-gradient(-45deg,#ffffff 0,#f33f58 100%);background: linear-gradient(-45deg,#ffffff 0,#f33f58 100%);}#jtg-9777 .modula-item.effect-lexi {background: -webkit-linear-gradient(-45deg,#ffffff 0,#fff 100%);background: linear-gradient(-45deg,#ffffff 0,#fff 100%);}#jtg-9777 .modula-item.effect-duke {background: -webkit-linear-gradient(-45deg,#ffffff 0,#cc6055 100%);background: linear-gradient(-45deg,#ffffff 0,#cc6055 100%);}#jtg-9777 .modula-item.effect-ming .figc::before {border: 2px solid #ffffff; box-shadow: 0 0 0 100vmax rgba(255,255,255,0.5);}#jtg-9777 .jtg-title {font-weight:400; }#jtg-9777 p.description {font-weight:normal; }#jtg-9777:not(.modula-loaded-scale)  .modula-item .modula-item-content { transform: scale(1) translate(0px,0px) rotate(0deg); }#jtg-9777:not(.modula-loaded-scale)  .modula-item.effect-under .modula-item-image-continer { transform: scale(1) translate(0px,0px) rotate(0deg); }@keyframes modulaScaling { 0% {transform: scale(1) translate(0px,p0x) rotate(0deg);} 50%{transform: scale(1) translate(0px,0px) rotate(0deg);}100%{transform: scale(1) translate(0px,p0x) rotate(0deg);}}#jtg-9777.modula-gallery .modula-item.effect-terry .jtg-social a:not(:last-child){margin-bottom:10px;}.modula-fancybox-container.modula-lightbox-jtg-9777 .modula-fancybox-caption .modula-fancybox-caption__body, .modula-fancybox-container.modula-lightbox-jtg-9777 .modula-fancybox-caption .modula-fancybox-caption__body p {text-align:left}html body .modula.modula-columns .modula-items.grid-gallery .modula-item.effect-under .modula-item-content { height:auto;}@media all and (max-width: 768px) { .modula-gallery .modula-item.effect-under.modula-caption-effect-item.jg-entry { margin-top: 10px; } }#jtg-9777 .modula-item.effect-under .modula-item-image-continer { transform: scale(1) }.modula-fancybox-container.modula-lightbox-jtg-9777 .fancybox__caption {align-self:flex-start}#jtg-9777 .modula-video-icon {  position: absolute; width: 30px;top: 50%;left: 50%;transform: translate(-50%,-50%); }#jtg-9777 .modula-video-icon { width : 30px}@media screen and (max-width: 992px){ #jtg-9777 .modula-video-icon { width : 30px}}@media screen and (max-width: 768px) { #jtg-9777 .modula-video-icon { width : 30px}}.modula-fancybox-container.modula-lightbox-jtg-9777 .fancybox__caption {align-self:flex-start}@media screen and (max-width:480px){#jtg-9777 .modula-item .figc .jtg-title {  font-size: 12px; }#jtg-9777 .modula-items .figc p.description { color:#ffffff;font-size:10px; }}#jtg-9777 .modula-items .modula-item:hover img{opacity:1;}<\/style>\n<div  id=\"jtg-9777\" class=\"modula modula-gallery modula-columns\" data-config=\"{&quot;tabletHeight&quot;:800,&quot;mobileHeight&quot;:800,&quot;desktopHeight&quot;:800,&quot;enableTwitter&quot;:false,&quot;enableWhatsapp&quot;:false,&quot;enableFacebook&quot;:false,&quot;enablePinterest&quot;:false,&quot;enableLinkedin&quot;:false,&quot;enableEmail&quot;:false,&quot;randomFactor&quot;:0.5,&quot;type&quot;:&quot;grid&quot;,&quot;columns&quot;:12,&quot;gutter&quot;:10,&quot;mobileGutter&quot;:10,&quot;tabletGutter&quot;:10,&quot;desktopGutter&quot;:10,&quot;enableResponsive&quot;:&quot;0&quot;,&quot;tabletColumns&quot;:&quot;2&quot;,&quot;mobileColumns&quot;:&quot;1&quot;,&quot;lazyLoad&quot;:0,&quot;lightboxOpts&quot;:{&quot;animated&quot;:true,&quot;Thumbs&quot;:{&quot;type&quot;:&quot;modern&quot;,&quot;showOnStart&quot;:false},&quot;Toolbar&quot;:{&quot;display&quot;:{&quot;right&quot;:[&quot;close&quot;],&quot;left&quot;:[&quot;infobar&quot;]},&quot;enabled&quot;:true},&quot;Carousel&quot;:{&quot;Panzoom&quot;:{&quot;touch&quot;:false},&quot;infinite&quot;:false,&quot;transition&quot;:&quot;fade&quot;},&quot;keyboard&quot;:{&quot;Escape&quot;:&quot;close&quot;,&quot;Delete&quot;:&quot;close&quot;,&quot;Backspace&quot;:&quot;close&quot;,&quot;PageUp&quot;:false,&quot;PageDown&quot;:false,&quot;ArrowUp&quot;:false,&quot;ArrowDown&quot;:false,&quot;ArrowRight&quot;:false,&quot;ArrowLeft&quot;:false},&quot;touch&quot;:false,&quot;backdropClick&quot;:false,&quot;l10n&quot;:{&quot;CLOSE&quot;:&quot;Close&quot;,&quot;NEXT&quot;:&quot;Next&quot;,&quot;PREV&quot;:&quot;Previous&quot;,&quot;Error&quot;:&quot;The requested content cannot be loaded. Please try again later.&quot;,&quot;PLAY_START&quot;:&quot;Start slideshow&quot;,&quot;PLAY_STOP&quot;:&quot;Pause slideshow&quot;,&quot;FULL_SCREEN&quot;:&quot;Full screen&quot;,&quot;THUMBS&quot;:&quot;Thumbnails&quot;,&quot;DOWNLOAD&quot;:&quot;Download&quot;,&quot;SHARE&quot;:&quot;Share&quot;,&quot;ZOOM&quot;:&quot;Zoom&quot;,&quot;EMAIL&quot;:&quot;Here is the link to the image : %%image_link%% and this is the link to the gallery : %%gallery_link%%&quot;,&quot;MODAL&quot;:&quot;You can close this modal content with the ESC key&quot;,&quot;ERROR&quot;:&quot;Something Went Wrong, Please Try Again Later&quot;,&quot;IMAGE_ERROR&quot;:&quot;Image Not Found&quot;,&quot;ELEMENT_NOT_FOUND&quot;:&quot;HTML Element Not Found&quot;,&quot;AJAX_NOT_FOUND&quot;:&quot;Error Loading AJAX : Not Found&quot;,&quot;AJAX_FORBIDDEN&quot;:&quot;Error Loading AJAX : Forbidden&quot;,&quot;IFRAME_ERROR&quot;:&quot;Error Loading Page&quot;,&quot;TOGGLE_ZOOM&quot;:&quot;Toggle zoom level&quot;,&quot;TOGGLE_THUMBS&quot;:&quot;Toggle thumbnails&quot;,&quot;TOGGLE_SLIDESHOW&quot;:&quot;Toggle slideshow&quot;,&quot;TOGGLE_FULLSCREEN&quot;:&quot;Toggle full-screen mode&quot;},&quot;Images&quot;:{&quot;Panzoom&quot;:{&quot;maxScale&quot;:2}},&quot;toolbar&quot;:true,&quot;wheel&quot;:false,&quot;animationEffect&quot;:&quot;false&quot;,&quot;animationDuration&quot;:366,&quot;transitionEffect&quot;:&quot;false&quot;,&quot;Html&quot;:{&quot;videoAutoplay&quot;:0,&quot;videoTpl&quot;:&quot;&lt;video class=\\&quot;fancybox__html5video modula_html5_video\\&quot; controls playsinline controlsList controlsList=\\&quot;nodownload\\&quot; poster=\\&quot;{{poster}}\\&quot; src=\\&quot;{{src}}\\&quot; type=\\&quot;{{format}}\\&quot; &gt;  Sorry, your browser doesn&#039;t support embedded videos, &lt;a href=\\&quot;{{src}}\\&quot;&gt; download &lt;\\\/a&gt; and watch with your favorite video player! &lt;\\\/video&gt;&quot;,&quot;vimeo&quot;:{&quot;autopause&quot;:0}},&quot;mainClass&quot;:&quot;modula-fancybox-container modula-lightbox-jtg-9777&quot;},&quot;inView&quot;:false,&quot;email_subject&quot;:&quot;Check out this awesome image !!&quot;,&quot;email_message&quot;:&quot;Here is the link to the image : %%image_link%% and this is the link to the gallery : %%gallery_link%%&quot;,&quot;grid_type&quot;:&quot;automatic&quot;,&quot;rowHeight&quot;:150,&quot;lastRow&quot;:&quot;justify&quot;,&quot;lightbox&quot;:&quot;fancybox&quot;,&quot;filterClick&quot;:&quot;0&quot;,&quot;dropdownFilters&quot;:&quot;0&quot;,&quot;defaultActiveFilter&quot;:&quot;all&quot;,&quot;initLightbox&quot;:&quot;modula_pro_init_lightbox&quot;,&quot;haveFilters&quot;:0,&quot;lightbox_devices&quot;:&quot;both&quot;}\">\n\n\t\n\t<div  class=\"modula-items grid-gallery\">\n\t\t<div class=\"modula-item jtg-filter-all jtg-filter-\" >\n\t<div class=\"modula-item-content\">\n\t\t\n\t\t\t\t\t<a role=\"button\" tabindex=\"0\" rel=\"jtg-9777\" data-caption=\"&lt;span class=&quot;modula-caption-description&quot;&gt;Theatrophone poster - SP02519&lt;\/span&gt;\" aria-label=\"Open image in lightbox\" data-thumb=\"https:\/\/scalarchives.com\/wp-content\/uploads\/2021\/05\/SP02519-209x300.jpg\" class=\"tile-inner modula-item-link\"><\/a>\n\t\t\n\t\t<img loading=\"lazy\" decoding=\"async\" class=\"pic wp-image-12879\"  data-valign=\"middle\" data-halign=\"center\" alt=\"Theatrophone poster.\" data-full=\"https:\/\/scalarchives.com\/wp-content\/uploads\/2021\/05\/SP02519.jpg\" title=\"SP02519\" width=\"209\" height=\"300\" src=\"https:\/\/scalarchives.com\/wp-content\/uploads\/2021\/05\/SP02519-209x300.jpg\" data-src=\"https:\/\/scalarchives.com\/wp-content\/uploads\/2021\/05\/SP02519-209x300.jpg\" data-caption=\"Theatrophone poster - SP02519\" srcset=\"https:\/\/scalarchives.com\/wp-content\/uploads\/2021\/05\/SP02519-209x300.jpg 209w, https:\/\/scalarchives.com\/wp-content\/uploads\/2021\/05\/SP02519.jpg 696w\" sizes=\"auto, (max-width: 209px) 100vw, 209px\" \/>\n\t<\/div>\n\n<\/div><div class=\"modula-item jtg-filter-all jtg-filter-\" >\n\t<div class=\"modula-item-content\">\n\t\t\n\t\t\t\t\t<a role=\"button\" class=\"tile-inner modula-item-link\" rel=\"jtg-9777\" data-full=\"https:\/\/www.youtube.com\/embed\/vd8mxgPYx7g\" tabindex=\"0\" data-caption=\"&lt;span class=&quot;modula-caption-description&quot;&gt;Alphonse Mucha, Job, 1897 - 0122222&lt;\/span&gt;\" aria-label=\"Open image in lightbox\" data-thumb=\"https:\/\/scalarchives.com\/wp-content\/uploads\/2021\/05\/0122222-199x300.jpg\" class=\"tile-inner modula-item-link\"><\/a>\n\t\t\n\t\t<img loading=\"lazy\" decoding=\"async\" class=\"pic wp-image-12778\"  data-valign=\"middle\" data-halign=\"center\" alt=\"Alphonse Mucha, Job, 1897. Museum of Modern Art (MoMA)\" data-full=\"https:\/\/www.youtube.com\/embed\/vd8mxgPYx7g\" title=\"0122222\" width=\"199\" height=\"300\" src=\"https:\/\/scalarchives.com\/wp-content\/uploads\/2021\/05\/0122222-199x300.jpg\" data-src=\"https:\/\/scalarchives.com\/wp-content\/uploads\/2021\/05\/0122222-199x300.jpg\" data-caption=\"Alphonse Mucha, Job, 1897 - 0122222\" srcset=\"https:\/\/scalarchives.com\/wp-content\/uploads\/2021\/05\/0122222-199x300.jpg 199w, https:\/\/scalarchives.com\/wp-content\/uploads\/2021\/05\/0122222.jpg 663w\" sizes=\"auto, (max-width: 199px) 100vw, 199px\" \/><div class=\"modula-video-icon\"><svg viewBox=\"0 0 24 24\" aria-hidden=\"true\" data-prefix=\"far\" data-icon=\"play-circle\" class=\"svg-inline--fa fa-play-circle fa-w-16\" role=\"img\" xmlns=\"http:\/\/www.w3.org\/2000\/svg\" ><path fill=\"#fff\" d=\"M 17.421875 11.15625 L 9.171875 6.140625 C 8.433594 5.726562 7.5 6.257812 7.5 7.125 L 7.5 16.875 C 7.5 17.738281 8.429688 18.273438 9.171875 17.859375 L 17.421875 13.125 C 18.191406 12.699219 18.191406 11.585938 17.421875 11.15625 Z M 23.625 12 C 23.625 5.578125 18.421875 0.375 12 0.375 C 5.578125 0.375 0.375 5.578125 0.375 12 C 0.375 18.421875 5.578125 23.625 12 23.625 C 18.421875 23.625 23.625 18.421875 23.625 12 Z M 2.625 12 C 2.625 6.820312 6.820312 2.625 12 2.625 C 17.179688 2.625 21.375 6.820312 21.375 12 C 21.375 17.179688 17.179688 21.375 12 21.375 C 6.820312 21.375 2.625 17.179688 2.625 12 Z M 2.625 12 \"><\/path><\/svg><\/div>\n\t<\/div>\n\n<\/div><div class=\"modula-item jtg-filter-all jtg-filter-\" >\n\t<div class=\"modula-item-content\">\n\t\t\n\t\t\t\t\t<a role=\"button\" tabindex=\"0\" rel=\"jtg-9777\" data-caption=\"&lt;span class=&quot;modula-caption-description&quot;&gt;Alphonse Mucha, Pubblicit\u00e0 per la marca di cartine per sigarette &quot;Job&quot;. 20 \u00b0 secolo - WH04423&lt;\/span&gt;\" aria-label=\"Open image in lightbox\" data-thumb=\"https:\/\/scalarchives.com\/wp-content\/uploads\/2021\/05\/WH04423-231x300.jpg\" class=\"tile-inner modula-item-link\"><\/a>\n\t\t\n\t\t<img loading=\"lazy\" decoding=\"async\" class=\"pic wp-image-12895\"  data-valign=\"middle\" data-halign=\"center\" alt=\"Alphonse Mucha, Pubblicit\u00e0 per la marca di cartine per sigarette &quot;Job&quot;. 20 \u00b0 secolo\" data-full=\"https:\/\/scalarchives.com\/wp-content\/uploads\/2021\/05\/WH04423.jpg\" title=\"WH04423\" width=\"231\" height=\"300\" src=\"https:\/\/scalarchives.com\/wp-content\/uploads\/2021\/05\/WH04423-231x300.jpg\" data-src=\"https:\/\/scalarchives.com\/wp-content\/uploads\/2021\/05\/WH04423-231x300.jpg\" data-caption=\"Alphonse Mucha, Pubblicit\u00e0 per la marca di cartine per sigarette &quot;Job&quot;. 20 \u00b0 secolo - WH04423\" srcset=\"https:\/\/scalarchives.com\/wp-content\/uploads\/2021\/05\/WH04423-231x300.jpg 231w, https:\/\/scalarchives.com\/wp-content\/uploads\/2021\/05\/WH04423-768x997.jpg 768w, https:\/\/scalarchives.com\/wp-content\/uploads\/2021\/05\/WH04423.jpg 770w\" sizes=\"auto, (max-width: 231px) 100vw, 231px\" \/>\n\t<\/div>\n\n<\/div><div class=\"modula-item jtg-filter-all jtg-filter-\" >\n\t<div class=\"modula-item-content\">\n\t\t\n\t\t\t\t\t<a role=\"button\" tabindex=\"0\" rel=\"jtg-9777\" data-caption=\"&lt;span class=&quot;modula-caption-description&quot;&gt;Jacques Jongert, poster pubblicitario per Van Nelle&#039;s Tobacco, 1920 - PC42272&lt;\/span&gt;\" aria-label=\"Open image in lightbox\" data-thumb=\"https:\/\/scalarchives.com\/wp-content\/uploads\/2021\/04\/PC42272-196x300.jpg\" class=\"tile-inner modula-item-link\"><\/a>\n\t\t\n\t\t<img loading=\"lazy\" decoding=\"async\" class=\"pic wp-image-10050\"  data-valign=\"middle\" data-halign=\"center\" alt=\"Litografia a colori per pubblicit\u00e0 di tabacco in stile art deco con figure e scritte\" data-full=\"https:\/\/scalarchives.com\/wp-content\/uploads\/2021\/04\/PC42272.jpg\" title=\"PC42272\" width=\"196\" height=\"300\" src=\"https:\/\/scalarchives.com\/wp-content\/uploads\/2021\/04\/PC42272-196x300.jpg\" data-src=\"https:\/\/scalarchives.com\/wp-content\/uploads\/2021\/04\/PC42272-196x300.jpg\" data-caption=\"Jacques Jongert, poster pubblicitario per Van Nelle&#039;s Tobacco, 1920 - PC42272\" srcset=\"https:\/\/scalarchives.com\/wp-content\/uploads\/2021\/04\/PC42272-196x300.jpg 196w, https:\/\/scalarchives.com\/wp-content\/uploads\/2021\/04\/PC42272.jpg 652w\" sizes=\"auto, (max-width: 196px) 100vw, 196px\" \/>\n\t<\/div>\n\n<\/div><div class=\"modula-item jtg-filter-all jtg-filter-\" >\n\t<div class=\"modula-item-content\">\n\t\t\n\t\t\t\t\t<a role=\"button\" tabindex=\"0\" rel=\"jtg-9777\" data-caption=\"&lt;span class=&quot;modula-caption-description&quot;&gt;Lucian Bernhard, Sigarette Manoli - PC23487&lt;\/span&gt;\" aria-label=\"Open image in lightbox\" data-thumb=\"https:\/\/scalarchives.com\/wp-content\/uploads\/2021\/04\/PC23487-300x220.jpg\" class=\"tile-inner modula-item-link\"><\/a>\n\t\t\n\t\t<img loading=\"lazy\" decoding=\"async\" class=\"pic wp-image-9842\"  data-valign=\"middle\" data-halign=\"center\" alt=\"Litografia a colori di poster pubblicitario con pacchetto di sigarette Manoli e scritte\" data-full=\"https:\/\/scalarchives.com\/wp-content\/uploads\/2021\/04\/PC23487.jpg\" title=\"PC23487\" width=\"300\" height=\"220\" src=\"https:\/\/scalarchives.com\/wp-content\/uploads\/2021\/04\/PC23487-300x220.jpg\" data-src=\"https:\/\/scalarchives.com\/wp-content\/uploads\/2021\/04\/PC23487-300x220.jpg\" data-caption=\"Lucian Bernhard, Sigarette Manoli - PC23487\" srcset=\"https:\/\/scalarchives.com\/wp-content\/uploads\/2021\/04\/PC23487-300x220.jpg 300w, https:\/\/scalarchives.com\/wp-content\/uploads\/2021\/04\/PC23487-768x564.jpg 768w, https:\/\/scalarchives.com\/wp-content\/uploads\/2021\/04\/PC23487.jpg 1000w\" sizes=\"auto, (max-width: 300px) 100vw, 300px\" \/>\n\t<\/div>\n\n<\/div><div class=\"modula-item jtg-filter-all jtg-filter-\" >\n\t<div class=\"modula-item-content\">\n\t\t\n\t\t\t\t\t<a role=\"button\" tabindex=\"0\" rel=\"jtg-9777\" data-caption=\"&lt;span class=&quot;modula-caption-description&quot;&gt;Manifesti, Francia XX secolo. Huitres exquises. Pubblicit\u00e0 della vendita di ostriche di Leonetto Cappiello - DA21441&lt;\/span&gt;\" aria-label=\"Open image in lightbox\" data-thumb=\"https:\/\/scalarchives.com\/wp-content\/uploads\/2021\/05\/DA21441-300x216.jpg\" class=\"tile-inner modula-item-link\"><\/a>\n\t\t\n\t\t<img loading=\"lazy\" decoding=\"async\" class=\"pic wp-image-12811\"  data-valign=\"middle\" data-halign=\"center\" alt=\"Manifesti, Francia XX secolo. Huitres exquises. Pubblicit\u00e0 della vendita di ostriche di Leonetto Cappiell\" data-full=\"https:\/\/scalarchives.com\/wp-content\/uploads\/2021\/05\/DA21441.jpg\" title=\"DA21441\" width=\"300\" height=\"216\" src=\"https:\/\/scalarchives.com\/wp-content\/uploads\/2021\/05\/DA21441-300x216.jpg\" data-src=\"https:\/\/scalarchives.com\/wp-content\/uploads\/2021\/05\/DA21441-300x216.jpg\" data-caption=\"Manifesti, Francia XX secolo. Huitres exquises. Pubblicit\u00e0 della vendita di ostriche di Leonetto Cappiello - DA21441\" srcset=\"https:\/\/scalarchives.com\/wp-content\/uploads\/2021\/05\/DA21441-300x216.jpg 300w, https:\/\/scalarchives.com\/wp-content\/uploads\/2021\/05\/DA21441-768x554.jpg 768w, https:\/\/scalarchives.com\/wp-content\/uploads\/2021\/05\/DA21441.jpg 1000w\" sizes=\"auto, (max-width: 300px) 100vw, 300px\" \/>\n\t<\/div>\n\n<\/div><div class=\"modula-item jtg-filter-all jtg-filter-\" >\n\t<div class=\"modula-item-content\">\n\t\t\n\t\t\t\t\t<a role=\"button\" tabindex=\"0\" rel=\"jtg-9777\" data-caption=\"&lt;span class=&quot;modula-caption-description&quot;&gt;Alphonse Mucha, Biscotti Lefevre-Utile &#039;, concepito come un calendario per il 1897. - PC20956&lt;\/span&gt;\" aria-label=\"Open image in lightbox\" data-thumb=\"https:\/\/scalarchives.com\/wp-content\/uploads\/2021\/05\/PC20956-218x300.jpg\" class=\"tile-inner modula-item-link\"><\/a>\n\t\t\n\t\t<img loading=\"lazy\" decoding=\"async\" class=\"pic wp-image-12863\"  data-valign=\"middle\" data-halign=\"center\" alt=\"Alphonse Mucha, Biscotti Lefevre-Utile &#039;, concepito come un calendario per il 1897.\" data-full=\"https:\/\/scalarchives.com\/wp-content\/uploads\/2021\/05\/PC20956.jpg\" title=\"PC20956\" width=\"218\" height=\"300\" src=\"https:\/\/scalarchives.com\/wp-content\/uploads\/2021\/05\/PC20956-218x300.jpg\" data-src=\"https:\/\/scalarchives.com\/wp-content\/uploads\/2021\/05\/PC20956-218x300.jpg\" data-caption=\"Alphonse Mucha, Biscotti Lefevre-Utile &#039;, concepito come un calendario per il 1897. - PC20956\" srcset=\"https:\/\/scalarchives.com\/wp-content\/uploads\/2021\/05\/PC20956-218x300.jpg 218w, https:\/\/scalarchives.com\/wp-content\/uploads\/2021\/05\/PC20956.jpg 726w\" sizes=\"auto, (max-width: 218px) 100vw, 218px\" \/>\n\t<\/div>\n\n<\/div><div class=\"modula-item jtg-filter-all jtg-filter-\" >\n\t<div class=\"modula-item-content\">\n\t\t\n\t\t\t\t\t<a role=\"button\" tabindex=\"0\" rel=\"jtg-9777\" data-caption=\"&lt;span class=&quot;modula-caption-description&quot;&gt;Alphonse Mucha, Art nouveau: pubblicit\u00e0 per i biscotti Champagne di produzione Lu. 1897 - WH04416&lt;\/span&gt;\" aria-label=\"Open image in lightbox\" data-thumb=\"https:\/\/scalarchives.com\/wp-content\/uploads\/2021\/05\/WH04416-207x300.jpg\" class=\"tile-inner modula-item-link\"><\/a>\n\t\t\n\t\t<img loading=\"lazy\" decoding=\"async\" class=\"pic wp-image-12891\"  data-valign=\"middle\" data-halign=\"center\" alt=\"Alphonse Mucha, Art nouveau: pubblicit\u00e0 per i biscotti Champagne di produzione Lu. 1897\" data-full=\"https:\/\/scalarchives.com\/wp-content\/uploads\/2021\/05\/WH04416.jpg\" title=\"WH04416\" width=\"207\" height=\"300\" src=\"https:\/\/scalarchives.com\/wp-content\/uploads\/2021\/05\/WH04416-207x300.jpg\" data-src=\"https:\/\/scalarchives.com\/wp-content\/uploads\/2021\/05\/WH04416-207x300.jpg\" data-caption=\"Alphonse Mucha, Art nouveau: pubblicit\u00e0 per i biscotti Champagne di produzione Lu. 1897 - WH04416\" srcset=\"https:\/\/scalarchives.com\/wp-content\/uploads\/2021\/05\/WH04416-207x300.jpg 207w, https:\/\/scalarchives.com\/wp-content\/uploads\/2021\/05\/WH04416.jpg 689w\" sizes=\"auto, (max-width: 207px) 100vw, 207px\" \/>\n\t<\/div>\n\n<\/div><div class=\"modula-item jtg-filter-all jtg-filter-\" >\n\t<div class=\"modula-item-content\">\n\t\t\n\t\t\t\t\t<a role=\"button\" tabindex=\"0\" rel=\"jtg-9777\" data-caption=\"&lt;span class=&quot;modula-caption-description&quot;&gt;Edward Penfield, Copertina di Harper\u2019s 1897 - WG00788&lt;\/span&gt;\" aria-label=\"Open image in lightbox\" data-thumb=\"https:\/\/scalarchives.com\/wp-content\/uploads\/2021\/04\/WG00788-215x300.jpg\" class=\"tile-inner modula-item-link\"><\/a>\n\t\t\n\t\t<img loading=\"lazy\" decoding=\"async\" class=\"pic wp-image-10074\"  data-valign=\"middle\" data-halign=\"center\" alt=\"Litografia a colori della copertina di Harper\u2019s di maggio, donna con cappello e cane\" data-full=\"https:\/\/scalarchives.com\/wp-content\/uploads\/2021\/04\/WG00788.jpg\" title=\"WG00788\" width=\"215\" height=\"300\" src=\"https:\/\/scalarchives.com\/wp-content\/uploads\/2021\/04\/WG00788-215x300.jpg\" data-src=\"https:\/\/scalarchives.com\/wp-content\/uploads\/2021\/04\/WG00788-215x300.jpg\" data-caption=\"Edward Penfield, Copertina di Harper\u2019s 1897 - WG00788\" srcset=\"https:\/\/scalarchives.com\/wp-content\/uploads\/2021\/04\/WG00788-215x300.jpg 215w, https:\/\/scalarchives.com\/wp-content\/uploads\/2021\/04\/WG00788.jpg 715w\" sizes=\"auto, (max-width: 215px) 100vw, 215px\" \/>\n\t<\/div>\n\n<\/div><div class=\"modula-item jtg-filter-all jtg-filter-\" >\n\t<div class=\"modula-item-content\">\n\t\t\n\t\t\t\t\t<a role=\"button\" tabindex=\"0\" rel=\"jtg-9777\" data-caption=\"&lt;span class=&quot;modula-caption-description&quot;&gt;Theophile Alexandre Steinlen, Locandina del celebre locale parigino Le chat noir 1924 - PC38228&lt;\/span&gt;\" aria-label=\"Open image in lightbox\" data-thumb=\"https:\/\/scalarchives.com\/wp-content\/uploads\/2021\/04\/PC38228-213x300.jpg\" class=\"tile-inner modula-item-link\"><\/a>\n\t\t\n\t\t<img loading=\"lazy\" decoding=\"async\" class=\"pic wp-image-10002\"  data-valign=\"middle\" data-halign=\"center\" alt=\"Litografia a colori, poster del locale parigino Le Chat Noir con il gatto nero in primo piano e scritte\" data-full=\"https:\/\/scalarchives.com\/wp-content\/uploads\/2021\/04\/PC38228.jpg\" title=\"PC38228\" width=\"213\" height=\"300\" src=\"https:\/\/scalarchives.com\/wp-content\/uploads\/2021\/04\/PC38228-213x300.jpg\" data-src=\"https:\/\/scalarchives.com\/wp-content\/uploads\/2021\/04\/PC38228-213x300.jpg\" data-caption=\"Theophile Alexandre Steinlen, Locandina del celebre locale parigino Le chat noir 1924 - PC38228\" srcset=\"https:\/\/scalarchives.com\/wp-content\/uploads\/2021\/04\/PC38228-213x300.jpg 213w, https:\/\/scalarchives.com\/wp-content\/uploads\/2021\/04\/PC38228.jpg 711w\" sizes=\"auto, (max-width: 213px) 100vw, 213px\" \/>\n\t<\/div>\n\n<\/div><div class=\"modula-item jtg-filter-all jtg-filter-\" >\n\t<div class=\"modula-item-content\">\n\t\t\n\t\t\t\t\t<a role=\"button\" tabindex=\"0\" rel=\"jtg-9777\" data-caption=\"&lt;span class=&quot;modula-caption-description&quot;&gt;Auguste Herbin, Locandina per il ballo  de La grande Ourse organizzato a Parigi dall\u2019Unione degli  artisti russi,1925 - PC23877&lt;\/span&gt;\" aria-label=\"Open image in lightbox\" data-thumb=\"https:\/\/scalarchives.com\/wp-content\/uploads\/2021\/04\/PC23877-199x300.jpg\" class=\"tile-inner modula-item-link\"><\/a>\n\t\t\n\t\t<img loading=\"lazy\" decoding=\"async\" class=\"pic wp-image-9918\"  data-valign=\"middle\" data-halign=\"center\" alt=\"Litografia a colori della locandina del ballo con disegni stilizzati art deco e scritte\" data-full=\"https:\/\/scalarchives.com\/wp-content\/uploads\/2021\/04\/PC23877.jpg\" title=\"PC23877\" width=\"199\" height=\"300\" src=\"https:\/\/scalarchives.com\/wp-content\/uploads\/2021\/04\/PC23877-199x300.jpg\" data-src=\"https:\/\/scalarchives.com\/wp-content\/uploads\/2021\/04\/PC23877-199x300.jpg\" data-caption=\"Auguste Herbin, Locandina per il ballo  de La grande Ourse organizzato a Parigi dall\u2019Unione degli  artisti russi,1925 - PC23877\" srcset=\"https:\/\/scalarchives.com\/wp-content\/uploads\/2021\/04\/PC23877-199x300.jpg 199w, https:\/\/scalarchives.com\/wp-content\/uploads\/2021\/04\/PC23877.jpg 663w\" sizes=\"auto, (max-width: 199px) 100vw, 199px\" \/>\n\t<\/div>\n\n<\/div><div class=\"modula-item jtg-filter-all jtg-filter-\" >\n\t<div class=\"modula-item-content\">\n\t\t\n\t\t\t\t\t<a role=\"button\" tabindex=\"0\" rel=\"jtg-9777\" data-caption=\"&lt;span class=&quot;modula-caption-description&quot;&gt;Jean Theodore Dupas, Poster per Ballo in maschera degli studenti, 1927 - PC23711&lt;\/span&gt;\" aria-label=\"Open image in lightbox\" data-thumb=\"https:\/\/scalarchives.com\/wp-content\/uploads\/2021\/04\/PC23711-190x300.jpg\" class=\"tile-inner modula-item-link\"><\/a>\n\t\t\n\t\t<img loading=\"lazy\" decoding=\"async\" class=\"pic wp-image-9890\"  data-valign=\"middle\" data-halign=\"center\" alt=\"Litografia a colori per ballo in maschera studentesco. Personaggi in maschera e scritte\" data-full=\"https:\/\/scalarchives.com\/wp-content\/uploads\/2021\/04\/PC23711.jpg\" title=\"PC23711\" width=\"190\" height=\"300\" src=\"https:\/\/scalarchives.com\/wp-content\/uploads\/2021\/04\/PC23711-190x300.jpg\" data-src=\"https:\/\/scalarchives.com\/wp-content\/uploads\/2021\/04\/PC23711-190x300.jpg\" data-caption=\"Jean Theodore Dupas, Poster per Ballo in maschera degli studenti, 1927 - PC23711\" srcset=\"https:\/\/scalarchives.com\/wp-content\/uploads\/2021\/04\/PC23711-190x300.jpg 190w, https:\/\/scalarchives.com\/wp-content\/uploads\/2021\/04\/PC23711.jpg 634w\" sizes=\"auto, (max-width: 190px) 100vw, 190px\" \/>\n\t<\/div>\n\n<\/div><div class=\"modula-item jtg-filter-all jtg-filter-\" >\n\t<div class=\"modula-item-content\">\n\t\t\n\t\t\t\t\t<a role=\"button\" tabindex=\"0\" rel=\"jtg-9777\" data-caption=\"&lt;span class=&quot;modula-caption-description&quot;&gt;Paul Colin, Poster per ballo al Teatro degli Champs Elysees,  Parigi,  1927 - PC23875&lt;\/span&gt;\" aria-label=\"Open image in lightbox\" data-thumb=\"https:\/\/scalarchives.com\/wp-content\/uploads\/2021\/04\/PC23875-223x300.jpg\" class=\"tile-inner modula-item-link\"><\/a>\n\t\t\n\t\t<img loading=\"lazy\" decoding=\"async\" class=\"pic wp-image-9914\"  data-valign=\"middle\" data-halign=\"center\" alt=\"Litografia a colori per l&#039;annuncio del ballo agli Champs Elysees con danzatori stilizzati\" data-full=\"https:\/\/scalarchives.com\/wp-content\/uploads\/2021\/04\/PC23875.jpg\" title=\"PC23875\" width=\"223\" height=\"300\" src=\"https:\/\/scalarchives.com\/wp-content\/uploads\/2021\/04\/PC23875-223x300.jpg\" data-src=\"https:\/\/scalarchives.com\/wp-content\/uploads\/2021\/04\/PC23875-223x300.jpg\" data-caption=\"Paul Colin, Poster per ballo al Teatro degli Champs Elysees,  Parigi,  1927 - PC23875\" srcset=\"https:\/\/scalarchives.com\/wp-content\/uploads\/2021\/04\/PC23875-223x300.jpg 223w, https:\/\/scalarchives.com\/wp-content\/uploads\/2021\/04\/PC23875.jpg 744w\" sizes=\"auto, (max-width: 223px) 100vw, 223px\" \/>\n\t<\/div>\n\n<\/div><div class=\"modula-item jtg-filter-all jtg-filter-\" >\n\t<div class=\"modula-item-content\">\n\t\t\n\t\t\t\t\t<a role=\"button\" tabindex=\"0\" rel=\"jtg-9777\" data-caption=\"&lt;span class=&quot;modula-caption-description&quot;&gt;Edward Penfield Copertina di Harper\u2019s 1899 - WG00785&lt;\/span&gt;\" aria-label=\"Open image in lightbox\" data-thumb=\"https:\/\/scalarchives.com\/wp-content\/uploads\/2021\/04\/WG00785-300x180.jpg\" class=\"tile-inner modula-item-link\"><\/a>\n\t\t\n\t\t<img loading=\"lazy\" decoding=\"async\" class=\"pic wp-image-10070\"  data-valign=\"middle\" data-halign=\"center\" alt=\"Litografia a colori della copertina di gennaio di Harper\u2019s con uomo su una slitta trainata da un cavallo\" data-full=\"https:\/\/scalarchives.com\/wp-content\/uploads\/2021\/04\/WG00785.jpg\" title=\"WG00785\" width=\"300\" height=\"180\" src=\"https:\/\/scalarchives.com\/wp-content\/uploads\/2021\/04\/WG00785-300x180.jpg\" data-src=\"https:\/\/scalarchives.com\/wp-content\/uploads\/2021\/04\/WG00785-300x180.jpg\" data-caption=\"Edward Penfield Copertina di Harper\u2019s 1899 - WG00785\" srcset=\"https:\/\/scalarchives.com\/wp-content\/uploads\/2021\/04\/WG00785-300x180.jpg 300w, https:\/\/scalarchives.com\/wp-content\/uploads\/2021\/04\/WG00785-768x460.jpg 768w, https:\/\/scalarchives.com\/wp-content\/uploads\/2021\/04\/WG00785.jpg 1000w\" sizes=\"auto, (max-width: 300px) 100vw, 300px\" \/>\n\t<\/div>\n\n<\/div><div class=\"modula-item jtg-filter-all jtg-filter-\" >\n\t<div class=\"modula-item-content\">\n\t\t\n\t\t\t\t\t<a role=\"button\" tabindex=\"0\" rel=\"jtg-9777\" data-caption=\"&lt;span class=&quot;modula-caption-description&quot;&gt;Niklaus Stoecklin, PKZ 1934 - PC06841&lt;\/span&gt;\" aria-label=\"Open image in lightbox\" data-thumb=\"https:\/\/scalarchives.com\/wp-content\/uploads\/2021\/04\/PC06841-211x300.jpg\" class=\"tile-inner modula-item-link\"><\/a>\n\t\t\n\t\t<img loading=\"lazy\" decoding=\"async\" class=\"pic wp-image-9826\"  data-valign=\"middle\" data-halign=\"center\" alt=\"Litografia a colori poster pubblicitario per il brand PKZ, uomo di spalle con cappello, cappotto, ombrello e giornale con lascritta PKZ\" data-full=\"https:\/\/scalarchives.com\/wp-content\/uploads\/2021\/04\/PC06841.jpg\" title=\"PC06841\" width=\"211\" height=\"300\" src=\"https:\/\/scalarchives.com\/wp-content\/uploads\/2021\/04\/PC06841-211x300.jpg\" data-src=\"https:\/\/scalarchives.com\/wp-content\/uploads\/2021\/04\/PC06841-211x300.jpg\" data-caption=\"Niklaus Stoecklin, PKZ 1934 - PC06841\" srcset=\"https:\/\/scalarchives.com\/wp-content\/uploads\/2021\/04\/PC06841-211x300.jpg 211w, https:\/\/scalarchives.com\/wp-content\/uploads\/2021\/04\/PC06841.jpg 704w\" sizes=\"auto, (max-width: 211px) 100vw, 211px\" \/>\n\t<\/div>\n\n<\/div><div class=\"modula-item jtg-filter-all jtg-filter-\" >\n\t<div class=\"modula-item-content\">\n\t\t\n\t\t\t\t\t<a role=\"button\" tabindex=\"0\" rel=\"jtg-9777\" data-caption=\"&lt;span class=&quot;modula-caption-description&quot;&gt;Scuola americana, Pubblicit\u00e0 americana di cipria, XX secolo - PC38157&lt;\/span&gt;\" aria-label=\"Open image in lightbox\" data-thumb=\"https:\/\/scalarchives.com\/wp-content\/uploads\/2021\/04\/PC38157-203x300.jpg\" class=\"tile-inner modula-item-link\"><\/a>\n\t\t\n\t\t<img loading=\"lazy\" decoding=\"async\" class=\"pic wp-image-9982\"  data-valign=\"middle\" data-halign=\"center\" alt=\"Litografia a colori pubblicit\u00e0 di una cipra con donna con ventaglio e prodotto\" data-full=\"https:\/\/scalarchives.com\/wp-content\/uploads\/2021\/04\/PC38157.jpg\" title=\"PC38157\" width=\"203\" height=\"300\" src=\"https:\/\/scalarchives.com\/wp-content\/uploads\/2021\/04\/PC38157-203x300.jpg\" data-src=\"https:\/\/scalarchives.com\/wp-content\/uploads\/2021\/04\/PC38157-203x300.jpg\" data-caption=\"Scuola americana, Pubblicit\u00e0 americana di cipria, XX secolo - PC38157\" srcset=\"https:\/\/scalarchives.com\/wp-content\/uploads\/2021\/04\/PC38157-203x300.jpg 203w, https:\/\/scalarchives.com\/wp-content\/uploads\/2021\/04\/PC38157.jpg 677w\" sizes=\"auto, (max-width: 203px) 100vw, 203px\" \/>\n\t<\/div>\n\n<\/div><div class=\"modula-item jtg-filter-all jtg-filter-\" >\n\t<div class=\"modula-item-content\">\n\t\t\n\t\t\t\t\t<a role=\"button\" tabindex=\"0\" rel=\"jtg-9777\" data-caption=\"&lt;span class=&quot;modula-caption-description&quot;&gt;Rene&#039; Vincent, La tua macchina li merita entrambi - H341015&lt;\/span&gt;\" aria-label=\"Open image in lightbox\" data-thumb=\"https:\/\/scalarchives.com\/wp-content\/uploads\/2021\/04\/H341015-300x193.jpg\" class=\"tile-inner modula-item-link\"><\/a>\n\t\t\n\t\t<img loading=\"lazy\" decoding=\"async\" class=\"pic wp-image-9822\"  data-valign=\"middle\" data-halign=\"center\" alt=\"Litografia a colori poster pubblicitario per benzina e olio Shell. Stazione di servizio con tre personaggi, scritta con logo e messaggio &quot;Your car deserves them both&quot;\" data-full=\"https:\/\/scalarchives.com\/wp-content\/uploads\/2021\/04\/H341015.jpg\" title=\"H341015\" width=\"300\" height=\"193\" src=\"https:\/\/scalarchives.com\/wp-content\/uploads\/2021\/04\/H341015-300x193.jpg\" data-src=\"https:\/\/scalarchives.com\/wp-content\/uploads\/2021\/04\/H341015-300x193.jpg\" data-caption=\"Rene&#039; Vincent, La tua macchina li merita entrambi - H341015\" srcset=\"https:\/\/scalarchives.com\/wp-content\/uploads\/2021\/04\/H341015-300x193.jpg 300w, https:\/\/scalarchives.com\/wp-content\/uploads\/2021\/04\/H341015-768x494.jpg 768w, https:\/\/scalarchives.com\/wp-content\/uploads\/2021\/04\/H341015.jpg 1000w\" sizes=\"auto, (max-width: 300px) 100vw, 300px\" \/>\n\t<\/div>\n\n<\/div><div class=\"modula-item jtg-filter-all jtg-filter-\" >\n\t<div class=\"modula-item-content\">\n\t\t\n\t\t\t\t\t<a role=\"button\" tabindex=\"0\" rel=\"jtg-9777\" data-caption=\"&lt;span class=&quot;modula-caption-description&quot;&gt;Theophile Alexandre Steinlen, Poster pubblicitario per &#039;Motocicli Comiot&#039;. 1899 - PC20843&lt;\/span&gt;\" aria-label=\"Open image in lightbox\" data-thumb=\"https:\/\/scalarchives.com\/wp-content\/uploads\/2021\/05\/PC20843-203x300.jpg\" class=\"tile-inner modula-item-link\"><\/a>\n\t\t\n\t\t<img loading=\"lazy\" decoding=\"async\" class=\"pic wp-image-12855\"  data-valign=\"middle\" data-halign=\"center\" alt=\"Theophile Alexandre Steinlen, Poster pubblicitario per &#039;Motocicli Comiot&#039;. 1899\" data-full=\"https:\/\/scalarchives.com\/wp-content\/uploads\/2021\/05\/PC20843.jpg\" title=\"PC20843\" width=\"203\" height=\"300\" src=\"https:\/\/scalarchives.com\/wp-content\/uploads\/2021\/05\/PC20843-203x300.jpg\" data-src=\"https:\/\/scalarchives.com\/wp-content\/uploads\/2021\/05\/PC20843-203x300.jpg\" data-caption=\"Theophile Alexandre Steinlen, Poster pubblicitario per &#039;Motocicli Comiot&#039;. 1899 - PC20843\" srcset=\"https:\/\/scalarchives.com\/wp-content\/uploads\/2021\/05\/PC20843-203x300.jpg 203w, https:\/\/scalarchives.com\/wp-content\/uploads\/2021\/05\/PC20843.jpg 678w\" sizes=\"auto, (max-width: 203px) 100vw, 203px\" \/>\n\t<\/div>\n\n<\/div><div class=\"modula-item jtg-filter-all jtg-filter-\" >\n\t<div class=\"modula-item-content\">\n\t\t\n\t\t\t\t\t<a role=\"button\" tabindex=\"0\" rel=\"jtg-9777\" data-caption=\"&lt;span class=&quot;modula-caption-description&quot;&gt;Marcello Dudovich, Manifesto pubblicitario per Pirelli. 1921 - PC42205&lt;\/span&gt;\" aria-label=\"Open image in lightbox\" data-thumb=\"https:\/\/scalarchives.com\/wp-content\/uploads\/2021\/05\/PC42205-212x300.jpg\" class=\"tile-inner modula-item-link\"><\/a>\n\t\t\n\t\t<img loading=\"lazy\" decoding=\"async\" class=\"pic wp-image-13015\"  data-valign=\"middle\" data-halign=\"center\" alt=\"Marcello Dudovich, Manifesto pubblicitario per Pirelli. 1921\" data-full=\"https:\/\/scalarchives.com\/wp-content\/uploads\/2021\/05\/PC42205.jpg\" title=\"PC42205\" width=\"212\" height=\"300\" src=\"https:\/\/scalarchives.com\/wp-content\/uploads\/2021\/05\/PC42205-212x300.jpg\" data-src=\"https:\/\/scalarchives.com\/wp-content\/uploads\/2021\/05\/PC42205-212x300.jpg\" data-caption=\"Marcello Dudovich, Manifesto pubblicitario per Pirelli. 1921 - PC42205\" srcset=\"https:\/\/scalarchives.com\/wp-content\/uploads\/2021\/05\/PC42205-212x300.jpg 212w, https:\/\/scalarchives.com\/wp-content\/uploads\/2021\/05\/PC42205.jpg 708w\" sizes=\"auto, (max-width: 212px) 100vw, 212px\" \/>\n\t<\/div>\n\n<\/div><div class=\"modula-item jtg-filter-all jtg-filter-\" >\n\t<div class=\"modula-item-content\">\n\t\t\n\t\t\t\t\t<a role=\"button\" tabindex=\"0\" rel=\"jtg-9777\" data-caption=\"&lt;span class=&quot;modula-caption-description&quot;&gt;O&#039;Galop ( Marius Rossillon), Nunc est Bibendum - H341008&lt;\/span&gt;\" aria-label=\"Open image in lightbox\" data-thumb=\"https:\/\/scalarchives.com\/wp-content\/uploads\/2021\/04\/H341008-211x300.jpg\" class=\"tile-inner modula-item-link\"><\/a>\n\t\t\n\t\t<img loading=\"lazy\" decoding=\"async\" class=\"pic wp-image-9818\"  data-valign=\"middle\" data-halign=\"center\" alt=\"litografia a colori poster Michelin con l&#039;omino michelin (Bibendum) a una tavola con un bicchiere di chiodi e vetri rotti\" data-full=\"https:\/\/scalarchives.com\/wp-content\/uploads\/2021\/04\/H341008.jpg\" title=\"H341008\" width=\"211\" height=\"300\" src=\"https:\/\/scalarchives.com\/wp-content\/uploads\/2021\/04\/H341008-211x300.jpg\" data-src=\"https:\/\/scalarchives.com\/wp-content\/uploads\/2021\/04\/H341008-211x300.jpg\" data-caption=\"O&#039;Galop ( Marius Rossillon), Nunc est Bibendum - H341008\" srcset=\"https:\/\/scalarchives.com\/wp-content\/uploads\/2021\/04\/H341008-211x300.jpg 211w, https:\/\/scalarchives.com\/wp-content\/uploads\/2021\/04\/H341008.jpg 703w\" sizes=\"auto, (max-width: 211px) 100vw, 211px\" \/>\n\t<\/div>\n\n<\/div><div class=\"modula-item jtg-filter-all jtg-filter-\" >\n\t<div class=\"modula-item-content\">\n\t\t\n\t\t\t\t\t<a role=\"button\" tabindex=\"0\" rel=\"jtg-9777\" data-caption=\"&lt;span class=&quot;modula-caption-description&quot;&gt;Lucio Venna, Locandina Terza corsa automobilistica di Cuneo - PC23678&lt;\/span&gt;\" aria-label=\"Open image in lightbox\" data-thumb=\"https:\/\/scalarchives.com\/wp-content\/uploads\/2021\/04\/PC23678-209x300.jpg\" class=\"tile-inner modula-item-link\"><\/a>\n\t\t\n\t\t<img loading=\"lazy\" decoding=\"async\" class=\"pic wp-image-9882\"  data-valign=\"middle\" data-halign=\"center\" alt=\"Litografia a colori per gara automobilistica, natura e macchina stilizzata con i colori dell\u2019Italia\" data-full=\"https:\/\/scalarchives.com\/wp-content\/uploads\/2021\/04\/PC23678.jpg\" title=\"PC23678\" width=\"209\" height=\"300\" src=\"https:\/\/scalarchives.com\/wp-content\/uploads\/2021\/04\/PC23678-209x300.jpg\" data-src=\"https:\/\/scalarchives.com\/wp-content\/uploads\/2021\/04\/PC23678-209x300.jpg\" data-caption=\"Lucio Venna, Locandina Terza corsa automobilistica di Cuneo - PC23678\" srcset=\"https:\/\/scalarchives.com\/wp-content\/uploads\/2021\/04\/PC23678-209x300.jpg 209w, https:\/\/scalarchives.com\/wp-content\/uploads\/2021\/04\/PC23678.jpg 695w\" sizes=\"auto, (max-width: 209px) 100vw, 209px\" \/>\n\t<\/div>\n\n<\/div><div class=\"modula-item jtg-filter-all jtg-filter-\" >\n\t<div class=\"modula-item-content\">\n\t\t\n\t\t\t\t\t<a role=\"button\" tabindex=\"0\" rel=\"jtg-9777\" data-caption=\"&lt;span class=&quot;modula-caption-description&quot;&gt;Plinio Codognato, poster pubblicitario per la FIAT 509, 1925 - PC42210&lt;\/span&gt;\" aria-label=\"Open image in lightbox\" data-thumb=\"https:\/\/scalarchives.com\/wp-content\/uploads\/2021\/04\/PC42210-214x300.jpg\" class=\"tile-inner modula-item-link\"><\/a>\n\t\t\n\t\t<img loading=\"lazy\" decoding=\"async\" class=\"pic wp-image-10046\"  data-valign=\"middle\" data-halign=\"center\" alt=\"Litografia a colori poster pubblicitario per FIAT 509. Un centauro innalza la macchina in cielo\" data-full=\"https:\/\/scalarchives.com\/wp-content\/uploads\/2021\/04\/PC42210.jpg\" title=\"PC42210\" width=\"214\" height=\"300\" src=\"https:\/\/scalarchives.com\/wp-content\/uploads\/2021\/04\/PC42210-214x300.jpg\" data-src=\"https:\/\/scalarchives.com\/wp-content\/uploads\/2021\/04\/PC42210-214x300.jpg\" data-caption=\"Plinio Codognato, poster pubblicitario per la FIAT 509, 1925 - PC42210\" srcset=\"https:\/\/scalarchives.com\/wp-content\/uploads\/2021\/04\/PC42210-214x300.jpg 214w, https:\/\/scalarchives.com\/wp-content\/uploads\/2021\/04\/PC42210.jpg 712w\" sizes=\"auto, (max-width: 214px) 100vw, 214px\" \/>\n\t<\/div>\n\n<\/div><div class=\"modula-item jtg-filter-all jtg-filter-\" >\n\t<div class=\"modula-item-content\">\n\t\t\n\t\t\t\t\t<a role=\"button\" tabindex=\"0\" rel=\"jtg-9777\" data-caption=\"&lt;span class=&quot;modula-caption-description&quot;&gt;Donald\u00a0 Brun Poster pubblicitario della Volkswagen 1958 - PC42280&lt;\/span&gt;\" aria-label=\"Open image in lightbox\" data-thumb=\"https:\/\/scalarchives.com\/wp-content\/uploads\/2021\/04\/PC42280-300x203.jpg\" class=\"tile-inner modula-item-link\"><\/a>\n\t\t\n\t\t<img loading=\"lazy\" decoding=\"async\" class=\"pic wp-image-10058\"  data-valign=\"middle\" data-halign=\"center\" alt=\"Litografia a colori di poster pubblicitario della Volkwagen con donna e barboncino nero il collare con il simbolo della casa automobilistica\" data-full=\"https:\/\/scalarchives.com\/wp-content\/uploads\/2021\/04\/PC42280.jpg\" title=\"PC42280\" width=\"300\" height=\"203\" src=\"https:\/\/scalarchives.com\/wp-content\/uploads\/2021\/04\/PC42280-300x203.jpg\" data-src=\"https:\/\/scalarchives.com\/wp-content\/uploads\/2021\/04\/PC42280-300x203.jpg\" data-caption=\"Donald\u00a0 Brun Poster pubblicitario della Volkswagen 1958 - PC42280\" srcset=\"https:\/\/scalarchives.com\/wp-content\/uploads\/2021\/04\/PC42280-300x203.jpg 300w, https:\/\/scalarchives.com\/wp-content\/uploads\/2021\/04\/PC42280-768x518.jpg 768w, https:\/\/scalarchives.com\/wp-content\/uploads\/2021\/04\/PC42280.jpg 1000w\" sizes=\"auto, (max-width: 300px) 100vw, 300px\" \/>\n\t<\/div>\n\n<\/div><div class=\"modula-item jtg-filter-all jtg-filter-\" >\n\t<div class=\"modula-item-content\">\n\t\t\n\t\t\t\t\t<a role=\"button\" tabindex=\"0\" rel=\"jtg-9777\" data-caption=\"&lt;span class=&quot;modula-caption-description&quot;&gt;Jean Carlu, Poster pubblicitario per Acquario di Monaco - PC23807&lt;\/span&gt;\" aria-label=\"Open image in lightbox\" data-thumb=\"https:\/\/scalarchives.com\/wp-content\/uploads\/2021\/04\/PC23807-219x300.jpg\" class=\"tile-inner modula-item-link\"><\/a>\n\t\t\n\t\t<img loading=\"lazy\" decoding=\"async\" class=\"pic wp-image-9898\"  data-valign=\"middle\" data-halign=\"center\" alt=\"Litografia a colori poster pubblicitario per l\u2019Acquario di Monaco,figure di pesci e scritta\" data-full=\"https:\/\/scalarchives.com\/wp-content\/uploads\/2021\/04\/PC23807.jpg\" title=\"PC23807\" width=\"219\" height=\"300\" src=\"https:\/\/scalarchives.com\/wp-content\/uploads\/2021\/04\/PC23807-219x300.jpg\" data-src=\"https:\/\/scalarchives.com\/wp-content\/uploads\/2021\/04\/PC23807-219x300.jpg\" data-caption=\"Jean Carlu, Poster pubblicitario per Acquario di Monaco - PC23807\" srcset=\"https:\/\/scalarchives.com\/wp-content\/uploads\/2021\/04\/PC23807-219x300.jpg 219w, https:\/\/scalarchives.com\/wp-content\/uploads\/2021\/04\/PC23807.jpg 730w\" sizes=\"auto, (max-width: 219px) 100vw, 219px\" \/>\n\t<\/div>\n\n<\/div><div class=\"modula-item jtg-filter-all jtg-filter-\" >\n\t<div class=\"modula-item-content\">\n\t\t\n\t\t\t\t\t<a role=\"button\" tabindex=\"0\" rel=\"jtg-9777\" data-caption=\"&lt;span class=&quot;modula-caption-description&quot;&gt;Pierre Felix, Poster per la compagnia ferroviaria francese Etat, 1932- PC23665&lt;\/span&gt;\" aria-label=\"Open image in lightbox\" data-thumb=\"https:\/\/scalarchives.com\/wp-content\/uploads\/2021\/04\/PC23665-183x300.jpg\" class=\"tile-inner modula-item-link\"><\/a>\n\t\t\n\t\t<img loading=\"lazy\" decoding=\"async\" class=\"pic wp-image-9878\"  data-valign=\"middle\" data-halign=\"center\" alt=\"Litografia a colori poster pubblicitario della compagnia ferroviaria francese Etat con locomotiva in primo piano\" data-full=\"https:\/\/scalarchives.com\/wp-content\/uploads\/2021\/04\/PC23665.jpg\" title=\"PC23665\" width=\"183\" height=\"300\" src=\"https:\/\/scalarchives.com\/wp-content\/uploads\/2021\/04\/PC23665-183x300.jpg\" data-src=\"https:\/\/scalarchives.com\/wp-content\/uploads\/2021\/04\/PC23665-183x300.jpg\" data-caption=\"Pierre Felix, Poster per la compagnia ferroviaria francese Etat, 1932- PC23665\" srcset=\"https:\/\/scalarchives.com\/wp-content\/uploads\/2021\/04\/PC23665-183x300.jpg 183w, https:\/\/scalarchives.com\/wp-content\/uploads\/2021\/04\/PC23665.jpg 609w\" sizes=\"auto, (max-width: 183px) 100vw, 183px\" \/>\n\t<\/div>\n\n<\/div><div class=\"modula-item jtg-filter-all jtg-filter-\" >\n\t<div class=\"modula-item-content\">\n\t\t\n\t\t\t\t\t<a role=\"button\" tabindex=\"0\" rel=\"jtg-9777\" data-caption=\"&lt;span class=&quot;modula-caption-description&quot;&gt;Charles  Shepherd &#039;Shep&#039; Poster pubblicitario per la compagnia marittima United State Lines 1930 - PC38201&lt;\/span&gt;\" aria-label=\"Open image in lightbox\" data-thumb=\"https:\/\/scalarchives.com\/wp-content\/uploads\/2021\/04\/PC38201-197x300.jpg\" class=\"tile-inner modula-item-link\"><\/a>\n\t\t\n\t\t<img loading=\"lazy\" decoding=\"async\" class=\"pic wp-image-9998\"  data-valign=\"middle\" data-halign=\"center\" alt=\"Litografia a colori, poster pubblicitario per compagnia marittima americana. Transatlantico in primo piano grattacielo di sfondo\" data-full=\"https:\/\/scalarchives.com\/wp-content\/uploads\/2021\/04\/PC38201.jpg\" title=\"PC38201\" width=\"197\" height=\"300\" src=\"https:\/\/scalarchives.com\/wp-content\/uploads\/2021\/04\/PC38201-197x300.jpg\" data-src=\"https:\/\/scalarchives.com\/wp-content\/uploads\/2021\/04\/PC38201-197x300.jpg\" data-caption=\"Charles  Shepherd &#039;Shep&#039; Poster pubblicitario per la compagnia marittima United State Lines 1930 - PC38201\" srcset=\"https:\/\/scalarchives.com\/wp-content\/uploads\/2021\/04\/PC38201-197x300.jpg 197w, https:\/\/scalarchives.com\/wp-content\/uploads\/2021\/04\/PC38201.jpg 657w\" sizes=\"auto, (max-width: 197px) 100vw, 197px\" \/>\n\t<\/div>\n\n<\/div><div class=\"modula-item jtg-filter-all jtg-filter-\" >\n\t<div class=\"modula-item-content\">\n\t\t\n\t\t\t\t\t<a role=\"button\" tabindex=\"0\" rel=\"jtg-9777\" data-caption=\"&lt;span class=&quot;modula-caption-description&quot;&gt;Paul Colin, Manifesto pubblicitario dell&#039;Esposizione Internazionale di Parigi del 1937 - PC42117&lt;\/span&gt;\" aria-label=\"Open image in lightbox\" data-thumb=\"https:\/\/scalarchives.com\/wp-content\/uploads\/2021\/04\/PC42117-203x300.jpg\" class=\"tile-inner modula-item-link\"><\/a>\n\t\t\n\t\t<img loading=\"lazy\" decoding=\"async\" class=\"pic wp-image-10022\"  data-valign=\"middle\" data-halign=\"center\" alt=\"Litografia a colori. Paul Colin, Manifesto pubblicitario dell&#039;Esposizione Internazionale di Parigi del 1937\" data-full=\"https:\/\/scalarchives.com\/wp-content\/uploads\/2021\/04\/PC42117.jpg\" title=\"PC42117\" width=\"203\" height=\"300\" src=\"https:\/\/scalarchives.com\/wp-content\/uploads\/2021\/04\/PC42117-203x300.jpg\" data-src=\"https:\/\/scalarchives.com\/wp-content\/uploads\/2021\/04\/PC42117-203x300.jpg\" data-caption=\"Paul Colin, Manifesto pubblicitario dell&#039;Esposizione Internazionale di Parigi del 1937 - PC42117\" srcset=\"https:\/\/scalarchives.com\/wp-content\/uploads\/2021\/04\/PC42117-203x300.jpg 203w, https:\/\/scalarchives.com\/wp-content\/uploads\/2021\/04\/PC42117.jpg 677w\" sizes=\"auto, (max-width: 203px) 100vw, 203px\" \/>\n\t<\/div>\n\n<\/div><div class=\"modula-item jtg-filter-all jtg-filter-\" >\n\t<div class=\"modula-item-content\">\n\t\t\n\t\t\t\t\t<a role=\"button\" tabindex=\"0\" rel=\"jtg-9777\" data-caption=\"&lt;span class=&quot;modula-caption-description&quot;&gt;Candido Aragonez de Faria, poster pubblicitario dell\u2019Hotel Cachat Majestic di Chamonix, c.1910 - PC42118&lt;\/span&gt;\" aria-label=\"Open image in lightbox\" data-thumb=\"https:\/\/scalarchives.com\/wp-content\/uploads\/2021\/04\/PC42118-300x226.jpg\" class=\"tile-inner modula-item-link\"><\/a>\n\t\t\n\t\t<img loading=\"lazy\" decoding=\"async\" class=\"pic wp-image-10026\"  data-valign=\"middle\" data-halign=\"center\" alt=\"Litografia a colori poster per l\u2019Hotel di Chamonix , veduta dell\u2019hotel e personaggi in sport invernali\" data-full=\"https:\/\/scalarchives.com\/wp-content\/uploads\/2021\/04\/PC42118.jpg\" title=\"PC42118\" width=\"300\" height=\"226\" src=\"https:\/\/scalarchives.com\/wp-content\/uploads\/2021\/04\/PC42118-300x226.jpg\" data-src=\"https:\/\/scalarchives.com\/wp-content\/uploads\/2021\/04\/PC42118-300x226.jpg\" data-caption=\"Candido Aragonez de Faria, poster pubblicitario dell\u2019Hotel Cachat Majestic di Chamonix, c.1910 - PC42118\" srcset=\"https:\/\/scalarchives.com\/wp-content\/uploads\/2021\/04\/PC42118-300x226.jpg 300w, https:\/\/scalarchives.com\/wp-content\/uploads\/2021\/04\/PC42118-768x578.jpg 768w, https:\/\/scalarchives.com\/wp-content\/uploads\/2021\/04\/PC42118.jpg 1000w\" sizes=\"auto, (max-width: 300px) 100vw, 300px\" \/>\n\t<\/div>\n\n<\/div><div class=\"modula-item jtg-filter-all jtg-filter-\" >\n\t<div class=\"modula-item-content\">\n\t\t\n\t\t\t\t\t<a role=\"button\" tabindex=\"0\" rel=\"jtg-9777\" data-caption=\"&lt;span class=&quot;modula-caption-description&quot;&gt;Tom Purvis, Poster per pubblicit\u00e0 sul  turismo nelle Yorkshire Moors - PC42060&lt;\/span&gt;\" aria-label=\"Open image in lightbox\" data-thumb=\"https:\/\/scalarchives.com\/wp-content\/uploads\/2021\/04\/PC42060-300x240.jpg\" class=\"tile-inner modula-item-link\"><\/a>\n\t\t\n\t\t<img loading=\"lazy\" decoding=\"async\" class=\"pic wp-image-10018\"  data-valign=\"middle\" data-halign=\"center\" alt=\"Litografia a colori per turismo. Una cascata in un bosco con la sagoma di un uomo che guarda\" data-full=\"https:\/\/scalarchives.com\/wp-content\/uploads\/2021\/04\/PC42060.jpg\" title=\"PC42060\" width=\"300\" height=\"240\" src=\"https:\/\/scalarchives.com\/wp-content\/uploads\/2021\/04\/PC42060-300x240.jpg\" data-src=\"https:\/\/scalarchives.com\/wp-content\/uploads\/2021\/04\/PC42060-300x240.jpg\" data-caption=\"Tom Purvis, Poster per pubblicit\u00e0 sul  turismo nelle Yorkshire Moors - PC42060\" srcset=\"https:\/\/scalarchives.com\/wp-content\/uploads\/2021\/04\/PC42060-300x240.jpg 300w, https:\/\/scalarchives.com\/wp-content\/uploads\/2021\/04\/PC42060-768x615.jpg 768w, https:\/\/scalarchives.com\/wp-content\/uploads\/2021\/04\/PC42060.jpg 1000w\" sizes=\"auto, (max-width: 300px) 100vw, 300px\" \/>\n\t<\/div>\n\n<\/div><div class=\"modula-item jtg-filter-all jtg-filter-\" >\n\t<div class=\"modula-item-content\">\n\t\t\n\t\t\t\t\t<a role=\"button\" tabindex=\"0\" rel=\"jtg-9777\" data-caption=\"&lt;span class=&quot;modula-caption-description&quot;&gt;Albert Brenet poster pubblicitario per i viaggi a New York  in nave della Companie Generale Francaise, 1950 - PC38194&lt;\/span&gt;\" aria-label=\"Open image in lightbox\" data-thumb=\"https:\/\/scalarchives.com\/wp-content\/uploads\/2021\/04\/PC38194-201x300.jpg\" class=\"tile-inner modula-item-link\"><\/a>\n\t\t\n\t\t<img loading=\"lazy\" decoding=\"async\" class=\"pic wp-image-9990\"  data-valign=\"middle\" data-halign=\"center\" alt=\"Litografia a colori del poster per la Companie Generale de France per i viaggi a New Yor. Veduta dell\u2019Empire State Bldg e la baia\" data-full=\"https:\/\/scalarchives.com\/wp-content\/uploads\/2021\/04\/PC38194.jpg\" title=\"PC38194\" width=\"201\" height=\"300\" src=\"https:\/\/scalarchives.com\/wp-content\/uploads\/2021\/04\/PC38194-201x300.jpg\" data-src=\"https:\/\/scalarchives.com\/wp-content\/uploads\/2021\/04\/PC38194-201x300.jpg\" data-caption=\"Albert Brenet poster pubblicitario per i viaggi a New York  in nave della Companie Generale Francaise, 1950 - PC38194\" srcset=\"https:\/\/scalarchives.com\/wp-content\/uploads\/2021\/04\/PC38194-201x300.jpg 201w, https:\/\/scalarchives.com\/wp-content\/uploads\/2021\/04\/PC38194.jpg 671w\" sizes=\"auto, (max-width: 201px) 100vw, 201px\" \/>\n\t<\/div>\n\n<\/div><div class=\"modula-item jtg-filter-all jtg-filter-\" >\n\t<div class=\"modula-item-content\">\n\t\t\n\t\t\t\t\t<a role=\"button\" tabindex=\"0\" rel=\"jtg-9777\" data-caption=\"&lt;span class=&quot;modula-caption-description&quot;&gt;Georges Mathieu, Un viaggio pubblicitario di poster dell&#039;Air France negli Stati Uniti. 1968 - PC42144&lt;\/span&gt;\" aria-label=\"Open image in lightbox\" data-thumb=\"https:\/\/scalarchives.com\/wp-content\/uploads\/2021\/04\/PC42144-180x300.jpg\" class=\"tile-inner modula-item-link\"><\/a>\n\t\t\n\t\t<img loading=\"lazy\" decoding=\"async\" class=\"pic wp-image-10038\"  data-valign=\"middle\" data-halign=\"center\" alt=\"Litografia a colori, poster dell\u2019Air France nello stile astratto del pittore\" data-full=\"https:\/\/scalarchives.com\/wp-content\/uploads\/2021\/04\/PC42144.jpg\" title=\"PC42144\" width=\"180\" height=\"300\" src=\"https:\/\/scalarchives.com\/wp-content\/uploads\/2021\/04\/PC42144-180x300.jpg\" data-src=\"https:\/\/scalarchives.com\/wp-content\/uploads\/2021\/04\/PC42144-180x300.jpg\" data-caption=\"Georges Mathieu, Un viaggio pubblicitario di poster dell&#039;Air France negli Stati Uniti. 1968 - PC42144\" srcset=\"https:\/\/scalarchives.com\/wp-content\/uploads\/2021\/04\/PC42144-180x300.jpg 180w, https:\/\/scalarchives.com\/wp-content\/uploads\/2021\/04\/PC42144.jpg 601w\" sizes=\"auto, (max-width: 180px) 100vw, 180px\" \/>\n\t<\/div>\n\n<\/div><div class=\"modula-item jtg-filter-all jtg-filter-\" >\n\t<div class=\"modula-item-content\">\n\t\t\n\t\t\t\t\t<a role=\"button\" tabindex=\"0\" rel=\"jtg-9777\" data-caption=\"&lt;span class=&quot;modula-caption-description&quot;&gt;Walter Herz, Poster per le Olimpiadi di Londra del 1948 - PC23886&lt;\/span&gt;\" aria-label=\"Open image in lightbox\" data-thumb=\"https:\/\/scalarchives.com\/wp-content\/uploads\/2021\/04\/PC23886-199x300.jpg\" class=\"tile-inner modula-item-link\"><\/a>\n\t\t\n\t\t<img loading=\"lazy\" decoding=\"async\" class=\"pic wp-image-9926\"  data-valign=\"middle\" data-halign=\"center\" alt=\"Litografia a colori per le olimpiadi di Londra, Big Ben sullo sfondo, discobolo e cerchi olimpionici in primo piano\" data-full=\"https:\/\/scalarchives.com\/wp-content\/uploads\/2021\/04\/PC23886.jpg\" title=\"PC23886\" width=\"199\" height=\"300\" src=\"https:\/\/scalarchives.com\/wp-content\/uploads\/2021\/04\/PC23886-199x300.jpg\" data-src=\"https:\/\/scalarchives.com\/wp-content\/uploads\/2021\/04\/PC23886-199x300.jpg\" data-caption=\"Walter Herz, Poster per le Olimpiadi di Londra del 1948 - PC23886\" srcset=\"https:\/\/scalarchives.com\/wp-content\/uploads\/2021\/04\/PC23886-199x300.jpg 199w, https:\/\/scalarchives.com\/wp-content\/uploads\/2021\/04\/PC23886.jpg 662w\" sizes=\"auto, (max-width: 199px) 100vw, 199px\" \/>\n\t<\/div>\n\n<\/div><div class=\"modula-item jtg-filter-all jtg-filter-\" >\n\t<div class=\"modula-item-content\">\n\t\t\n\t\t\t\t\t<a role=\"button\" tabindex=\"0\" rel=\"jtg-9777\" data-caption=\"&lt;span class=&quot;modula-caption-description&quot;&gt;Yusaku Kamekura, Poster delle olimpiadi di Tokyo del 1964 - PC38272&lt;\/span&gt;\" aria-label=\"Open image in lightbox\" data-thumb=\"https:\/\/scalarchives.com\/wp-content\/uploads\/2021\/04\/PC38272-183x300.jpg\" class=\"tile-inner modula-item-link\"><\/a>\n\t\t\n\t\t<img loading=\"lazy\" decoding=\"async\" class=\"pic wp-image-10006\"  data-valign=\"middle\" data-halign=\"center\" alt=\"Litografia a colori del poster delle olimpiadi di Tokyo con il simbolo del Giappone e i cerchi olimpionici\" data-full=\"https:\/\/scalarchives.com\/wp-content\/uploads\/2021\/04\/PC38272.jpg\" title=\"PC38272\" width=\"183\" height=\"300\" src=\"https:\/\/scalarchives.com\/wp-content\/uploads\/2021\/04\/PC38272-183x300.jpg\" data-src=\"https:\/\/scalarchives.com\/wp-content\/uploads\/2021\/04\/PC38272-183x300.jpg\" data-caption=\"Yusaku Kamekura, Poster delle olimpiadi di Tokyo del 1964 - PC38272\" srcset=\"https:\/\/scalarchives.com\/wp-content\/uploads\/2021\/04\/PC38272-183x300.jpg 183w, https:\/\/scalarchives.com\/wp-content\/uploads\/2021\/04\/PC38272.jpg 610w\" sizes=\"auto, (max-width: 183px) 100vw, 183px\" \/>\n\t<\/div>\n\n<\/div><div class=\"modula-item jtg-filter-all jtg-filter-\" >\n\t<div class=\"modula-item-content\">\n\t\t\n\t\t\t\t\t<a role=\"button\" tabindex=\"0\" rel=\"jtg-9777\" data-caption=\"&lt;span class=&quot;modula-caption-description&quot;&gt;Anton Ottomar, Poster per le olimpiadi di vela del 1936 - PC23754&lt;\/span&gt;\" aria-label=\"Open image in lightbox\" data-thumb=\"https:\/\/scalarchives.com\/wp-content\/uploads\/2021\/04\/PC23754-191x300.jpg\" class=\"tile-inner modula-item-link\"><\/a>\n\t\t\n\t\t<img loading=\"lazy\" decoding=\"async\" class=\"pic wp-image-9894\"  data-valign=\"middle\" data-halign=\"center\" alt=\"Litografia a colori poster per olimpiadi di vela. Vele sul mare con i simboli olimpionici\" data-full=\"https:\/\/scalarchives.com\/wp-content\/uploads\/2021\/04\/PC23754.jpg\" title=\"PC23754\" width=\"191\" height=\"300\" src=\"https:\/\/scalarchives.com\/wp-content\/uploads\/2021\/04\/PC23754-191x300.jpg\" data-src=\"https:\/\/scalarchives.com\/wp-content\/uploads\/2021\/04\/PC23754-191x300.jpg\" data-caption=\"Anton Ottomar, Poster per le olimpiadi di vela del 1936 - PC23754\" srcset=\"https:\/\/scalarchives.com\/wp-content\/uploads\/2021\/04\/PC23754-191x300.jpg 191w, https:\/\/scalarchives.com\/wp-content\/uploads\/2021\/04\/PC23754.jpg 636w\" sizes=\"auto, (max-width: 191px) 100vw, 191px\" \/>\n\t<\/div>\n\n<\/div><div class=\"modula-item jtg-filter-all jtg-filter-\" >\n\t<div class=\"modula-item-content\">\n\t\t\n\t\t\t\t\t<a role=\"button\" tabindex=\"0\" rel=\"jtg-9777\" data-caption=\"&lt;span class=&quot;modula-caption-description&quot;&gt;Leonetto Cappiello,, Manifesto, Italia XX secolo. Palloni da giuoco Pirelli - DA02619&lt;\/span&gt;\" aria-label=\"Open image in lightbox\" data-thumb=\"https:\/\/scalarchives.com\/wp-content\/uploads\/2021\/04\/scala_DA02619-1-213x300.jpg\" class=\"tile-inner modula-item-link\"><\/a>\n\t\t\n\t\t<img loading=\"lazy\" decoding=\"async\" class=\"pic wp-image-10086\"  data-valign=\"middle\" data-halign=\"center\" alt=\"Leonetto Cappiello,, Manifesto, Italia XX secolo. Palloni da giuoco Pirelli\" data-full=\"https:\/\/scalarchives.com\/wp-content\/uploads\/2021\/04\/scala_DA02619-1.jpg\" title=\"scala_DA02619 (1)\" width=\"213\" height=\"300\" src=\"https:\/\/scalarchives.com\/wp-content\/uploads\/2021\/04\/scala_DA02619-1-213x300.jpg\" data-src=\"https:\/\/scalarchives.com\/wp-content\/uploads\/2021\/04\/scala_DA02619-1-213x300.jpg\" data-caption=\"Leonetto Cappiello,, Manifesto, Italia XX secolo. Palloni da giuoco Pirelli - DA02619\" srcset=\"https:\/\/scalarchives.com\/wp-content\/uploads\/2021\/04\/scala_DA02619-1-213x300.jpg 213w, https:\/\/scalarchives.com\/wp-content\/uploads\/2021\/04\/scala_DA02619-1.jpg 710w\" sizes=\"auto, (max-width: 213px) 100vw, 213px\" \/>\n\t<\/div>\n\n<\/div><div class=\"modula-item jtg-filter-all jtg-filter-\" >\n\t<div class=\"modula-item-content\">\n\t\t\n\t\t\t\t\t<a role=\"button\" tabindex=\"0\" rel=\"jtg-9777\" data-caption=\"&lt;span class=&quot;modula-caption-description&quot;&gt;Alfred Mahlau, Poster per il turismo, Viaggia in Finlandia con Express Steamer - PC23550&lt;\/span&gt;\" aria-label=\"Open image in lightbox\" data-thumb=\"https:\/\/scalarchives.com\/wp-content\/uploads\/2021\/04\/PC23550-187x300.jpg\" class=\"tile-inner modula-item-link\"><\/a>\n\t\t\n\t\t<img loading=\"lazy\" decoding=\"async\" class=\"pic wp-image-9854\"  data-valign=\"middle\" data-halign=\"center\" alt=\"Litografia a colori con immagini stilizzate e scritte\" data-full=\"https:\/\/scalarchives.com\/wp-content\/uploads\/2021\/04\/PC23550.jpg\" title=\"PC23550\" width=\"187\" height=\"300\" src=\"https:\/\/scalarchives.com\/wp-content\/uploads\/2021\/04\/PC23550-187x300.jpg\" data-src=\"https:\/\/scalarchives.com\/wp-content\/uploads\/2021\/04\/PC23550-187x300.jpg\" data-caption=\"Alfred Mahlau, Poster per il turismo, Viaggia in Finlandia con Express Steamer - PC23550\" srcset=\"https:\/\/scalarchives.com\/wp-content\/uploads\/2021\/04\/PC23550-187x300.jpg 187w, https:\/\/scalarchives.com\/wp-content\/uploads\/2021\/04\/PC23550.jpg 622w\" sizes=\"auto, (max-width: 187px) 100vw, 187px\" \/>\n\t<\/div>\n\n<\/div><div class=\"modula-item jtg-filter-all jtg-filter-\" >\n\t<div class=\"modula-item-content\">\n\t\t\n\t\t\t\t\t<a role=\"button\" tabindex=\"0\" rel=\"jtg-9777\" data-caption=\"&lt;span class=&quot;modula-caption-description&quot;&gt;Charles\u00a0Loupot, Poster pubblicitario della Twining, 1930 - PC42278&lt;\/span&gt;\" aria-label=\"Open image in lightbox\" data-thumb=\"https:\/\/scalarchives.com\/wp-content\/uploads\/2021\/04\/PC42278-224x300.jpg\" class=\"tile-inner modula-item-link\"><\/a>\n\t\t\n\t\t<img loading=\"lazy\" decoding=\"async\" class=\"pic wp-image-10054\"  data-valign=\"middle\" data-halign=\"center\" alt=\"Litografia a colori poster pubblicitario del t\u00e8 twining con disegno stilizzato art deco, tazza di te e logo\" data-full=\"https:\/\/scalarchives.com\/wp-content\/uploads\/2021\/04\/PC42278.jpg\" title=\"PC42278\" width=\"224\" height=\"300\" src=\"https:\/\/scalarchives.com\/wp-content\/uploads\/2021\/04\/PC42278-224x300.jpg\" data-src=\"https:\/\/scalarchives.com\/wp-content\/uploads\/2021\/04\/PC42278-224x300.jpg\" data-caption=\"Charles\u00a0Loupot, Poster pubblicitario della Twining, 1930 - PC42278\" srcset=\"https:\/\/scalarchives.com\/wp-content\/uploads\/2021\/04\/PC42278-224x300.jpg 224w, https:\/\/scalarchives.com\/wp-content\/uploads\/2021\/04\/PC42278.jpg 748w\" sizes=\"auto, (max-width: 224px) 100vw, 224px\" \/>\n\t<\/div>\n\n<\/div><div class=\"modula-item jtg-filter-all jtg-filter-\" >\n\t<div class=\"modula-item-content\">\n\t\t\n\t\t\t\t\t<a role=\"button\" tabindex=\"0\" rel=\"jtg-9777\" data-caption=\"&lt;span class=&quot;modula-caption-description&quot;&gt;Bernard Villemot, pubblicita per la Perrier, 1976 - PC42181&lt;\/span&gt;\" aria-label=\"Open image in lightbox\" data-thumb=\"https:\/\/scalarchives.com\/wp-content\/uploads\/2021\/04\/PC42181-207x300.jpg\" class=\"tile-inner modula-item-link\"><\/a>\n\t\t\n\t\t<img loading=\"lazy\" decoding=\"async\" class=\"pic wp-image-10042\"  data-valign=\"middle\" data-halign=\"center\" alt=\"Litografia a colori per Perrier. Una donna con due bottiglie perrier sugli occhi e la scritta c\u2019est fou\" data-full=\"https:\/\/scalarchives.com\/wp-content\/uploads\/2021\/04\/PC42181.jpg\" title=\"PC42181\" width=\"207\" height=\"300\" src=\"https:\/\/scalarchives.com\/wp-content\/uploads\/2021\/04\/PC42181-207x300.jpg\" data-src=\"https:\/\/scalarchives.com\/wp-content\/uploads\/2021\/04\/PC42181-207x300.jpg\" data-caption=\"Bernard Villemot, pubblicita per la Perrier, 1976 - PC42181\" srcset=\"https:\/\/scalarchives.com\/wp-content\/uploads\/2021\/04\/PC42181-207x300.jpg 207w, https:\/\/scalarchives.com\/wp-content\/uploads\/2021\/04\/PC42181.jpg 689w\" sizes=\"auto, (max-width: 207px) 100vw, 207px\" \/>\n\t<\/div>\n\n<\/div><div class=\"modula-item jtg-filter-all jtg-filter-\" >\n\t<div class=\"modula-item-content\">\n\t\t\n\t\t\t\t\t<a role=\"button\" tabindex=\"0\" rel=\"jtg-9777\" data-caption=\"&lt;span class=&quot;modula-caption-description&quot;&gt;Leonetto Cappiello, Bitter Campari, 1921 - 0139321&lt;\/span&gt;\" aria-label=\"Open image in lightbox\" data-thumb=\"https:\/\/scalarchives.com\/wp-content\/uploads\/2021\/04\/scala_0139321-1-209x300.jpg\" class=\"tile-inner modula-item-link\"><\/a>\n\t\t\n\t\t<img loading=\"lazy\" decoding=\"async\" class=\"pic wp-image-10082\"  data-valign=\"middle\" data-halign=\"center\" alt=\"Litografia Leonetto Cappiello, Bitter Campari, 1921\" data-full=\"https:\/\/scalarchives.com\/wp-content\/uploads\/2021\/04\/scala_0139321-1.jpg\" title=\"scala_0139321 (1)\" width=\"209\" height=\"300\" src=\"https:\/\/scalarchives.com\/wp-content\/uploads\/2021\/04\/scala_0139321-1-209x300.jpg\" data-src=\"https:\/\/scalarchives.com\/wp-content\/uploads\/2021\/04\/scala_0139321-1-209x300.jpg\" data-caption=\"Leonetto Cappiello, Bitter Campari, 1921 - 0139321\" srcset=\"https:\/\/scalarchives.com\/wp-content\/uploads\/2021\/04\/scala_0139321-1-209x300.jpg 209w, https:\/\/scalarchives.com\/wp-content\/uploads\/2021\/04\/scala_0139321-1.jpg 695w\" sizes=\"auto, (max-width: 209px) 100vw, 209px\" \/>\n\t<\/div>\n\n<\/div><div class=\"modula-item jtg-filter-all jtg-filter-\" >\n\t<div class=\"modula-item-content\">\n\t\t\n\t\t\t\t\t<a role=\"button\" tabindex=\"0\" rel=\"jtg-9777\" data-caption=\"&lt;span class=&quot;modula-caption-description&quot;&gt;Raymond Savignac, Cinzano, 1951 - 0136102&lt;\/span&gt;\" aria-label=\"Open image in lightbox\" data-thumb=\"https:\/\/scalarchives.com\/wp-content\/uploads\/2021\/04\/scala_0136102-1-300x236.jpg\" class=\"tile-inner modula-item-link\"><\/a>\n\t\t\n\t\t<img loading=\"lazy\" decoding=\"async\" class=\"pic wp-image-10078\"  data-valign=\"middle\" data-halign=\"center\" alt=\"Litografia offset Raymond Savignac, Cinzano, 1951.\" data-full=\"https:\/\/scalarchives.com\/wp-content\/uploads\/2021\/04\/scala_0136102-1.jpg\" title=\"scala_0136102 (1)\" width=\"300\" height=\"236\" src=\"https:\/\/scalarchives.com\/wp-content\/uploads\/2021\/04\/scala_0136102-1-300x236.jpg\" data-src=\"https:\/\/scalarchives.com\/wp-content\/uploads\/2021\/04\/scala_0136102-1-300x236.jpg\" data-caption=\"Raymond Savignac, Cinzano, 1951 - 0136102\" srcset=\"https:\/\/scalarchives.com\/wp-content\/uploads\/2021\/04\/scala_0136102-1-300x236.jpg 300w, https:\/\/scalarchives.com\/wp-content\/uploads\/2021\/04\/scala_0136102-1-768x604.jpg 768w, https:\/\/scalarchives.com\/wp-content\/uploads\/2021\/04\/scala_0136102-1.jpg 1000w\" sizes=\"auto, (max-width: 300px) 100vw, 300px\" \/>\n\t<\/div>\n\n<\/div><div class=\"modula-item jtg-filter-all jtg-filter-\" >\n\t<div class=\"modula-item-content\">\n\t\t\n\t\t\t\t\t<a role=\"button\" tabindex=\"0\" rel=\"jtg-9777\" data-caption=\"&lt;span class=&quot;modula-caption-description&quot;&gt;Leonardo Cappiello, Manifesto pubblicitario - DA02613&lt;\/span&gt;\" aria-label=\"Open image in lightbox\" data-thumb=\"https:\/\/scalarchives.com\/wp-content\/uploads\/2021\/05\/DA02613-209x300.jpg\" class=\"tile-inner modula-item-link\"><\/a>\n\t\t\n\t\t<img loading=\"lazy\" decoding=\"async\" class=\"pic wp-image-12807\"  data-valign=\"middle\" data-halign=\"center\" alt=\"Leonardo Cappiello, Manifesto pubblicitario\" data-full=\"https:\/\/scalarchives.com\/wp-content\/uploads\/2021\/05\/DA02613.jpg\" title=\"DA02613\" width=\"209\" height=\"300\" src=\"https:\/\/scalarchives.com\/wp-content\/uploads\/2021\/05\/DA02613-209x300.jpg\" data-src=\"https:\/\/scalarchives.com\/wp-content\/uploads\/2021\/05\/DA02613-209x300.jpg\" data-caption=\"Leonardo Cappiello, Manifesto pubblicitario - DA02613\" srcset=\"https:\/\/scalarchives.com\/wp-content\/uploads\/2021\/05\/DA02613-209x300.jpg 209w, https:\/\/scalarchives.com\/wp-content\/uploads\/2021\/05\/DA02613.jpg 698w\" sizes=\"auto, (max-width: 209px) 100vw, 209px\" \/>\n\t<\/div>\n\n<\/div><div class=\"modula-item jtg-filter-all jtg-filter-\" >\n\t<div class=\"modula-item-content\">\n\t\t\n\t\t\t\t\t<a role=\"button\" tabindex=\"0\" rel=\"jtg-9777\" data-caption=\"&lt;span class=&quot;modula-caption-description&quot;&gt;Maurice A. Miles, Poster pubblicitario per lo zoo di Londra, 1933 - PC42024&lt;\/span&gt;\" aria-label=\"Open image in lightbox\" data-thumb=\"https:\/\/scalarchives.com\/wp-content\/uploads\/2021\/04\/PC42024-187x300.jpg\" class=\"tile-inner modula-item-link\"><\/a>\n\t\t\n\t\t<img loading=\"lazy\" decoding=\"async\" class=\"pic wp-image-10014\"  data-valign=\"middle\" data-halign=\"center\" alt=\"Litografia a colori di un poster pubblicitario dello zoo di Londra con elefante e vegetazione\" data-full=\"https:\/\/scalarchives.com\/wp-content\/uploads\/2021\/04\/PC42024.jpg\" title=\"PC42024\" width=\"187\" height=\"300\" src=\"https:\/\/scalarchives.com\/wp-content\/uploads\/2021\/04\/PC42024-187x300.jpg\" data-src=\"https:\/\/scalarchives.com\/wp-content\/uploads\/2021\/04\/PC42024-187x300.jpg\" data-caption=\"Maurice A. Miles, Poster pubblicitario per lo zoo di Londra, 1933 - PC42024\" srcset=\"https:\/\/scalarchives.com\/wp-content\/uploads\/2021\/04\/PC42024-187x300.jpg 187w, https:\/\/scalarchives.com\/wp-content\/uploads\/2021\/04\/PC42024.jpg 623w\" sizes=\"auto, (max-width: 187px) 100vw, 187px\" \/>\n\t<\/div>\n\n<\/div><div class=\"modula-item jtg-filter-all jtg-filter-\" >\n\t<div class=\"modula-item-content\">\n\t\t\n\t\t\t\t\t<a role=\"button\" tabindex=\"0\" rel=\"jtg-9777\" data-caption=\"&lt;span class=&quot;modula-caption-description&quot;&gt;Manifesti, Francia XX secolo. Jules Cheret, Folies Bergere. La Loie Fuller - DA21472&lt;\/span&gt;\" aria-label=\"Open image in lightbox\" data-thumb=\"https:\/\/scalarchives.com\/wp-content\/uploads\/2021\/05\/DA21472-231x300.jpg\" class=\"tile-inner modula-item-link\"><\/a>\n\t\t\n\t\t<img loading=\"lazy\" decoding=\"async\" class=\"pic wp-image-12815\"  data-valign=\"middle\" data-halign=\"center\" alt=\"Manifesti, Francia XX secolo. Jules Cheret (1836-1932), Folies Bergere. La Loie Fuller\" data-full=\"https:\/\/scalarchives.com\/wp-content\/uploads\/2021\/05\/DA21472.jpg\" title=\"DA21472\" width=\"231\" height=\"300\" src=\"https:\/\/scalarchives.com\/wp-content\/uploads\/2021\/05\/DA21472-231x300.jpg\" data-src=\"https:\/\/scalarchives.com\/wp-content\/uploads\/2021\/05\/DA21472-231x300.jpg\" data-caption=\"Manifesti, Francia XX secolo. Jules Cheret, Folies Bergere. La Loie Fuller - DA21472\" srcset=\"https:\/\/scalarchives.com\/wp-content\/uploads\/2021\/05\/DA21472-231x300.jpg 231w, https:\/\/scalarchives.com\/wp-content\/uploads\/2021\/05\/DA21472-768x997.jpg 768w, https:\/\/scalarchives.com\/wp-content\/uploads\/2021\/05\/DA21472.jpg 770w\" sizes=\"auto, (max-width: 231px) 100vw, 231px\" \/>\n\t<\/div>\n\n<\/div><div class=\"modula-item jtg-filter-all jtg-filter-\" >\n\t<div class=\"modula-item-content\">\n\t\t\n\t\t\t\t\t<a role=\"button\" tabindex=\"0\" rel=\"jtg-9777\" data-caption=\"&lt;span class=&quot;modula-caption-description&quot;&gt;Leopoldo Metlicovitz e Marcello Dudovich, Mele, 1913-1914. Particolare della pubblicit\u00e0 per i Magazzini Mele di Napoli. Italia, XX secolo - DA33445&lt;\/span&gt;\" aria-label=\"Open image in lightbox\" data-thumb=\"https:\/\/scalarchives.com\/wp-content\/uploads\/2021\/05\/DA33445-213x300.jpg\" class=\"tile-inner modula-item-link\"><\/a>\n\t\t\n\t\t<img loading=\"lazy\" decoding=\"async\" class=\"pic wp-image-12819\"  data-valign=\"middle\" data-halign=\"center\" alt=\"Leopoldo Metlicovitz e Marcello Dudovich, Mele, 1913-1914. Particolare della pubblicit\u00e0 per i Magazzini Mele di Napoli. Italia, XX secolo.\" data-full=\"https:\/\/scalarchives.com\/wp-content\/uploads\/2021\/05\/DA33445.jpg\" title=\"DA33445\" width=\"213\" height=\"300\" src=\"https:\/\/scalarchives.com\/wp-content\/uploads\/2021\/05\/DA33445-213x300.jpg\" data-src=\"https:\/\/scalarchives.com\/wp-content\/uploads\/2021\/05\/DA33445-213x300.jpg\" data-caption=\"Leopoldo Metlicovitz e Marcello Dudovich, Mele, 1913-1914. Particolare della pubblicit\u00e0 per i Magazzini Mele di Napoli. Italia, XX secolo - DA33445\" srcset=\"https:\/\/scalarchives.com\/wp-content\/uploads\/2021\/05\/DA33445-213x300.jpg 213w, https:\/\/scalarchives.com\/wp-content\/uploads\/2021\/05\/DA33445.jpg 711w\" sizes=\"auto, (max-width: 213px) 100vw, 213px\" \/>\n\t<\/div>\n\n<\/div><div class=\"modula-item jtg-filter-all jtg-filter-\" >\n\t<div class=\"modula-item-content\">\n\t\t\n\t\t\t\t\t<a role=\"button\" tabindex=\"0\" rel=\"jtg-9777\" data-caption=\"&lt;span class=&quot;modula-caption-description&quot;&gt;ules Cheret, A Voltaire - PC38164&lt;\/span&gt;\" aria-label=\"Open image in lightbox\" data-thumb=\"https:\/\/scalarchives.com\/wp-content\/uploads\/2021\/05\/PC38164-218x300.jpg\" class=\"tile-inner modula-item-link\"><\/a>\n\t\t\n\t\t<img loading=\"lazy\" decoding=\"async\" class=\"pic wp-image-12871\"  data-valign=\"middle\" data-halign=\"center\" alt=\"A Voltaire. Jules Cheret\" data-full=\"https:\/\/scalarchives.com\/wp-content\/uploads\/2021\/05\/PC38164.jpg\" title=\"PC38164\" width=\"218\" height=\"300\" src=\"https:\/\/scalarchives.com\/wp-content\/uploads\/2021\/05\/PC38164-218x300.jpg\" data-src=\"https:\/\/scalarchives.com\/wp-content\/uploads\/2021\/05\/PC38164-218x300.jpg\" data-caption=\"ules Cheret, A Voltaire - PC38164\" srcset=\"https:\/\/scalarchives.com\/wp-content\/uploads\/2021\/05\/PC38164-218x300.jpg 218w, https:\/\/scalarchives.com\/wp-content\/uploads\/2021\/05\/PC38164.jpg 725w\" sizes=\"auto, (max-width: 218px) 100vw, 218px\" \/>\n\t<\/div>\n\n<\/div><div class=\"modula-item jtg-filter-all jtg-filter-\" >\n\t<div class=\"modula-item-content\">\n\t\t\n\t\t\t\t\t<a role=\"button\" tabindex=\"0\" rel=\"jtg-9777\" data-caption=\"&lt;span class=&quot;modula-caption-description&quot;&gt;Leonardo cappiello, Poster pubblicitario per cappelli Mossant. 1938 - PC42170&lt;\/span&gt;\" aria-label=\"Open image in lightbox\" data-thumb=\"https:\/\/scalarchives.com\/wp-content\/uploads\/2021\/05\/PC42170-221x300.jpg\" class=\"tile-inner modula-item-link\"><\/a>\n\t\t\n\t\t<img loading=\"lazy\" decoding=\"async\" class=\"pic wp-image-12875\"  data-valign=\"middle\" data-halign=\"center\" alt=\"Leonardo cappiello, Poster pubblicitario per cappelli Mossant. 1938\" data-full=\"https:\/\/scalarchives.com\/wp-content\/uploads\/2021\/05\/PC42170.jpg\" title=\"PC42170\" width=\"221\" height=\"300\" src=\"https:\/\/scalarchives.com\/wp-content\/uploads\/2021\/05\/PC42170-221x300.jpg\" data-src=\"https:\/\/scalarchives.com\/wp-content\/uploads\/2021\/05\/PC42170-221x300.jpg\" data-caption=\"Leonardo cappiello, Poster pubblicitario per cappelli Mossant. 1938 - PC42170\" srcset=\"https:\/\/scalarchives.com\/wp-content\/uploads\/2021\/05\/PC42170-221x300.jpg 221w, https:\/\/scalarchives.com\/wp-content\/uploads\/2021\/05\/PC42170.jpg 738w\" sizes=\"auto, (max-width: 221px) 100vw, 221px\" \/>\n\t<\/div>\n\n<\/div><div class=\"modula-item jtg-filter-all jtg-filter-\" >\n\t<div class=\"modula-item-content\">\n\t\t\n\t\t\t\t\t<a role=\"button\" tabindex=\"0\" rel=\"jtg-9777\" data-caption=\"&lt;span class=&quot;modula-caption-description&quot;&gt;Bernard Villemot, Poster per Bally - PC23870&lt;\/span&gt;\" aria-label=\"Open image in lightbox\" data-thumb=\"https:\/\/scalarchives.com\/wp-content\/uploads\/2021\/04\/PC23870-212x300.jpg\" class=\"tile-inner modula-item-link\"><\/a>\n\t\t\n\t\t<img loading=\"lazy\" decoding=\"async\" class=\"pic wp-image-9910\"  data-valign=\"middle\" data-halign=\"center\" alt=\"Litografia a colori poster per la casa di moda Bally. Su fondo nero e rosso donna stilizzata\" data-full=\"https:\/\/scalarchives.com\/wp-content\/uploads\/2021\/04\/PC23870.jpg\" title=\"PC23870\" width=\"212\" height=\"300\" src=\"https:\/\/scalarchives.com\/wp-content\/uploads\/2021\/04\/PC23870-212x300.jpg\" data-src=\"https:\/\/scalarchives.com\/wp-content\/uploads\/2021\/04\/PC23870-212x300.jpg\" data-caption=\"Bernard Villemot, Poster per Bally - PC23870\" srcset=\"https:\/\/scalarchives.com\/wp-content\/uploads\/2021\/04\/PC23870-212x300.jpg 212w, https:\/\/scalarchives.com\/wp-content\/uploads\/2021\/04\/PC23870.jpg 708w\" sizes=\"auto, (max-width: 212px) 100vw, 212px\" \/>\n\t<\/div>\n\n<\/div><div class=\"modula-item jtg-filter-all jtg-filter-\" >\n\t<div class=\"modula-item-content\">\n\t\t\n\t\t\t\t\t<a role=\"button\" tabindex=\"0\" rel=\"jtg-9777\" data-caption=\"&lt;span class=&quot;modula-caption-description&quot;&gt;Leopoldo Metlicovitz, Manifesto pubblicitario dei Magazzini Mele di Napoli, 1907 - PC23872&lt;\/span&gt;\" aria-label=\"Open image in lightbox\" data-thumb=\"https:\/\/scalarchives.com\/wp-content\/uploads\/2021\/05\/PC23872-300x210.jpg\" class=\"tile-inner modula-item-link\"><\/a>\n\t\t\n\t\t<img loading=\"lazy\" decoding=\"async\" class=\"pic wp-image-12867\"  data-valign=\"middle\" data-halign=\"center\" alt=\"Leopoldo Metlicovitz, Manifesto pubblicitario dei Magazzini Mele di Napoli, 1907\" data-full=\"https:\/\/scalarchives.com\/wp-content\/uploads\/2021\/05\/PC23872.jpg\" title=\"PC23872\" width=\"300\" height=\"210\" src=\"https:\/\/scalarchives.com\/wp-content\/uploads\/2021\/05\/PC23872-300x210.jpg\" data-src=\"https:\/\/scalarchives.com\/wp-content\/uploads\/2021\/05\/PC23872-300x210.jpg\" data-caption=\"Leopoldo Metlicovitz, Manifesto pubblicitario dei Magazzini Mele di Napoli, 1907 - PC23872\" srcset=\"https:\/\/scalarchives.com\/wp-content\/uploads\/2021\/05\/PC23872-300x210.jpg 300w, https:\/\/scalarchives.com\/wp-content\/uploads\/2021\/05\/PC23872-768x538.jpg 768w, https:\/\/scalarchives.com\/wp-content\/uploads\/2021\/05\/PC23872.jpg 1000w\" sizes=\"auto, (max-width: 300px) 100vw, 300px\" \/>\n\t<\/div>\n\n<\/div><div class=\"modula-item jtg-filter-all jtg-filter-\" >\n\t<div class=\"modula-item-content\">\n\t\t\n\t\t\t\t\t<a role=\"button\" tabindex=\"0\" rel=\"jtg-9777\" data-caption=\"&lt;span class=&quot;modula-caption-description&quot;&gt;Poster Cosmydor Savon,  Francia, 1891 - VA07089&lt;\/span&gt;\" aria-label=\"Open image in lightbox\" data-thumb=\"https:\/\/scalarchives.com\/wp-content\/uploads\/2021\/05\/VA07089-206x300.jpg\" class=\"tile-inner modula-item-link\"><\/a>\n\t\t\n\t\t<img loading=\"lazy\" decoding=\"async\" class=\"pic wp-image-12887\"  data-valign=\"middle\" data-halign=\"center\" alt=\"Poster Cosmydor Savon, Francia, 1891\" data-full=\"https:\/\/scalarchives.com\/wp-content\/uploads\/2021\/05\/VA07089.jpg\" title=\"VA07089\" width=\"206\" height=\"300\" src=\"https:\/\/scalarchives.com\/wp-content\/uploads\/2021\/05\/VA07089-206x300.jpg\" data-src=\"https:\/\/scalarchives.com\/wp-content\/uploads\/2021\/05\/VA07089-206x300.jpg\" data-caption=\"Poster Cosmydor Savon,  Francia, 1891 - VA07089\" srcset=\"https:\/\/scalarchives.com\/wp-content\/uploads\/2021\/05\/VA07089-206x300.jpg 206w, https:\/\/scalarchives.com\/wp-content\/uploads\/2021\/05\/VA07089.jpg 686w\" sizes=\"auto, (max-width: 206px) 100vw, 206px\" \/>\n\t<\/div>\n\n<\/div><div class=\"modula-item jtg-filter-all jtg-filter-\" >\n\t<div class=\"modula-item-content\">\n\t\t\n\t\t\t\t\t<a role=\"button\" tabindex=\"0\" rel=\"jtg-9777\" data-caption=\"&lt;span class=&quot;modula-caption-description&quot;&gt;Theophile-Alexandre Steinlen, Lait pur sterilise de la Vingeanne. France, 1894 - VA04387&lt;\/span&gt;\" aria-label=\"Open image in lightbox\" data-thumb=\"https:\/\/scalarchives.com\/wp-content\/uploads\/2021\/05\/VA04387-225x300.jpg\" class=\"tile-inner modula-item-link\"><\/a>\n\t\t\n\t\t<img loading=\"lazy\" decoding=\"async\" class=\"pic wp-image-12883\"  data-valign=\"middle\" data-halign=\"center\" alt=\"Theophile-Alexandre Steinlen, Lait pur sterilise de la Vingeanne. France, 1894\" data-full=\"https:\/\/scalarchives.com\/wp-content\/uploads\/2021\/05\/VA04387.jpg\" title=\"VA04387\" width=\"225\" height=\"300\" src=\"https:\/\/scalarchives.com\/wp-content\/uploads\/2021\/05\/VA04387-225x300.jpg\" data-src=\"https:\/\/scalarchives.com\/wp-content\/uploads\/2021\/05\/VA04387-225x300.jpg\" data-caption=\"Theophile-Alexandre Steinlen, Lait pur sterilise de la Vingeanne. France, 1894 - VA04387\" srcset=\"https:\/\/scalarchives.com\/wp-content\/uploads\/2021\/05\/VA04387-225x300.jpg 225w, https:\/\/scalarchives.com\/wp-content\/uploads\/2021\/05\/VA04387.jpg 750w\" sizes=\"auto, (max-width: 225px) 100vw, 225px\" \/>\n\t<\/div>\n\n<\/div><div class=\"modula-item jtg-filter-all jtg-filter-\" >\n\t<div class=\"modula-item-content\">\n\t\t\n\t\t\t\t\t<a role=\"button\" tabindex=\"0\" rel=\"jtg-9777\" data-caption=\"&lt;span class=&quot;modula-caption-description&quot;&gt;Scuola francese, (XX secolo). Poster pubblicitari sfondi Germain - PC42281&lt;\/span&gt;\" aria-label=\"Open image in lightbox\" data-thumb=\"https:\/\/scalarchives.com\/wp-content\/uploads\/2021\/05\/PC42281-300x200.jpg\" class=\"tile-inner modula-item-link\"><\/a>\n\t\t\n\t\t<img loading=\"lazy\" decoding=\"async\" class=\"pic wp-image-13019\"  data-valign=\"middle\" data-halign=\"center\" alt=\"Scuola francese, (XX secolo). Poster pubblicitari sfondi Germain\" data-full=\"https:\/\/scalarchives.com\/wp-content\/uploads\/2021\/05\/PC42281.jpg\" title=\"PC42281\" width=\"300\" height=\"200\" src=\"https:\/\/scalarchives.com\/wp-content\/uploads\/2021\/05\/PC42281-300x200.jpg\" data-src=\"https:\/\/scalarchives.com\/wp-content\/uploads\/2021\/05\/PC42281-300x200.jpg\" data-caption=\"Scuola francese, (XX secolo). Poster pubblicitari sfondi Germain - PC42281\" srcset=\"https:\/\/scalarchives.com\/wp-content\/uploads\/2021\/05\/PC42281-300x200.jpg 300w, https:\/\/scalarchives.com\/wp-content\/uploads\/2021\/05\/PC42281-768x512.jpg 768w, https:\/\/scalarchives.com\/wp-content\/uploads\/2021\/05\/PC42281.jpg 1000w\" sizes=\"auto, (max-width: 300px) 100vw, 300px\" \/>\n\t<\/div>\n\n<\/div><div class=\"modula-item jtg-filter-all jtg-filter-\" >\n\t<div class=\"modula-item-content\">\n\t\t\n\t\t\t\t\t<a role=\"button\" tabindex=\"0\" rel=\"jtg-9777\" data-caption=\"&lt;span class=&quot;modula-caption-description&quot;&gt;Theophile-Alexandre Steinlen, La Rue (La strada), 1896 - 0161035&lt;\/span&gt;\" aria-label=\"Open image in lightbox\" data-thumb=\"https:\/\/scalarchives.com\/wp-content\/uploads\/2021\/05\/0161035-300x236.jpg\" class=\"tile-inner modula-item-link\"><\/a>\n\t\t\n\t\t<img loading=\"lazy\" decoding=\"async\" class=\"pic wp-image-12795\"  data-valign=\"middle\" data-halign=\"center\" alt=\"Theophile-Alexandre Steinlen, La Rue (La strada), 1896.\" data-full=\"https:\/\/scalarchives.com\/wp-content\/uploads\/2021\/05\/0161035.jpg\" title=\"0161035\" width=\"300\" height=\"236\" src=\"https:\/\/scalarchives.com\/wp-content\/uploads\/2021\/05\/0161035-300x236.jpg\" data-src=\"https:\/\/scalarchives.com\/wp-content\/uploads\/2021\/05\/0161035-300x236.jpg\" data-caption=\"Theophile-Alexandre Steinlen, La Rue (La strada), 1896 - 0161035\" srcset=\"https:\/\/scalarchives.com\/wp-content\/uploads\/2021\/05\/0161035-300x236.jpg 300w, https:\/\/scalarchives.com\/wp-content\/uploads\/2021\/05\/0161035-768x603.jpg 768w, https:\/\/scalarchives.com\/wp-content\/uploads\/2021\/05\/0161035.jpg 1000w\" sizes=\"auto, (max-width: 300px) 100vw, 300px\" \/>\n\t<\/div>\n\n<\/div><div class=\"modula-item jtg-filter-all jtg-filter-\" >\n\t<div class=\"modula-item-content\">\n\t\t\n\t\t\t\t\t<a role=\"button\" tabindex=\"0\" rel=\"jtg-9777\" data-caption=\"&lt;span class=&quot;modula-caption-description&quot;&gt;La Tzigane, manifesto di Jules Cheret per l&#039;operetta omonima di Johann Strauss rappresentata al Thatre de la Reinassance a Parigi. Fine XIX secolo - DA42674&lt;\/span&gt;\" aria-label=\"Open image in lightbox\" data-thumb=\"https:\/\/scalarchives.com\/wp-content\/uploads\/2021\/05\/DA42674-300x218.jpg\" class=\"tile-inner modula-item-link\"><\/a>\n\t\t\n\t\t<img loading=\"lazy\" decoding=\"async\" class=\"pic wp-image-12831\"  data-valign=\"middle\" data-halign=\"center\" alt=\"La Tzigane, manifesto di Jules Cheret per l&#039;operetta omonima di Johann Strauss rappresentata al Thatre de la Reinassance a Parigi. Fine XIX secolo.\" data-full=\"https:\/\/scalarchives.com\/wp-content\/uploads\/2021\/05\/DA42674.jpg\" title=\"DA42674\" width=\"300\" height=\"218\" src=\"https:\/\/scalarchives.com\/wp-content\/uploads\/2021\/05\/DA42674-300x218.jpg\" data-src=\"https:\/\/scalarchives.com\/wp-content\/uploads\/2021\/05\/DA42674-300x218.jpg\" data-caption=\"La Tzigane, manifesto di Jules Cheret per l&#039;operetta omonima di Johann Strauss rappresentata al Thatre de la Reinassance a Parigi. Fine XIX secolo - DA42674\" srcset=\"https:\/\/scalarchives.com\/wp-content\/uploads\/2021\/05\/DA42674-300x218.jpg 300w, https:\/\/scalarchives.com\/wp-content\/uploads\/2021\/05\/DA42674-768x558.jpg 768w, https:\/\/scalarchives.com\/wp-content\/uploads\/2021\/05\/DA42674.jpg 1000w\" sizes=\"auto, (max-width: 300px) 100vw, 300px\" \/>\n\t<\/div>\n\n<\/div><div class=\"modula-item jtg-filter-all jtg-filter-\" >\n\t<div class=\"modula-item-content\">\n\t\t\n\t\t\t\t\t<a role=\"button\" tabindex=\"0\" rel=\"jtg-9777\" data-caption=\"&lt;span class=&quot;modula-caption-description&quot;&gt;Cartolina di Leopoldo Metlicovitz realizzata in occasione della prima rappresentazione di Madama Butterfly, opera di Giacomo Puccini, a Brescia nel 1904 - DA41103&lt;\/span&gt;\" aria-label=\"Open image in lightbox\" data-thumb=\"https:\/\/scalarchives.com\/wp-content\/uploads\/2021\/05\/DA41103-191x300.jpg\" class=\"tile-inner modula-item-link\"><\/a>\n\t\t\n\t\t<img loading=\"lazy\" decoding=\"async\" class=\"pic wp-image-12823\"  data-valign=\"middle\" data-halign=\"center\" alt=\"Cartolina di Leopoldo Metlicovitz realizzata in occasione della prima rappresentazione di Madama Butterfly, opera di Giacomo Puccini, a Brescia nel 1904.\" data-full=\"https:\/\/scalarchives.com\/wp-content\/uploads\/2021\/05\/DA41103.jpg\" title=\"DA41103\" width=\"191\" height=\"300\" src=\"https:\/\/scalarchives.com\/wp-content\/uploads\/2021\/05\/DA41103-191x300.jpg\" data-src=\"https:\/\/scalarchives.com\/wp-content\/uploads\/2021\/05\/DA41103-191x300.jpg\" data-caption=\"Cartolina di Leopoldo Metlicovitz realizzata in occasione della prima rappresentazione di Madama Butterfly, opera di Giacomo Puccini, a Brescia nel 1904 - DA41103\" srcset=\"https:\/\/scalarchives.com\/wp-content\/uploads\/2021\/05\/DA41103-191x300.jpg 191w, https:\/\/scalarchives.com\/wp-content\/uploads\/2021\/05\/DA41103.jpg 635w\" sizes=\"auto, (max-width: 191px) 100vw, 191px\" \/>\n\t<\/div>\n\n<\/div><div class=\"modula-item jtg-filter-all jtg-filter-\" >\n\t<div class=\"modula-item-content\">\n\t\t\n\t\t\t\t\t<a role=\"button\" tabindex=\"0\" rel=\"jtg-9777\" data-caption=\"&lt;span class=&quot;modula-caption-description&quot;&gt;Leopoldo Metlicovitz, Manifesto per &#039;Madame Butterfly&#039; di Giacomo Puccini realizzato per la prima rappresentazione il 17 febbraio 1904 - WH28279&lt;\/span&gt;\" aria-label=\"Open image in lightbox\" data-thumb=\"https:\/\/scalarchives.com\/wp-content\/uploads\/2021\/05\/WH28279-212x300.jpg\" class=\"tile-inner modula-item-link\"><\/a>\n\t\t\n\t\t<img loading=\"lazy\" decoding=\"async\" class=\"pic wp-image-12903\"  data-valign=\"middle\" data-halign=\"center\" alt=\"Leopoldo Metlicovitz, Manifesto per &#039;Madame Butterfly&#039; di Giacomo Puccini realizzato per la prima rappresentazione il 17 febbraio 1904\" data-full=\"https:\/\/scalarchives.com\/wp-content\/uploads\/2021\/05\/WH28279.jpg\" title=\"WH28279\" width=\"212\" height=\"300\" src=\"https:\/\/scalarchives.com\/wp-content\/uploads\/2021\/05\/WH28279-212x300.jpg\" data-src=\"https:\/\/scalarchives.com\/wp-content\/uploads\/2021\/05\/WH28279-212x300.jpg\" data-caption=\"Leopoldo Metlicovitz, Manifesto per &#039;Madame Butterfly&#039; di Giacomo Puccini realizzato per la prima rappresentazione il 17 febbraio 1904 - WH28279\" srcset=\"https:\/\/scalarchives.com\/wp-content\/uploads\/2021\/05\/WH28279-212x300.jpg 212w, https:\/\/scalarchives.com\/wp-content\/uploads\/2021\/05\/WH28279.jpg 708w\" sizes=\"auto, (max-width: 212px) 100vw, 212px\" \/>\n\t<\/div>\n\n<\/div><div class=\"modula-item jtg-filter-all jtg-filter-\" >\n\t<div class=\"modula-item-content\">\n\t\t\n\t\t\t\t\t<a role=\"button\" tabindex=\"0\" rel=\"jtg-9777\" data-caption=\"&lt;span class=&quot;modula-caption-description&quot;&gt;Alphonse  Mucha, La dama con le camelie, Sarah Bernhardt, 1896. poster - GA00230&lt;\/span&gt;\" aria-label=\"Open image in lightbox\" data-thumb=\"https:\/\/scalarchives.com\/wp-content\/uploads\/2021\/05\/GA00230-107x300.jpg\" class=\"tile-inner modula-item-link\"><\/a>\n\t\t\n\t\t<img loading=\"lazy\" decoding=\"async\" class=\"pic wp-image-12847\"  data-valign=\"middle\" data-halign=\"center\" alt=\"Alphonse Mucha, La dama con le camelie, Sarah Bernhardt, 1896. poster\" data-full=\"https:\/\/scalarchives.com\/wp-content\/uploads\/2021\/05\/GA00230.jpg\" title=\"GA00230\" width=\"107\" height=\"300\" src=\"https:\/\/scalarchives.com\/wp-content\/uploads\/2021\/05\/GA00230-107x300.jpg\" data-src=\"https:\/\/scalarchives.com\/wp-content\/uploads\/2021\/05\/GA00230-107x300.jpg\" data-caption=\"Alphonse  Mucha, La dama con le camelie, Sarah Bernhardt, 1896. poster - GA00230\" srcset=\"https:\/\/scalarchives.com\/wp-content\/uploads\/2021\/05\/GA00230-107x300.jpg 107w, https:\/\/scalarchives.com\/wp-content\/uploads\/2021\/05\/GA00230.jpg 357w\" sizes=\"auto, (max-width: 107px) 100vw, 107px\" \/>\n\t<\/div>\n\n<\/div><div class=\"modula-item jtg-filter-all jtg-filter-\" >\n\t<div class=\"modula-item-content\">\n\t\t\n\t\t\t\t\t<a role=\"button\" tabindex=\"0\" rel=\"jtg-9777\" data-caption=\"&lt;span class=&quot;modula-caption-description&quot;&gt;Disegno della copertina del libro, Les Maitres de l&#039;Affiche.  (Maestri del manifesto), pubblicato da Librairie Chaix, 20 Rue Bergere, Parigi - E197462&lt;\/span&gt;\" aria-label=\"Open image in lightbox\" data-thumb=\"https:\/\/scalarchives.com\/wp-content\/uploads\/2021\/05\/E197462-270x300.jpg\" class=\"tile-inner modula-item-link\"><\/a>\n\t\t\n\t\t<img loading=\"lazy\" decoding=\"async\" class=\"pic wp-image-12843\"  data-valign=\"middle\" data-halign=\"center\" alt=\"Disegno della copertina del libro, Les Maitres de l&#039;Affiche. Progetto di copertina del libro per Les Maitres de l&#039;Affiche (Maestri del manifesto), pubblicato da Librairie Chaix, 20 Rue Bergere, Parigi.\" data-full=\"https:\/\/scalarchives.com\/wp-content\/uploads\/2021\/05\/E197462.jpg\" title=\"E197462\" width=\"270\" height=\"300\" src=\"https:\/\/scalarchives.com\/wp-content\/uploads\/2021\/05\/E197462-270x300.jpg\" data-src=\"https:\/\/scalarchives.com\/wp-content\/uploads\/2021\/05\/E197462-270x300.jpg\" data-caption=\"Disegno della copertina del libro, Les Maitres de l&#039;Affiche.  (Maestri del manifesto), pubblicato da Librairie Chaix, 20 Rue Bergere, Parigi - E197462\" srcset=\"https:\/\/scalarchives.com\/wp-content\/uploads\/2021\/05\/E197462-270x300.jpg 270w, https:\/\/scalarchives.com\/wp-content\/uploads\/2021\/05\/E197462-768x853.jpg 768w, https:\/\/scalarchives.com\/wp-content\/uploads\/2021\/05\/E197462.jpg 900w\" sizes=\"auto, (max-width: 270px) 100vw, 270px\" \/>\n\t<\/div>\n\n<\/div><div class=\"modula-item jtg-filter-all jtg-filter-\" >\n\t<div class=\"modula-item-content\">\n\t\t\n\t\t\t\t\t<a role=\"button\" tabindex=\"0\" rel=\"jtg-9777\" data-caption=\"&lt;span class=&quot;modula-caption-description&quot;&gt;Jules Cheret, Loie Fuller (poster), 1897 - H760890&lt;\/span&gt;\" aria-label=\"Open image in lightbox\" data-thumb=\"https:\/\/scalarchives.com\/wp-content\/uploads\/2021\/05\/H760890-218x300.jpg\" class=\"tile-inner modula-item-link\"><\/a>\n\t\t\n\t\t<img loading=\"lazy\" decoding=\"async\" class=\"pic wp-image-12851\"  data-valign=\"middle\" data-halign=\"center\" alt=\"Jules Cheret, Loie Fuller (poster), 1897\" data-full=\"https:\/\/scalarchives.com\/wp-content\/uploads\/2021\/05\/H760890.jpg\" title=\"H760890\" width=\"218\" height=\"300\" src=\"https:\/\/scalarchives.com\/wp-content\/uploads\/2021\/05\/H760890-218x300.jpg\" data-src=\"https:\/\/scalarchives.com\/wp-content\/uploads\/2021\/05\/H760890-218x300.jpg\" data-caption=\"Jules Cheret, Loie Fuller (poster), 1897 - H760890\" srcset=\"https:\/\/scalarchives.com\/wp-content\/uploads\/2021\/05\/H760890-218x300.jpg 218w, https:\/\/scalarchives.com\/wp-content\/uploads\/2021\/05\/H760890.jpg 728w\" sizes=\"auto, (max-width: 218px) 100vw, 218px\" \/>\n\t<\/div>\n\n<\/div><div class=\"modula-item jtg-filter-all jtg-filter-\" >\n\t<div class=\"modula-item-content\">\n\t\t\n\t\t\t\t\t<a role=\"button\" tabindex=\"0\" rel=\"jtg-9777\" data-caption=\"&lt;span class=&quot;modula-caption-description&quot;&gt;Riproduzione di un manifesto pubblicitario Job cartina per sigarette - Illustrazione di Jules Cheret - WH50541&lt;\/span&gt;\" aria-label=\"Open image in lightbox\" data-thumb=\"https:\/\/scalarchives.com\/wp-content\/uploads\/2021\/05\/WH50541-234x300.jpg\" class=\"tile-inner modula-item-link\"><\/a>\n\t\t\n\t\t<img loading=\"lazy\" decoding=\"async\" class=\"pic wp-image-12915\"  data-valign=\"middle\" data-halign=\"center\" alt=\"Riproduzione di un manifesto pubblicitario Job cartina per sigarette - Affiche pour le papier a sigarette Job, 1889 - Illustration de Jules Cheret\" data-full=\"https:\/\/scalarchives.com\/wp-content\/uploads\/2021\/05\/WH50541.jpg\" title=\"WH50541\" width=\"234\" height=\"300\" src=\"https:\/\/scalarchives.com\/wp-content\/uploads\/2021\/05\/WH50541-234x300.jpg\" data-src=\"https:\/\/scalarchives.com\/wp-content\/uploads\/2021\/05\/WH50541-234x300.jpg\" data-caption=\"Riproduzione di un manifesto pubblicitario Job cartina per sigarette - Illustrazione di Jules Cheret - WH50541\" srcset=\"https:\/\/scalarchives.com\/wp-content\/uploads\/2021\/05\/WH50541-234x300.jpg 234w, https:\/\/scalarchives.com\/wp-content\/uploads\/2021\/05\/WH50541-768x983.jpg 768w, https:\/\/scalarchives.com\/wp-content\/uploads\/2021\/05\/WH50541.jpg 781w\" sizes=\"auto, (max-width: 234px) 100vw, 234px\" \/>\n\t<\/div>\n\n<\/div><div class=\"modula-item jtg-filter-all jtg-filter-\" >\n\t<div class=\"modula-item-content\">\n\t\t\n\t\t\t\t\t<a role=\"button\" tabindex=\"0\" rel=\"jtg-9777\" data-caption=\"&lt;span class=&quot;modula-caption-description&quot;&gt;Roger Broders, Poster pubblicitario per Montecarlo, 1920 - PC38290&lt;\/span&gt;\" aria-label=\"Open image in lightbox\" data-thumb=\"https:\/\/scalarchives.com\/wp-content\/uploads\/2021\/04\/PC38290-1-219x300.jpg\" class=\"tile-inner modula-item-link\"><\/a>\n\t\t\n\t\t<img loading=\"lazy\" decoding=\"async\" class=\"pic wp-image-10219\"  data-valign=\"middle\" data-halign=\"center\" alt=\"Litografia a colori poster pubblicitario di Montecarlo con veduta da un portico e donna vestita di rosso\" data-full=\"https:\/\/scalarchives.com\/wp-content\/uploads\/2021\/04\/PC38290-1.jpg\" title=\"PC38290\" width=\"219\" height=\"300\" src=\"https:\/\/scalarchives.com\/wp-content\/uploads\/2021\/04\/PC38290-1-219x300.jpg\" data-src=\"https:\/\/scalarchives.com\/wp-content\/uploads\/2021\/04\/PC38290-1-219x300.jpg\" data-caption=\"Roger Broders, Poster pubblicitario per Montecarlo, 1920 - PC38290\" srcset=\"https:\/\/scalarchives.com\/wp-content\/uploads\/2021\/04\/PC38290-1-219x300.jpg 219w, https:\/\/scalarchives.com\/wp-content\/uploads\/2021\/04\/PC38290-1.jpg 730w\" sizes=\"auto, (max-width: 219px) 100vw, 219px\" \/>\n\t<\/div>\n\n<\/div><div class=\"modula-item jtg-filter-all jtg-filter-\" >\n\t<div class=\"modula-item-content\">\n\t\t\n\t\t\t\t\t<a role=\"button\" tabindex=\"0\" rel=\"jtg-9777\" data-caption=\"&lt;span class=&quot;modula-caption-description&quot;&gt;Holland Amerika Lijn. Willem Frederick Ten Broek - PC45341&lt;\/span&gt;\" aria-label=\"Open image in lightbox\" data-thumb=\"https:\/\/scalarchives.com\/wp-content\/uploads\/2021\/04\/PC45341-201x300.jpg\" class=\"tile-inner modula-item-link\"><\/a>\n\t\t\n\t\t<img loading=\"lazy\" decoding=\"async\" class=\"pic wp-image-10062\"  data-valign=\"middle\" data-halign=\"center\" alt=\"Holland Amerika Lijn. Willem Frederick Ten Broek\" data-full=\"https:\/\/scalarchives.com\/wp-content\/uploads\/2021\/04\/PC45341.jpg\" title=\"PC45341\" width=\"201\" height=\"300\" src=\"https:\/\/scalarchives.com\/wp-content\/uploads\/2021\/04\/PC45341-201x300.jpg\" data-src=\"https:\/\/scalarchives.com\/wp-content\/uploads\/2021\/04\/PC45341-201x300.jpg\" data-caption=\"Holland Amerika Lijn. Willem Frederick Ten Broek - PC45341\" srcset=\"https:\/\/scalarchives.com\/wp-content\/uploads\/2021\/04\/PC45341-201x300.jpg 201w, https:\/\/scalarchives.com\/wp-content\/uploads\/2021\/04\/PC45341.jpg 670w\" sizes=\"auto, (max-width: 201px) 100vw, 201px\" \/>\n\t<\/div>\n\n<\/div><div class=\"modula-item jtg-filter-all jtg-filter-\" >\n\t<div class=\"modula-item-content\">\n\t\t\n\t\t\t\t\t<a role=\"button\" tabindex=\"0\" rel=\"jtg-9777\" data-caption=\"&lt;span class=&quot;modula-caption-description&quot;&gt;Paul Colin, Cie. Gle. Transatlantique - PC38195&lt;\/span&gt;\" aria-label=\"Open image in lightbox\" data-thumb=\"https:\/\/scalarchives.com\/wp-content\/uploads\/2021\/04\/PC38195-197x300.jpg\" class=\"tile-inner modula-item-link\"><\/a>\n\t\t\n\t\t<img loading=\"lazy\" decoding=\"async\" class=\"pic wp-image-9994\"  data-valign=\"middle\" data-halign=\"center\" alt=\"Cie. Gle. Transatlantique. Paul Colin\" data-full=\"https:\/\/scalarchives.com\/wp-content\/uploads\/2021\/04\/PC38195.jpg\" title=\"PC38195\" width=\"197\" height=\"300\" src=\"https:\/\/scalarchives.com\/wp-content\/uploads\/2021\/04\/PC38195-197x300.jpg\" data-src=\"https:\/\/scalarchives.com\/wp-content\/uploads\/2021\/04\/PC38195-197x300.jpg\" data-caption=\"Paul Colin, Cie. Gle. Transatlantique - PC38195\" srcset=\"https:\/\/scalarchives.com\/wp-content\/uploads\/2021\/04\/PC38195-197x300.jpg 197w, https:\/\/scalarchives.com\/wp-content\/uploads\/2021\/04\/PC38195.jpg 656w\" sizes=\"auto, (max-width: 197px) 100vw, 197px\" \/>\n\t<\/div>\n\n<\/div><div class=\"modula-item jtg-filter-all jtg-filter-\" >\n\t<div class=\"modula-item-content\">\n\t\t\n\t\t\t\t\t<a role=\"button\" tabindex=\"0\" rel=\"jtg-9777\" data-caption=\"&lt;span class=&quot;modula-caption-description&quot;&gt;Pubblicit\u00e0 per la candela Bosch, utilizzata nei motori a motore. Annuncio-pubblicitario. 20\u00b0 secolo - E197772&lt;\/span&gt;\" aria-label=\"Open image in lightbox\" data-thumb=\"https:\/\/scalarchives.com\/wp-content\/uploads\/2021\/02\/E197772_Pubblicita-per-la-candela-Bosch-utilizzata-nei-motori-a-motore.-.-Annuncio-pubblicitario.-20-\u00b0-secolo-300x246.jpg\" class=\"tile-inner modula-item-link\"><\/a>\n\t\t\n\t\t<img loading=\"lazy\" decoding=\"async\" class=\"pic wp-image-7120\"  data-valign=\"middle\" data-halign=\"center\" alt=\"Pubblicit\u00e0 per la candela Bosch, utilizzata nei motori a motore. Annuncio-pubblicitario. 20\u00b0 secolo\" data-full=\"https:\/\/scalarchives.com\/wp-content\/uploads\/2021\/02\/E197772_Pubblicita-per-la-candela-Bosch-utilizzata-nei-motori-a-motore.-.-Annuncio-pubblicitario.-20-\u00b0-secolo.jpg\" title=\"E197772\" width=\"300\" height=\"246\" src=\"https:\/\/scalarchives.com\/wp-content\/uploads\/2021\/02\/E197772_Pubblicita-per-la-candela-Bosch-utilizzata-nei-motori-a-motore.-.-Annuncio-pubblicitario.-20-\u00b0-secolo-300x246.jpg\" data-src=\"https:\/\/scalarchives.com\/wp-content\/uploads\/2021\/02\/E197772_Pubblicita-per-la-candela-Bosch-utilizzata-nei-motori-a-motore.-.-Annuncio-pubblicitario.-20-\u00b0-secolo-300x246.jpg\" data-caption=\"Pubblicit\u00e0 per la candela Bosch, utilizzata nei motori a motore. Annuncio-pubblicitario. 20\u00b0 secolo - E197772\" srcset=\"https:\/\/scalarchives.com\/wp-content\/uploads\/2021\/02\/E197772_Pubblicita-per-la-candela-Bosch-utilizzata-nei-motori-a-motore.-.-Annuncio-pubblicitario.-20-\u00b0-secolo-300x246.jpg 300w, https:\/\/scalarchives.com\/wp-content\/uploads\/2021\/02\/E197772_Pubblicita-per-la-candela-Bosch-utilizzata-nei-motori-a-motore.-.-Annuncio-pubblicitario.-20-\u00b0-secolo-768x629.jpg 768w, https:\/\/scalarchives.com\/wp-content\/uploads\/2021\/02\/E197772_Pubblicita-per-la-candela-Bosch-utilizzata-nei-motori-a-motore.-.-Annuncio-pubblicitario.-20-\u00b0-secolo.jpg 1000w\" sizes=\"auto, (max-width: 300px) 100vw, 300px\" \/>\n\t<\/div>\n\n<\/div><div class=\"modula-item jtg-filter-all jtg-filter-\" >\n\t<div class=\"modula-item-content\">\n\t\t\n\t\t\t\t\t<a role=\"button\" tabindex=\"0\" rel=\"jtg-9777\" data-caption=\"&lt;span class=&quot;modula-caption-description&quot;&gt;Rodchenko Alexander, Pubblicita&#039;: &#039;Libri!&#039;, 1925 - 0101556&lt;\/span&gt;\" aria-label=\"Open image in lightbox\" data-thumb=\"https:\/\/scalarchives.com\/wp-content\/uploads\/2021\/02\/0101556-Rodchenko-Alexander-Advertisement-Books-1925-300x216.jpg\" class=\"tile-inner modula-item-link\"><\/a>\n\t\t\n\t\t<img loading=\"lazy\" decoding=\"async\" class=\"pic wp-image-6404\"  data-valign=\"middle\" data-halign=\"center\" alt=\"Rodchenko Alexander, Pubblicita&#039;: &#039;Libri!&#039;, 1925 Archivio Rodcenko , Mosca\" data-full=\"https:\/\/scalarchives.com\/wp-content\/uploads\/2021\/02\/0101556-Rodchenko-Alexander-Advertisement-Books-1925.jpg\" title=\"0101556\" width=\"300\" height=\"216\" src=\"https:\/\/scalarchives.com\/wp-content\/uploads\/2021\/02\/0101556-Rodchenko-Alexander-Advertisement-Books-1925-300x216.jpg\" data-src=\"https:\/\/scalarchives.com\/wp-content\/uploads\/2021\/02\/0101556-Rodchenko-Alexander-Advertisement-Books-1925-300x216.jpg\" data-caption=\"Rodchenko Alexander, Pubblicita&#039;: &#039;Libri!&#039;, 1925 - 0101556\" srcset=\"https:\/\/scalarchives.com\/wp-content\/uploads\/2021\/02\/0101556-Rodchenko-Alexander-Advertisement-Books-1925-300x216.jpg 300w, https:\/\/scalarchives.com\/wp-content\/uploads\/2021\/02\/0101556-Rodchenko-Alexander-Advertisement-Books-1925-768x553.jpg 768w, https:\/\/scalarchives.com\/wp-content\/uploads\/2021\/02\/0101556-Rodchenko-Alexander-Advertisement-Books-1925.jpg 1000w\" sizes=\"auto, (max-width: 300px) 100vw, 300px\" \/>\n\t<\/div>\n\n<\/div><div class=\"modula-item jtg-filter-all jtg-filter-\" >\n\t<div class=\"modula-item-content\">\n\t\t\n\t\t\t\t\t<a role=\"button\" tabindex=\"0\" rel=\"jtg-9777\" data-caption=\"&lt;span class=&quot;modula-caption-description&quot;&gt;Poster, Beaulieu sur Mer, French Riviera. circa 1930 - E493994&lt;\/span&gt;\" aria-label=\"Open image in lightbox\" data-thumb=\"https:\/\/scalarchives.com\/wp-content\/uploads\/2021\/02\/E493994_-Poster-Beaulieu-sur-Mer-French-Riviera.-.-circa-1930-1-187x300.jpg\" class=\"tile-inner modula-item-link\"><\/a>\n\t\t\n\t\t<img loading=\"lazy\" decoding=\"async\" class=\"pic wp-image-4368\"  data-valign=\"middle\" data-halign=\"center\" alt=\"Poster, Beaulieu sur Mer, French Riviera. circa 1930. Mary Evans Picture Library, London\" data-full=\"https:\/\/scalarchives.com\/wp-content\/uploads\/2021\/02\/E493994_-Poster-Beaulieu-sur-Mer-French-Riviera.-.-circa-1930-1.jpg\" title=\"E493994_-Poster,-Beaulieu-sur-Mer,-French-Riviera.-.-circa-1930\" width=\"187\" height=\"300\" src=\"https:\/\/scalarchives.com\/wp-content\/uploads\/2021\/02\/E493994_-Poster-Beaulieu-sur-Mer-French-Riviera.-.-circa-1930-1-187x300.jpg\" data-src=\"https:\/\/scalarchives.com\/wp-content\/uploads\/2021\/02\/E493994_-Poster-Beaulieu-sur-Mer-French-Riviera.-.-circa-1930-1-187x300.jpg\" data-caption=\"Poster, Beaulieu sur Mer, French Riviera. circa 1930 - E493994\" srcset=\"https:\/\/scalarchives.com\/wp-content\/uploads\/2021\/02\/E493994_-Poster-Beaulieu-sur-Mer-French-Riviera.-.-circa-1930-1-187x300.jpg 187w, https:\/\/scalarchives.com\/wp-content\/uploads\/2021\/02\/E493994_-Poster-Beaulieu-sur-Mer-French-Riviera.-.-circa-1930-1.jpg 622w\" sizes=\"auto, (max-width: 187px) 100vw, 187px\" \/>\n\t<\/div>\n\n<\/div><div class=\"modula-item jtg-filter-all jtg-filter-\" >\n\t<div class=\"modula-item-content\">\n\t\t\n\t\t\t\t\t<a role=\"button\" tabindex=\"0\" rel=\"jtg-9777\" data-caption=\"&lt;span class=&quot;modula-caption-description&quot;&gt;Henri de Toulouse Lautrec, La Chaine Simpson. - WH07497&lt;\/span&gt;\" aria-label=\"Open image in lightbox\" data-thumb=\"https:\/\/scalarchives.com\/wp-content\/uploads\/2021\/02\/WH07497_Toulouse-Lautrec-Henri-de_Publicite-pour-les-chaines-de-bicyclette-Simpson.-19eme-siecle.-1-300x213.jpg\" class=\"tile-inner modula-item-link\"><\/a>\n\t\t\n\t\t<img loading=\"lazy\" decoding=\"async\" class=\"pic wp-image-4300\"  data-valign=\"middle\" data-halign=\"center\" alt=\"Henri de Toulouse Lautrec, Publicite pour les chaines de bicyclette Simpson. 19eme siecle.. Musee des Arts Decoratifs, Paris\" data-full=\"https:\/\/scalarchives.com\/wp-content\/uploads\/2021\/02\/WH07497_Toulouse-Lautrec-Henri-de_Publicite-pour-les-chaines-de-bicyclette-Simpson.-19eme-siecle.-1.jpg\" title=\"WH07497_Toulouse-Lautrec,-Henri-de_Publicite-pour-les-chaines-de-bicyclette-Simpson.-19eme-siecle.\" width=\"300\" height=\"213\" src=\"https:\/\/scalarchives.com\/wp-content\/uploads\/2021\/02\/WH07497_Toulouse-Lautrec-Henri-de_Publicite-pour-les-chaines-de-bicyclette-Simpson.-19eme-siecle.-1-300x213.jpg\" data-src=\"https:\/\/scalarchives.com\/wp-content\/uploads\/2021\/02\/WH07497_Toulouse-Lautrec-Henri-de_Publicite-pour-les-chaines-de-bicyclette-Simpson.-19eme-siecle.-1-300x213.jpg\" data-caption=\"Henri de Toulouse Lautrec, La Chaine Simpson. - WH07497\" srcset=\"https:\/\/scalarchives.com\/wp-content\/uploads\/2021\/02\/WH07497_Toulouse-Lautrec-Henri-de_Publicite-pour-les-chaines-de-bicyclette-Simpson.-19eme-siecle.-1-300x213.jpg 300w, https:\/\/scalarchives.com\/wp-content\/uploads\/2021\/02\/WH07497_Toulouse-Lautrec-Henri-de_Publicite-pour-les-chaines-de-bicyclette-Simpson.-19eme-siecle.-1-768x545.jpg 768w, https:\/\/scalarchives.com\/wp-content\/uploads\/2021\/02\/WH07497_Toulouse-Lautrec-Henri-de_Publicite-pour-les-chaines-de-bicyclette-Simpson.-19eme-siecle.-1.jpg 1000w\" sizes=\"auto, (max-width: 300px) 100vw, 300px\" \/>\n\t<\/div>\n\n<\/div><div class=\"modula-item jtg-filter-all jtg-filter-\" >\n\t<div class=\"modula-item-content\">\n\t\t\n\t\t\t\t\t<a role=\"button\" tabindex=\"0\" rel=\"jtg-9777\" data-caption=\"&lt;span class=&quot;modula-caption-description&quot;&gt;Manifesti, Italia XX secolo. XII Gran Premio d&#039;Italia, Monza 9 settembre 1934. Manifesto per gara automobilistica, di Plinio Codognato - DA21398&lt;\/span&gt;\" aria-label=\"Open image in lightbox\" data-thumb=\"https:\/\/scalarchives.com\/wp-content\/uploads\/2021\/02\/DA21398_Manifesti-Italia-XX-secolo.-XII-Gran-Premio-dItalia-Monza-9-settembre-1934.-214x300.jpg\" class=\"tile-inner modula-item-link\"><\/a>\n\t\t\n\t\t<img loading=\"lazy\" decoding=\"async\" class=\"pic wp-image-3871\"  data-valign=\"middle\" data-halign=\"center\" alt=\"Manifesti, Italia XX secolo. XII Gran Premio d&#039;Italia, Monza 9 settembre 1934. Manifesto per gara automobilistica, di Plinio Codognato\" data-full=\"https:\/\/scalarchives.com\/wp-content\/uploads\/2021\/02\/DA21398_Manifesti-Italia-XX-secolo.-XII-Gran-Premio-dItalia-Monza-9-settembre-1934..jpg\" title=\"DA21398_Manifesti,-Italia-XX-secolo.-XII-Gran-Premio-d&#039;Italia,-Monza-9-settembre-1934.\" width=\"214\" height=\"300\" src=\"https:\/\/scalarchives.com\/wp-content\/uploads\/2021\/02\/DA21398_Manifesti-Italia-XX-secolo.-XII-Gran-Premio-dItalia-Monza-9-settembre-1934.-214x300.jpg\" data-src=\"https:\/\/scalarchives.com\/wp-content\/uploads\/2021\/02\/DA21398_Manifesti-Italia-XX-secolo.-XII-Gran-Premio-dItalia-Monza-9-settembre-1934.-214x300.jpg\" data-caption=\"Manifesti, Italia XX secolo. XII Gran Premio d&#039;Italia, Monza 9 settembre 1934. Manifesto per gara automobilistica, di Plinio Codognato - DA21398\" srcset=\"https:\/\/scalarchives.com\/wp-content\/uploads\/2021\/02\/DA21398_Manifesti-Italia-XX-secolo.-XII-Gran-Premio-dItalia-Monza-9-settembre-1934.-214x300.jpg 214w, https:\/\/scalarchives.com\/wp-content\/uploads\/2021\/02\/DA21398_Manifesti-Italia-XX-secolo.-XII-Gran-Premio-dItalia-Monza-9-settembre-1934..jpg 712w\" sizes=\"auto, (max-width: 214px) 100vw, 214px\" \/>\n\t<\/div>\n\n<\/div><div class=\"modula-item jtg-filter-all jtg-filter-\" >\n\t<div class=\"modula-item-content\">\n\t\t\n\t\t\t\t\t<a role=\"button\" tabindex=\"0\" rel=\"jtg-9777\" data-caption=\"&lt;span class=&quot;modula-caption-description&quot;&gt;Visit America, Cunard White Star. Anonymous. Lithograph in colours, circa 1937. - PC45340&lt;\/span&gt;\" aria-label=\"Open image in lightbox\" data-thumb=\"https:\/\/scalarchives.com\/wp-content\/uploads\/2021\/02\/PC45340_Visit-America-Cunard-White-Star.-300x272.jpg\" class=\"tile-inner modula-item-link\"><\/a>\n\t\t\n\t\t<img loading=\"lazy\" decoding=\"async\" class=\"pic wp-image-3611\"  data-valign=\"middle\" data-halign=\"center\" alt=\"Visit America, Cunard White Star. Anonymous. Lithograph in colours, circa 1937. Christie&#039;s Images Limited\" data-full=\"https:\/\/scalarchives.com\/wp-content\/uploads\/2021\/02\/PC45340_Visit-America-Cunard-White-Star..jpg\" title=\"PC45340_Visit-America,-Cunard-White-Star.\" width=\"300\" height=\"272\" src=\"https:\/\/scalarchives.com\/wp-content\/uploads\/2021\/02\/PC45340_Visit-America-Cunard-White-Star.-300x272.jpg\" data-src=\"https:\/\/scalarchives.com\/wp-content\/uploads\/2021\/02\/PC45340_Visit-America-Cunard-White-Star.-300x272.jpg\" data-caption=\"Visit America, Cunard White Star. Anonymous. Lithograph in colours, circa 1937. - PC45340\" srcset=\"https:\/\/scalarchives.com\/wp-content\/uploads\/2021\/02\/PC45340_Visit-America-Cunard-White-Star.-300x272.jpg 300w, https:\/\/scalarchives.com\/wp-content\/uploads\/2021\/02\/PC45340_Visit-America-Cunard-White-Star.-768x697.jpg 768w, https:\/\/scalarchives.com\/wp-content\/uploads\/2021\/02\/PC45340_Visit-America-Cunard-White-Star..jpg 1000w\" sizes=\"auto, (max-width: 300px) 100vw, 300px\" \/>\n\t<\/div>\n\n<\/div><div class=\"modula-item jtg-filter-all jtg-filter-\" >\n\t<div class=\"modula-item-content\">\n\t\t\n\t\t\t\t\t<a role=\"button\" tabindex=\"0\" rel=\"jtg-9777\" data-caption=\"&lt;span class=&quot;modula-caption-description&quot;&gt;Ludwig Hohlwein, Marco Polo Tee, 1910 - 0139727&lt;\/span&gt;\" aria-label=\"Open image in lightbox\" data-thumb=\"https:\/\/scalarchives.com\/wp-content\/uploads\/2021\/01\/0139727-Marco-Polo-214x300.jpg\" class=\"tile-inner modula-item-link\"><\/a>\n\t\t\n\t\t<img loading=\"lazy\" decoding=\"async\" class=\"pic wp-image-1972\"  data-valign=\"middle\" data-halign=\"center\" alt=\"Ludwig Hohlwein, Marco Polo Tee, 1910\" data-full=\"https:\/\/scalarchives.com\/wp-content\/uploads\/2021\/01\/0139727-Marco-Polo.jpg\" title=\"0139727 Marco Polo\" width=\"214\" height=\"300\" src=\"https:\/\/scalarchives.com\/wp-content\/uploads\/2021\/01\/0139727-Marco-Polo-214x300.jpg\" data-src=\"https:\/\/scalarchives.com\/wp-content\/uploads\/2021\/01\/0139727-Marco-Polo-214x300.jpg\" data-caption=\"Ludwig Hohlwein, Marco Polo Tee, 1910 - 0139727\" srcset=\"https:\/\/scalarchives.com\/wp-content\/uploads\/2021\/01\/0139727-Marco-Polo-214x300.jpg 214w, https:\/\/scalarchives.com\/wp-content\/uploads\/2021\/01\/0139727-Marco-Polo.jpg 712w\" sizes=\"auto, (max-width: 214px) 100vw, 214px\" \/>\n\t<\/div>\n\n<\/div>\t\t\n\t<\/div>\n\n\t\n\t\n\t<script type=\"application\/ld+json\">\n\t{\n\t\t\"@context\": \"http:\/\/schema.org\",\n\t\t\"@type\"   : \"ImageGallery\",\n\t\t\"id\"      : \"https:\/\/scalarchives.com\/it\/poster-pubblicita-vintage\/\",\n\t\t\"url\"     : \"https:\/\/scalarchives.com\/it\/poster-pubblicita-vintage\/\"\n\t}\n\n\t<\/script>\n\n\t\n<\/div>\n\n\n\n<p>Se non trovi quello che cerchi, chiedi una <a href=\"https:\/\/scalarchives.com\/it\/richiesta-ricerca-contenuti\/\" data-type=\"page\" data-id=\"33575\">ricerca personalizzata<\/a>.<\/p>\n","protected":false},"excerpt":{"rendered":"<p>Intorno al 1880 il processo litografico a 3 pietre di Cheret diede agli artisti l&#8217;opportunit\u00e0 di utilizzare colori e disegni pi\u00f9 articolati per poster e affissioni pubblicitarie. Gli artisti pi\u00f9 abili furono in grado di padroneggiare questo processo e utilizzare tutte le varianti di colore, mescolando design e testo, ottenendo cos\u00ec immagini straordinarie e potenti. [&hellip;]<\/p>\n","protected":false},"author":3,"featured_media":9822,"parent":0,"menu_order":0,"comment_status":"closed","ping_status":"closed","template":"","meta":{"_acf_changed":false,"footnotes":""},"class_list":["post-10232","page","type-page","status-publish","has-post-thumbnail","hentry"],"acf":[],"_links":{"self":[{"href":"https:\/\/scalarchives.com\/it\/wp-json\/wp\/v2\/pages\/10232","targetHints":{"allow":["GET"]}}],"collection":[{"href":"https:\/\/scalarchives.com\/it\/wp-json\/wp\/v2\/pages"}],"about":[{"href":"https:\/\/scalarchives.com\/it\/wp-json\/wp\/v2\/types\/page"}],"author":[{"embeddable":true,"href":"https:\/\/scalarchives.com\/it\/wp-json\/wp\/v2\/users\/3"}],"replies":[{"embeddable":true,"href":"https:\/\/scalarchives.com\/it\/wp-json\/wp\/v2\/comments?post=10232"}],"version-history":[{"count":7,"href":"https:\/\/scalarchives.com\/it\/wp-json\/wp\/v2\/pages\/10232\/revisions"}],"predecessor-version":[{"id":34876,"href":"https:\/\/scalarchives.com\/it\/wp-json\/wp\/v2\/pages\/10232\/revisions\/34876"}],"wp:featuredmedia":[{"embeddable":true,"href":"https:\/\/scalarchives.com\/it\/wp-json\/wp\/v2\/media\/9822"}],"wp:attachment":[{"href":"https:\/\/scalarchives.com\/it\/wp-json\/wp\/v2\/media?parent=10232"}],"curies":[{"name":"wp","href":"https:\/\/api.w.org\/{rel}","templated":true}]}}